{"id":2467,"date":"2016-12-26T19:18:39","date_gmt":"2016-12-26T19:18:39","guid":{"rendered":"https:\/\/monita.es\/revestimiento-de-fachadas\/"},"modified":"2019-06-06T15:09:15","modified_gmt":"2019-06-06T15:09:15","slug":"revestimiento-de-fachadas","status":"publish","type":"page","link":"https:\/\/monita.es\/fr\/revestimiento-de-fachadas\/","title":{"rendered":"Rev\u00eatements de fa\u00e7ades"},"content":{"rendered":"<p>Le <strong>rev\u00eatement de fa\u00e7ades<\/strong> est un service tr\u00e8s demand\u00e9, aussi bien pour embellir les fa\u00e7ades, balcons ou entr\u00e9es compl\u00e8tes qu\u2019\u00e0 des fins publicitaires ou de protection.<\/p>\n<h2><strong>Notre exp\u00e9rience dans le rev\u00eatement de fa\u00e7ades<\/strong><\/h2>\n<p>Mo\u00f1ita propose une grande vari\u00e9t\u00e9 de b\u00e2ches de diff\u00e9rents types :<\/p>\n<ul>\n<li>Monarflex, pour des rev\u00eatements imperm\u00e9ables et \u00e9conomiques.<\/li>\n<li>Pour les couvertures sp\u00e9ciales, comme les tunnels ou autres.<\/li>\n<li>Micro-perfor\u00e9es, id\u00e9ales pour le recouvrement de fa\u00e7ades et d\u2019\u00e9chafaudages.<\/li>\n<li>En PVC laqu\u00e9 double face, pour des couvertures durables.<\/li>\n<li>De s\u00e9curit\u00e9, pour les travaux.<\/li>\n<li>Sur mesure, pour les soci\u00e9t\u00e9s de construction et les fabricants d\u2019enseignes<\/li>\n<li>Fermeture bidirectionnelle, pour d\u00e9limiter les zones dans les travaux.<\/li>\n<\/ul>\n<p>Nous fabriquons des b\u00e2ches grand format pour le rev\u00eatement de fa\u00e7ades de grandes dimensions et avec les s\u00e9rigraphies qui refl\u00e8tent le message du client. Ce type de produit est g\u00e9n\u00e9ralement utilis\u00e9 pour les travaux de restructuration. Il est pr\u00e9f\u00e9rable de voir une toile qu\u2019un ensemble d&rsquo;\u00e9chafaudages, de mat\u00e9riaux, d&rsquo;outils, de personnes travaillant et d&rsquo;un certain nombre d&rsquo;\u00e9l\u00e9ments peu agr\u00e9ables \u00e0 l&rsquo;\u0153il. Ces toiles sont par exemple utilis\u00e9es lors de la r\u00e9novation de la fa\u00e7ade d&rsquo;un h\u00f4tel, afin de projeter une image propre et attrayante. Malgr\u00e9 les travaux de r\u00e9habilitation, les clients se sentent toujours attir\u00e9s.<\/p>\n<p>Le rev\u00eatement de fa\u00e7ade est \u00e9galement la solution id\u00e9ale pour faire de la publicit\u00e9 \u00e0 grande \u00e9chelle et les b\u00e2ches servent de strat\u00e9gie de campagne publicitaire car :<\/p>\n<p>Elles aident \u00e0 renforcer l\u2019image d\u2019une marque.<br \/>\nElles projettent beaucoup plus l&rsquo;image d&rsquo;une entreprise, atteignant plus de clients et diffusant un message dont on se souvient.<br \/>\nElles informent sur les promotions, les nouveaux \u00e9tablissements, les nouveaux produits.<\/p>\n<p>Si vous souhaitez obtenir un devis sans engagement pour une <a href=\"https:\/\/monita.es\/confeccion-industrial-lonas\/lonas-medida\/\">b\u00e2che pour votre fa\u00e7ade<\/a>, veuillez nous contacter. Nous effectuons des impressions de toutes tailles et sur une grande vari\u00e9t\u00e9 de mat\u00e9riaux.<\/p>\n<p>Chez Mo\u00f1ita, nous avons de vrais experts en surfaces ext\u00e9rieures. N\u2019h\u00e9sitez plus et offrez la meilleure image \u00e0 votre fa\u00e7ade, que ce soit \u00e0 des fins esth\u00e9tiques ou publicitaires.<\/p>\n","protected":false},"excerpt":{"rendered":"<p>Le rev\u00eatement de fa\u00e7ades est un service tr\u00e8s demand\u00e9, aussi bien pour embellir les fa\u00e7ades, balcons ou entr\u00e9es compl\u00e8tes qu\u2019\u00e0 des fins publicitaires ou de protection. Notre exp\u00e9rience dans le rev\u00eatement de fa\u00e7ades Mo\u00f1ita propose une grande vari\u00e9t\u00e9 de b\u00e2ches de diff\u00e9rents types : Monarflex, pour des rev\u00eatements imperm\u00e9ables et \u00e9conomiques. Pour les couvertures sp\u00e9ciales, &#8230; <a title=\"Rev\u00eatements de fa\u00e7ades\" class=\"read-more\" href=\"https:\/\/monita.es\/fr\/revestimiento-de-fachadas\/\" aria-label=\"En savoir plus sur Rev\u00eatements de fa\u00e7ades\">Leer m\u00e1s<\/a><\/p>\n","protected":false},"author":2,"featured_media":0,"parent":0,"menu_order":10,"comment_status":"closed","ping_status":"closed","template":"template-page-interna.php","meta":{"footnotes":""},"class_list":["post-2467","page","type-page","status-publish"],"yoast_head":"<!-- This site is optimized with the Yoast SEO plugin v24.7 - https:\/\/yoast.com\/wordpress\/plugins\/seo\/ -->\n<title>Rev\u00eatements de fa\u00e7ade - Stores, toiles et toiles Mo\u00f1ita<\/title>\n<meta name=\"description\" content=\"Le rev\u00eatement des fa\u00e7ades sert \u00e0 la fois \u00e0 l\u2019embellissement des fa\u00e7ades, des balcons ou des entr\u00e9es compl\u00e8tes et \u00e0 la r\u00e9alisation de publicit\u00e9 ou de protection\" \/>\n<meta name=\"robots\" content=\"index, follow, max-snippet:-1, max-image-preview:large, max-video-preview:-1\" \/>\n<link rel=\"canonical\" href=\"https:\/\/monita.es\/fr\/revestimiento-de-fachadas\/\" \/>\n<meta property=\"og:locale\" content=\"fr_FR\" \/>\n<meta property=\"og:type\" content=\"article\" \/>\n<meta property=\"og:title\" content=\"Rev\u00eatements de fa\u00e7ade - Stores, toiles et toiles Mo\u00f1ita\" \/>\n<meta property=\"og:description\" content=\"Le rev\u00eatement des fa\u00e7ades sert \u00e0 la fois \u00e0 l\u2019embellissement des fa\u00e7ades, des balcons ou des entr\u00e9es compl\u00e8tes et \u00e0 la r\u00e9alisation de publicit\u00e9 ou de protection\" \/>\n<meta property=\"og:url\" content=\"https:\/\/monita.es\/fr\/revestimiento-de-fachadas\/\" \/>\n<meta property=\"og:site_name\" content=\"Venta de carpas en Madrid - MO\u00d1ITA\" \/>\n<meta property=\"article:modified_time\" content=\"2019-06-06T15:09:15+00:00\" \/>\n<meta name=\"twitter:label1\" content=\"Dur\u00e9e de lecture estim\u00e9e\" \/>\n\t<meta name=\"twitter:data1\" content=\"2 minutes\" \/>\n<script type=\"application\/ld+json\" class=\"yoast-schema-graph\">{\"@context\":\"https:\/\/schema.org\",\"@graph\":[{\"@type\":\"WebPage\",\"@id\":\"https:\/\/monita.es\/fr\/revestimiento-de-fachadas\/\",\"url\":\"https:\/\/monita.es\/fr\/revestimiento-de-fachadas\/\",\"name\":\"Rev\u00eatements de fa\u00e7ade - Stores, toiles et toiles Mo\u00f1ita\",\"isPartOf\":{\"@id\":\"https:\/\/monita.es\/fr\/#website\"},\"datePublished\":\"2016-12-26T19:18:39+00:00\",\"dateModified\":\"2019-06-06T15:09:15+00:00\",\"description\":\"Le rev\u00eatement des fa\u00e7ades sert \u00e0 la fois \u00e0 l\u2019embellissement des fa\u00e7ades, des balcons ou des entr\u00e9es compl\u00e8tes et \u00e0 la r\u00e9alisation de publicit\u00e9 ou de protection\",\"breadcrumb\":{\"@id\":\"https:\/\/monita.es\/fr\/revestimiento-de-fachadas\/#breadcrumb\"},\"inLanguage\":\"fr-FR\",\"potentialAction\":[{\"@type\":\"ReadAction\",\"target\":[\"https:\/\/monita.es\/fr\/revestimiento-de-fachadas\/\"]}]},{\"@type\":\"BreadcrumbList\",\"@id\":\"https:\/\/monita.es\/fr\/revestimiento-de-fachadas\/#breadcrumb\",\"itemListElement\":[{\"@type\":\"ListItem\",\"position\":1,\"name\":\"Mo\u00f1ita\",\"item\":\"https:\/\/monita.es\/fr\/accueil-entreprise\/\"},{\"@type\":\"ListItem\",\"position\":2,\"name\":\"Rev\u00eatements de fa\u00e7ades\"}]},{\"@type\":\"WebSite\",\"@id\":\"https:\/\/monita.es\/fr\/#website\",\"url\":\"https:\/\/monita.es\/fr\/\",\"name\":\"Venta de carpas en Madrid - MO\u00d1ITA\",\"description\":\"MO\u00d1ITA es carpas, confecci\u00f3n de lonas para usos industriales, fachada textil, arquitectura textil y toldos. Dise\u00f1amos, proyectamos y creamos tu proyecto.\",\"publisher\":{\"@id\":\"https:\/\/monita.es\/fr\/#organization\"},\"potentialAction\":[{\"@type\":\"SearchAction\",\"target\":{\"@type\":\"EntryPoint\",\"urlTemplate\":\"https:\/\/monita.es\/fr\/?s={search_term_string}\"},\"query-input\":{\"@type\":\"PropertyValueSpecification\",\"valueRequired\":true,\"valueName\":\"search_term_string\"}}],\"inLanguage\":\"fr-FR\"},{\"@type\":\"Organization\",\"@id\":\"https:\/\/monita.es\/fr\/#organization\",\"name\":\"Mo\u00f1ita\",\"url\":\"https:\/\/monita.es\/fr\/\",\"logo\":{\"@type\":\"ImageObject\",\"inLanguage\":\"fr-FR\",\"@id\":\"https:\/\/monita.es\/fr\/#\/schema\/logo\/image\/\",\"url\":\"https:\/\/monita.es\/wp-content\/uploads\/cropped-cropped-logo-monita-1-neg.png\",\"contentUrl\":\"https:\/\/monita.es\/wp-content\/uploads\/cropped-cropped-logo-monita-1-neg.png\",\"width\":785,\"height\":666,\"caption\":\"Mo\u00f1ita\"},\"image\":{\"@id\":\"https:\/\/monita.es\/fr\/#\/schema\/logo\/image\/\"}}]}<\/script>\n<!-- \/ Yoast SEO plugin. -->","yoast_head_json":{"title":"Rev\u00eatements de fa\u00e7ade - Stores, toiles et toiles Mo\u00f1ita","description":"Le rev\u00eatement des fa\u00e7ades sert \u00e0 la fois \u00e0 l\u2019embellissement des fa\u00e7ades, des balcons ou des entr\u00e9es compl\u00e8tes et \u00e0 la r\u00e9alisation de publicit\u00e9 ou de protection","robots":{"index":"index","follow":"follow","max-snippet":"max-snippet:-1","max-image-preview":"max-image-preview:large","max-video-preview":"max-video-preview:-1"},"canonical":"https:\/\/monita.es\/fr\/revestimiento-de-fachadas\/","og_locale":"fr_FR","og_type":"article","og_title":"Rev\u00eatements de fa\u00e7ade - Stores, toiles et toiles Mo\u00f1ita","og_description":"Le rev\u00eatement des fa\u00e7ades sert \u00e0 la fois \u00e0 l\u2019embellissement des fa\u00e7ades, des balcons ou des entr\u00e9es compl\u00e8tes et \u00e0 la r\u00e9alisation de publicit\u00e9 ou de protection","og_url":"https:\/\/monita.es\/fr\/revestimiento-de-fachadas\/","og_site_name":"Venta de carpas en Madrid - MO\u00d1ITA","article_modified_time":"2019-06-06T15:09:15+00:00","twitter_misc":{"Dur\u00e9e de lecture estim\u00e9e":"2 minutes"},"schema":{"@context":"https:\/\/schema.org","@graph":[{"@type":"WebPage","@id":"https:\/\/monita.es\/fr\/revestimiento-de-fachadas\/","url":"https:\/\/monita.es\/fr\/revestimiento-de-fachadas\/","name":"Rev\u00eatements de fa\u00e7ade - Stores, toiles et toiles Mo\u00f1ita","isPartOf":{"@id":"https:\/\/monita.es\/fr\/#website"},"datePublished":"2016-12-26T19:18:39+00:00","dateModified":"2019-06-06T15:09:15+00:00","description":"Le rev\u00eatement des fa\u00e7ades sert \u00e0 la fois \u00e0 l\u2019embellissement des fa\u00e7ades, des balcons ou des entr\u00e9es compl\u00e8tes et \u00e0 la r\u00e9alisation de publicit\u00e9 ou de protection","breadcrumb":{"@id":"https:\/\/monita.es\/fr\/revestimiento-de-fachadas\/#breadcrumb"},"inLanguage":"fr-FR","potentialAction":[{"@type":"ReadAction","target":["https:\/\/monita.es\/fr\/revestimiento-de-fachadas\/"]}]},{"@type":"BreadcrumbList","@id":"https:\/\/monita.es\/fr\/revestimiento-de-fachadas\/#breadcrumb","itemListElement":[{"@type":"ListItem","position":1,"name":"Mo\u00f1ita","item":"https:\/\/monita.es\/fr\/accueil-entreprise\/"},{"@type":"ListItem","position":2,"name":"Rev\u00eatements de fa\u00e7ades"}]},{"@type":"WebSite","@id":"https:\/\/monita.es\/fr\/#website","url":"https:\/\/monita.es\/fr\/","name":"Venta de carpas en Madrid - MO\u00d1ITA","description":"MO\u00d1ITA es carpas, confecci\u00f3n de lonas para usos industriales, fachada textil, arquitectura textil y toldos. Dise\u00f1amos, proyectamos y creamos tu proyecto.","publisher":{"@id":"https:\/\/monita.es\/fr\/#organization"},"potentialAction":[{"@type":"SearchAction","target":{"@type":"EntryPoint","urlTemplate":"https:\/\/monita.es\/fr\/?s={search_term_string}"},"query-input":{"@type":"PropertyValueSpecification","valueRequired":true,"valueName":"search_term_string"}}],"inLanguage":"fr-FR"},{"@type":"Organization","@id":"https:\/\/monita.es\/fr\/#organization","name":"Mo\u00f1ita","url":"https:\/\/monita.es\/fr\/","logo":{"@type":"ImageObject","inLanguage":"fr-FR","@id":"https:\/\/monita.es\/fr\/#\/schema\/logo\/image\/","url":"https:\/\/monita.es\/wp-content\/uploads\/cropped-cropped-logo-monita-1-neg.png","contentUrl":"https:\/\/monita.es\/wp-content\/uploads\/cropped-cropped-logo-monita-1-neg.png","width":785,"height":666,"caption":"Mo\u00f1ita"},"image":{"@id":"https:\/\/monita.es\/fr\/#\/schema\/logo\/image\/"}}]}},"_links":{"self":[{"href":"https:\/\/monita.es\/fr\/wp-json\/wp\/v2\/pages\/2467","targetHints":{"allow":["GET"]}}],"collection":[{"href":"https:\/\/monita.es\/fr\/wp-json\/wp\/v2\/pages"}],"about":[{"href":"https:\/\/monita.es\/fr\/wp-json\/wp\/v2\/types\/page"}],"author":[{"embeddable":true,"href":"https:\/\/monita.es\/fr\/wp-json\/wp\/v2\/users\/2"}],"replies":[{"embeddable":true,"href":"https:\/\/monita.es\/fr\/wp-json\/wp\/v2\/comments?post=2467"}],"version-history":[{"count":0,"href":"https:\/\/monita.es\/fr\/wp-json\/wp\/v2\/pages\/2467\/revisions"}],"wp:attachment":[{"href":"https:\/\/monita.es\/fr\/wp-json\/wp\/v2\/media?parent=2467"}],"curies":[{"name":"wp","href":"https:\/\/api.w.org\/{rel}","templated":true}]}}