{"id":2688,"date":"2014-12-17T21:05:24","date_gmt":"2014-12-17T20:05:24","guid":{"rendered":"https:\/\/monita.es\/arquitectura-textil\/toldos-vela\/"},"modified":"2023-07-29T11:33:09","modified_gmt":"2023-07-29T11:33:09","slug":"toldos-vela","status":"publish","type":"page","link":"https:\/\/monita.es\/en\/arquitectura-textil\/toldos-vela\/","title":{"rendered":"Shade sails"},"content":{"rendered":"\t\t<div data-elementor-type=\"wp-page\" data-elementor-id=\"2688\" class=\"elementor elementor-2688 elementor-55\" data-elementor-post-type=\"page\">\n\t\t\t\t\t\t<section class=\"elementor-section elementor-top-section elementor-element elementor-element-c7d08ae elementor-section-full_width elementor-section-height-min-height elementor-section-items-stretch elementor-section-height-default\" data-id=\"c7d08ae\" data-element_type=\"section\" data-settings=\"{&quot;background_background&quot;:&quot;classic&quot;,&quot;background_motion_fx_motion_fx_scrolling&quot;:&quot;yes&quot;,&quot;background_motion_fx_devices&quot;:[&quot;desktop&quot;,&quot;tablet&quot;,&quot;mobile&quot;]}\">\n\t\t\t\t\t\t\t<div class=\"elementor-background-overlay\"><\/div>\n\t\t\t\t\t\t\t<div class=\"elementor-container elementor-column-gap-no\">\n\t\t\t\t\t<div class=\"elementor-column elementor-col-100 elementor-top-column elementor-element elementor-element-5a51fdac\" data-id=\"5a51fdac\" data-element_type=\"column\">\n\t\t\t<div class=\"elementor-widget-wrap elementor-element-populated\">\n\t\t\t\t\t\t<div class=\"elementor-element elementor-element-4c540d2d elementor-invisible elementor-widget elementor-widget-heading\" data-id=\"4c540d2d\" data-element_type=\"widget\" data-settings=\"{&quot;_animation&quot;:&quot;fadeInRight&quot;}\" data-widget_type=\"heading.default\">\n\t\t\t\t<div class=\"elementor-widget-container\">\n\t\t\t\t\t<h1 class=\"elementor-heading-title elementor-size-default\">Shade<br>Sails<\/br><\/h1>\t\t\t\t<\/div>\n\t\t\t\t<\/div>\n\t\t\t\t\t<\/div>\n\t\t<\/div>\n\t\t\t\t\t<\/div>\n\t\t<\/section>\n\t\t\t\t<section class=\"elementor-section elementor-top-section elementor-element elementor-element-53f3b436 elementor-section-boxed elementor-section-height-default elementor-section-height-default\" data-id=\"53f3b436\" data-element_type=\"section\" data-settings=\"{&quot;background_background&quot;:&quot;classic&quot;}\">\n\t\t\t\t\t\t<div class=\"elementor-container elementor-column-gap-no\">\n\t\t\t\t\t<div class=\"elementor-column elementor-col-100 elementor-top-column elementor-element elementor-element-2124fc06\" data-id=\"2124fc06\" data-element_type=\"column\">\n\t\t\t<div class=\"elementor-widget-wrap elementor-element-populated\">\n\t\t\t\t\t\t<div class=\"elementor-element elementor-element-4bf5aeed elementor-invisible elementor-widget elementor-widget-heading\" data-id=\"4bf5aeed\" data-element_type=\"widget\" data-settings=\"{&quot;_animation&quot;:&quot;fadeIn&quot;}\" data-widget_type=\"heading.default\">\n\t\t\t\t<div class=\"elementor-widget-container\">\n\t\t\t\t\t<h5 class=\"elementor-heading-title elementor-size-default\">More than 80 Years of Experience<\/h5>\t\t\t\t<\/div>\n\t\t\t\t<\/div>\n\t\t\t\t<div class=\"elementor-element elementor-element-5e0e9aa6 animated-slow elementor-invisible elementor-widget elementor-widget-heading\" data-id=\"5e0e9aa6\" data-element_type=\"widget\" data-settings=\"{&quot;_animation&quot;:&quot;fadeIn&quot;}\" data-widget_type=\"heading.default\">\n\t\t\t\t<div class=\"elementor-widget-container\">\n\t\t\t\t\t<h2 class=\"elementor-heading-title elementor-size-default\">Shade sails<\/h2>\t\t\t\t<\/div>\n\t\t\t\t<\/div>\n\t\t\t\t<div class=\"elementor-element elementor-element-465d5fab elementor-invisible elementor-widget elementor-widget-text-editor\" data-id=\"465d5fab\" data-element_type=\"widget\" data-settings=\"{&quot;_animation&quot;:&quot;fadeIn&quot;,&quot;_animation_delay&quot;:200}\" data-widget_type=\"text-editor.default\">\n\t\t\t\t<div class=\"elementor-widget-container\">\n\t\t\t\t\t\t\t\t\t<p><span style=\"font-weight: 400;\">Shade<\/span> <b>sails<\/b> <span style=\"font-weight: 400;\">are a practical solution to cover spaces, making them more comfortable and protecting the occupants from atmospheric factors such as rain or sun.<\/span><\/p>\n<p><span style=\"font-weight: 400;\">At <\/span><a href=\"https:\/\/monita.es\/en\/monita\/\"><b>MO\u00d1ITA<\/b><\/a><span style=\"font-weight: 400;\"> we offer this type of tensioning, especially indicated for individuals that allows shade to be provided in an elegant and affordable way. <\/span><span style=\"font-weight: 400;\">The <\/span><b>Shade sails<\/b><span style=\"font-weight: 400;\"> are <\/span><a href=\"https:\/\/monita.es\/en\/arquitectura-textil\/estructuras-tensadas\/\"><b>tensile structures<\/b><\/a><span style=\"font-weight: 400;\">,<\/span> <span style=\"font-weight: 400;\">made in waterproof fabric, openwork or with a certain elasticity, in a color to choose from, which allows for fresh spaces and prevents rain accumulations.<\/span><\/p>\n\t\t\t\t\t\t\t\t<\/div>\n\t\t\t\t<\/div>\n\t\t\t\t<section class=\"elementor-section elementor-inner-section elementor-element elementor-element-1afaa252 elementor-section-boxed elementor-section-height-default elementor-section-height-default elementor-invisible\" data-id=\"1afaa252\" data-element_type=\"section\" data-settings=\"{&quot;animation&quot;:&quot;fadeInUp&quot;}\">\n\t\t\t\t\t\t<div class=\"elementor-container elementor-column-gap-narrow\">\n\t\t\t\t\t<div class=\"elementor-column elementor-col-25 elementor-inner-column elementor-element elementor-element-58f56f8b\" data-id=\"58f56f8b\" data-element_type=\"column\">\n\t\t\t<div class=\"elementor-widget-wrap elementor-element-populated\">\n\t\t\t\t\t\t<div class=\"elementor-element elementor-element-46041b9b elementor-skin-carousel elementor-widget elementor-widget-media-carousel\" data-id=\"46041b9b\" data-element_type=\"widget\" data-settings=\"{&quot;space_between&quot;:{&quot;unit&quot;:&quot;px&quot;,&quot;size&quot;:29,&quot;sizes&quot;:[]},&quot;slides_per_view&quot;:&quot;1&quot;,&quot;skin&quot;:&quot;carousel&quot;,&quot;effect&quot;:&quot;slide&quot;,&quot;speed&quot;:500,&quot;space_between_tablet&quot;:{&quot;unit&quot;:&quot;px&quot;,&quot;size&quot;:10,&quot;sizes&quot;:[]},&quot;space_between_mobile&quot;:{&quot;unit&quot;:&quot;px&quot;,&quot;size&quot;:10,&quot;sizes&quot;:[]}}\" data-widget_type=\"media-carousel.default\">\n\t\t\t\t<div class=\"elementor-widget-container\">\n\t\t\t\t\t\t\t\t\t<div class=\"elementor-swiper\">\n\t\t\t\t\t<div class=\"elementor-main-swiper swiper\" role=\"region\" aria-roledescription=\"carousel\" aria-label=\"Slides\">\n\t\t\t\t<div class=\"swiper-wrapper\">\n\t\t\t\t\t\t\t\t\t\t\t<div class=\"swiper-slide\" role=\"group\" aria-roledescription=\"slide\">\n\t\t\t\t\t\t\t<a href=\"https:\/\/monita.es\/wp-content\/uploads\/ToldosVela1.jpg\" data-elementor-open-lightbox=\"yes\" data-elementor-lightbox-slideshow=\"46041b9b\" data-elementor-lightbox-title=\"ToldosVela1\" data-elementor-lightbox-description=\"Sistema de toldos vela a medida dise\u00f1ado para cubrir grandes superficies en espacios comerciales mediante arquitectura textil tensada, garantizando protecci\u00f3n solar y resistencia estructural.\" data-e-action-hash=\"#elementor-action%3Aaction%3Dlightbox%26settings%3DeyJpZCI6MTg4MTQsInVybCI6Imh0dHBzOlwvXC9tb25pdGEuZXNcL3dwLWNvbnRlbnRcL3VwbG9hZHNcL1RvbGRvc1ZlbGExLmpwZyIsInNsaWRlc2hvdyI6IjQ2MDQxYjliIn0%3D\">\t\t<div class=\"elementor-carousel-image\" role=\"img\" aria-label=\"toldos vela a medida para cubrir grandes superficies en arquitectura textil\" style=\"background-image: url(&#039;https:\/\/monita.es\/wp-content\/uploads\/ToldosVela1.jpg&#039;)\">\n\n\t\t\t\n\t\t\t\t\t<\/div>\n\t\t\t\t\t<div class=\"elementor-carousel-image-overlay e-overlay-animation-fade\">\n\t\t\t\t<i class=\"fas fa-search-plus\"><\/i>\t\t\t<\/div>\n\t\t\t<\/a>\t\t\t\t\t\t<\/div>\n\t\t\t\t\t\t\t\t\t\t\t<div class=\"swiper-slide\" role=\"group\" aria-roledescription=\"slide\">\n\t\t\t\t\t\t\t<a href=\"https:\/\/monita.es\/wp-content\/uploads\/ToldosVela1-2.jpg\" data-elementor-open-lightbox=\"yes\" data-elementor-lightbox-slideshow=\"46041b9b\" data-elementor-lightbox-title=\"ToldosVela1-2\" data-elementor-lightbox-description=\"Membrana de toldo vela tensado dise\u00f1ada con doble curvatura para garantizar estabilidad estructural, resistencia al viento y durabilidad en proyectos de arquitectura textil.\" data-e-action-hash=\"#elementor-action%3Aaction%3Dlightbox%26settings%3DeyJpZCI6MTg4MTcsInVybCI6Imh0dHBzOlwvXC9tb25pdGEuZXNcL3dwLWNvbnRlbnRcL3VwbG9hZHNcL1RvbGRvc1ZlbGExLTIuanBnIiwic2xpZGVzaG93IjoiNDYwNDFiOWIifQ%3D%3D\">\t\t<div class=\"elementor-carousel-image\" role=\"img\" aria-label=\"toldo vela tensado con doble curvatura en estructura de arquitectura textil\" style=\"background-image: url(&#039;https:\/\/monita.es\/wp-content\/uploads\/ToldosVela1-2.jpg&#039;)\">\n\n\t\t\t\n\t\t\t\t\t<\/div>\n\t\t\t\t\t<div class=\"elementor-carousel-image-overlay e-overlay-animation-fade\">\n\t\t\t\t<i class=\"fas fa-search-plus\"><\/i>\t\t\t<\/div>\n\t\t\t<\/a>\t\t\t\t\t\t<\/div>\n\t\t\t\t\t\t\t\t\t<\/div>\n\t\t\t\t\t\t\t\t\t\t\t\t\t\t\t\t\t\t\t\t\t<\/div>\n\t\t\t\t<\/div>\n\t\t\t\t\t\t\t\t<\/div>\n\t\t\t\t<\/div>\n\t\t\t\t\t<\/div>\n\t\t<\/div>\n\t\t\t\t<div class=\"elementor-column elementor-col-25 elementor-inner-column elementor-element elementor-element-1e6bde0f\" data-id=\"1e6bde0f\" data-element_type=\"column\">\n\t\t\t<div class=\"elementor-widget-wrap elementor-element-populated\">\n\t\t\t\t\t\t<div class=\"elementor-element elementor-element-39e0adcd elementor-skin-carousel elementor-widget elementor-widget-media-carousel\" data-id=\"39e0adcd\" data-element_type=\"widget\" data-settings=\"{&quot;space_between&quot;:{&quot;unit&quot;:&quot;px&quot;,&quot;size&quot;:29,&quot;sizes&quot;:[]},&quot;slides_per_view&quot;:&quot;1&quot;,&quot;skin&quot;:&quot;carousel&quot;,&quot;effect&quot;:&quot;slide&quot;,&quot;speed&quot;:500,&quot;space_between_tablet&quot;:{&quot;unit&quot;:&quot;px&quot;,&quot;size&quot;:10,&quot;sizes&quot;:[]},&quot;space_between_mobile&quot;:{&quot;unit&quot;:&quot;px&quot;,&quot;size&quot;:10,&quot;sizes&quot;:[]}}\" data-widget_type=\"media-carousel.default\">\n\t\t\t\t<div class=\"elementor-widget-container\">\n\t\t\t\t\t\t\t\t\t<div class=\"elementor-swiper\">\n\t\t\t\t\t<div class=\"elementor-main-swiper swiper\" role=\"region\" aria-roledescription=\"carousel\" aria-label=\"Slides\">\n\t\t\t\t<div class=\"swiper-wrapper\">\n\t\t\t\t\t\t\t\t\t\t\t<div class=\"swiper-slide\" role=\"group\" aria-roledescription=\"slide\">\n\t\t\t\t\t\t\t<a href=\"https:\/\/monita.es\/wp-content\/uploads\/ToldosVela2.jpg\" data-elementor-open-lightbox=\"yes\" data-elementor-lightbox-slideshow=\"39e0adcd\" data-elementor-lightbox-title=\"ToldosVela2\" data-elementor-lightbox-description=\"Sistema de toldos vela de gran formato instalado en un espacio p\u00fablico, dise\u00f1ado para proporcionar sombra, confort t\u00e9rmico y resistencia estructural mediante arquitectura textil.\" data-e-action-hash=\"#elementor-action%3Aaction%3Dlightbox%26settings%3DeyJpZCI6MTg4MjAsInVybCI6Imh0dHBzOlwvXC9tb25pdGEuZXNcL3dwLWNvbnRlbnRcL3VwbG9hZHNcL1RvbGRvc1ZlbGEyLmpwZyIsInNsaWRlc2hvdyI6IjM5ZTBhZGNkIn0%3D\">\t\t<div class=\"elementor-carousel-image\" role=\"img\" aria-label=\"toldos vela cubriendo gran espacio p\u00fablico con estructura de arquitectura textil\" style=\"background-image: url(&#039;https:\/\/monita.es\/wp-content\/uploads\/ToldosVela2.jpg&#039;)\">\n\n\t\t\t\n\t\t\t\t\t<\/div>\n\t\t\t\t\t<div class=\"elementor-carousel-image-overlay e-overlay-animation-fade\">\n\t\t\t\t<i class=\"fas fa-search-plus\"><\/i>\t\t\t<\/div>\n\t\t\t<\/a>\t\t\t\t\t\t<\/div>\n\t\t\t\t\t\t\t\t\t<\/div>\n\t\t\t\t\t\t\t<\/div>\n\t\t\t\t<\/div>\n\t\t\t\t\t\t\t\t<\/div>\n\t\t\t\t<\/div>\n\t\t\t\t\t<\/div>\n\t\t<\/div>\n\t\t\t\t<div class=\"elementor-column elementor-col-25 elementor-inner-column elementor-element elementor-element-df7c16b\" data-id=\"df7c16b\" data-element_type=\"column\">\n\t\t\t<div class=\"elementor-widget-wrap elementor-element-populated\">\n\t\t\t\t\t\t<div class=\"elementor-element elementor-element-5df7435a elementor-skin-carousel elementor-widget elementor-widget-media-carousel\" data-id=\"5df7435a\" data-element_type=\"widget\" data-settings=\"{&quot;space_between&quot;:{&quot;unit&quot;:&quot;px&quot;,&quot;size&quot;:29,&quot;sizes&quot;:[]},&quot;slides_per_view&quot;:&quot;1&quot;,&quot;skin&quot;:&quot;carousel&quot;,&quot;effect&quot;:&quot;slide&quot;,&quot;speed&quot;:500,&quot;space_between_tablet&quot;:{&quot;unit&quot;:&quot;px&quot;,&quot;size&quot;:10,&quot;sizes&quot;:[]},&quot;space_between_mobile&quot;:{&quot;unit&quot;:&quot;px&quot;,&quot;size&quot;:10,&quot;sizes&quot;:[]}}\" data-widget_type=\"media-carousel.default\">\n\t\t\t\t<div class=\"elementor-widget-container\">\n\t\t\t\t\t\t\t\t\t<div class=\"elementor-swiper\">\n\t\t\t\t\t<div class=\"elementor-main-swiper swiper\" role=\"region\" aria-roledescription=\"carousel\" aria-label=\"Slides\">\n\t\t\t\t<div class=\"swiper-wrapper\">\n\t\t\t\t\t\t\t\t\t\t\t<div class=\"swiper-slide\" role=\"group\" aria-roledescription=\"slide\">\n\t\t\t\t\t\t\t<a href=\"https:\/\/monita.es\/wp-content\/uploads\/ToldosVela3-scaled.jpg\" data-elementor-open-lightbox=\"yes\" data-elementor-lightbox-slideshow=\"5df7435a\" data-elementor-lightbox-title=\"ToldosVela3\" data-elementor-lightbox-description=\"Instalaci\u00f3n de toldos vela en serie dise\u00f1ada para cubrir un recorrido peatonal en exteriores, ofreciendo protecci\u00f3n solar, dise\u00f1o arquitect\u00f3nico y eficiencia en grandes espacios abiertos.\" data-e-action-hash=\"#elementor-action%3Aaction%3Dlightbox%26settings%3DeyJpZCI6MTg4MjYsInVybCI6Imh0dHBzOlwvXC9tb25pdGEuZXNcL3dwLWNvbnRlbnRcL3VwbG9hZHNcL1RvbGRvc1ZlbGEzLXNjYWxlZC5qcGciLCJzbGlkZXNob3ciOiI1ZGY3NDM1YSJ9\">\t\t<div class=\"elementor-carousel-image\" role=\"img\" aria-label=\"toldos vela para exteriores en espacios urbanos y zonas peatonales\" style=\"background-image: url(&#039;https:\/\/monita.es\/wp-content\/uploads\/ToldosVela3-scaled.jpg&#039;)\">\n\n\t\t\t\n\t\t\t\t\t<\/div>\n\t\t\t\t\t<div class=\"elementor-carousel-image-overlay e-overlay-animation-fade\">\n\t\t\t\t<i class=\"fas fa-search-plus\"><\/i>\t\t\t<\/div>\n\t\t\t<\/a>\t\t\t\t\t\t<\/div>\n\t\t\t\t\t\t\t\t\t<\/div>\n\t\t\t\t\t\t\t<\/div>\n\t\t\t\t<\/div>\n\t\t\t\t\t\t\t\t<\/div>\n\t\t\t\t<\/div>\n\t\t\t\t\t<\/div>\n\t\t<\/div>\n\t\t\t\t<div class=\"elementor-column elementor-col-25 elementor-inner-column elementor-element elementor-element-d4925c9\" data-id=\"d4925c9\" data-element_type=\"column\">\n\t\t\t<div class=\"elementor-widget-wrap elementor-element-populated\">\n\t\t\t\t\t\t<div class=\"elementor-element elementor-element-9ee4de6 elementor-skin-carousel elementor-widget elementor-widget-media-carousel\" data-id=\"9ee4de6\" data-element_type=\"widget\" data-settings=\"{&quot;space_between&quot;:{&quot;unit&quot;:&quot;px&quot;,&quot;size&quot;:29,&quot;sizes&quot;:[]},&quot;slides_per_view&quot;:&quot;1&quot;,&quot;skin&quot;:&quot;carousel&quot;,&quot;effect&quot;:&quot;slide&quot;,&quot;speed&quot;:500,&quot;space_between_tablet&quot;:{&quot;unit&quot;:&quot;px&quot;,&quot;size&quot;:10,&quot;sizes&quot;:[]},&quot;space_between_mobile&quot;:{&quot;unit&quot;:&quot;px&quot;,&quot;size&quot;:10,&quot;sizes&quot;:[]}}\" data-widget_type=\"media-carousel.default\">\n\t\t\t\t<div class=\"elementor-widget-container\">\n\t\t\t\t\t\t\t\t\t<div class=\"elementor-swiper\">\n\t\t\t\t\t<div class=\"elementor-main-swiper swiper\" role=\"region\" aria-roledescription=\"carousel\" aria-label=\"Slides\">\n\t\t\t\t<div class=\"swiper-wrapper\">\n\t\t\t\t\t\t\t\t\t\t\t<div class=\"swiper-slide\" role=\"group\" aria-roledescription=\"slide\">\n\t\t\t\t\t\t\t<a href=\"https:\/\/monita.es\/wp-content\/uploads\/ToldosVela4-scaled.jpg\" data-elementor-open-lightbox=\"yes\" data-elementor-lightbox-slideshow=\"9ee4de6\" data-elementor-lightbox-title=\"ToldosVela4\" data-elementor-lightbox-description=\"Proyecto de instalaci\u00f3n de toldos vela en jard\u00edn exterior. Soluci\u00f3n ligera y est\u00e9tica para crear amplias zonas de sombra en espacios verdes, eventos o \u00e1reas residenciales.\" data-e-action-hash=\"#elementor-action%3Aaction%3Dlightbox%26settings%3DeyJpZCI6MTg4MjksInVybCI6Imh0dHBzOlwvXC9tb25pdGEuZXNcL3dwLWNvbnRlbnRcL3VwbG9hZHNcL1RvbGRvc1ZlbGE0LXNjYWxlZC5qcGciLCJzbGlkZXNob3ciOiI5ZWU0ZGU2In0%3D\">\t\t<div class=\"elementor-carousel-image\" role=\"img\" aria-label=\"Toldos vela instalados en jard\u00edn para crear zonas de sombra\" style=\"background-image: url(&#039;https:\/\/monita.es\/wp-content\/uploads\/ToldosVela4-scaled.jpg&#039;)\">\n\n\t\t\t\n\t\t\t\t\t<\/div>\n\t\t\t\t\t<div class=\"elementor-carousel-image-overlay e-overlay-animation-fade\">\n\t\t\t\t<i class=\"fas fa-search-plus\"><\/i>\t\t\t<\/div>\n\t\t\t<\/a>\t\t\t\t\t\t<\/div>\n\t\t\t\t\t\t\t\t\t\t\t<div class=\"swiper-slide\" role=\"group\" aria-roledescription=\"slide\">\n\t\t\t\t\t\t\t<a href=\"https:\/\/monita.es\/wp-content\/uploads\/01-03-cae-madrid-01.jpg\" data-elementor-open-lightbox=\"yes\" data-elementor-lightbox-slideshow=\"9ee4de6\" data-e-action-hash=\"#elementor-action%3Aaction%3Dlightbox%26settings%3DeyJpZCI6MTMwMDksInVybCI6ZmFsc2UsInNsaWRlc2hvdyI6IjllZTRkZTYifQ%3D%3D\">\t\t<div class=\"elementor-carousel-image\" role=\"img\" aria-label=\"\" style=\"background-image: url(&#039;https:\/\/monita.es\/wp-content\/uploads\/01-03-cae-madrid-01.jpg&#039;)\">\n\n\t\t\t\n\t\t\t\t\t<\/div>\n\t\t\t\t\t<div class=\"elementor-carousel-image-overlay e-overlay-animation-fade\">\n\t\t\t\t<i class=\"fas fa-search-plus\"><\/i>\t\t\t<\/div>\n\t\t\t<\/a>\t\t\t\t\t\t<\/div>\n\t\t\t\t\t\t\t\t\t<\/div>\n\t\t\t\t\t\t\t\t\t\t\t\t\t\t\t\t\t\t\t\t\t<\/div>\n\t\t\t\t<\/div>\n\t\t\t\t\t\t\t\t<\/div>\n\t\t\t\t<\/div>\n\t\t\t\t\t<\/div>\n\t\t<\/div>\n\t\t\t\t\t<\/div>\n\t\t<\/section>\n\t\t\t\t<section class=\"elementor-section elementor-inner-section elementor-element elementor-element-370e1d9 elementor-section-boxed elementor-section-height-default elementor-section-height-default elementor-invisible\" data-id=\"370e1d9\" data-element_type=\"section\" data-settings=\"{&quot;animation&quot;:&quot;fadeInUp&quot;}\">\n\t\t\t\t\t\t<div class=\"elementor-container elementor-column-gap-narrow\">\n\t\t\t\t\t<div class=\"elementor-column elementor-col-25 elementor-inner-column elementor-element elementor-element-d5f92b0\" data-id=\"d5f92b0\" data-element_type=\"column\">\n\t\t\t<div class=\"elementor-widget-wrap elementor-element-populated\">\n\t\t\t\t\t\t<div class=\"elementor-element elementor-element-3d715bb elementor-skin-carousel elementor-widget elementor-widget-media-carousel\" data-id=\"3d715bb\" data-element_type=\"widget\" data-settings=\"{&quot;space_between&quot;:{&quot;unit&quot;:&quot;px&quot;,&quot;size&quot;:29,&quot;sizes&quot;:[]},&quot;slides_per_view&quot;:&quot;1&quot;,&quot;skin&quot;:&quot;carousel&quot;,&quot;effect&quot;:&quot;slide&quot;,&quot;speed&quot;:500,&quot;space_between_tablet&quot;:{&quot;unit&quot;:&quot;px&quot;,&quot;size&quot;:10,&quot;sizes&quot;:[]},&quot;space_between_mobile&quot;:{&quot;unit&quot;:&quot;px&quot;,&quot;size&quot;:10,&quot;sizes&quot;:[]}}\" data-widget_type=\"media-carousel.default\">\n\t\t\t\t<div class=\"elementor-widget-container\">\n\t\t\t\t\t\t\t\t\t<div class=\"elementor-swiper\">\n\t\t\t\t\t<div class=\"elementor-main-swiper swiper\" role=\"region\" aria-roledescription=\"carousel\" aria-label=\"Slides\">\n\t\t\t\t<div class=\"swiper-wrapper\">\n\t\t\t\t\t\t\t\t\t\t\t<div class=\"swiper-slide\" role=\"group\" aria-roledescription=\"slide\">\n\t\t\t\t\t\t\t<a href=\"https:\/\/monita.es\/wp-content\/uploads\/ToldosVela5-scaled.jpg\" data-elementor-open-lightbox=\"yes\" data-elementor-lightbox-slideshow=\"3d715bb\" data-elementor-lightbox-title=\"ToldosVela5\" data-elementor-lightbox-description=\"Sistema de toldos vela de gran formato instalado en un entorno exterior con alta radiaci\u00f3n solar, dise\u00f1ado para ofrecer sombra, confort t\u00e9rmico y durabilidad en proyectos de arquitectura textil.\" data-e-action-hash=\"#elementor-action%3Aaction%3Dlightbox%26settings%3DeyJpZCI6MTg4MzUsInVybCI6Imh0dHBzOlwvXC9tb25pdGEuZXNcL3dwLWNvbnRlbnRcL3VwbG9hZHNcL1RvbGRvc1ZlbGE1LXNjYWxlZC5qcGciLCJzbGlkZXNob3ciOiIzZDcxNWJiIn0%3D\">\t\t<div class=\"elementor-carousel-image\" role=\"img\" aria-label=\"toldos vela para exteriores en grandes superficies con alta exposici\u00f3n solar\" style=\"background-image: url(&#039;https:\/\/monita.es\/wp-content\/uploads\/ToldosVela5-scaled.jpg&#039;)\">\n\n\t\t\t\n\t\t\t\t\t<\/div>\n\t\t\t\t\t<div class=\"elementor-carousel-image-overlay e-overlay-animation-fade\">\n\t\t\t\t<i class=\"fas fa-search-plus\"><\/i>\t\t\t<\/div>\n\t\t\t<\/a>\t\t\t\t\t\t<\/div>\n\t\t\t\t\t\t\t\t\t\t\t<div class=\"swiper-slide\" role=\"group\" aria-roledescription=\"slide\">\n\t\t\t\t\t\t\t<a href=\"https:\/\/monita.es\/wp-content\/uploads\/ToldosVela5-1-scaled.jpg\" data-elementor-open-lightbox=\"yes\" data-elementor-lightbox-slideshow=\"3d715bb\" data-elementor-lightbox-title=\"ToldosVela5-1\" data-elementor-lightbox-description=\"Sistema de toldos vela de alta resistencia instalado en un entorno industrial, dise\u00f1ado para cubrir grandes superficies exteriores garantizando durabilidad, estabilidad estructural y protecci\u00f3n solar.\" data-e-action-hash=\"#elementor-action%3Aaction%3Dlightbox%26settings%3DeyJpZCI6MTg4MzgsInVybCI6Imh0dHBzOlwvXC9tb25pdGEuZXNcL3dwLWNvbnRlbnRcL3VwbG9hZHNcL1RvbGRvc1ZlbGE1LTEtc2NhbGVkLmpwZyIsInNsaWRlc2hvdyI6IjNkNzE1YmIifQ%3D%3D\">\t\t<div class=\"elementor-carousel-image\" role=\"img\" aria-label=\"toldos vela resistentes en entorno industrial y espacios p\u00fablicos exteriores\" style=\"background-image: url(&#039;https:\/\/monita.es\/wp-content\/uploads\/ToldosVela5-1-scaled.jpg&#039;)\">\n\n\t\t\t\n\t\t\t\t\t<\/div>\n\t\t\t\t\t<div class=\"elementor-carousel-image-overlay e-overlay-animation-fade\">\n\t\t\t\t<i class=\"fas fa-search-plus\"><\/i>\t\t\t<\/div>\n\t\t\t<\/a>\t\t\t\t\t\t<\/div>\n\t\t\t\t\t\t\t\t\t<\/div>\n\t\t\t\t\t\t\t\t\t\t\t\t\t\t\t\t\t\t\t\t\t<\/div>\n\t\t\t\t<\/div>\n\t\t\t\t\t\t\t\t<\/div>\n\t\t\t\t<\/div>\n\t\t\t\t\t<\/div>\n\t\t<\/div>\n\t\t\t\t<div class=\"elementor-column elementor-col-25 elementor-inner-column elementor-element elementor-element-b30fe8b\" data-id=\"b30fe8b\" data-element_type=\"column\">\n\t\t\t<div class=\"elementor-widget-wrap elementor-element-populated\">\n\t\t\t\t\t\t<div class=\"elementor-element elementor-element-6a7bbfc elementor-skin-carousel elementor-widget elementor-widget-media-carousel\" data-id=\"6a7bbfc\" data-element_type=\"widget\" data-settings=\"{&quot;space_between&quot;:{&quot;unit&quot;:&quot;px&quot;,&quot;size&quot;:29,&quot;sizes&quot;:[]},&quot;slides_per_view&quot;:&quot;1&quot;,&quot;skin&quot;:&quot;carousel&quot;,&quot;effect&quot;:&quot;slide&quot;,&quot;speed&quot;:500,&quot;space_between_tablet&quot;:{&quot;unit&quot;:&quot;px&quot;,&quot;size&quot;:10,&quot;sizes&quot;:[]},&quot;space_between_mobile&quot;:{&quot;unit&quot;:&quot;px&quot;,&quot;size&quot;:10,&quot;sizes&quot;:[]}}\" data-widget_type=\"media-carousel.default\">\n\t\t\t\t<div class=\"elementor-widget-container\">\n\t\t\t\t\t\t\t\t\t<div class=\"elementor-swiper\">\n\t\t\t\t\t<div class=\"elementor-main-swiper swiper\" role=\"region\" aria-roledescription=\"carousel\" aria-label=\"Slides\">\n\t\t\t\t<div class=\"swiper-wrapper\">\n\t\t\t\t\t\t\t\t\t\t\t<div class=\"swiper-slide\" role=\"group\" aria-roledescription=\"slide\">\n\t\t\t\t\t\t\t<a href=\"https:\/\/monita.es\/wp-content\/uploads\/ToldosVela6.jpg\" data-elementor-open-lightbox=\"yes\" data-elementor-lightbox-slideshow=\"6a7bbfc\" data-elementor-lightbox-title=\"ToldosVela6\" data-elementor-lightbox-description=\"Sistema de toldos vela dise\u00f1ado para cubrir aparcamientos exteriores, proporcionando protecci\u00f3n solar a veh\u00edculos y mejorando el confort en espacios de tr\u00e1nsito mediante arquitectura textil.\" data-e-action-hash=\"#elementor-action%3Aaction%3Dlightbox%26settings%3DeyJpZCI6MTg4NDQsInVybCI6Imh0dHBzOlwvXC9tb25pdGEuZXNcL3dwLWNvbnRlbnRcL3VwbG9hZHNcL1RvbGRvc1ZlbGE2LmpwZyIsInNsaWRlc2hvdyI6IjZhN2JiZmMifQ%3D%3D\">\t\t<div class=\"elementor-carousel-image\" role=\"img\" aria-label=\"toldos vela en aparcamiento para protecci\u00f3n solar de veh\u00edculos\" style=\"background-image: url(&#039;https:\/\/monita.es\/wp-content\/uploads\/ToldosVela6.jpg&#039;)\">\n\n\t\t\t\n\t\t\t\t\t<\/div>\n\t\t\t\t\t<div class=\"elementor-carousel-image-overlay e-overlay-animation-fade\">\n\t\t\t\t<i class=\"fas fa-search-plus\"><\/i>\t\t\t<\/div>\n\t\t\t<\/a>\t\t\t\t\t\t<\/div>\n\t\t\t\t\t\t\t\t\t\t\t<div class=\"swiper-slide\" role=\"group\" aria-roledescription=\"slide\">\n\t\t\t\t\t\t\t<a href=\"https:\/\/monita.es\/wp-content\/uploads\/ToldosVela6-2-scaled.jpg\" data-elementor-open-lightbox=\"yes\" data-elementor-lightbox-slideshow=\"6a7bbfc\" data-elementor-lightbox-title=\"ToldosVela6-2\" data-elementor-lightbox-description=\"Sistema de toldo vela integrado en un espacio comercial con iluminaci\u00f3n, combinando dise\u00f1o arquitect\u00f3nico, protecci\u00f3n solar y est\u00e9tica en proyectos de arquitectura textil.\" data-e-action-hash=\"#elementor-action%3Aaction%3Dlightbox%26settings%3DeyJpZCI6MTg4NDcsInVybCI6Imh0dHBzOlwvXC9tb25pdGEuZXNcL3dwLWNvbnRlbnRcL3VwbG9hZHNcL1RvbGRvc1ZlbGE2LTItc2NhbGVkLmpwZyIsInNsaWRlc2hvdyI6IjZhN2JiZmMifQ%3D%3D\">\t\t<div class=\"elementor-carousel-image\" role=\"img\" aria-label=\"toldos vela con iluminaci\u00f3n en arquitectura textil para espacios comerciales\" style=\"background-image: url(&#039;https:\/\/monita.es\/wp-content\/uploads\/ToldosVela6-2-scaled.jpg&#039;)\">\n\n\t\t\t\n\t\t\t\t\t<\/div>\n\t\t\t\t\t<div class=\"elementor-carousel-image-overlay e-overlay-animation-fade\">\n\t\t\t\t<i class=\"fas fa-search-plus\"><\/i>\t\t\t<\/div>\n\t\t\t<\/a>\t\t\t\t\t\t<\/div>\n\t\t\t\t\t\t\t\t\t<\/div>\n\t\t\t\t\t\t\t\t\t\t\t\t\t\t\t\t\t\t\t\t\t<\/div>\n\t\t\t\t<\/div>\n\t\t\t\t\t\t\t\t<\/div>\n\t\t\t\t<\/div>\n\t\t\t\t\t<\/div>\n\t\t<\/div>\n\t\t\t\t<div class=\"elementor-column elementor-col-25 elementor-inner-column elementor-element elementor-element-a02aef1\" data-id=\"a02aef1\" data-element_type=\"column\">\n\t\t\t<div class=\"elementor-widget-wrap elementor-element-populated\">\n\t\t\t\t\t\t<div class=\"elementor-element elementor-element-2b05125 elementor-skin-carousel elementor-widget elementor-widget-media-carousel\" data-id=\"2b05125\" data-element_type=\"widget\" data-settings=\"{&quot;space_between&quot;:{&quot;unit&quot;:&quot;px&quot;,&quot;size&quot;:29,&quot;sizes&quot;:[]},&quot;slides_per_view&quot;:&quot;1&quot;,&quot;skin&quot;:&quot;carousel&quot;,&quot;effect&quot;:&quot;slide&quot;,&quot;speed&quot;:500,&quot;space_between_tablet&quot;:{&quot;unit&quot;:&quot;px&quot;,&quot;size&quot;:10,&quot;sizes&quot;:[]},&quot;space_between_mobile&quot;:{&quot;unit&quot;:&quot;px&quot;,&quot;size&quot;:10,&quot;sizes&quot;:[]}}\" data-widget_type=\"media-carousel.default\">\n\t\t\t\t<div class=\"elementor-widget-container\">\n\t\t\t\t\t\t\t\t\t<div class=\"elementor-swiper\">\n\t\t\t\t\t<div class=\"elementor-main-swiper swiper\" role=\"region\" aria-roledescription=\"carousel\" aria-label=\"Slides\">\n\t\t\t\t<div class=\"swiper-wrapper\">\n\t\t\t\t\t\t\t\t\t\t\t<div class=\"swiper-slide\" role=\"group\" aria-roledescription=\"slide\">\n\t\t\t\t\t\t\t<a href=\"https:\/\/monita.es\/wp-content\/uploads\/ToldosVela7-scaled.jpg\" data-elementor-open-lightbox=\"yes\" data-elementor-lightbox-slideshow=\"2b05125\" data-elementor-lightbox-title=\"ToldosVela7\" data-elementor-lightbox-description=\"Sistema de toldos vela con geometr\u00eda curva instalado en un aparcamiento exterior, dise\u00f1ado para mejorar la protecci\u00f3n solar de veh\u00edculos y optimizar la resistencia estructural en espacios de tr\u00e1nsito.\" data-e-action-hash=\"#elementor-action%3Aaction%3Dlightbox%26settings%3DeyJpZCI6MTg4NTMsInVybCI6Imh0dHBzOlwvXC9tb25pdGEuZXNcL3dwLWNvbnRlbnRcL3VwbG9hZHNcL1RvbGRvc1ZlbGE3LXNjYWxlZC5qcGciLCJzbGlkZXNob3ciOiIyYjA1MTI1In0%3D\">\t\t<div class=\"elementor-carousel-image\" role=\"img\" aria-label=\"toldos vela curvos para parking exterior con estructura de arquitectura textil\" style=\"background-image: url(&#039;https:\/\/monita.es\/wp-content\/uploads\/ToldosVela7-scaled.jpg&#039;)\">\n\n\t\t\t\n\t\t\t\t\t<\/div>\n\t\t\t\t\t<div class=\"elementor-carousel-image-overlay e-overlay-animation-fade\">\n\t\t\t\t<i class=\"fas fa-search-plus\"><\/i>\t\t\t<\/div>\n\t\t\t<\/a>\t\t\t\t\t\t<\/div>\n\t\t\t\t\t\t\t\t\t\t\t<div class=\"swiper-slide\" role=\"group\" aria-roledescription=\"slide\">\n\t\t\t\t\t\t\t<a href=\"https:\/\/monita.es\/wp-content\/uploads\/ToldosVela7-2-scaled.jpg\" data-elementor-open-lightbox=\"yes\" data-elementor-lightbox-slideshow=\"2b05125\" data-elementor-lightbox-title=\"ToldosVela7-2\" data-elementor-lightbox-description=\"Sistema de toldos vela tensados con iluminaci\u00f3n integrado en un espacio p\u00fablico, dise\u00f1ado para combinar protecci\u00f3n, est\u00e9tica y funcionalidad en proyectos de arquitectura textil de gran escala.\" data-e-action-hash=\"#elementor-action%3Aaction%3Dlightbox%26settings%3DeyJpZCI6MTg4NTYsInVybCI6Imh0dHBzOlwvXC9tb25pdGEuZXNcL3dwLWNvbnRlbnRcL3VwbG9hZHNcL1RvbGRvc1ZlbGE3LTItc2NhbGVkLmpwZyIsInNsaWRlc2hvdyI6IjJiMDUxMjUifQ%3D%3D\">\t\t<div class=\"elementor-carousel-image\" role=\"img\" aria-label=\"toldos vela con iluminaci\u00f3n en grandes superficies para espacios p\u00fablicos\" style=\"background-image: url(&#039;https:\/\/monita.es\/wp-content\/uploads\/ToldosVela7-2-scaled.jpg&#039;)\">\n\n\t\t\t\n\t\t\t\t\t<\/div>\n\t\t\t\t\t<div class=\"elementor-carousel-image-overlay e-overlay-animation-fade\">\n\t\t\t\t<i class=\"fas fa-search-plus\"><\/i>\t\t\t<\/div>\n\t\t\t<\/a>\t\t\t\t\t\t<\/div>\n\t\t\t\t\t\t\t\t\t<\/div>\n\t\t\t\t\t\t\t\t\t\t\t\t\t\t\t\t\t\t\t\t\t<\/div>\n\t\t\t\t<\/div>\n\t\t\t\t\t\t\t\t<\/div>\n\t\t\t\t<\/div>\n\t\t\t\t\t<\/div>\n\t\t<\/div>\n\t\t\t\t<div class=\"elementor-column elementor-col-25 elementor-inner-column elementor-element elementor-element-0503391\" data-id=\"0503391\" data-element_type=\"column\">\n\t\t\t<div class=\"elementor-widget-wrap elementor-element-populated\">\n\t\t\t\t\t\t<div class=\"elementor-element elementor-element-ba472f2 elementor-skin-carousel elementor-widget elementor-widget-media-carousel\" data-id=\"ba472f2\" data-element_type=\"widget\" data-settings=\"{&quot;space_between&quot;:{&quot;unit&quot;:&quot;px&quot;,&quot;size&quot;:29,&quot;sizes&quot;:[]},&quot;slides_per_view&quot;:&quot;1&quot;,&quot;skin&quot;:&quot;carousel&quot;,&quot;effect&quot;:&quot;slide&quot;,&quot;speed&quot;:500,&quot;space_between_tablet&quot;:{&quot;unit&quot;:&quot;px&quot;,&quot;size&quot;:10,&quot;sizes&quot;:[]},&quot;space_between_mobile&quot;:{&quot;unit&quot;:&quot;px&quot;,&quot;size&quot;:10,&quot;sizes&quot;:[]}}\" data-widget_type=\"media-carousel.default\">\n\t\t\t\t<div class=\"elementor-widget-container\">\n\t\t\t\t\t\t\t\t\t<div class=\"elementor-swiper\">\n\t\t\t\t\t<div class=\"elementor-main-swiper swiper\" role=\"region\" aria-roledescription=\"carousel\" aria-label=\"Slides\">\n\t\t\t\t<div class=\"swiper-wrapper\">\n\t\t\t\t\t\t\t\t\t\t\t<div class=\"swiper-slide\" role=\"group\" aria-roledescription=\"slide\">\n\t\t\t\t\t\t\t<a href=\"https:\/\/monita.es\/wp-content\/uploads\/ToldosVela8-scaled.jpg\" data-elementor-open-lightbox=\"yes\" data-elementor-lightbox-slideshow=\"ba472f2\" data-elementor-lightbox-title=\"ToldosVela8\" data-elementor-lightbox-description=\"Instalaci\u00f3n de toldos vela a medida con dise\u00f1o modular y diferentes formas geom\u00e9tricas, dise\u00f1ada para cubrir grandes superficies exteriores con soluciones de arquitectura textil eficientes y est\u00e9ticas.\" data-e-action-hash=\"#elementor-action%3Aaction%3Dlightbox%26settings%3DeyJpZCI6MTg4NjIsInVybCI6Imh0dHBzOlwvXC9tb25pdGEuZXNcL3dwLWNvbnRlbnRcL3VwbG9hZHNcL1RvbGRvc1ZlbGE4LXNjYWxlZC5qcGciLCJzbGlkZXNob3ciOiJiYTQ3MmYyIn0%3D\">\t\t<div class=\"elementor-carousel-image\" role=\"img\" aria-label=\"toldos vela a medida en diferentes formas cubriendo grandes superficies exteriores\" style=\"background-image: url(&#039;https:\/\/monita.es\/wp-content\/uploads\/ToldosVela8-scaled.jpg&#039;)\">\n\n\t\t\t\n\t\t\t\t\t<\/div>\n\t\t\t\t\t<div class=\"elementor-carousel-image-overlay e-overlay-animation-fade\">\n\t\t\t\t<i class=\"fas fa-search-plus\"><\/i>\t\t\t<\/div>\n\t\t\t<\/a>\t\t\t\t\t\t<\/div>\n\t\t\t\t\t\t\t\t\t<\/div>\n\t\t\t\t\t\t\t<\/div>\n\t\t\t\t<\/div>\n\t\t\t\t\t\t\t\t<\/div>\n\t\t\t\t<\/div>\n\t\t\t\t\t<\/div>\n\t\t<\/div>\n\t\t\t\t\t<\/div>\n\t\t<\/section>\n\t\t\t\t<section class=\"elementor-section elementor-inner-section elementor-element elementor-element-282469d elementor-section-boxed elementor-section-height-default elementor-section-height-default elementor-invisible\" data-id=\"282469d\" data-element_type=\"section\" data-settings=\"{&quot;animation&quot;:&quot;fadeInUp&quot;}\">\n\t\t\t\t\t\t<div class=\"elementor-container elementor-column-gap-narrow\">\n\t\t\t\t\t<div class=\"elementor-column elementor-col-25 elementor-inner-column elementor-element elementor-element-894fd79\" data-id=\"894fd79\" data-element_type=\"column\">\n\t\t\t<div class=\"elementor-widget-wrap elementor-element-populated\">\n\t\t\t\t\t\t<div class=\"elementor-element elementor-element-3daf953 elementor-skin-carousel elementor-widget elementor-widget-media-carousel\" data-id=\"3daf953\" data-element_type=\"widget\" data-settings=\"{&quot;space_between&quot;:{&quot;unit&quot;:&quot;px&quot;,&quot;size&quot;:29,&quot;sizes&quot;:[]},&quot;slides_per_view&quot;:&quot;1&quot;,&quot;skin&quot;:&quot;carousel&quot;,&quot;effect&quot;:&quot;slide&quot;,&quot;speed&quot;:500,&quot;space_between_tablet&quot;:{&quot;unit&quot;:&quot;px&quot;,&quot;size&quot;:10,&quot;sizes&quot;:[]},&quot;space_between_mobile&quot;:{&quot;unit&quot;:&quot;px&quot;,&quot;size&quot;:10,&quot;sizes&quot;:[]}}\" data-widget_type=\"media-carousel.default\">\n\t\t\t\t<div class=\"elementor-widget-container\">\n\t\t\t\t\t\t\t\t\t<div class=\"elementor-swiper\">\n\t\t\t\t\t<div class=\"elementor-main-swiper swiper\" role=\"region\" aria-roledescription=\"carousel\" aria-label=\"Slides\">\n\t\t\t\t<div class=\"swiper-wrapper\">\n\t\t\t\t\t\t\t\t\t\t\t<div class=\"swiper-slide\" role=\"group\" aria-roledescription=\"slide\">\n\t\t\t\t\t\t\t<a href=\"https:\/\/monita.es\/wp-content\/uploads\/ToldosVela9-scaled.jpg\" data-elementor-open-lightbox=\"yes\" data-elementor-lightbox-slideshow=\"3daf953\" data-elementor-lightbox-title=\"ToldosVela9\" data-elementor-lightbox-description=\"Toldo vela a medida instalado en un entorno urbano entre edificios, dise\u00f1ado para optimizar la sombra y el aprovechamiento del espacio mediante soluciones de arquitectura textil adaptadas.\" data-e-action-hash=\"#elementor-action%3Aaction%3Dlightbox%26settings%3DeyJpZCI6MTg4NjgsInVybCI6Imh0dHBzOlwvXC9tb25pdGEuZXNcL3dwLWNvbnRlbnRcL3VwbG9hZHNcL1RvbGRvc1ZlbGE5LXNjYWxlZC5qcGciLCJzbGlkZXNob3ciOiIzZGFmOTUzIn0%3D\">\t\t<div class=\"elementor-carousel-image\" role=\"img\" aria-label=\"toldos vela para espacios urbanos y patios con instalaci\u00f3n a medida\" style=\"background-image: url(&#039;https:\/\/monita.es\/wp-content\/uploads\/ToldosVela9-scaled.jpg&#039;)\">\n\n\t\t\t\n\t\t\t\t\t<\/div>\n\t\t\t\t\t<div class=\"elementor-carousel-image-overlay e-overlay-animation-fade\">\n\t\t\t\t<i class=\"fas fa-search-plus\"><\/i>\t\t\t<\/div>\n\t\t\t<\/a>\t\t\t\t\t\t<\/div>\n\t\t\t\t\t\t\t\t\t<\/div>\n\t\t\t\t\t\t\t<\/div>\n\t\t\t\t<\/div>\n\t\t\t\t\t\t\t\t<\/div>\n\t\t\t\t<\/div>\n\t\t\t\t\t<\/div>\n\t\t<\/div>\n\t\t\t\t<div class=\"elementor-column elementor-col-25 elementor-inner-column elementor-element elementor-element-d10102c\" data-id=\"d10102c\" data-element_type=\"column\">\n\t\t\t<div class=\"elementor-widget-wrap elementor-element-populated\">\n\t\t\t\t\t\t<div class=\"elementor-element elementor-element-d940846 elementor-skin-carousel elementor-widget elementor-widget-media-carousel\" data-id=\"d940846\" data-element_type=\"widget\" data-settings=\"{&quot;space_between&quot;:{&quot;unit&quot;:&quot;px&quot;,&quot;size&quot;:29,&quot;sizes&quot;:[]},&quot;slides_per_view&quot;:&quot;1&quot;,&quot;skin&quot;:&quot;carousel&quot;,&quot;effect&quot;:&quot;slide&quot;,&quot;speed&quot;:500,&quot;space_between_tablet&quot;:{&quot;unit&quot;:&quot;px&quot;,&quot;size&quot;:10,&quot;sizes&quot;:[]},&quot;space_between_mobile&quot;:{&quot;unit&quot;:&quot;px&quot;,&quot;size&quot;:10,&quot;sizes&quot;:[]}}\" data-widget_type=\"media-carousel.default\">\n\t\t\t\t<div class=\"elementor-widget-container\">\n\t\t\t\t\t\t\t\t\t<div class=\"elementor-swiper\">\n\t\t\t\t\t<div class=\"elementor-main-swiper swiper\" role=\"region\" aria-roledescription=\"carousel\" aria-label=\"Slides\">\n\t\t\t\t<div class=\"swiper-wrapper\">\n\t\t\t\t\t\t\t\t\t\t\t<div class=\"swiper-slide\" role=\"group\" aria-roledescription=\"slide\">\n\t\t\t\t\t\t\t<a href=\"https:\/\/monita.es\/wp-content\/uploads\/ToldosVela10-scaled.jpg\" data-elementor-open-lightbox=\"yes\" data-elementor-lightbox-slideshow=\"d940846\" data-elementor-lightbox-title=\"ToldosVela10\" data-elementor-lightbox-description=\"Proyecto de instalaci\u00f3n de vela tensada para crear zonas de sombra en terrazas amplias. Soluci\u00f3n textil moderna y funcional para hoteles, restaurantes y espacios corporativos.\" data-e-action-hash=\"#elementor-action%3Aaction%3Dlightbox%26settings%3DeyJpZCI6MTg4NzQsInVybCI6Imh0dHBzOlwvXC9tb25pdGEuZXNcL3dwLWNvbnRlbnRcL3VwbG9hZHNcL1RvbGRvc1ZlbGExMC1zY2FsZWQuanBnIiwic2xpZGVzaG93IjoiZDk0MDg0NiJ9\">\t\t<div class=\"elementor-carousel-image\" role=\"img\" aria-label=\"Vela tensada instalada en terraza de hotel para crear zona de sombra\" style=\"background-image: url(&#039;https:\/\/monita.es\/wp-content\/uploads\/ToldosVela10-scaled.jpg&#039;)\">\n\n\t\t\t\n\t\t\t\t\t<\/div>\n\t\t\t\t\t<div class=\"elementor-carousel-image-overlay e-overlay-animation-fade\">\n\t\t\t\t<i class=\"fas fa-search-plus\"><\/i>\t\t\t<\/div>\n\t\t\t<\/a>\t\t\t\t\t\t<\/div>\n\t\t\t\t\t\t\t\t\t\t\t<div class=\"swiper-slide\" role=\"group\" aria-roledescription=\"slide\">\n\t\t\t\t\t\t\t<a href=\"https:\/\/monita.es\/wp-content\/uploads\/ToldosVela10-1-scaled.jpg\" data-elementor-open-lightbox=\"yes\" data-elementor-lightbox-slideshow=\"d940846\" data-elementor-lightbox-title=\"ToldosVela10-1\" data-elementor-lightbox-description=\"Sistema de toldos vela instalado en una terraza de hosteler\u00eda, dise\u00f1ado para proporcionar sombra, mejorar el confort de los clientes y aportar valor est\u00e9tico en espacios exteriores de hoteles y restaurantes.\" data-e-action-hash=\"#elementor-action%3Aaction%3Dlightbox%26settings%3DeyJpZCI6MTg4NzcsInVybCI6Imh0dHBzOlwvXC9tb25pdGEuZXNcL3dwLWNvbnRlbnRcL3VwbG9hZHNcL1RvbGRvc1ZlbGExMC0xLXNjYWxlZC5qcGciLCJzbGlkZXNob3ciOiJkOTQwODQ2In0%3D\">\t\t<div class=\"elementor-carousel-image\" role=\"img\" aria-label=\"toldos vela para terrazas de hosteler\u00eda y hoteles con dise\u00f1o a medida\" style=\"background-image: url(&#039;https:\/\/monita.es\/wp-content\/uploads\/ToldosVela10-1-scaled.jpg&#039;)\">\n\n\t\t\t\n\t\t\t\t\t<\/div>\n\t\t\t\t\t<div class=\"elementor-carousel-image-overlay e-overlay-animation-fade\">\n\t\t\t\t<i class=\"fas fa-search-plus\"><\/i>\t\t\t<\/div>\n\t\t\t<\/a>\t\t\t\t\t\t<\/div>\n\t\t\t\t\t\t\t\t\t<\/div>\n\t\t\t\t\t\t\t\t\t\t\t\t\t\t\t\t\t\t\t\t\t<\/div>\n\t\t\t\t<\/div>\n\t\t\t\t\t\t\t\t<\/div>\n\t\t\t\t<\/div>\n\t\t\t\t\t<\/div>\n\t\t<\/div>\n\t\t\t\t<div class=\"elementor-column elementor-col-25 elementor-inner-column elementor-element elementor-element-32eb407\" data-id=\"32eb407\" data-element_type=\"column\">\n\t\t\t<div class=\"elementor-widget-wrap elementor-element-populated\">\n\t\t\t\t\t\t<div class=\"elementor-element elementor-element-6eda8f0 elementor-skin-carousel elementor-widget elementor-widget-media-carousel\" data-id=\"6eda8f0\" data-element_type=\"widget\" data-settings=\"{&quot;space_between&quot;:{&quot;unit&quot;:&quot;px&quot;,&quot;size&quot;:29,&quot;sizes&quot;:[]},&quot;slides_per_view&quot;:&quot;1&quot;,&quot;skin&quot;:&quot;carousel&quot;,&quot;effect&quot;:&quot;slide&quot;,&quot;speed&quot;:500,&quot;space_between_tablet&quot;:{&quot;unit&quot;:&quot;px&quot;,&quot;size&quot;:10,&quot;sizes&quot;:[]},&quot;space_between_mobile&quot;:{&quot;unit&quot;:&quot;px&quot;,&quot;size&quot;:10,&quot;sizes&quot;:[]}}\" data-widget_type=\"media-carousel.default\">\n\t\t\t\t<div class=\"elementor-widget-container\">\n\t\t\t\t\t\t\t\t\t<div class=\"elementor-swiper\">\n\t\t\t\t\t<div class=\"elementor-main-swiper swiper\" role=\"region\" aria-roledescription=\"carousel\" aria-label=\"Slides\">\n\t\t\t\t<div class=\"swiper-wrapper\">\n\t\t\t\t\t\t\t\t\t\t\t<div class=\"swiper-slide\" role=\"group\" aria-roledescription=\"slide\">\n\t\t\t\t\t\t\t<a href=\"https:\/\/monita.es\/wp-content\/uploads\/ToldosVela11-scaled.jpg\" data-elementor-open-lightbox=\"yes\" data-elementor-lightbox-slideshow=\"6eda8f0\" data-elementor-lightbox-title=\"ToldosVela11\" data-elementor-lightbox-description=\"Toldo vela de gran formato instalado en un aparcamiento urbano, dise\u00f1ado para cubrir m\u00faltiples veh\u00edculos mediante una soluci\u00f3n de arquitectura textil eficiente, resistente y adaptada a grandes superficies.\" data-e-action-hash=\"#elementor-action%3Aaction%3Dlightbox%26settings%3DeyJpZCI6MTg4ODMsInVybCI6Imh0dHBzOlwvXC9tb25pdGEuZXNcL3dwLWNvbnRlbnRcL3VwbG9hZHNcL1RvbGRvc1ZlbGExMS1zY2FsZWQuanBnIiwic2xpZGVzaG93IjoiNmVkYThmMCJ9\">\t\t<div class=\"elementor-carousel-image\" role=\"img\" aria-label=\"toldos vela para parking en grandes superficies con estructura a medida\" style=\"background-image: url(&#039;https:\/\/monita.es\/wp-content\/uploads\/ToldosVela11-scaled.jpg&#039;)\">\n\n\t\t\t\n\t\t\t\t\t<\/div>\n\t\t\t\t\t<div class=\"elementor-carousel-image-overlay e-overlay-animation-fade\">\n\t\t\t\t<i class=\"fas fa-search-plus\"><\/i>\t\t\t<\/div>\n\t\t\t<\/a>\t\t\t\t\t\t<\/div>\n\t\t\t\t\t\t\t\t\t\t\t<div class=\"swiper-slide\" role=\"group\" aria-roledescription=\"slide\">\n\t\t\t\t\t\t\t<a href=\"https:\/\/monita.es\/wp-content\/uploads\/ToldosVela11-2.jpg\" data-elementor-open-lightbox=\"yes\" data-elementor-lightbox-slideshow=\"6eda8f0\" data-elementor-lightbox-title=\"ToldosVela11-2\" data-elementor-lightbox-description=\"Toldo vela de gran formato instalado en un espacio p\u00fablico con alta afluencia de personas, dise\u00f1ado para proporcionar sombra, confort y seguridad en eventos y zonas de uso intensivo.\" data-e-action-hash=\"#elementor-action%3Aaction%3Dlightbox%26settings%3DeyJpZCI6MTg4ODYsInVybCI6Imh0dHBzOlwvXC9tb25pdGEuZXNcL3dwLWNvbnRlbnRcL3VwbG9hZHNcL1RvbGRvc1ZlbGExMS0yLmpwZyIsInNsaWRlc2hvdyI6IjZlZGE4ZjAifQ%3D%3D\">\t\t<div class=\"elementor-carousel-image\" role=\"img\" aria-label=\"toldos vela para eventos y grandes superficies con protecci\u00f3n solar\" style=\"background-image: url(&#039;https:\/\/monita.es\/wp-content\/uploads\/ToldosVela11-2.jpg&#039;)\">\n\n\t\t\t\n\t\t\t\t\t<\/div>\n\t\t\t\t\t<div class=\"elementor-carousel-image-overlay e-overlay-animation-fade\">\n\t\t\t\t<i class=\"fas fa-search-plus\"><\/i>\t\t\t<\/div>\n\t\t\t<\/a>\t\t\t\t\t\t<\/div>\n\t\t\t\t\t\t\t\t\t<\/div>\n\t\t\t\t\t\t\t\t\t\t\t\t\t\t\t\t\t\t\t\t\t<\/div>\n\t\t\t\t<\/div>\n\t\t\t\t\t\t\t\t<\/div>\n\t\t\t\t<\/div>\n\t\t\t\t\t<\/div>\n\t\t<\/div>\n\t\t\t\t<div class=\"elementor-column elementor-col-25 elementor-inner-column elementor-element elementor-element-8bb213a\" data-id=\"8bb213a\" data-element_type=\"column\">\n\t\t\t<div class=\"elementor-widget-wrap elementor-element-populated\">\n\t\t\t\t\t\t<div class=\"elementor-element elementor-element-a698ac8 elementor-skin-carousel elementor-widget elementor-widget-media-carousel\" data-id=\"a698ac8\" data-element_type=\"widget\" data-settings=\"{&quot;space_between&quot;:{&quot;unit&quot;:&quot;px&quot;,&quot;size&quot;:29,&quot;sizes&quot;:[]},&quot;slides_per_view&quot;:&quot;1&quot;,&quot;skin&quot;:&quot;carousel&quot;,&quot;effect&quot;:&quot;slide&quot;,&quot;speed&quot;:500,&quot;space_between_tablet&quot;:{&quot;unit&quot;:&quot;px&quot;,&quot;size&quot;:10,&quot;sizes&quot;:[]},&quot;space_between_mobile&quot;:{&quot;unit&quot;:&quot;px&quot;,&quot;size&quot;:10,&quot;sizes&quot;:[]}}\" data-widget_type=\"media-carousel.default\">\n\t\t\t\t<div class=\"elementor-widget-container\">\n\t\t\t\t\t\t\t\t\t<div class=\"elementor-swiper\">\n\t\t\t\t\t<div class=\"elementor-main-swiper swiper\" role=\"region\" aria-roledescription=\"carousel\" aria-label=\"Slides\">\n\t\t\t\t<div class=\"swiper-wrapper\">\n\t\t\t\t\t\t\t\t\t\t\t<div class=\"swiper-slide\" role=\"group\" aria-roledescription=\"slide\">\n\t\t\t\t\t\t\t<a href=\"https:\/\/monita.es\/wp-content\/uploads\/12-min.jpg\" data-elementor-open-lightbox=\"yes\" data-elementor-lightbox-slideshow=\"a698ac8\" data-elementor-lightbox-title=\"12-min\" data-elementor-lightbox-description=\"Sistema de toldos vela instalado en un patio escolar, dise\u00f1ado para proporcionar sombra, seguridad y confort t\u00e9rmico en espacios exteriores destinados a uso infantil y educativo.\" data-e-action-hash=\"#elementor-action%3Aaction%3Dlightbox%26settings%3DeyJpZCI6MTg4ODksInVybCI6Imh0dHBzOlwvXC9tb25pdGEuZXNcL3dwLWNvbnRlbnRcL3VwbG9hZHNcLzEyLW1pbi5qcGciLCJzbGlkZXNob3ciOiJhNjk4YWM4In0%3D\">\t\t<div class=\"elementor-carousel-image\" role=\"img\" aria-label=\"toldos vela para patios de colegios y espacios infantiles exteriores\" style=\"background-image: url(&#039;https:\/\/monita.es\/wp-content\/uploads\/12-min.jpg&#039;)\">\n\n\t\t\t\n\t\t\t\t\t<\/div>\n\t\t\t\t\t<div class=\"elementor-carousel-image-overlay e-overlay-animation-fade\">\n\t\t\t\t<i class=\"fas fa-search-plus\"><\/i>\t\t\t<\/div>\n\t\t\t<\/a>\t\t\t\t\t\t<\/div>\n\t\t\t\t\t\t\t\t\t<\/div>\n\t\t\t\t\t\t\t<\/div>\n\t\t\t\t<\/div>\n\t\t\t\t\t\t\t\t<\/div>\n\t\t\t\t<\/div>\n\t\t\t\t\t<\/div>\n\t\t<\/div>\n\t\t\t\t\t<\/div>\n\t\t<\/section>\n\t\t\t\t\t<\/div>\n\t\t<\/div>\n\t\t\t\t\t<\/div>\n\t\t<\/section>\n\t\t\t\t<section class=\"elementor-section elementor-top-section elementor-element elementor-element-717d11cf elementor-section-height-min-height elementor-section-items-top elementor-section-boxed elementor-section-height-default\" data-id=\"717d11cf\" data-element_type=\"section\" data-settings=\"{&quot;background_background&quot;:&quot;classic&quot;}\">\n\t\t\t\t\t\t\t<div class=\"elementor-background-overlay\"><\/div>\n\t\t\t\t\t\t\t<div class=\"elementor-container elementor-column-gap-no\">\n\t\t\t\t\t<div class=\"elementor-column elementor-col-100 elementor-top-column elementor-element elementor-element-6b61493\" data-id=\"6b61493\" data-element_type=\"column\">\n\t\t\t<div class=\"elementor-widget-wrap elementor-element-populated\">\n\t\t\t\t\t\t<div class=\"elementor-element elementor-element-1f3f015 elementor-widget elementor-widget-heading\" data-id=\"1f3f015\" data-element_type=\"widget\" data-widget_type=\"heading.default\">\n\t\t\t\t<div class=\"elementor-widget-container\">\n\t\t\t\t\t<h2 class=\"elementor-heading-title elementor-size-default\">Contact Us<\/h2>\t\t\t\t<\/div>\n\t\t\t\t<\/div>\n\t\t\t\t<div class=\"elementor-element elementor-element-7b5b3df2 elementor-widget__width-initial elementor-widget elementor-widget-text-editor\" data-id=\"7b5b3df2\" data-element_type=\"widget\" data-widget_type=\"text-editor.default\">\n\t\t\t\t<div class=\"elementor-widget-container\">\n\t\t\t\t\t\t\t\t\t<p><span style=\"font-weight: 400;\">Contact Us Our specialists will be able to advise you to propose the best solution for your project. We have more than 80 years of experience in the manufacture of tarpaulins, awnings, marquees and textile architecture. <\/span><\/p>\n\t\t\t\t\t\t\t\t<\/div>\n\t\t\t\t<\/div>\n\t\t\t\t<div class=\"elementor-element elementor-element-35ae5b5d elementor-mobile-align-center elementor-widget elementor-widget-button\" data-id=\"35ae5b5d\" data-element_type=\"widget\" data-widget_type=\"button.default\">\n\t\t\t\t<div class=\"elementor-widget-container\">\n\t\t\t\t\t\t\t\t\t<div class=\"elementor-button-wrapper\">\n\t\t\t\t\t<a class=\"elementor-button elementor-button-link elementor-size-sm\" href=\"https:\/\/monita.es\/contacto-ubicacion\/\">\n\t\t\t\t\t\t<span class=\"elementor-button-content-wrapper\">\n\t\t\t\t\t\t<span class=\"elementor-button-icon\">\n\t\t\t\t<svg xmlns=\"http:\/\/www.w3.org\/2000\/svg\" id=\"e7693ca5-bf76-42df-999c-dbc3066cda9e\" data-name=\"Layer 1\" width=\"21.3525\" height=\"10.7197\" viewBox=\"0 0 21.3525 10.7197\"><polygon points=\"21 5.229 21.343 4.865 16.165 0 15.479 0.729 19.737 4.729 0 4.729 0 5.729 19.786 5.729 15.47 10.009 16.175 10.72 21.353 5.584 21 5.229\"><\/polygon><\/svg>\t\t\t<\/span>\n\t\t\t\t\t\t\t\t\t<span class=\"elementor-button-text\">Request a quote<\/span>\n\t\t\t\t\t<\/span>\n\t\t\t\t\t<\/a>\n\t\t\t\t<\/div>\n\t\t\t\t\t\t\t\t<\/div>\n\t\t\t\t<\/div>\n\t\t\t\t\t<\/div>\n\t\t<\/div>\n\t\t\t\t\t<\/div>\n\t\t<\/section>\n\t\t\t\t<section class=\"elementor-section elementor-top-section elementor-element elementor-element-2d42f670 elementor-section-content-top elementor-section-boxed elementor-section-height-default elementor-section-height-default\" data-id=\"2d42f670\" data-element_type=\"section\">\n\t\t\t\t\t\t<div class=\"elementor-container elementor-column-gap-no\">\n\t\t\t\t\t<div class=\"elementor-column elementor-col-33 elementor-top-column elementor-element elementor-element-1c417345\" data-id=\"1c417345\" data-element_type=\"column\">\n\t\t\t<div class=\"elementor-widget-wrap elementor-element-populated\">\n\t\t\t\t\t\t<div class=\"elementor-element elementor-element-42577809 elementor-widget elementor-widget-heading\" data-id=\"42577809\" data-element_type=\"widget\" data-widget_type=\"heading.default\">\n\t\t\t\t<div class=\"elementor-widget-container\">\n\t\t\t\t\t<h5 class=\"elementor-heading-title elementor-size-default\">Leaders in Industrial Solutions<\/h5>\t\t\t\t<\/div>\n\t\t\t\t<\/div>\n\t\t\t\t<div class=\"elementor-element elementor-element-3c620d6e animated-slow elementor-invisible elementor-widget elementor-widget-heading\" data-id=\"3c620d6e\" data-element_type=\"widget\" data-settings=\"{&quot;_animation&quot;:&quot;fadeIn&quot;}\" data-widget_type=\"heading.default\">\n\t\t\t\t<div class=\"elementor-widget-container\">\n\t\t\t\t\t<h2 class=\"elementor-heading-title elementor-size-default\">More about Shade sails<\/h2>\t\t\t\t<\/div>\n\t\t\t\t<\/div>\n\t\t\t\t<div class=\"elementor-element elementor-element-6396a8e2 elementor-invisible elementor-widget elementor-widget-text-editor\" data-id=\"6396a8e2\" data-element_type=\"widget\" data-settings=\"{&quot;_animation&quot;:&quot;fadeIn&quot;,&quot;_animation_delay&quot;:200}\" data-widget_type=\"text-editor.default\">\n\t\t\t\t<div class=\"elementor-widget-container\">\n\t\t\t\t\t\t\t\t\t<p>Trust in our good work, as thousands of satisfied customers have done with what we do.<\/p>\n\t\t\t\t\t\t\t\t<\/div>\n\t\t\t\t<\/div>\n\t\t\t\t<div class=\"elementor-element elementor-element-333c9cdb elementor-widget elementor-widget-image\" data-id=\"333c9cdb\" data-element_type=\"widget\" data-widget_type=\"image.default\">\n\t\t\t\t<div class=\"elementor-widget-container\">\n\t\t\t\t\t\t\t\t\t\t\t\t\t\t\t<img fetchpriority=\"high\" decoding=\"async\" width=\"750\" height=\"500\" src=\"https:\/\/monita.es\/wp-content\/uploads\/ToldosVela11-2-750x500.jpg\" class=\"attachment-large size-large wp-image-18886\" alt=\"toldos vela para eventos y grandes superficies con protecci\u00f3n solar\" srcset=\"https:\/\/monita.es\/wp-content\/uploads\/ToldosVela11-2-750x500.jpg 750w, https:\/\/monita.es\/wp-content\/uploads\/ToldosVela11-2-119x79.jpg 119w, https:\/\/monita.es\/wp-content\/uploads\/ToldosVela11-2-768x512.jpg 768w, https:\/\/monita.es\/wp-content\/uploads\/ToldosVela11-2-1536x1024.jpg 1536w, https:\/\/monita.es\/wp-content\/uploads\/ToldosVela11-2.jpg 1656w\" sizes=\"(max-width: 750px) 100vw, 750px\" \/>\t\t\t\t\t\t\t\t\t\t\t\t\t\t\t<\/div>\n\t\t\t\t<\/div>\n\t\t\t\t\t<\/div>\n\t\t<\/div>\n\t\t\t\t<div class=\"elementor-column elementor-col-66 elementor-top-column elementor-element elementor-element-32ee0a57\" data-id=\"32ee0a57\" data-element_type=\"column\">\n\t\t\t<div class=\"elementor-widget-wrap elementor-element-populated\">\n\t\t\t\t\t\t<div class=\"elementor-element elementor-element-39560b46 elementor-widget elementor-widget-toggle\" data-id=\"39560b46\" data-element_type=\"widget\" data-widget_type=\"toggle.default\">\n\t\t\t\t<div class=\"elementor-widget-container\">\n\t\t\t\t\t\t\t<div class=\"elementor-toggle\">\n\t\t\t\t\t\t\t<div class=\"elementor-toggle-item\">\n\t\t\t\t\t<div id=\"elementor-tab-title-9611\" class=\"elementor-tab-title\" data-tab=\"1\" role=\"button\" aria-controls=\"elementor-tab-content-9611\" aria-expanded=\"false\">\n\t\t\t\t\t\t\t\t\t\t\t\t<span class=\"elementor-toggle-icon elementor-toggle-icon-right\" aria-hidden=\"true\">\n\t\t\t\t\t\t\t\t\t\t\t\t\t\t\t<span class=\"elementor-toggle-icon-closed\"><svg xmlns=\"http:\/\/www.w3.org\/2000\/svg\" id=\"b64b7500-205e-4b4c-b85b-719c6b9efefc\" data-name=\"Layer 1\" width=\"14.6802\" height=\"7.5488\" viewBox=\"0 0 14.6802 7.5488\"><polygon points=\"7.34 7.549 0 0.732 0.681 0 7.34 6.184 14 0 14.68 0.732 7.34 7.549\"><\/polygon><\/svg><\/span>\n\t\t\t\t\t\t\t\t<span class=\"elementor-toggle-icon-opened\"><svg xmlns=\"http:\/\/www.w3.org\/2000\/svg\" id=\"a9a06c65-5466-4dff-9af0-1537f84a1b5f\" data-name=\"Layer 1\" width=\"14.6802\" height=\"7.5488\" viewBox=\"0 0 14.6802 7.5488\"><polygon points=\"7.34 0 14.68 6.816 14 7.549 7.34 1.365 0.68 7.549 0 6.816 7.34 0\"><\/polygon><\/svg><\/span>\n\t\t\t\t\t\t\t\t\t\t\t\t\t<\/span>\n\t\t\t\t\t\t\t\t\t\t\t\t<a class=\"elementor-toggle-title\" tabindex=\"0\">Shade sails in playgrounds and squares<\/a>\n\t\t\t\t\t<\/div>\n\n\t\t\t\t\t<div id=\"elementor-tab-content-9611\" class=\"elementor-tab-content elementor-clearfix\" data-tab=\"1\" role=\"region\" aria-labelledby=\"elementor-tab-title-9611\"><p><span style=\"font-weight: 400;\">At MO\u00d1ITA we have designed, manufactured and installed a multitude of Shade sails in playgrounds or public squares and we are aware of their advantages and design particularities. They are usually used to cover small or medium-sized surfaces, normally no more than 100m2, usually supported on masts that can be free-standing or tied with metal straps. Microperforated or mesh-type membranes can be used when what is mainly pursued is sun protection or use waterproof membranes to also protect from rain. <\/span><\/p>\n<\/div>\n\t\t\t\t<\/div>\n\t\t\t\t\t\t\t<div class=\"elementor-toggle-item\">\n\t\t\t\t\t<div id=\"elementor-tab-title-9612\" class=\"elementor-tab-title\" data-tab=\"2\" role=\"button\" aria-controls=\"elementor-tab-content-9612\" aria-expanded=\"false\">\n\t\t\t\t\t\t\t\t\t\t\t\t<span class=\"elementor-toggle-icon elementor-toggle-icon-right\" aria-hidden=\"true\">\n\t\t\t\t\t\t\t\t\t\t\t\t\t\t\t<span class=\"elementor-toggle-icon-closed\"><svg xmlns=\"http:\/\/www.w3.org\/2000\/svg\" id=\"b64b7500-205e-4b4c-b85b-719c6b9efefc\" data-name=\"Layer 1\" width=\"14.6802\" height=\"7.5488\" viewBox=\"0 0 14.6802 7.5488\"><polygon points=\"7.34 7.549 0 0.732 0.681 0 7.34 6.184 14 0 14.68 0.732 7.34 7.549\"><\/polygon><\/svg><\/span>\n\t\t\t\t\t\t\t\t<span class=\"elementor-toggle-icon-opened\"><svg xmlns=\"http:\/\/www.w3.org\/2000\/svg\" id=\"a9a06c65-5466-4dff-9af0-1537f84a1b5f\" data-name=\"Layer 1\" width=\"14.6802\" height=\"7.5488\" viewBox=\"0 0 14.6802 7.5488\"><polygon points=\"7.34 0 14.68 6.816 14 7.549 7.34 1.365 0.68 7.549 0 6.816 7.34 0\"><\/polygon><\/svg><\/span>\n\t\t\t\t\t\t\t\t\t\t\t\t\t<\/span>\n\t\t\t\t\t\t\t\t\t\t\t\t<a class=\"elementor-toggle-title\" tabindex=\"0\">Motorized shade sails<\/a>\n\t\t\t\t\t<\/div>\n\n\t\t\t\t\t<div id=\"elementor-tab-content-9612\" class=\"elementor-tab-content elementor-clearfix\" data-tab=\"2\" role=\"region\" aria-labelledby=\"elementor-tab-title-9612\"><p><span style=\"font-weight: 400;\">In addition, in<\/span> <b>MO\u00d1ITA<\/b> <span style=\"font-weight: 400;\">We sell another type of retractable rectangular shade sail, ideal for covering small spaces, up to 7m x 7m, in the garden or on the private terrace of the house. It is usually installed combined with a wind sensor. <\/span><\/p>\n<p><span style=\"font-weight: 400;\">If you have a project in mind, contact us, we will be happy to advise you. <\/span><\/p>\n<\/div>\n\t\t\t\t<\/div>\n\t\t\t\t\t\t\t<div class=\"elementor-toggle-item\">\n\t\t\t\t\t<div id=\"elementor-tab-title-9613\" class=\"elementor-tab-title\" data-tab=\"3\" role=\"button\" aria-controls=\"elementor-tab-content-9613\" aria-expanded=\"false\">\n\t\t\t\t\t\t\t\t\t\t\t\t<span class=\"elementor-toggle-icon elementor-toggle-icon-right\" aria-hidden=\"true\">\n\t\t\t\t\t\t\t\t\t\t\t\t\t\t\t<span class=\"elementor-toggle-icon-closed\"><svg xmlns=\"http:\/\/www.w3.org\/2000\/svg\" id=\"b64b7500-205e-4b4c-b85b-719c6b9efefc\" data-name=\"Layer 1\" width=\"14.6802\" height=\"7.5488\" viewBox=\"0 0 14.6802 7.5488\"><polygon points=\"7.34 7.549 0 0.732 0.681 0 7.34 6.184 14 0 14.68 0.732 7.34 7.549\"><\/polygon><\/svg><\/span>\n\t\t\t\t\t\t\t\t<span class=\"elementor-toggle-icon-opened\"><svg xmlns=\"http:\/\/www.w3.org\/2000\/svg\" id=\"a9a06c65-5466-4dff-9af0-1537f84a1b5f\" data-name=\"Layer 1\" width=\"14.6802\" height=\"7.5488\" viewBox=\"0 0 14.6802 7.5488\"><polygon points=\"7.34 0 14.68 6.816 14 7.549 7.34 1.365 0.68 7.549 0 6.816 7.34 0\"><\/polygon><\/svg><\/span>\n\t\t\t\t\t\t\t\t\t\t\t\t\t<\/span>\n\t\t\t\t\t\t\t\t\t\t\t\t<a class=\"elementor-toggle-title\" tabindex=\"0\">Tensile structures with shade sails<\/a>\n\t\t\t\t\t<\/div>\n\n\t\t\t\t\t<div id=\"elementor-tab-content-9613\" class=\"elementor-tab-content elementor-clearfix\" data-tab=\"3\" role=\"region\" aria-labelledby=\"elementor-tab-title-9613\"><p>In addition, at <strong>MO\u00d1ITA<\/strong> we offer other types of covers that are used on the roof and perimeter enclosure. They are covers designed to be assembled and disassembled easily and with little work, since they are disassembled very often. They are usually made in not very large pieces, easy to handle, which are joined together by watertight closures and flaps.<\/p>\n<\/div>\n\t\t\t\t<\/div>\n\t\t\t\t\t\t\t\t\t\t<script type=\"application\/ld+json\">{\"@context\":\"https:\\\/\\\/schema.org\",\"@type\":\"FAQPage\",\"mainEntity\":[{\"@type\":\"Question\",\"name\":\"Shade sails in playgrounds and squares\",\"acceptedAnswer\":{\"@type\":\"Answer\",\"text\":\"<p><span style=\\\"font-weight: 400;\\\">At MO\\u00d1ITA we have designed, manufactured and installed a multitude of Shade sails in playgrounds or public squares and we are aware of their advantages and design particularities. They are usually used to cover small or medium-sized surfaces, normally no more than 100m2, usually supported on masts that can be free-standing or tied with metal straps. Microperforated or mesh-type membranes can be used when what is mainly pursued is sun protection or use waterproof membranes to also protect from rain. <\\\/span><\\\/p>\\n\"}},{\"@type\":\"Question\",\"name\":\"Motorized shade sails\",\"acceptedAnswer\":{\"@type\":\"Answer\",\"text\":\"<p><span style=\\\"font-weight: 400;\\\">In addition, in<\\\/span> <b>MO\\u00d1ITA<\\\/b> <span style=\\\"font-weight: 400;\\\">We sell another type of retractable rectangular shade sail, ideal for covering small spaces, up to 7m x 7m, in the garden or on the private terrace of the house. It is usually installed combined with a wind sensor. <\\\/span><\\\/p>\\n<p><span style=\\\"font-weight: 400;\\\">If you have a project in mind, contact us, we will be happy to advise you. <\\\/span><\\\/p>\\n\"}},{\"@type\":\"Question\",\"name\":\"Tensile structures with shade sails\",\"acceptedAnswer\":{\"@type\":\"Answer\",\"text\":\"<p>In addition, at <strong>MO\\u00d1ITA<\\\/strong> we offer other types of covers that are used on the roof and perimeter enclosure. They are covers designed to be assembled and disassembled easily and with little work, since they are disassembled very often. They are usually made in not very large pieces, easy to handle, which are joined together by watertight closures and flaps.<\\\/p>\\n\"}}]}<\/script>\n\t\t\t\t\t<\/div>\n\t\t\t\t\t\t<\/div>\n\t\t\t\t<\/div>\n\t\t\t\t\t<\/div>\n\t\t<\/div>\n\t\t\t\t\t<\/div>\n\t\t<\/section>\n\t\t\t\t<\/div>\n\t\t","protected":false},"excerpt":{"rendered":"<p>ShadeSails More than 80 Years of Experience Shade sails Shade sails are a practical solution to cover spaces, making them more comfortable and protecting the occupants from atmospheric factors such as rain or sun. At MO\u00d1ITA we offer this type of tensioning, especially indicated for individuals that allows shade to be provided in an elegant &#8230; <a title=\"Shade sails\" class=\"read-more\" href=\"https:\/\/monita.es\/en\/arquitectura-textil\/toldos-vela\/\" aria-label=\"Read more about Shade sails\">Leer m\u00e1s<\/a><\/p>\n","protected":false},"author":2,"featured_media":0,"parent":2684,"menu_order":1,"comment_status":"closed","ping_status":"closed","template":"","meta":{"footnotes":""},"class_list":["post-2688","page","type-page","status-publish"],"yoast_head":"<!-- This site is optimized with the Yoast SEO plugin v24.7 - https:\/\/yoast.com\/wordpress\/plugins\/seo\/ -->\n<title>Shade sails - Arquitectura textil - MO\u00d1ITA<\/title>\n<meta name=\"description\" content=\"MO\u00d1ITA: We are experts in the manufacture of Shade Sails. Have more comfortable and fresh spaces, acquiring our products.\" \/>\n<meta name=\"robots\" content=\"noindex, follow\" \/>\n<meta property=\"og:locale\" content=\"en_US\" \/>\n<meta property=\"og:type\" content=\"article\" \/>\n<meta property=\"og:title\" content=\"Shade sails - Arquitectura textil - MO\u00d1ITA\" \/>\n<meta property=\"og:description\" content=\"MO\u00d1ITA: We are experts in the manufacture of Shade Sails. Have more comfortable and fresh spaces, acquiring our products.\" \/>\n<meta property=\"og:url\" content=\"https:\/\/monita.es\/en\/arquitectura-textil\/toldos-vela\/\" \/>\n<meta property=\"og:site_name\" content=\"Venta de carpas en Madrid - MO\u00d1ITA\" \/>\n<meta property=\"article:modified_time\" content=\"2023-07-29T11:33:09+00:00\" \/>\n<meta property=\"og:image\" content=\"https:\/\/monita.es\/wp-content\/uploads\/ToldosVela11-2-750x500.jpg\" \/>\n<meta name=\"twitter:label1\" content=\"Est. reading time\" \/>\n\t<meta name=\"twitter:data1\" content=\"2 minutes\" \/>\n<script type=\"application\/ld+json\" class=\"yoast-schema-graph\">{\"@context\":\"https:\/\/schema.org\",\"@graph\":[{\"@type\":\"WebPage\",\"@id\":\"https:\/\/monita.es\/en\/arquitectura-textil\/toldos-vela\/\",\"url\":\"https:\/\/monita.es\/en\/arquitectura-textil\/toldos-vela\/\",\"name\":\"Shade sails - Arquitectura textil - MO\u00d1ITA\",\"isPartOf\":{\"@id\":\"https:\/\/monita.es\/en\/#website\"},\"primaryImageOfPage\":{\"@id\":\"https:\/\/monita.es\/en\/arquitectura-textil\/toldos-vela\/#primaryimage\"},\"image\":{\"@id\":\"https:\/\/monita.es\/en\/arquitectura-textil\/toldos-vela\/#primaryimage\"},\"thumbnailUrl\":\"https:\/\/monita.es\/wp-content\/uploads\/ToldosVela11-2-750x500.jpg\",\"datePublished\":\"2014-12-17T20:05:24+00:00\",\"dateModified\":\"2023-07-29T11:33:09+00:00\",\"description\":\"MO\u00d1ITA: We are experts in the manufacture of Shade Sails. Have more comfortable and fresh spaces, acquiring our products.\",\"breadcrumb\":{\"@id\":\"https:\/\/monita.es\/en\/arquitectura-textil\/toldos-vela\/#breadcrumb\"},\"inLanguage\":\"en-US\",\"potentialAction\":[{\"@type\":\"ReadAction\",\"target\":[\"https:\/\/monita.es\/en\/arquitectura-textil\/toldos-vela\/\"]}]},{\"@type\":\"ImageObject\",\"inLanguage\":\"en-US\",\"@id\":\"https:\/\/monita.es\/en\/arquitectura-textil\/toldos-vela\/#primaryimage\",\"url\":\"https:\/\/monita.es\/wp-content\/uploads\/ToldosVela11-2-750x500.jpg\",\"contentUrl\":\"https:\/\/monita.es\/wp-content\/uploads\/ToldosVela11-2-750x500.jpg\"},{\"@type\":\"BreadcrumbList\",\"@id\":\"https:\/\/monita.es\/en\/arquitectura-textil\/toldos-vela\/#breadcrumb\",\"itemListElement\":[{\"@type\":\"ListItem\",\"position\":1,\"name\":\"Mo\u00f1ita\",\"item\":\"https:\/\/monita.es\/en\/home-empresa\/\"},{\"@type\":\"ListItem\",\"position\":2,\"name\":\"Experts in textile architecture\",\"item\":\"https:\/\/monita.es\/en\/arquitectura-textil\/\"},{\"@type\":\"ListItem\",\"position\":3,\"name\":\"Shade sails\"}]},{\"@type\":\"WebSite\",\"@id\":\"https:\/\/monita.es\/en\/#website\",\"url\":\"https:\/\/monita.es\/en\/\",\"name\":\"Venta de carpas en Madrid - MO\u00d1ITA\",\"description\":\"MO\u00d1ITA es carpas, confecci\u00f3n de lonas para usos industriales, fachada textil, arquitectura textil y toldos. Dise\u00f1amos, proyectamos y creamos tu proyecto.\",\"publisher\":{\"@id\":\"https:\/\/monita.es\/en\/#organization\"},\"potentialAction\":[{\"@type\":\"SearchAction\",\"target\":{\"@type\":\"EntryPoint\",\"urlTemplate\":\"https:\/\/monita.es\/en\/?s={search_term_string}\"},\"query-input\":{\"@type\":\"PropertyValueSpecification\",\"valueRequired\":true,\"valueName\":\"search_term_string\"}}],\"inLanguage\":\"en-US\"},{\"@type\":\"Organization\",\"@id\":\"https:\/\/monita.es\/en\/#organization\",\"name\":\"Mo\u00f1ita\",\"url\":\"https:\/\/monita.es\/en\/\",\"logo\":{\"@type\":\"ImageObject\",\"inLanguage\":\"en-US\",\"@id\":\"https:\/\/monita.es\/en\/#\/schema\/logo\/image\/\",\"url\":\"https:\/\/monita.es\/wp-content\/uploads\/cropped-cropped-logo-monita-1-neg.png\",\"contentUrl\":\"https:\/\/monita.es\/wp-content\/uploads\/cropped-cropped-logo-monita-1-neg.png\",\"width\":785,\"height\":666,\"caption\":\"Mo\u00f1ita\"},\"image\":{\"@id\":\"https:\/\/monita.es\/en\/#\/schema\/logo\/image\/\"}}]}<\/script>\n<!-- \/ Yoast SEO plugin. -->","yoast_head_json":{"title":"Shade sails - Arquitectura textil - MO\u00d1ITA","description":"MO\u00d1ITA: We are experts in the manufacture of Shade Sails. Have more comfortable and fresh spaces, acquiring our products.","robots":{"index":"noindex","follow":"follow"},"og_locale":"en_US","og_type":"article","og_title":"Shade sails - Arquitectura textil - MO\u00d1ITA","og_description":"MO\u00d1ITA: We are experts in the manufacture of Shade Sails. Have more comfortable and fresh spaces, acquiring our products.","og_url":"https:\/\/monita.es\/en\/arquitectura-textil\/toldos-vela\/","og_site_name":"Venta de carpas en Madrid - MO\u00d1ITA","article_modified_time":"2023-07-29T11:33:09+00:00","og_image":[{"url":"https:\/\/monita.es\/wp-content\/uploads\/ToldosVela11-2-750x500.jpg","type":"","width":"","height":""}],"twitter_misc":{"Est. reading time":"2 minutes"},"schema":{"@context":"https:\/\/schema.org","@graph":[{"@type":"WebPage","@id":"https:\/\/monita.es\/en\/arquitectura-textil\/toldos-vela\/","url":"https:\/\/monita.es\/en\/arquitectura-textil\/toldos-vela\/","name":"Shade sails - Arquitectura textil - MO\u00d1ITA","isPartOf":{"@id":"https:\/\/monita.es\/en\/#website"},"primaryImageOfPage":{"@id":"https:\/\/monita.es\/en\/arquitectura-textil\/toldos-vela\/#primaryimage"},"image":{"@id":"https:\/\/monita.es\/en\/arquitectura-textil\/toldos-vela\/#primaryimage"},"thumbnailUrl":"https:\/\/monita.es\/wp-content\/uploads\/ToldosVela11-2-750x500.jpg","datePublished":"2014-12-17T20:05:24+00:00","dateModified":"2023-07-29T11:33:09+00:00","description":"MO\u00d1ITA: We are experts in the manufacture of Shade Sails. Have more comfortable and fresh spaces, acquiring our products.","breadcrumb":{"@id":"https:\/\/monita.es\/en\/arquitectura-textil\/toldos-vela\/#breadcrumb"},"inLanguage":"en-US","potentialAction":[{"@type":"ReadAction","target":["https:\/\/monita.es\/en\/arquitectura-textil\/toldos-vela\/"]}]},{"@type":"ImageObject","inLanguage":"en-US","@id":"https:\/\/monita.es\/en\/arquitectura-textil\/toldos-vela\/#primaryimage","url":"https:\/\/monita.es\/wp-content\/uploads\/ToldosVela11-2-750x500.jpg","contentUrl":"https:\/\/monita.es\/wp-content\/uploads\/ToldosVela11-2-750x500.jpg"},{"@type":"BreadcrumbList","@id":"https:\/\/monita.es\/en\/arquitectura-textil\/toldos-vela\/#breadcrumb","itemListElement":[{"@type":"ListItem","position":1,"name":"Mo\u00f1ita","item":"https:\/\/monita.es\/en\/home-empresa\/"},{"@type":"ListItem","position":2,"name":"Experts in textile architecture","item":"https:\/\/monita.es\/en\/arquitectura-textil\/"},{"@type":"ListItem","position":3,"name":"Shade sails"}]},{"@type":"WebSite","@id":"https:\/\/monita.es\/en\/#website","url":"https:\/\/monita.es\/en\/","name":"Venta de carpas en Madrid - MO\u00d1ITA","description":"MO\u00d1ITA es carpas, confecci\u00f3n de lonas para usos industriales, fachada textil, arquitectura textil y toldos. Dise\u00f1amos, proyectamos y creamos tu proyecto.","publisher":{"@id":"https:\/\/monita.es\/en\/#organization"},"potentialAction":[{"@type":"SearchAction","target":{"@type":"EntryPoint","urlTemplate":"https:\/\/monita.es\/en\/?s={search_term_string}"},"query-input":{"@type":"PropertyValueSpecification","valueRequired":true,"valueName":"search_term_string"}}],"inLanguage":"en-US"},{"@type":"Organization","@id":"https:\/\/monita.es\/en\/#organization","name":"Mo\u00f1ita","url":"https:\/\/monita.es\/en\/","logo":{"@type":"ImageObject","inLanguage":"en-US","@id":"https:\/\/monita.es\/en\/#\/schema\/logo\/image\/","url":"https:\/\/monita.es\/wp-content\/uploads\/cropped-cropped-logo-monita-1-neg.png","contentUrl":"https:\/\/monita.es\/wp-content\/uploads\/cropped-cropped-logo-monita-1-neg.png","width":785,"height":666,"caption":"Mo\u00f1ita"},"image":{"@id":"https:\/\/monita.es\/en\/#\/schema\/logo\/image\/"}}]}},"_links":{"self":[{"href":"https:\/\/monita.es\/en\/wp-json\/wp\/v2\/pages\/2688","targetHints":{"allow":["GET"]}}],"collection":[{"href":"https:\/\/monita.es\/en\/wp-json\/wp\/v2\/pages"}],"about":[{"href":"https:\/\/monita.es\/en\/wp-json\/wp\/v2\/types\/page"}],"author":[{"embeddable":true,"href":"https:\/\/monita.es\/en\/wp-json\/wp\/v2\/users\/2"}],"replies":[{"embeddable":true,"href":"https:\/\/monita.es\/en\/wp-json\/wp\/v2\/comments?post=2688"}],"version-history":[{"count":7,"href":"https:\/\/monita.es\/en\/wp-json\/wp\/v2\/pages\/2688\/revisions"}],"predecessor-version":[{"id":20784,"href":"https:\/\/monita.es\/en\/wp-json\/wp\/v2\/pages\/2688\/revisions\/20784"}],"up":[{"embeddable":true,"href":"https:\/\/monita.es\/en\/wp-json\/wp\/v2\/pages\/2684"}],"wp:attachment":[{"href":"https:\/\/monita.es\/en\/wp-json\/wp\/v2\/media?parent=2688"}],"curies":[{"name":"wp","href":"https:\/\/api.w.org\/{rel}","templated":true}]}}