{"id":2654,"date":"2014-12-17T20:04:52","date_gmt":"2014-12-17T19:04:52","guid":{"rendered":"https:\/\/monita.es\/carpas\/venta-de-carpas\/"},"modified":"2023-07-21T12:31:49","modified_gmt":"2023-07-21T12:31:49","slug":"venta-de-carpas","status":"publish","type":"page","link":"https:\/\/monita.es\/en\/carpas\/venta-de-carpas\/","title":{"rendered":"Sale of Marquees"},"content":{"rendered":"\t\t<div data-elementor-type=\"wp-page\" data-elementor-id=\"2654\" class=\"elementor elementor-2654 elementor-21\" data-elementor-post-type=\"page\">\n\t\t\t\t\t\t<section class=\"elementor-section elementor-top-section elementor-element elementor-element-1c31004b elementor-section-full_width elementor-section-height-min-height elementor-section-items-stretch elementor-section-height-default\" data-id=\"1c31004b\" data-element_type=\"section\" data-settings=\"{&quot;background_background&quot;:&quot;classic&quot;,&quot;background_motion_fx_motion_fx_scrolling&quot;:&quot;yes&quot;,&quot;background_motion_fx_devices&quot;:[&quot;desktop&quot;,&quot;tablet&quot;,&quot;mobile&quot;]}\">\n\t\t\t\t\t\t\t<div class=\"elementor-background-overlay\"><\/div>\n\t\t\t\t\t\t\t<div class=\"elementor-container elementor-column-gap-no\">\n\t\t\t\t\t<div class=\"elementor-column elementor-col-100 elementor-top-column elementor-element elementor-element-3b042a8c\" data-id=\"3b042a8c\" data-element_type=\"column\">\n\t\t\t<div class=\"elementor-widget-wrap elementor-element-populated\">\n\t\t\t\t\t\t<div class=\"elementor-element elementor-element-1380cc0c elementor-invisible elementor-widget elementor-widget-heading\" data-id=\"1380cc0c\" data-element_type=\"widget\" data-settings=\"{&quot;_animation&quot;:&quot;fadeInRight&quot;}\" data-widget_type=\"heading.default\">\n\t\t\t\t<div class=\"elementor-widget-container\">\n\t\t\t\t\t<h1 class=\"elementor-heading-title elementor-size-default\">Sale of<br> Marquees<\/br><\/h1>\t\t\t\t<\/div>\n\t\t\t\t<\/div>\n\t\t\t\t\t<\/div>\n\t\t<\/div>\n\t\t\t\t\t<\/div>\n\t\t<\/section>\n\t\t\t\t<section class=\"elementor-section elementor-top-section elementor-element elementor-element-5236c01f elementor-section-boxed elementor-section-height-default elementor-section-height-default\" data-id=\"5236c01f\" data-element_type=\"section\" data-settings=\"{&quot;background_background&quot;:&quot;classic&quot;}\">\n\t\t\t\t\t\t<div class=\"elementor-container elementor-column-gap-no\">\n\t\t\t\t\t<div class=\"elementor-column elementor-col-100 elementor-top-column elementor-element elementor-element-32ecb6c\" data-id=\"32ecb6c\" data-element_type=\"column\">\n\t\t\t<div class=\"elementor-widget-wrap elementor-element-populated\">\n\t\t\t\t\t\t<div class=\"elementor-element elementor-element-674fdce0 elementor-invisible elementor-widget elementor-widget-heading\" data-id=\"674fdce0\" data-element_type=\"widget\" data-settings=\"{&quot;_animation&quot;:&quot;fadeIn&quot;}\" data-widget_type=\"heading.default\">\n\t\t\t\t<div class=\"elementor-widget-container\">\n\t\t\t\t\t<h5 class=\"elementor-heading-title elementor-size-default\">We have the best experience in the sale of marquees<\/h5>\t\t\t\t<\/div>\n\t\t\t\t<\/div>\n\t\t\t\t<div class=\"elementor-element elementor-element-222d5607 animated-slow elementor-invisible elementor-widget elementor-widget-heading\" data-id=\"222d5607\" data-element_type=\"widget\" data-settings=\"{&quot;_animation&quot;:&quot;fadeIn&quot;}\" data-widget_type=\"heading.default\">\n\t\t\t\t<div class=\"elementor-widget-container\">\n\t\t\t\t\t<h2 class=\"elementor-heading-title elementor-size-default\">Sale of Marquees<\/h2>\t\t\t\t<\/div>\n\t\t\t\t<\/div>\n\t\t\t\t<div class=\"elementor-element elementor-element-1667bf3b elementor-hidden-mobile elementor-invisible elementor-widget elementor-widget-text-editor\" data-id=\"1667bf3b\" data-element_type=\"widget\" data-settings=\"{&quot;_animation&quot;:&quot;fadeIn&quot;,&quot;_animation_delay&quot;:200}\" data-widget_type=\"text-editor.default\">\n\t\t\t\t<div class=\"elementor-widget-container\">\n\t\t\t\t\t\t\t\t\t<p>At Mo\u00f1ita we are dedicated to the <strong>manufacture and sale of industrial marquees<\/strong>, as well as large marquees for events and celebrations or for other more permanent uses. We are manufacturers providing <strong>installation service throughout Spain.<\/strong><\/p>\n<p>Our marquees for sale and all our products are duly approved in <strong>compliance with all current regulations.<\/strong><\/p>\n\t\t\t\t\t\t\t\t<\/div>\n\t\t\t\t<\/div>\n\t\t\t\t<div class=\"elementor-element elementor-element-961ffd0 elementor-hidden-desktop elementor-hidden-tablet elementor-invisible elementor-widget elementor-widget-text-editor\" data-id=\"961ffd0\" data-element_type=\"widget\" data-settings=\"{&quot;_animation&quot;:&quot;fadeIn&quot;,&quot;_animation_delay&quot;:200}\" data-widget_type=\"text-editor.default\">\n\t\t\t\t<div class=\"elementor-widget-container\">\n\t\t\t\t\t\t\t\t\t<p>At Mo\u00f1ita we are dedicated to the <strong>manufacture and sale of industrial marquees<\/strong>, as well as large marquees for events and celebrations or for other more permanent uses. We are manufacturers providing <strong>installation service throughout Spain.<\/strong><\/p>\n<p>Our marquees for sale and all our products are duly approved in <strong>compliance with all current regulations.<\/strong><\/p>\n\t\t\t\t\t\t\t\t<\/div>\n\t\t\t\t<\/div>\n\t\t\t\t\t<\/div>\n\t\t<\/div>\n\t\t\t\t\t<\/div>\n\t\t<\/section>\n\t\t\t\t<section class=\"elementor-section elementor-inner-section elementor-element elementor-element-12850913 elementor-section-boxed elementor-section-height-default elementor-section-height-default elementor-invisible\" data-id=\"12850913\" data-element_type=\"section\" data-settings=\"{&quot;animation&quot;:&quot;fadeIn&quot;}\">\n\t\t\t\t\t\t<div class=\"elementor-container elementor-column-gap-narrow\">\n\t\t\t\t\t<div class=\"elementor-column elementor-col-25 elementor-inner-column elementor-element elementor-element-42e2aa53\" data-id=\"42e2aa53\" data-element_type=\"column\">\n\t\t\t<div class=\"elementor-widget-wrap elementor-element-populated\">\n\t\t\t\t\t\t<div class=\"elementor-element elementor-element-16870d19 elementor-skin-carousel elementor-widget elementor-widget-media-carousel\" data-id=\"16870d19\" data-element_type=\"widget\" data-settings=\"{&quot;space_between&quot;:{&quot;unit&quot;:&quot;px&quot;,&quot;size&quot;:29,&quot;sizes&quot;:[]},&quot;slides_per_view&quot;:&quot;1&quot;,&quot;skin&quot;:&quot;carousel&quot;,&quot;effect&quot;:&quot;slide&quot;,&quot;speed&quot;:500,&quot;space_between_tablet&quot;:{&quot;unit&quot;:&quot;px&quot;,&quot;size&quot;:10,&quot;sizes&quot;:[]},&quot;space_between_mobile&quot;:{&quot;unit&quot;:&quot;px&quot;,&quot;size&quot;:10,&quot;sizes&quot;:[]}}\" data-widget_type=\"media-carousel.default\">\n\t\t\t\t<div class=\"elementor-widget-container\">\n\t\t\t\t\t\t\t\t\t<div class=\"elementor-swiper\">\n\t\t\t\t\t<div class=\"elementor-main-swiper swiper\" role=\"region\" aria-roledescription=\"carousel\" aria-label=\"Slides\">\n\t\t\t\t<div class=\"swiper-wrapper\">\n\t\t\t\t\t\t\t\t\t\t\t<div class=\"swiper-slide\" role=\"group\" aria-roledescription=\"slide\">\n\t\t\t\t\t\t\t<a href=\"https:\/\/monita.es\/wp-content\/uploads\/8-1068070-29-carpas-agrosiero-17-09-2009-min-scaled.jpg\" data-elementor-open-lightbox=\"yes\" data-elementor-lightbox-slideshow=\"16870d19\" data-elementor-lightbox-title=\"8- 1068070-29 carpas agrosiero 17-09-2009-min\" data-elementor-lightbox-description=\"Ejemplo de venta de carpas de gran formato para eventos e instalaciones industriales, con estructuras modulares dise\u00f1adas para ofrecer resistencia, rapidez de montaje y fiabilidad.\" data-e-action-hash=\"#elementor-action%3Aaction%3Dlightbox%26settings%3DeyJpZCI6MTcyNjIsInVybCI6Imh0dHBzOlwvXC9tb25pdGEuZXNcL3dwLWNvbnRlbnRcL3VwbG9hZHNcLzgtMTA2ODA3MC0yOS1jYXJwYXMtYWdyb3NpZXJvLTE3LTA5LTIwMDktbWluLXNjYWxlZC5qcGciLCJzbGlkZXNob3ciOiIxNjg3MGQxOSJ9\">\t\t<div class=\"elementor-carousel-image\" role=\"img\" aria-label=\"Venta de carpas de gran formato para eventos e instalaciones industriales\" style=\"background-image: url(&#039;https:\/\/monita.es\/wp-content\/uploads\/8-1068070-29-carpas-agrosiero-17-09-2009-min-scaled.jpg&#039;)\">\n\n\t\t\t\n\t\t\t\t\t<\/div>\n\t\t\t\t\t<div class=\"elementor-carousel-image-overlay e-overlay-animation-fade\">\n\t\t\t\t<i class=\"fas fa-search-plus\"><\/i>\t\t\t<\/div>\n\t\t\t<\/a>\t\t\t\t\t\t<\/div>\n\t\t\t\t\t\t\t\t\t\t\t<div class=\"swiper-slide\" role=\"group\" aria-roledescription=\"slide\">\n\t\t\t\t\t\t\t<a href=\"https:\/\/monita.es\/wp-content\/uploads\/08_Escuelas-menores_MG_0945-min.jpg\" data-elementor-open-lightbox=\"yes\" data-elementor-lightbox-slideshow=\"16870d19\" data-elementor-lightbox-title=\"08_Escuelas-menores_MG_0945-min\" data-elementor-lightbox-description=\"Ejemplo de venta de carpas para eventos y espacios educativos, con estructuras modulares dise\u00f1adas para ofrecer comodidad, resistencia y r\u00e1pida instalaci\u00f3n.\" data-e-action-hash=\"#elementor-action%3Aaction%3Dlightbox%26settings%3DeyJpZCI6MTcyNzcsInVybCI6Imh0dHBzOlwvXC9tb25pdGEuZXNcL3dwLWNvbnRlbnRcL3VwbG9hZHNcLzA4X0VzY3VlbGFzLW1lbm9yZXNfTUdfMDk0NS1taW4uanBnIiwic2xpZGVzaG93IjoiMTY4NzBkMTkifQ%3D%3D\">\t\t<div class=\"elementor-carousel-image\" role=\"img\" aria-label=\"Venta de carpas para eventos y espacios educativos de uso profesional\" style=\"background-image: url(&#039;https:\/\/monita.es\/wp-content\/uploads\/08_Escuelas-menores_MG_0945-min.jpg&#039;)\">\n\n\t\t\t\n\t\t\t\t\t<\/div>\n\t\t\t\t\t<div class=\"elementor-carousel-image-overlay e-overlay-animation-fade\">\n\t\t\t\t<i class=\"fas fa-search-plus\"><\/i>\t\t\t<\/div>\n\t\t\t<\/a>\t\t\t\t\t\t<\/div>\n\t\t\t\t\t\t\t\t\t\t\t<div class=\"swiper-slide\" role=\"group\" aria-roledescription=\"slide\">\n\t\t\t\t\t\t\t<a href=\"https:\/\/monita.es\/wp-content\/uploads\/Carpa_La-Moraleja_MG_8792-min.jpg\" data-elementor-open-lightbox=\"yes\" data-elementor-lightbox-slideshow=\"16870d19\" data-elementor-lightbox-title=\"Carpa_La-Moraleja_MG_8792-min\" data-elementor-lightbox-description=\"Ejemplo de venta de carpas para eventos al aire libre, con estructuras modulares dise\u00f1adas para ofrecer resistencia, amplitud y una est\u00e9tica cuidada en celebraciones profesionales.\" data-e-action-hash=\"#elementor-action%3Aaction%3Dlightbox%26settings%3DeyJpZCI6MTcyODAsInVybCI6Imh0dHBzOlwvXC9tb25pdGEuZXNcL3dwLWNvbnRlbnRcL3VwbG9hZHNcL0NhcnBhX0xhLU1vcmFsZWphX01HXzg3OTItbWluLmpwZyIsInNsaWRlc2hvdyI6IjE2ODcwZDE5In0%3D\">\t\t<div class=\"elementor-carousel-image\" role=\"img\" aria-label=\"Venta de carpas para eventos al aire libre y celebraciones profesionales\" style=\"background-image: url(&#039;https:\/\/monita.es\/wp-content\/uploads\/Carpa_La-Moraleja_MG_8792-min.jpg&#039;)\">\n\n\t\t\t\n\t\t\t\t\t<\/div>\n\t\t\t\t\t<div class=\"elementor-carousel-image-overlay e-overlay-animation-fade\">\n\t\t\t\t<i class=\"fas fa-search-plus\"><\/i>\t\t\t<\/div>\n\t\t\t<\/a>\t\t\t\t\t\t<\/div>\n\t\t\t\t\t\t\t\t\t\t\t<div class=\"swiper-slide\" role=\"group\" aria-roledescription=\"slide\">\n\t\t\t\t\t\t\t<a href=\"https:\/\/monita.es\/wp-content\/uploads\/Carpa-AL-25-min-scaled.jpg\" data-elementor-open-lightbox=\"yes\" data-elementor-lightbox-slideshow=\"16870d19\" data-elementor-lightbox-title=\"Carpa AL-25-min\" data-elementor-lightbox-description=\"Ejemplo de venta de carpas de gran formato para eventos y uso profesional, con estructuras modulares dise\u00f1adas para ofrecer amplitud, resistencia y seguridad.\" data-e-action-hash=\"#elementor-action%3Aaction%3Dlightbox%26settings%3DeyJpZCI6MTcyODksInVybCI6Imh0dHBzOlwvXC9tb25pdGEuZXNcL3dwLWNvbnRlbnRcL3VwbG9hZHNcL0NhcnBhLUFMLTI1LW1pbi1zY2FsZWQuanBnIiwic2xpZGVzaG93IjoiMTY4NzBkMTkifQ%3D%3D\">\t\t<div class=\"elementor-carousel-image\" role=\"img\" aria-label=\"Venta de carpas de gran formato para eventos y uso profesional\" style=\"background-image: url(&#039;https:\/\/monita.es\/wp-content\/uploads\/Carpa-AL-25-min-scaled.jpg&#039;)\">\n\n\t\t\t\n\t\t\t\t\t<\/div>\n\t\t\t\t\t<div class=\"elementor-carousel-image-overlay e-overlay-animation-fade\">\n\t\t\t\t<i class=\"fas fa-search-plus\"><\/i>\t\t\t<\/div>\n\t\t\t<\/a>\t\t\t\t\t\t<\/div>\n\t\t\t\t\t\t\t\t\t\t\t<div class=\"swiper-slide\" role=\"group\" aria-roledescription=\"slide\">\n\t\t\t\t\t\t\t<a href=\"https:\/\/monita.es\/wp-content\/uploads\/9-2017_05-Monita-Club-de-Campo__0005-min-scaled.jpg\" data-elementor-open-lightbox=\"yes\" data-elementor-lightbox-slideshow=\"16870d19\" data-elementor-lightbox-title=\"9 - 2017_05 Mo\u00f1ita Club de Campo__0005-min\" data-elementor-lightbox-description=\"Ejemplo de venta de carpas para eventos corporativos y sociales en entornos naturales, con estructuras modulares dise\u00f1adas para ofrecer funcionalidad, resistencia y una integraci\u00f3n est\u00e9tica cuidada.\" data-e-action-hash=\"#elementor-action%3Aaction%3Dlightbox%26settings%3DeyJpZCI6MTcyODMsInVybCI6Imh0dHBzOlwvXC9tb25pdGEuZXNcL3dwLWNvbnRlbnRcL3VwbG9hZHNcLzktMjAxN18wNS1Nb25pdGEtQ2x1Yi1kZS1DYW1wb19fMDAwNS1taW4tc2NhbGVkLmpwZyIsInNsaWRlc2hvdyI6IjE2ODcwZDE5In0%3D\">\t\t<div class=\"elementor-carousel-image\" role=\"img\" aria-label=\"Venta de carpas para eventos corporativos y espacios sociales al aire libre\" style=\"background-image: url(&#039;https:\/\/monita.es\/wp-content\/uploads\/9-2017_05-Monita-Club-de-Campo__0005-min-scaled.jpg&#039;)\">\n\n\t\t\t\n\t\t\t\t\t<\/div>\n\t\t\t\t\t<div class=\"elementor-carousel-image-overlay e-overlay-animation-fade\">\n\t\t\t\t<i class=\"fas fa-search-plus\"><\/i>\t\t\t<\/div>\n\t\t\t<\/a>\t\t\t\t\t\t<\/div>\n\t\t\t\t\t\t\t\t\t\t\t<div class=\"swiper-slide\" role=\"group\" aria-roledescription=\"slide\">\n\t\t\t\t\t\t\t<a href=\"https:\/\/monita.es\/wp-content\/uploads\/4-IMG-20150720-WA025-min.jpg\" data-elementor-open-lightbox=\"yes\" data-elementor-lightbox-slideshow=\"16870d19\" data-elementor-lightbox-title=\"4 - IMG-20150720-WA025-min\" data-elementor-lightbox-description=\"Ejemplo de venta de carpas para eventos con montaje interior profesional, dise\u00f1adas para ofrecer comodidad, funcionalidad y una experiencia cuidada para los asistentes.\" data-e-action-hash=\"#elementor-action%3Aaction%3Dlightbox%26settings%3DeyJpZCI6MTcyOTUsInVybCI6Imh0dHBzOlwvXC9tb25pdGEuZXNcL3dwLWNvbnRlbnRcL3VwbG9hZHNcLzQtSU1HLTIwMTUwNzIwLVdBMDI1LW1pbi5qcGciLCJzbGlkZXNob3ciOiIxNjg3MGQxOSJ9\">\t\t<div class=\"elementor-carousel-image\" role=\"img\" aria-label=\"Venta de carpas para eventos con montaje interior profesional\" style=\"background-image: url(&#039;https:\/\/monita.es\/wp-content\/uploads\/4-IMG-20150720-WA025-min.jpg&#039;)\">\n\n\t\t\t\n\t\t\t\t\t<\/div>\n\t\t\t\t\t<div class=\"elementor-carousel-image-overlay e-overlay-animation-fade\">\n\t\t\t\t<i class=\"fas fa-search-plus\"><\/i>\t\t\t<\/div>\n\t\t\t<\/a>\t\t\t\t\t\t<\/div>\n\t\t\t\t\t\t\t\t\t\t\t<div class=\"swiper-slide\" role=\"group\" aria-roledescription=\"slide\">\n\t\t\t\t\t\t\t<a href=\"https:\/\/monita.es\/wp-content\/uploads\/IMP_MG_9838-1-scaled.jpg\" data-elementor-open-lightbox=\"yes\" data-elementor-lightbox-slideshow=\"16870d19\" data-elementor-lightbox-title=\"IMP_MG_9838 (1)\" data-elementor-lightbox-description=\"Ejemplo de venta de carpas para eventos deportivos y actividades al aire libre, con estructuras modulares dise\u00f1adas para ofrecer resistencia, amplitud y visibilidad en entornos din\u00e1micos.\" data-e-action-hash=\"#elementor-action%3Aaction%3Dlightbox%26settings%3DeyJpZCI6MTczODIsInVybCI6Imh0dHBzOlwvXC9tb25pdGEuZXNcL3dwLWNvbnRlbnRcL3VwbG9hZHNcL0lNUF9NR185ODM4LTEtc2NhbGVkLmpwZyIsInNsaWRlc2hvdyI6IjE2ODcwZDE5In0%3D\">\t\t<div class=\"elementor-carousel-image\" role=\"img\" aria-label=\"Venta de carpas para eventos deportivos y actividades al aire libre\" style=\"background-image: url(&#039;https:\/\/monita.es\/wp-content\/uploads\/IMP_MG_9838-1-scaled.jpg&#039;)\">\n\n\t\t\t\n\t\t\t\t\t<\/div>\n\t\t\t\t\t<div class=\"elementor-carousel-image-overlay e-overlay-animation-fade\">\n\t\t\t\t<i class=\"fas fa-search-plus\"><\/i>\t\t\t<\/div>\n\t\t\t<\/a>\t\t\t\t\t\t<\/div>\n\t\t\t\t\t\t\t\t\t\t\t<div class=\"swiper-slide\" role=\"group\" aria-roledescription=\"slide\">\n\t\t\t\t\t\t\t<a href=\"https:\/\/monita.es\/wp-content\/uploads\/Carpa-AL-25-2-ALTA-1.jpg\" data-elementor-open-lightbox=\"yes\" data-elementor-lightbox-slideshow=\"16870d19\" data-elementor-lightbox-title=\"Carpa AL-25 2 ALTA (1)\" data-elementor-lightbox-description=\"Ejemplo de venta de carpas de gran altura para eventos y uso profesional, con estructuras modulares que ofrecen amplitud interior, funcionalidad y un acabado cuidado.\" data-e-action-hash=\"#elementor-action%3Aaction%3Dlightbox%26settings%3DeyJpZCI6MTczNzksInVybCI6Imh0dHBzOlwvXC9tb25pdGEuZXNcL3dwLWNvbnRlbnRcL3VwbG9hZHNcL0NhcnBhLUFMLTI1LTItQUxUQS0xLmpwZyIsInNsaWRlc2hvdyI6IjE2ODcwZDE5In0%3D\">\t\t<div class=\"elementor-carousel-image\" role=\"img\" aria-label=\"Venta de carpas de gran altura para eventos y uso profesional\" style=\"background-image: url(&#039;https:\/\/monita.es\/wp-content\/uploads\/Carpa-AL-25-2-ALTA-1.jpg&#039;)\">\n\n\t\t\t\n\t\t\t\t\t<\/div>\n\t\t\t\t\t<div class=\"elementor-carousel-image-overlay e-overlay-animation-fade\">\n\t\t\t\t<i class=\"fas fa-search-plus\"><\/i>\t\t\t<\/div>\n\t\t\t<\/a>\t\t\t\t\t\t<\/div>\n\t\t\t\t\t\t\t\t\t<\/div>\n\t\t\t\t\t\t\t\t\t\t\t\t\t\t\t\t\t\t\t\t\t<\/div>\n\t\t\t\t<\/div>\n\t\t\t\t\t\t\t\t<\/div>\n\t\t\t\t<\/div>\n\t\t\t\t<div class=\"elementor-element elementor-element-39561d54 elementor-widget elementor-widget-heading\" data-id=\"39561d54\" data-element_type=\"widget\" data-widget_type=\"heading.default\">\n\t\t\t\t<div class=\"elementor-widget-container\">\n\t\t\t\t\t<h2 class=\"elementor-heading-title elementor-size-default\">Marquees for Events<\/h2>\t\t\t\t<\/div>\n\t\t\t\t<\/div>\n\t\t\t\t\t<\/div>\n\t\t<\/div>\n\t\t\t\t<div class=\"elementor-column elementor-col-25 elementor-inner-column elementor-element elementor-element-4d4f50b3\" data-id=\"4d4f50b3\" data-element_type=\"column\">\n\t\t\t<div class=\"elementor-widget-wrap elementor-element-populated\">\n\t\t\t\t\t\t<div class=\"elementor-element elementor-element-67813104 elementor-skin-carousel elementor-widget elementor-widget-media-carousel\" data-id=\"67813104\" data-element_type=\"widget\" data-settings=\"{&quot;space_between&quot;:{&quot;unit&quot;:&quot;px&quot;,&quot;size&quot;:29,&quot;sizes&quot;:[]},&quot;slides_per_view&quot;:&quot;1&quot;,&quot;skin&quot;:&quot;carousel&quot;,&quot;effect&quot;:&quot;slide&quot;,&quot;speed&quot;:500,&quot;space_between_tablet&quot;:{&quot;unit&quot;:&quot;px&quot;,&quot;size&quot;:10,&quot;sizes&quot;:[]},&quot;space_between_mobile&quot;:{&quot;unit&quot;:&quot;px&quot;,&quot;size&quot;:10,&quot;sizes&quot;:[]}}\" data-widget_type=\"media-carousel.default\">\n\t\t\t\t<div class=\"elementor-widget-container\">\n\t\t\t\t\t\t\t\t\t<div class=\"elementor-swiper\">\n\t\t\t\t\t<div class=\"elementor-main-swiper swiper\" role=\"region\" aria-roledescription=\"carousel\" aria-label=\"Slides\">\n\t\t\t\t<div class=\"swiper-wrapper\">\n\t\t\t\t\t\t\t\t\t\t\t<div class=\"swiper-slide\" role=\"group\" aria-roledescription=\"slide\">\n\t\t\t\t\t\t\t<a href=\"https:\/\/monita.es\/wp-content\/uploads\/JaimasCarpas.jpg\" data-elementor-open-lightbox=\"yes\" data-elementor-lightbox-slideshow=\"67813104\" data-elementor-lightbox-title=\"JaimasCarpas\" data-elementor-lightbox-description=\"Alquiler y venta de jaimas y carpas para eventos en toda Espa\u00f1a. Estructuras modulares certificadas con montaje profesional y asesoramiento t\u00e9cnico.\" data-e-action-hash=\"#elementor-action%3Aaction%3Dlightbox%26settings%3DeyJpZCI6MTczMDEsInVybCI6Imh0dHBzOlwvXC9tb25pdGEuZXNcL3dwLWNvbnRlbnRcL3VwbG9hZHNcL0phaW1hc0NhcnBhcy5qcGciLCJzbGlkZXNob3ciOiI2NzgxMzEwNCJ9\">\t\t<div class=\"elementor-carousel-image\" role=\"img\" aria-label=\"Jaimas y carpas para eventos al aire libre instaladas por Mo\u00f1ita\" style=\"background-image: url(&#039;https:\/\/monita.es\/wp-content\/uploads\/JaimasCarpas.jpg&#039;)\">\n\n\t\t\t\n\t\t\t\t\t<\/div>\n\t\t\t\t\t<div class=\"elementor-carousel-image-overlay e-overlay-animation-fade\">\n\t\t\t\t<i class=\"fas fa-search-plus\"><\/i>\t\t\t<\/div>\n\t\t\t<\/a>\t\t\t\t\t\t<\/div>\n\t\t\t\t\t\t\t\t\t\t\t<div class=\"swiper-slide\" role=\"group\" aria-roledescription=\"slide\">\n\t\t\t\t\t\t\t<a href=\"https:\/\/monita.es\/wp-content\/uploads\/IMG-20210226-WA0012_cleanup.png\" data-elementor-open-lightbox=\"yes\" data-elementor-lightbox-slideshow=\"67813104\" data-elementor-lightbox-title=\"IMG-20210226-WA0012_cleanup\" data-e-action-hash=\"#elementor-action%3Aaction%3Dlightbox%26settings%3DeyJpZCI6MTk4ODIsInVybCI6Imh0dHBzOlwvXC9tb25pdGEuZXNcL3dwLWNvbnRlbnRcL3VwbG9hZHNcL0lNRy0yMDIxMDIyNi1XQTAwMTJfY2xlYW51cC5wbmciLCJzbGlkZXNob3ciOiI2NzgxMzEwNCJ9\">\t\t<div class=\"elementor-carousel-image\" role=\"img\" aria-label=\"IMG-20210226-WA0012_cleanup\" style=\"background-image: url(&#039;https:\/\/monita.es\/wp-content\/uploads\/IMG-20210226-WA0012_cleanup.png&#039;)\">\n\n\t\t\t\n\t\t\t\t\t<\/div>\n\t\t\t\t\t<div class=\"elementor-carousel-image-overlay e-overlay-animation-fade\">\n\t\t\t\t<i class=\"fas fa-search-plus\"><\/i>\t\t\t<\/div>\n\t\t\t<\/a>\t\t\t\t\t\t<\/div>\n\t\t\t\t\t\t\t\t\t\t\t<div class=\"swiper-slide\" role=\"group\" aria-roledescription=\"slide\">\n\t\t\t\t\t\t\t<a href=\"https:\/\/monita.es\/wp-content\/uploads\/JaimasCarpas2-scaled.jpg\" data-elementor-open-lightbox=\"yes\" data-elementor-lightbox-slideshow=\"67813104\" data-elementor-lightbox-title=\"JaimasCarpas2\" data-e-action-hash=\"#elementor-action%3Aaction%3Dlightbox%26settings%3DeyJpZCI6MTczMDUsInVybCI6Imh0dHBzOlwvXC9tb25pdGEuZXNcL3dwLWNvbnRlbnRcL3VwbG9hZHNcL0phaW1hc0NhcnBhczItc2NhbGVkLmpwZyIsInNsaWRlc2hvdyI6IjY3ODEzMTA0In0%3D\">\t\t<div class=\"elementor-carousel-image\" role=\"img\" aria-label=\"JaimasCarpas2\" style=\"background-image: url(&#039;https:\/\/monita.es\/wp-content\/uploads\/JaimasCarpas2-scaled.jpg&#039;)\">\n\n\t\t\t\n\t\t\t\t\t<\/div>\n\t\t\t\t\t<div class=\"elementor-carousel-image-overlay e-overlay-animation-fade\">\n\t\t\t\t<i class=\"fas fa-search-plus\"><\/i>\t\t\t<\/div>\n\t\t\t<\/a>\t\t\t\t\t\t<\/div>\n\t\t\t\t\t\t\t\t\t\t\t<div class=\"swiper-slide\" role=\"group\" aria-roledescription=\"slide\">\n\t\t\t\t\t\t\t<a href=\"https:\/\/monita.es\/wp-content\/uploads\/CarpasJaimas3-scaled.jpg\" data-elementor-open-lightbox=\"yes\" data-elementor-lightbox-slideshow=\"67813104\" data-elementor-lightbox-title=\"CarpasJaimas3\" data-e-action-hash=\"#elementor-action%3Aaction%3Dlightbox%26settings%3DeyJpZCI6MTczMDgsInVybCI6Imh0dHBzOlwvXC9tb25pdGEuZXNcL3dwLWNvbnRlbnRcL3VwbG9hZHNcL0NhcnBhc0phaW1hczMtc2NhbGVkLmpwZyIsInNsaWRlc2hvdyI6IjY3ODEzMTA0In0%3D\">\t\t<div class=\"elementor-carousel-image\" role=\"img\" aria-label=\"CarpasJaimas3\" style=\"background-image: url(&#039;https:\/\/monita.es\/wp-content\/uploads\/CarpasJaimas3-scaled.jpg&#039;)\">\n\n\t\t\t\n\t\t\t\t\t<\/div>\n\t\t\t\t\t<div class=\"elementor-carousel-image-overlay e-overlay-animation-fade\">\n\t\t\t\t<i class=\"fas fa-search-plus\"><\/i>\t\t\t<\/div>\n\t\t\t<\/a>\t\t\t\t\t\t<\/div>\n\t\t\t\t\t\t\t\t\t\t\t<div class=\"swiper-slide\" role=\"group\" aria-roledescription=\"slide\">\n\t\t\t\t\t\t\t<a href=\"https:\/\/monita.es\/wp-content\/uploads\/CarpasJaimas4.jpg\" data-elementor-open-lightbox=\"yes\" data-elementor-lightbox-slideshow=\"67813104\" data-elementor-lightbox-title=\"CarpasJaimas4\" data-elementor-lightbox-description=\"Imagen de carpas jaima a medida instaladas como soluci\u00f3n para eventos, celebraciones y espacios profesionales al aire libre.\" data-e-action-hash=\"#elementor-action%3Aaction%3Dlightbox%26settings%3DeyJpZCI6MTczMTQsInVybCI6Imh0dHBzOlwvXC9tb25pdGEuZXNcL3dwLWNvbnRlbnRcL3VwbG9hZHNcL0NhcnBhc0phaW1hczQuanBnIiwic2xpZGVzaG93IjoiNjc4MTMxMDQifQ%3D%3D\">\t\t<div class=\"elementor-carousel-image\" role=\"img\" aria-label=\"Carpas jaima a medida instaladas para eventos y celebraciones profesionales\" style=\"background-image: url(&#039;https:\/\/monita.es\/wp-content\/uploads\/CarpasJaimas4.jpg&#039;)\">\n\n\t\t\t\n\t\t\t\t\t<\/div>\n\t\t\t\t\t<div class=\"elementor-carousel-image-overlay e-overlay-animation-fade\">\n\t\t\t\t<i class=\"fas fa-search-plus\"><\/i>\t\t\t<\/div>\n\t\t\t<\/a>\t\t\t\t\t\t<\/div>\n\t\t\t\t\t\t\t\t\t\t\t<div class=\"swiper-slide\" role=\"group\" aria-roledescription=\"slide\">\n\t\t\t\t\t\t\t<a href=\"https:\/\/monita.es\/wp-content\/uploads\/CarpasJaimas5-scaled.jpg\" data-elementor-open-lightbox=\"yes\" data-elementor-lightbox-slideshow=\"67813104\" data-elementor-lightbox-title=\"CarpasJaimas5\" data-elementor-lightbox-description=\"Alquiler y venta de carpas jaimas 5x5 para ferias y eventos promocionales. Estructuras modulares certificadas con montaje profesional en toda Espa\u00f1a.\" data-e-action-hash=\"#elementor-action%3Aaction%3Dlightbox%26settings%3DeyJpZCI6MTczMjMsInVybCI6Imh0dHBzOlwvXC9tb25pdGEuZXNcL3dwLWNvbnRlbnRcL3VwbG9hZHNcL0NhcnBhc0phaW1hczUtc2NhbGVkLmpwZyIsInNsaWRlc2hvdyI6IjY3ODEzMTA0In0%3D\">\t\t<div class=\"elementor-carousel-image\" role=\"img\" aria-label=\"Carpas jaimas 5x5 para eventos promocionales y ferias instaladas por Mo\u00f1ita\" style=\"background-image: url(&#039;https:\/\/monita.es\/wp-content\/uploads\/CarpasJaimas5-scaled.jpg&#039;)\">\n\n\t\t\t\n\t\t\t\t\t<\/div>\n\t\t\t\t\t<div class=\"elementor-carousel-image-overlay e-overlay-animation-fade\">\n\t\t\t\t<i class=\"fas fa-search-plus\"><\/i>\t\t\t<\/div>\n\t\t\t<\/a>\t\t\t\t\t\t<\/div>\n\t\t\t\t\t\t\t\t\t\t\t<div class=\"swiper-slide\" role=\"group\" aria-roledescription=\"slide\">\n\t\t\t\t\t\t\t<a href=\"https:\/\/monita.es\/wp-content\/uploads\/CarpasJaimas6-scaled.jpg\" data-elementor-open-lightbox=\"yes\" data-elementor-lightbox-slideshow=\"67813104\" data-elementor-lightbox-title=\"CarpasJaimas6\" data-elementor-lightbox-description=\"Alquiler y venta de carpas jaimas para eventos corporativos, ferias y actos p\u00fablicos. Montaje profesional con estructuras certificadas en toda Espa\u00f1a.\" data-e-action-hash=\"#elementor-action%3Aaction%3Dlightbox%26settings%3DeyJpZCI6MTczMjksInVybCI6Imh0dHBzOlwvXC9tb25pdGEuZXNcL3dwLWNvbnRlbnRcL3VwbG9hZHNcL0NhcnBhc0phaW1hczYtc2NhbGVkLmpwZyIsInNsaWRlc2hvdyI6IjY3ODEzMTA0In0%3D\">\t\t<div class=\"elementor-carousel-image\" role=\"img\" aria-label=\"Carpas jaimas para eventos corporativos instaladas en serie por Mo\u00f1ita\" style=\"background-image: url(&#039;https:\/\/monita.es\/wp-content\/uploads\/CarpasJaimas6-scaled.jpg&#039;)\">\n\n\t\t\t\n\t\t\t\t\t<\/div>\n\t\t\t\t\t<div class=\"elementor-carousel-image-overlay e-overlay-animation-fade\">\n\t\t\t\t<i class=\"fas fa-search-plus\"><\/i>\t\t\t<\/div>\n\t\t\t<\/a>\t\t\t\t\t\t<\/div>\n\t\t\t\t\t\t\t\t\t\t\t<div class=\"swiper-slide\" role=\"group\" aria-roledescription=\"slide\">\n\t\t\t\t\t\t\t<a href=\"https:\/\/monita.es\/wp-content\/uploads\/CarpasJaimas7-scaled.jpg\" data-elementor-open-lightbox=\"yes\" data-elementor-lightbox-slideshow=\"67813104\" data-elementor-lightbox-title=\"CarpasJaimas7\" data-elementor-lightbox-description=\"Alquiler y venta de carpas jaimas para eventos urbanos y celebraciones de gran formato. Estructuras certificadas con montaje profesional en toda Espa\u00f1a.\" data-e-action-hash=\"#elementor-action%3Aaction%3Dlightbox%26settings%3DeyJpZCI6MTczMzYsInVybCI6Imh0dHBzOlwvXC9tb25pdGEuZXNcL3dwLWNvbnRlbnRcL3VwbG9hZHNcL0NhcnBhc0phaW1hczctc2NhbGVkLmpwZyIsInNsaWRlc2hvdyI6IjY3ODEzMTA0In0%3D\">\t\t<div class=\"elementor-carousel-image\" role=\"img\" aria-label=\"Carpas jaimas para eventos urbanos instaladas por Mo\u00f1ita en formato modular\" style=\"background-image: url(&#039;https:\/\/monita.es\/wp-content\/uploads\/CarpasJaimas7-scaled.jpg&#039;)\">\n\n\t\t\t\n\t\t\t\t\t<\/div>\n\t\t\t\t\t<div class=\"elementor-carousel-image-overlay e-overlay-animation-fade\">\n\t\t\t\t<i class=\"fas fa-search-plus\"><\/i>\t\t\t<\/div>\n\t\t\t<\/a>\t\t\t\t\t\t<\/div>\n\t\t\t\t\t\t\t\t\t\t\t<div class=\"swiper-slide\" role=\"group\" aria-roledescription=\"slide\">\n\t\t\t\t\t\t\t<a href=\"https:\/\/monita.es\/wp-content\/uploads\/CarpasJaimas8-scaled.jpg\" data-elementor-open-lightbox=\"yes\" data-elementor-lightbox-slideshow=\"67813104\" data-elementor-lightbox-title=\"CarpasJaimas8\" data-elementor-lightbox-description=\"Imagen de carpas personalizadas tipo jaima dise\u00f1adas por Mo\u00f1ita para eventos al aire libre. Estructuras modulares blancas fabricadas a medida para grandes montajes y celebraciones multitudinarias.\n\" data-e-action-hash=\"#elementor-action%3Aaction%3Dlightbox%26settings%3DeyJpZCI6MTczNDIsInVybCI6Imh0dHBzOlwvXC9tb25pdGEuZXNcL3dwLWNvbnRlbnRcL3VwbG9hZHNcL0NhcnBhc0phaW1hczgtc2NhbGVkLmpwZyIsInNsaWRlc2hvdyI6IjY3ODEzMTA0In0%3D\">\t\t<div class=\"elementor-carousel-image\" role=\"img\" aria-label=\"Carpas personalizadas tipo jaima instaladas para evento al aire libre con estructuras modulares blancas\" style=\"background-image: url(&#039;https:\/\/monita.es\/wp-content\/uploads\/CarpasJaimas8-scaled.jpg&#039;)\">\n\n\t\t\t\n\t\t\t\t\t<\/div>\n\t\t\t\t\t<div class=\"elementor-carousel-image-overlay e-overlay-animation-fade\">\n\t\t\t\t<i class=\"fas fa-search-plus\"><\/i>\t\t\t<\/div>\n\t\t\t<\/a>\t\t\t\t\t\t<\/div>\n\t\t\t\t\t\t\t\t\t\t\t<div class=\"swiper-slide\" role=\"group\" aria-roledescription=\"slide\">\n\t\t\t\t\t\t\t<a href=\"https:\/\/monita.es\/wp-content\/uploads\/00087-EVENTO-CORPORATIVO1.jpg\" data-elementor-open-lightbox=\"yes\" data-elementor-lightbox-slideshow=\"67813104\" data-elementor-lightbox-title=\"00087# EVENTO CORPORATIVO(1)\" data-e-action-hash=\"#elementor-action%3Aaction%3Dlightbox%26settings%3DeyJpZCI6MTk4ODUsInVybCI6Imh0dHBzOlwvXC9tb25pdGEuZXNcL3dwLWNvbnRlbnRcL3VwbG9hZHNcLzAwMDg3LUVWRU5UTy1DT1JQT1JBVElWTzEuanBnIiwic2xpZGVzaG93IjoiNjc4MTMxMDQifQ%3D%3D\">\t\t<div class=\"elementor-carousel-image\" role=\"img\" aria-label=\"00087# EVENTO CORPORATIVO(1)\" style=\"background-image: url(&#039;https:\/\/monita.es\/wp-content\/uploads\/00087-EVENTO-CORPORATIVO1.jpg&#039;)\">\n\n\t\t\t\n\t\t\t\t\t<\/div>\n\t\t\t\t\t<div class=\"elementor-carousel-image-overlay e-overlay-animation-fade\">\n\t\t\t\t<i class=\"fas fa-search-plus\"><\/i>\t\t\t<\/div>\n\t\t\t<\/a>\t\t\t\t\t\t<\/div>\n\t\t\t\t\t\t\t\t\t\t\t<div class=\"swiper-slide\" role=\"group\" aria-roledescription=\"slide\">\n\t\t\t\t\t\t\t<a href=\"https:\/\/monita.es\/wp-content\/uploads\/Web_Feria-del-Vehiculo-electrico-de-Las-Rozas_IMG_0639.jpg\" data-elementor-open-lightbox=\"yes\" data-elementor-lightbox-slideshow=\"67813104\" data-elementor-lightbox-title=\"Web_Feria del Veh\u00edculo el\u00e9ctrico de Las Rozas_IMG_0639\" data-elementor-lightbox-description=\"Ejemplo de venta de carpas para ferias y eventos p\u00fablicos al aire libre, con estructuras modulares dise\u00f1adas para ofrecer visibilidad, resistencia y adaptaci\u00f3n a eventos tem\u00e1ticos.\" data-e-action-hash=\"#elementor-action%3Aaction%3Dlightbox%26settings%3DeyJpZCI6MTk4ODgsInVybCI6Imh0dHBzOlwvXC9tb25pdGEuZXNcL3dwLWNvbnRlbnRcL3VwbG9hZHNcL1dlYl9GZXJpYS1kZWwtVmVoaWN1bG8tZWxlY3RyaWNvLWRlLUxhcy1Sb3phc19JTUdfMDYzOS5qcGciLCJzbGlkZXNob3ciOiI2NzgxMzEwNCJ9\">\t\t<div class=\"elementor-carousel-image\" role=\"img\" aria-label=\"Venta de carpas para ferias y eventos p\u00fablicos al aire libre\" style=\"background-image: url(&#039;https:\/\/monita.es\/wp-content\/uploads\/Web_Feria-del-Vehiculo-electrico-de-Las-Rozas_IMG_0639.jpg&#039;)\">\n\n\t\t\t\n\t\t\t\t\t<\/div>\n\t\t\t\t\t<div class=\"elementor-carousel-image-overlay e-overlay-animation-fade\">\n\t\t\t\t<i class=\"fas fa-search-plus\"><\/i>\t\t\t<\/div>\n\t\t\t<\/a>\t\t\t\t\t\t<\/div>\n\t\t\t\t\t\t\t\t\t\t\t<div class=\"swiper-slide\" role=\"group\" aria-roledescription=\"slide\">\n\t\t\t\t\t\t\t<a href=\"https:\/\/monita.es\/wp-content\/uploads\/Bardo-Exterior_-1-scaled.jpg\" data-elementor-open-lightbox=\"yes\" data-elementor-lightbox-slideshow=\"67813104\" data-elementor-lightbox-title=\"Bardo Exterior_ (1)\" data-e-action-hash=\"#elementor-action%3Aaction%3Dlightbox%26settings%3DeyJpZCI6MTk4OTEsInVybCI6Imh0dHBzOlwvXC9tb25pdGEuZXNcL3dwLWNvbnRlbnRcL3VwbG9hZHNcL0JhcmRvLUV4dGVyaW9yXy0xLXNjYWxlZC5qcGciLCJzbGlkZXNob3ciOiI2NzgxMzEwNCJ9\">\t\t<div class=\"elementor-carousel-image\" role=\"img\" aria-label=\"Bardo Exterior_ (1)\" style=\"background-image: url(&#039;https:\/\/monita.es\/wp-content\/uploads\/Bardo-Exterior_-1-scaled.jpg&#039;)\">\n\n\t\t\t\n\t\t\t\t\t<\/div>\n\t\t\t\t\t<div class=\"elementor-carousel-image-overlay e-overlay-animation-fade\">\n\t\t\t\t<i class=\"fas fa-search-plus\"><\/i>\t\t\t<\/div>\n\t\t\t<\/a>\t\t\t\t\t\t<\/div>\n\t\t\t\t\t\t\t\t\t\t\t<div class=\"swiper-slide\" role=\"group\" aria-roledescription=\"slide\">\n\t\t\t\t\t\t\t<a href=\"https:\/\/monita.es\/wp-content\/uploads\/IMG20230518111004-1-scaled.jpg\" data-elementor-open-lightbox=\"yes\" data-elementor-lightbox-slideshow=\"67813104\" data-elementor-lightbox-title=\"IMG20230518111004 (1)\" data-e-action-hash=\"#elementor-action%3Aaction%3Dlightbox%26settings%3DeyJpZCI6MTk4OTQsInVybCI6Imh0dHBzOlwvXC9tb25pdGEuZXNcL3dwLWNvbnRlbnRcL3VwbG9hZHNcL0lNRzIwMjMwNTE4MTExMDA0LTEtc2NhbGVkLmpwZyIsInNsaWRlc2hvdyI6IjY3ODEzMTA0In0%3D\">\t\t<div class=\"elementor-carousel-image\" role=\"img\" aria-label=\"IMG20230518111004 (1)\" style=\"background-image: url(&#039;https:\/\/monita.es\/wp-content\/uploads\/IMG20230518111004-1-scaled.jpg&#039;)\">\n\n\t\t\t\n\t\t\t\t\t<\/div>\n\t\t\t\t\t<div class=\"elementor-carousel-image-overlay e-overlay-animation-fade\">\n\t\t\t\t<i class=\"fas fa-search-plus\"><\/i>\t\t\t<\/div>\n\t\t\t<\/a>\t\t\t\t\t\t<\/div>\n\t\t\t\t\t\t\t\t\t<\/div>\n\t\t\t\t\t\t\t\t\t\t\t\t\t\t\t\t\t\t\t\t\t<\/div>\n\t\t\t\t<\/div>\n\t\t\t\t\t\t\t\t<\/div>\n\t\t\t\t<\/div>\n\t\t\t\t<div class=\"elementor-element elementor-element-48968a73 elementor-widget elementor-widget-heading\" data-id=\"48968a73\" data-element_type=\"widget\" data-widget_type=\"heading.default\">\n\t\t\t\t<div class=\"elementor-widget-container\">\n\t\t\t\t\t<h2 class=\"elementor-heading-title elementor-size-default\">Bedouin Tents<\/h2>\t\t\t\t<\/div>\n\t\t\t\t<\/div>\n\t\t\t\t\t<\/div>\n\t\t<\/div>\n\t\t\t\t<div class=\"elementor-column elementor-col-25 elementor-inner-column elementor-element elementor-element-336d55b5\" data-id=\"336d55b5\" data-element_type=\"column\">\n\t\t\t<div class=\"elementor-widget-wrap elementor-element-populated\">\n\t\t\t\t\t\t<div class=\"elementor-element elementor-element-52df999e elementor-skin-carousel elementor-widget elementor-widget-media-carousel\" data-id=\"52df999e\" data-element_type=\"widget\" data-settings=\"{&quot;space_between&quot;:{&quot;unit&quot;:&quot;px&quot;,&quot;size&quot;:29,&quot;sizes&quot;:[]},&quot;slides_per_view&quot;:&quot;1&quot;,&quot;skin&quot;:&quot;carousel&quot;,&quot;effect&quot;:&quot;slide&quot;,&quot;speed&quot;:500,&quot;space_between_tablet&quot;:{&quot;unit&quot;:&quot;px&quot;,&quot;size&quot;:10,&quot;sizes&quot;:[]},&quot;space_between_mobile&quot;:{&quot;unit&quot;:&quot;px&quot;,&quot;size&quot;:10,&quot;sizes&quot;:[]}}\" data-widget_type=\"media-carousel.default\">\n\t\t\t\t<div class=\"elementor-widget-container\">\n\t\t\t\t\t\t\t\t\t<div class=\"elementor-swiper\">\n\t\t\t\t\t<div class=\"elementor-main-swiper swiper\" role=\"region\" aria-roledescription=\"carousel\" aria-label=\"Slides\">\n\t\t\t\t<div class=\"swiper-wrapper\">\n\t\t\t\t\t\t\t\t\t\t\t<div class=\"swiper-slide\" role=\"group\" aria-roledescription=\"slide\">\n\t\t\t\t\t\t\t<a href=\"https:\/\/monita.es\/wp-content\/uploads\/CarpasAlm1.jpeg\" data-elementor-open-lightbox=\"yes\" data-elementor-lightbox-slideshow=\"52df999e\" data-elementor-lightbox-title=\"CarpasAlm1\" data-elementor-lightbox-description=\"Estructura de carpa industrial para almacenaje fabricada por Mo\u00f1ita, dise\u00f1ada como almac\u00e9n temporal modular de r\u00e1pida instalaci\u00f3n y alta resistencia estructural.\n\" data-e-action-hash=\"#elementor-action%3Aaction%3Dlightbox%26settings%3DeyJpZCI6MTczNDgsInVybCI6Imh0dHBzOlwvXC9tb25pdGEuZXNcL3dwLWNvbnRlbnRcL3VwbG9hZHNcL0NhcnBhc0FsbTEuanBlZyIsInNsaWRlc2hvdyI6IjUyZGY5OTllIn0%3D\">\t\t<div class=\"elementor-carousel-image\" role=\"img\" aria-label=\"Carpa industrial para almacenaje modular con cerramiento lateral instalada como almac\u00e9n temporal\" style=\"background-image: url(&#039;https:\/\/monita.es\/wp-content\/uploads\/CarpasAlm1.jpeg&#039;)\">\n\n\t\t\t\n\t\t\t\t\t<\/div>\n\t\t\t\t\t<div class=\"elementor-carousel-image-overlay e-overlay-animation-fade\">\n\t\t\t\t<i class=\"fas fa-search-plus\"><\/i>\t\t\t<\/div>\n\t\t\t<\/a>\t\t\t\t\t\t<\/div>\n\t\t\t\t\t\t\t\t\t\t\t<div class=\"swiper-slide\" role=\"group\" aria-roledescription=\"slide\">\n\t\t\t\t\t\t\t<a href=\"https:\/\/monita.es\/wp-content\/uploads\/CarpasAlm2-scaled.jpg\" data-elementor-open-lightbox=\"yes\" data-elementor-lightbox-slideshow=\"52df999e\" data-elementor-lightbox-title=\"CarpasAlm2\" data-elementor-lightbox-description=\"Carpa industrial personalizada fabricada por Mo\u00f1ita como soluci\u00f3n modular para ampliaci\u00f3n de espacios comerciales y necesidades temporales de almacenaje.\n\" data-e-action-hash=\"#elementor-action%3Aaction%3Dlightbox%26settings%3DeyJpZCI6MTczNTEsInVybCI6Imh0dHBzOlwvXC9tb25pdGEuZXNcL3dwLWNvbnRlbnRcL3VwbG9hZHNcL0NhcnBhc0FsbTItc2NhbGVkLmpwZyIsInNsaWRlc2hvdyI6IjUyZGY5OTllIn0%3D\">\t\t<div class=\"elementor-carousel-image\" role=\"img\" aria-label=\"Carpa industrial personalizada instalada como ampliaci\u00f3n temporal de espacio comercial\" style=\"background-image: url(&#039;https:\/\/monita.es\/wp-content\/uploads\/CarpasAlm2-scaled.jpg&#039;)\">\n\n\t\t\t\n\t\t\t\t\t<\/div>\n\t\t\t\t\t<div class=\"elementor-carousel-image-overlay e-overlay-animation-fade\">\n\t\t\t\t<i class=\"fas fa-search-plus\"><\/i>\t\t\t<\/div>\n\t\t\t<\/a>\t\t\t\t\t\t<\/div>\n\t\t\t\t\t\t\t\t\t\t\t<div class=\"swiper-slide\" role=\"group\" aria-roledescription=\"slide\">\n\t\t\t\t\t\t\t<a href=\"https:\/\/monita.es\/wp-content\/uploads\/CarpasAlm3.jpg\" data-elementor-open-lightbox=\"yes\" data-elementor-lightbox-slideshow=\"52df999e\" data-elementor-lightbox-title=\"CarpasAlm3\" data-e-action-hash=\"#elementor-action%3Aaction%3Dlightbox%26settings%3DeyJpZCI6MTczNTcsInVybCI6Imh0dHBzOlwvXC9tb25pdGEuZXNcL3dwLWNvbnRlbnRcL3VwbG9hZHNcL0NhcnBhc0FsbTMuanBnIiwic2xpZGVzaG93IjoiNTJkZjk5OWUifQ%3D%3D\">\t\t<div class=\"elementor-carousel-image\" role=\"img\" aria-label=\"CarpasAlm3\" style=\"background-image: url(&#039;https:\/\/monita.es\/wp-content\/uploads\/CarpasAlm3.jpg&#039;)\">\n\n\t\t\t\n\t\t\t\t\t<\/div>\n\t\t\t\t\t<div class=\"elementor-carousel-image-overlay e-overlay-animation-fade\">\n\t\t\t\t<i class=\"fas fa-search-plus\"><\/i>\t\t\t<\/div>\n\t\t\t<\/a>\t\t\t\t\t\t<\/div>\n\t\t\t\t\t\t\t\t\t\t\t<div class=\"swiper-slide\" role=\"group\" aria-roledescription=\"slide\">\n\t\t\t\t\t\t\t<a href=\"https:\/\/monita.es\/wp-content\/uploads\/Almacen-Panel-sandwich-Madridmin.jpg\" data-elementor-open-lightbox=\"yes\" data-elementor-lightbox-slideshow=\"52df999e\" data-elementor-lightbox-title=\"Almac\u00e9n Panel sandwich Madridmin\" data-e-action-hash=\"#elementor-action%3Aaction%3Dlightbox%26settings%3DeyJpZCI6MTczNjAsInVybCI6Imh0dHBzOlwvXC9tb25pdGEuZXNcL3dwLWNvbnRlbnRcL3VwbG9hZHNcL0FsbWFjZW4tUGFuZWwtc2FuZHdpY2gtTWFkcmlkbWluLmpwZyIsInNsaWRlc2hvdyI6IjUyZGY5OTllIn0%3D\">\t\t<div class=\"elementor-carousel-image\" role=\"img\" aria-label=\"Almac\u00e9n Panel sandwich Madridmin\" style=\"background-image: url(&#039;https:\/\/monita.es\/wp-content\/uploads\/Almacen-Panel-sandwich-Madridmin.jpg&#039;)\">\n\n\t\t\t\n\t\t\t\t\t<\/div>\n\t\t\t\t\t<div class=\"elementor-carousel-image-overlay e-overlay-animation-fade\">\n\t\t\t\t<i class=\"fas fa-search-plus\"><\/i>\t\t\t<\/div>\n\t\t\t<\/a>\t\t\t\t\t\t<\/div>\n\t\t\t\t\t\t\t\t\t\t\t<div class=\"swiper-slide\" role=\"group\" aria-roledescription=\"slide\">\n\t\t\t\t\t\t\t<a href=\"https:\/\/monita.es\/wp-content\/uploads\/Almacen-Colombia-min.jpg\" data-elementor-open-lightbox=\"yes\" data-elementor-lightbox-slideshow=\"52df999e\" data-elementor-lightbox-title=\"Almac\u00e9n Colombia-min\" data-elementor-lightbox-description=\"Carpa industrial fabricada por Mo\u00f1ita, dise\u00f1ada para eventos de gran escala, usos log\u00edsticos y almacenamiento temporal. Estructura resistente, cerramientos completos y posibilidad de personalizaci\u00f3n seg\u00fan las necesidades del proyecto.\" data-e-action-hash=\"#elementor-action%3Aaction%3Dlightbox%26settings%3DeyJpZCI6MTczNTQsInVybCI6Imh0dHBzOlwvXC9tb25pdGEuZXNcL3dwLWNvbnRlbnRcL3VwbG9hZHNcL0FsbWFjZW4tQ29sb21iaWEtbWluLmpwZyIsInNsaWRlc2hvdyI6IjUyZGY5OTllIn0%3D\">\t\t<div class=\"elementor-carousel-image\" role=\"img\" aria-label=\"Carpa industrial para eventos y uso log\u00edstico con cerramientos laterales fabricada por Mo\u00f1ita\" style=\"background-image: url(&#039;https:\/\/monita.es\/wp-content\/uploads\/Almacen-Colombia-min.jpg&#039;)\">\n\n\t\t\t\n\t\t\t\t\t<\/div>\n\t\t\t\t\t<div class=\"elementor-carousel-image-overlay e-overlay-animation-fade\">\n\t\t\t\t<i class=\"fas fa-search-plus\"><\/i>\t\t\t<\/div>\n\t\t\t<\/a>\t\t\t\t\t\t<\/div>\n\t\t\t\t\t\t\t\t\t\t\t<div class=\"swiper-slide\" role=\"group\" aria-roledescription=\"slide\">\n\t\t\t\t\t\t\t<a href=\"https:\/\/monita.es\/wp-content\/uploads\/CarpasAlm4.jpg\" data-elementor-open-lightbox=\"yes\" data-elementor-lightbox-slideshow=\"52df999e\" data-elementor-lightbox-title=\"CarpasAlm4\" data-elementor-lightbox-description=\"Interior de carpa industrial para almacenaje fabricada por Mo\u00f1ita, con estructura met\u00e1lica reforzada, iluminaci\u00f3n natural y altura libre optimizada para operaciones log\u00edsticas.\n\" data-e-action-hash=\"#elementor-action%3Aaction%3Dlightbox%26settings%3DeyJpZCI6MTczNjQsInVybCI6Imh0dHBzOlwvXC9tb25pdGEuZXNcL3dwLWNvbnRlbnRcL3VwbG9hZHNcL0NhcnBhc0FsbTQuanBnIiwic2xpZGVzaG93IjoiNTJkZjk5OWUifQ%3D%3D\">\t\t<div class=\"elementor-carousel-image\" role=\"img\" aria-label=\"Interior de carpa industrial para almacenaje con gran altura libre y estructura modular met\u00e1lica\" style=\"background-image: url(&#039;https:\/\/monita.es\/wp-content\/uploads\/CarpasAlm4.jpg&#039;)\">\n\n\t\t\t\n\t\t\t\t\t<\/div>\n\t\t\t\t\t<div class=\"elementor-carousel-image-overlay e-overlay-animation-fade\">\n\t\t\t\t<i class=\"fas fa-search-plus\"><\/i>\t\t\t<\/div>\n\t\t\t<\/a>\t\t\t\t\t\t<\/div>\n\t\t\t\t\t\t\t\t\t\t\t<div class=\"swiper-slide\" role=\"group\" aria-roledescription=\"slide\">\n\t\t\t\t\t\t\t<a href=\"https:\/\/monita.es\/wp-content\/uploads\/CarpasAlm5-scaled.jpg\" data-elementor-open-lightbox=\"yes\" data-elementor-lightbox-slideshow=\"52df999e\" data-elementor-lightbox-title=\"CarpasAlm5\" data-elementor-lightbox-description=\"Interior de carpa industrial para almacenaje operativa, dise\u00f1ada por Mo\u00f1ita como soluci\u00f3n modular desmontable para ampliaci\u00f3n de capacidad log\u00edstica e industrial.\n\" data-e-action-hash=\"#elementor-action%3Aaction%3Dlightbox%26settings%3DeyJpZCI6MTczNjcsInVybCI6Imh0dHBzOlwvXC9tb25pdGEuZXNcL3dwLWNvbnRlbnRcL3VwbG9hZHNcL0NhcnBhc0FsbTUtc2NhbGVkLmpwZyIsInNsaWRlc2hvdyI6IjUyZGY5OTllIn0%3D\">\t\t<div class=\"elementor-carousel-image\" role=\"img\" aria-label=\"Carpa industrial para almacenaje en funcionamiento con operarios y mercanc\u00eda en entorno log\u00edstico\" style=\"background-image: url(&#039;https:\/\/monita.es\/wp-content\/uploads\/CarpasAlm5-scaled.jpg&#039;)\">\n\n\t\t\t\n\t\t\t\t\t<\/div>\n\t\t\t\t\t<div class=\"elementor-carousel-image-overlay e-overlay-animation-fade\">\n\t\t\t\t<i class=\"fas fa-search-plus\"><\/i>\t\t\t<\/div>\n\t\t\t<\/a>\t\t\t\t\t\t<\/div>\n\t\t\t\t\t\t\t\t\t\t\t<div class=\"swiper-slide\" role=\"group\" aria-roledescription=\"slide\">\n\t\t\t\t\t\t\t<a href=\"https:\/\/monita.es\/wp-content\/uploads\/Imagen-287-1-scaled.jpg\" data-elementor-open-lightbox=\"yes\" data-elementor-lightbox-slideshow=\"52df999e\" data-elementor-lightbox-title=\"Imagen 287 (1)\" data-e-action-hash=\"#elementor-action%3Aaction%3Dlightbox%26settings%3DeyJpZCI6MTk5MDAsInVybCI6Imh0dHBzOlwvXC9tb25pdGEuZXNcL3dwLWNvbnRlbnRcL3VwbG9hZHNcL0ltYWdlbi0yODctMS1zY2FsZWQuanBnIiwic2xpZGVzaG93IjoiNTJkZjk5OWUifQ%3D%3D\">\t\t<div class=\"elementor-carousel-image\" role=\"img\" aria-label=\"Imagen 287 (1)\" style=\"background-image: url(&#039;https:\/\/monita.es\/wp-content\/uploads\/Imagen-287-1-scaled.jpg&#039;)\">\n\n\t\t\t\n\t\t\t\t\t<\/div>\n\t\t\t\t\t<div class=\"elementor-carousel-image-overlay e-overlay-animation-fade\">\n\t\t\t\t<i class=\"fas fa-search-plus\"><\/i>\t\t\t<\/div>\n\t\t\t<\/a>\t\t\t\t\t\t<\/div>\n\t\t\t\t\t\t\t\t\t\t\t<div class=\"swiper-slide\" role=\"group\" aria-roledescription=\"slide\">\n\t\t\t\t\t\t\t<a href=\"https:\/\/monita.es\/wp-content\/uploads\/20200611_115253-2-scaled.jpg\" data-elementor-open-lightbox=\"yes\" data-elementor-lightbox-slideshow=\"52df999e\" data-elementor-lightbox-title=\"20200611_115253 (2)\" data-e-action-hash=\"#elementor-action%3Aaction%3Dlightbox%26settings%3DeyJpZCI6MTk5MDMsInVybCI6Imh0dHBzOlwvXC9tb25pdGEuZXNcL3dwLWNvbnRlbnRcL3VwbG9hZHNcLzIwMjAwNjExXzExNTI1My0yLXNjYWxlZC5qcGciLCJzbGlkZXNob3ciOiI1MmRmOTk5ZSJ9\">\t\t<div class=\"elementor-carousel-image\" role=\"img\" aria-label=\"20200611_115253 (2)\" style=\"background-image: url(&#039;https:\/\/monita.es\/wp-content\/uploads\/20200611_115253-2-scaled.jpg&#039;)\">\n\n\t\t\t\n\t\t\t\t\t<\/div>\n\t\t\t\t\t<div class=\"elementor-carousel-image-overlay e-overlay-animation-fade\">\n\t\t\t\t<i class=\"fas fa-search-plus\"><\/i>\t\t\t<\/div>\n\t\t\t<\/a>\t\t\t\t\t\t<\/div>\n\t\t\t\t\t\t\t\t\t<\/div>\n\t\t\t\t\t\t\t\t\t\t\t\t\t\t\t\t\t\t\t\t\t<\/div>\n\t\t\t\t<\/div>\n\t\t\t\t\t\t\t\t<\/div>\n\t\t\t\t<\/div>\n\t\t\t\t<div class=\"elementor-element elementor-element-46fb854a elementor-widget elementor-widget-heading\" data-id=\"46fb854a\" data-element_type=\"widget\" data-widget_type=\"heading.default\">\n\t\t\t\t<div class=\"elementor-widget-container\">\n\t\t\t\t\t<h2 class=\"elementor-heading-title elementor-size-default\">Temporary Warehouses<\/h2>\t\t\t\t<\/div>\n\t\t\t\t<\/div>\n\t\t\t\t\t<\/div>\n\t\t<\/div>\n\t\t\t\t<div class=\"elementor-column elementor-col-25 elementor-inner-column elementor-element elementor-element-19b77d07\" data-id=\"19b77d07\" data-element_type=\"column\">\n\t\t\t<div class=\"elementor-widget-wrap elementor-element-populated\">\n\t\t\t\t\t\t<div class=\"elementor-element elementor-element-30d2c797 elementor-skin-carousel elementor-widget elementor-widget-media-carousel\" data-id=\"30d2c797\" data-element_type=\"widget\" data-settings=\"{&quot;space_between&quot;:{&quot;unit&quot;:&quot;px&quot;,&quot;size&quot;:29,&quot;sizes&quot;:[]},&quot;slides_per_view&quot;:&quot;1&quot;,&quot;skin&quot;:&quot;carousel&quot;,&quot;effect&quot;:&quot;slide&quot;,&quot;speed&quot;:500,&quot;space_between_tablet&quot;:{&quot;unit&quot;:&quot;px&quot;,&quot;size&quot;:10,&quot;sizes&quot;:[]},&quot;space_between_mobile&quot;:{&quot;unit&quot;:&quot;px&quot;,&quot;size&quot;:10,&quot;sizes&quot;:[]}}\" data-widget_type=\"media-carousel.default\">\n\t\t\t\t<div class=\"elementor-widget-container\">\n\t\t\t\t\t\t\t\t\t<div class=\"elementor-swiper\">\n\t\t\t\t\t<div class=\"elementor-main-swiper swiper\" role=\"region\" aria-roledescription=\"carousel\" aria-label=\"Slides\">\n\t\t\t\t<div class=\"swiper-wrapper\">\n\t\t\t\t\t\t\t\t\t\t\t<div class=\"swiper-slide\" role=\"group\" aria-roledescription=\"slide\">\n\t\t\t\t\t\t\t<a href=\"https:\/\/monita.es\/wp-content\/uploads\/CarpasDep2.jpg\" data-elementor-open-lightbox=\"yes\" data-elementor-lightbox-slideshow=\"30d2c797\" data-elementor-lightbox-title=\"CarpasDep2\" data-e-action-hash=\"#elementor-action%3Aaction%3Dlightbox%26settings%3DeyJpZCI6MTczOTcsInVybCI6Imh0dHBzOlwvXC9tb25pdGEuZXNcL3dwLWNvbnRlbnRcL3VwbG9hZHNcL0NhcnBhc0RlcDIuanBnIiwic2xpZGVzaG93IjoiMzBkMmM3OTcifQ%3D%3D\">\t\t<div class=\"elementor-carousel-image\" role=\"img\" aria-label=\"CarpasDep2\" style=\"background-image: url(&#039;https:\/\/monita.es\/wp-content\/uploads\/CarpasDep2.jpg&#039;)\">\n\n\t\t\t\n\t\t\t\t\t<\/div>\n\t\t\t\t\t<div class=\"elementor-carousel-image-overlay e-overlay-animation-fade\">\n\t\t\t\t<i class=\"fas fa-search-plus\"><\/i>\t\t\t<\/div>\n\t\t\t<\/a>\t\t\t\t\t\t<\/div>\n\t\t\t\t\t\t\t\t\t\t\t<div class=\"swiper-slide\" role=\"group\" aria-roledescription=\"slide\">\n\t\t\t\t\t\t\t<a href=\"https:\/\/monita.es\/wp-content\/uploads\/Colegio-Santa-Rosa-de-Lima3-scaled.jpg\" data-elementor-open-lightbox=\"yes\" data-elementor-lightbox-slideshow=\"30d2c797\" data-elementor-lightbox-title=\"Colegio Santa Rosa de Lima3\" data-e-action-hash=\"#elementor-action%3Aaction%3Dlightbox%26settings%3DeyJpZCI6MTc0MDAsInVybCI6Imh0dHBzOlwvXC9tb25pdGEuZXNcL3dwLWNvbnRlbnRcL3VwbG9hZHNcL0NvbGVnaW8tU2FudGEtUm9zYS1kZS1MaW1hMy1zY2FsZWQuanBnIiwic2xpZGVzaG93IjoiMzBkMmM3OTcifQ%3D%3D\">\t\t<div class=\"elementor-carousel-image\" role=\"img\" aria-label=\"Colegio Santa Rosa de Lima3\" style=\"background-image: url(&#039;https:\/\/monita.es\/wp-content\/uploads\/Colegio-Santa-Rosa-de-Lima3-scaled.jpg&#039;)\">\n\n\t\t\t\n\t\t\t\t\t<\/div>\n\t\t\t\t\t<div class=\"elementor-carousel-image-overlay e-overlay-animation-fade\">\n\t\t\t\t<i class=\"fas fa-search-plus\"><\/i>\t\t\t<\/div>\n\t\t\t<\/a>\t\t\t\t\t\t<\/div>\n\t\t\t\t\t\t\t\t\t\t\t<div class=\"swiper-slide\" role=\"group\" aria-roledescription=\"slide\">\n\t\t\t\t\t\t\t<a href=\"https:\/\/monita.es\/wp-content\/uploads\/CarpasDep3.jpg\" data-elementor-open-lightbox=\"yes\" data-elementor-lightbox-slideshow=\"30d2c797\" data-elementor-lightbox-title=\"CarpasDep3\" data-e-action-hash=\"#elementor-action%3Aaction%3Dlightbox%26settings%3DeyJpZCI6MTc0MDcsInVybCI6Imh0dHBzOlwvXC9tb25pdGEuZXNcL3dwLWNvbnRlbnRcL3VwbG9hZHNcL0NhcnBhc0RlcDMuanBnIiwic2xpZGVzaG93IjoiMzBkMmM3OTcifQ%3D%3D\">\t\t<div class=\"elementor-carousel-image\" role=\"img\" aria-label=\"CarpasDep3\" style=\"background-image: url(&#039;https:\/\/monita.es\/wp-content\/uploads\/CarpasDep3.jpg&#039;)\">\n\n\t\t\t\n\t\t\t\t\t<\/div>\n\t\t\t\t\t<div class=\"elementor-carousel-image-overlay e-overlay-animation-fade\">\n\t\t\t\t<i class=\"fas fa-search-plus\"><\/i>\t\t\t<\/div>\n\t\t\t<\/a>\t\t\t\t\t\t<\/div>\n\t\t\t\t\t\t\t\t\t\t\t<div class=\"swiper-slide\" role=\"group\" aria-roledescription=\"slide\">\n\t\t\t\t\t\t\t<a href=\"https:\/\/monita.es\/wp-content\/uploads\/CarpasDep4.jpg\" data-elementor-open-lightbox=\"yes\" data-elementor-lightbox-slideshow=\"30d2c797\" data-elementor-lightbox-title=\"CarpasDep4\" data-e-action-hash=\"#elementor-action%3Aaction%3Dlightbox%26settings%3DeyJpZCI6MTc0MTMsInVybCI6Imh0dHBzOlwvXC9tb25pdGEuZXNcL3dwLWNvbnRlbnRcL3VwbG9hZHNcL0NhcnBhc0RlcDQuanBnIiwic2xpZGVzaG93IjoiMzBkMmM3OTcifQ%3D%3D\">\t\t<div class=\"elementor-carousel-image\" role=\"img\" aria-label=\"CarpasDep4\" style=\"background-image: url(&#039;https:\/\/monita.es\/wp-content\/uploads\/CarpasDep4.jpg&#039;)\">\n\n\t\t\t\n\t\t\t\t\t<\/div>\n\t\t\t\t\t<div class=\"elementor-carousel-image-overlay e-overlay-animation-fade\">\n\t\t\t\t<i class=\"fas fa-search-plus\"><\/i>\t\t\t<\/div>\n\t\t\t<\/a>\t\t\t\t\t\t<\/div>\n\t\t\t\t\t\t\t\t\t\t\t<div class=\"swiper-slide\" role=\"group\" aria-roledescription=\"slide\">\n\t\t\t\t\t\t\t<a href=\"https:\/\/monita.es\/wp-content\/uploads\/pista-padel-Ayto-Milagro.png\" data-elementor-open-lightbox=\"yes\" data-elementor-lightbox-slideshow=\"30d2c797\" data-elementor-lightbox-title=\"pista padel Ayto Milagro\" data-e-action-hash=\"#elementor-action%3Aaction%3Dlightbox%26settings%3DeyJpZCI6MTc0MTksInVybCI6Imh0dHBzOlwvXC9tb25pdGEuZXNcL3dwLWNvbnRlbnRcL3VwbG9hZHNcL3Bpc3RhLXBhZGVsLUF5dG8tTWlsYWdyby5wbmciLCJzbGlkZXNob3ciOiIzMGQyYzc5NyJ9\">\t\t<div class=\"elementor-carousel-image\" role=\"img\" aria-label=\"pista padel Ayto Milagro\" style=\"background-image: url(&#039;https:\/\/monita.es\/wp-content\/uploads\/pista-padel-Ayto-Milagro.png&#039;)\">\n\n\t\t\t\n\t\t\t\t\t<\/div>\n\t\t\t\t\t<div class=\"elementor-carousel-image-overlay e-overlay-animation-fade\">\n\t\t\t\t<i class=\"fas fa-search-plus\"><\/i>\t\t\t<\/div>\n\t\t\t<\/a>\t\t\t\t\t\t<\/div>\n\t\t\t\t\t\t\t\t\t\t\t<div class=\"swiper-slide\" role=\"group\" aria-roledescription=\"slide\">\n\t\t\t\t\t\t\t<a href=\"https:\/\/monita.es\/wp-content\/uploads\/CarpasDep1.jpeg\" data-elementor-open-lightbox=\"yes\" data-elementor-lightbox-slideshow=\"30d2c797\" data-elementor-lightbox-title=\"CarpasDep1\" data-e-action-hash=\"#elementor-action%3Aaction%3Dlightbox%26settings%3DeyJpZCI6MTc0MjUsInVybCI6Imh0dHBzOlwvXC9tb25pdGEuZXNcL3dwLWNvbnRlbnRcL3VwbG9hZHNcL0NhcnBhc0RlcDEuanBlZyIsInNsaWRlc2hvdyI6IjMwZDJjNzk3In0%3D\">\t\t<div class=\"elementor-carousel-image\" role=\"img\" aria-label=\"CarpasDep1\" style=\"background-image: url(&#039;https:\/\/monita.es\/wp-content\/uploads\/CarpasDep1.jpeg&#039;)\">\n\n\t\t\t\n\t\t\t\t\t<\/div>\n\t\t\t\t\t<div class=\"elementor-carousel-image-overlay e-overlay-animation-fade\">\n\t\t\t\t<i class=\"fas fa-search-plus\"><\/i>\t\t\t<\/div>\n\t\t\t<\/a>\t\t\t\t\t\t<\/div>\n\t\t\t\t\t\t\t\t\t\t\t<div class=\"swiper-slide\" role=\"group\" aria-roledescription=\"slide\">\n\t\t\t\t\t\t\t<a href=\"https:\/\/monita.es\/wp-content\/uploads\/Carpadep88.png\" data-elementor-open-lightbox=\"yes\" data-elementor-lightbox-slideshow=\"30d2c797\" data-elementor-lightbox-title=\"Carpadep88\" data-e-action-hash=\"#elementor-action%3Aaction%3Dlightbox%26settings%3DeyJpZCI6MTc0MzQsInVybCI6Imh0dHBzOlwvXC9tb25pdGEuZXNcL3dwLWNvbnRlbnRcL3VwbG9hZHNcL0NhcnBhZGVwODgucG5nIiwic2xpZGVzaG93IjoiMzBkMmM3OTcifQ%3D%3D\">\t\t<div class=\"elementor-carousel-image\" role=\"img\" aria-label=\"Carpadep88\" style=\"background-image: url(&#039;https:\/\/monita.es\/wp-content\/uploads\/Carpadep88.png&#039;)\">\n\n\t\t\t\n\t\t\t\t\t<\/div>\n\t\t\t\t\t<div class=\"elementor-carousel-image-overlay e-overlay-animation-fade\">\n\t\t\t\t<i class=\"fas fa-search-plus\"><\/i>\t\t\t<\/div>\n\t\t\t<\/a>\t\t\t\t\t\t<\/div>\n\t\t\t\t\t\t\t\t\t\t\t<div class=\"swiper-slide\" role=\"group\" aria-roledescription=\"slide\">\n\t\t\t\t\t\t\t<a href=\"https:\/\/monita.es\/wp-content\/uploads\/Carpadep77.png\" data-elementor-open-lightbox=\"yes\" data-elementor-lightbox-slideshow=\"30d2c797\" data-elementor-lightbox-title=\"Carpadep77\" data-e-action-hash=\"#elementor-action%3Aaction%3Dlightbox%26settings%3DeyJpZCI6MTc0MzEsInVybCI6Imh0dHBzOlwvXC9tb25pdGEuZXNcL3dwLWNvbnRlbnRcL3VwbG9hZHNcL0NhcnBhZGVwNzcucG5nIiwic2xpZGVzaG93IjoiMzBkMmM3OTcifQ%3D%3D\">\t\t<div class=\"elementor-carousel-image\" role=\"img\" aria-label=\"Carpadep77\" style=\"background-image: url(&#039;https:\/\/monita.es\/wp-content\/uploads\/Carpadep77.png&#039;)\">\n\n\t\t\t\n\t\t\t\t\t<\/div>\n\t\t\t\t\t<div class=\"elementor-carousel-image-overlay e-overlay-animation-fade\">\n\t\t\t\t<i class=\"fas fa-search-plus\"><\/i>\t\t\t<\/div>\n\t\t\t<\/a>\t\t\t\t\t\t<\/div>\n\t\t\t\t\t\t\t\t\t<\/div>\n\t\t\t\t\t\t\t\t\t\t\t\t\t\t\t\t\t\t\t\t\t<\/div>\n\t\t\t\t<\/div>\n\t\t\t\t\t\t\t\t<\/div>\n\t\t\t\t<\/div>\n\t\t\t\t<div class=\"elementor-element elementor-element-27adb695 elementor-widget elementor-widget-heading\" data-id=\"27adb695\" data-element_type=\"widget\" data-widget_type=\"heading.default\">\n\t\t\t\t<div class=\"elementor-widget-container\">\n\t\t\t\t\t<h2 class=\"elementor-heading-title elementor-size-default\">Marquees for Sports Activities<\/h2>\t\t\t\t<\/div>\n\t\t\t\t<\/div>\n\t\t\t\t\t<\/div>\n\t\t<\/div>\n\t\t\t\t\t<\/div>\n\t\t<\/section>\n\t\t\t\t<section class=\"elementor-section elementor-inner-section elementor-element elementor-element-54f91ef elementor-section-boxed elementor-section-height-default elementor-section-height-default elementor-invisible\" data-id=\"54f91ef\" data-element_type=\"section\" data-settings=\"{&quot;animation&quot;:&quot;fadeInUp&quot;}\">\n\t\t\t\t\t\t<div class=\"elementor-container elementor-column-gap-narrow\">\n\t\t\t\t\t<div class=\"elementor-column elementor-col-25 elementor-inner-column elementor-element elementor-element-241050e6\" data-id=\"241050e6\" data-element_type=\"column\">\n\t\t\t<div class=\"elementor-widget-wrap elementor-element-populated\">\n\t\t\t\t\t\t<div class=\"elementor-element elementor-element-6669d9fb elementor-skin-carousel elementor-widget elementor-widget-media-carousel\" data-id=\"6669d9fb\" data-element_type=\"widget\" data-settings=\"{&quot;space_between&quot;:{&quot;unit&quot;:&quot;px&quot;,&quot;size&quot;:29,&quot;sizes&quot;:[]},&quot;slides_per_view&quot;:&quot;1&quot;,&quot;skin&quot;:&quot;carousel&quot;,&quot;effect&quot;:&quot;slide&quot;,&quot;speed&quot;:500,&quot;space_between_tablet&quot;:{&quot;unit&quot;:&quot;px&quot;,&quot;size&quot;:10,&quot;sizes&quot;:[]},&quot;space_between_mobile&quot;:{&quot;unit&quot;:&quot;px&quot;,&quot;size&quot;:10,&quot;sizes&quot;:[]}}\" data-widget_type=\"media-carousel.default\">\n\t\t\t\t<div class=\"elementor-widget-container\">\n\t\t\t\t\t\t\t\t\t<div class=\"elementor-swiper\">\n\t\t\t\t\t<div class=\"elementor-main-swiper swiper\" role=\"region\" aria-roledescription=\"carousel\" aria-label=\"Slides\">\n\t\t\t\t<div class=\"swiper-wrapper\">\n\t\t\t\t\t\t\t\t\t\t\t<div class=\"swiper-slide\" role=\"group\" aria-roledescription=\"slide\">\n\t\t\t\t\t\t\t<a href=\"https:\/\/monita.es\/wp-content\/uploads\/2-Semana-Negra-21.jpg\" data-elementor-open-lightbox=\"yes\" data-elementor-lightbox-slideshow=\"6669d9fb\" data-elementor-lightbox-title=\"2 - Semana Negra 2(1)\" data-e-action-hash=\"#elementor-action%3Aaction%3Dlightbox%26settings%3DeyJpZCI6MTc0NzksInVybCI6Imh0dHBzOlwvXC9tb25pdGEuZXNcL3dwLWNvbnRlbnRcL3VwbG9hZHNcLzItU2VtYW5hLU5lZ3JhLTIxLmpwZyIsInNsaWRlc2hvdyI6IjY2NjlkOWZiIn0%3D\">\t\t<div class=\"elementor-carousel-image\" role=\"img\" aria-label=\"2 - Semana Negra 2(1)\" style=\"background-image: url(&#039;https:\/\/monita.es\/wp-content\/uploads\/2-Semana-Negra-21.jpg&#039;)\">\n\n\t\t\t\n\t\t\t\t\t<\/div>\n\t\t\t\t\t<div class=\"elementor-carousel-image-overlay e-overlay-animation-fade\">\n\t\t\t\t<i class=\"fas fa-search-plus\"><\/i>\t\t\t<\/div>\n\t\t\t<\/a>\t\t\t\t\t\t<\/div>\n\t\t\t\t\t\t\t\t\t\t\t<div class=\"swiper-slide\" role=\"group\" aria-roledescription=\"slide\">\n\t\t\t\t\t\t\t<a href=\"https:\/\/monita.es\/wp-content\/uploads\/3-LA73312-scaled.jpg\" data-elementor-open-lightbox=\"yes\" data-elementor-lightbox-slideshow=\"6669d9fb\" data-elementor-lightbox-title=\"3 - LA73312\" data-e-action-hash=\"#elementor-action%3Aaction%3Dlightbox%26settings%3DeyJpZCI6MTc0ODUsInVybCI6Imh0dHBzOlwvXC9tb25pdGEuZXNcL3dwLWNvbnRlbnRcL3VwbG9hZHNcLzMtTEE3MzMxMi1zY2FsZWQuanBnIiwic2xpZGVzaG93IjoiNjY2OWQ5ZmIifQ%3D%3D\">\t\t<div class=\"elementor-carousel-image\" role=\"img\" aria-label=\"3 - LA73312\" style=\"background-image: url(&#039;https:\/\/monita.es\/wp-content\/uploads\/3-LA73312-scaled.jpg&#039;)\">\n\n\t\t\t\n\t\t\t\t\t<\/div>\n\t\t\t\t\t<div class=\"elementor-carousel-image-overlay e-overlay-animation-fade\">\n\t\t\t\t<i class=\"fas fa-search-plus\"><\/i>\t\t\t<\/div>\n\t\t\t<\/a>\t\t\t\t\t\t<\/div>\n\t\t\t\t\t\t\t\t\t\t\t<div class=\"swiper-slide\" role=\"group\" aria-roledescription=\"slide\">\n\t\t\t\t\t\t\t<a href=\"https:\/\/monita.es\/wp-content\/uploads\/IMG-20210917-WA00001.jpg\" data-elementor-open-lightbox=\"yes\" data-elementor-lightbox-slideshow=\"6669d9fb\" data-elementor-lightbox-title=\"IMG-20210917-WA0000(1)\" data-elementor-lightbox-description=\"Imagen a\u00e9rea de carpas personalizadas instaladas por Mo\u00f1ita en la Plaza de Col\u00f3n en Madrid. Proyecto de gran montaje urbano con estructuras modulares dise\u00f1adas a medida para evento multitudinario.\n\" data-e-action-hash=\"#elementor-action%3Aaction%3Dlightbox%26settings%3DeyJpZCI6MTc0ODgsInVybCI6Imh0dHBzOlwvXC9tb25pdGEuZXNcL3dwLWNvbnRlbnRcL3VwbG9hZHNcL0lNRy0yMDIxMDkxNy1XQTAwMDAxLmpwZyIsInNsaWRlc2hvdyI6IjY2NjlkOWZiIn0%3D\">\t\t<div class=\"elementor-carousel-image\" role=\"img\" aria-label=\"Carpas personalizadas instaladas en Plaza de Col\u00f3n en Madrid para gran evento urbano\" style=\"background-image: url(&#039;https:\/\/monita.es\/wp-content\/uploads\/IMG-20210917-WA00001.jpg&#039;)\">\n\n\t\t\t\n\t\t\t\t\t<\/div>\n\t\t\t\t\t<div class=\"elementor-carousel-image-overlay e-overlay-animation-fade\">\n\t\t\t\t<i class=\"fas fa-search-plus\"><\/i>\t\t\t<\/div>\n\t\t\t<\/a>\t\t\t\t\t\t<\/div>\n\t\t\t\t\t\t\t\t\t\t\t<div class=\"swiper-slide\" role=\"group\" aria-roledescription=\"slide\">\n\t\t\t\t\t\t\t<a href=\"https:\/\/monita.es\/wp-content\/uploads\/CARPA-XL-002-scaled.jpg\" data-elementor-open-lightbox=\"yes\" data-elementor-lightbox-slideshow=\"6669d9fb\" data-elementor-lightbox-title=\"CARPA XL 002\" data-e-action-hash=\"#elementor-action%3Aaction%3Dlightbox%26settings%3DeyJpZCI6MTc0OTEsInVybCI6Imh0dHBzOlwvXC9tb25pdGEuZXNcL3dwLWNvbnRlbnRcL3VwbG9hZHNcL0NBUlBBLVhMLTAwMi1zY2FsZWQuanBnIiwic2xpZGVzaG93IjoiNjY2OWQ5ZmIifQ%3D%3D\">\t\t<div class=\"elementor-carousel-image\" role=\"img\" aria-label=\"CARPA XL 002\" style=\"background-image: url(&#039;https:\/\/monita.es\/wp-content\/uploads\/CARPA-XL-002-scaled.jpg&#039;)\">\n\n\t\t\t\n\t\t\t\t\t<\/div>\n\t\t\t\t\t<div class=\"elementor-carousel-image-overlay e-overlay-animation-fade\">\n\t\t\t\t<i class=\"fas fa-search-plus\"><\/i>\t\t\t<\/div>\n\t\t\t<\/a>\t\t\t\t\t\t<\/div>\n\t\t\t\t\t\t\t\t\t\t\t<div class=\"swiper-slide\" role=\"group\" aria-roledescription=\"slide\">\n\t\t\t\t\t\t\t<a href=\"https:\/\/monita.es\/wp-content\/uploads\/IMG-20220826-WA00081.jpg\" data-elementor-open-lightbox=\"yes\" data-elementor-lightbox-slideshow=\"6669d9fb\" data-elementor-lightbox-title=\"IMG-20220826-WA0008(1)\" data-elementor-lightbox-description=\"Carpa modular para eventos dise\u00f1ada y fabricada por Mo\u00f1ita, equipada con cerramientos laterales y estructura de alta resistencia. Ideal para eventos corporativos, ferias, instalaciones temporales y usos profesionales que requieren espacios cubiertos seguros y personalizables.\" data-e-action-hash=\"#elementor-action%3Aaction%3Dlightbox%26settings%3DeyJpZCI6MTc0OTcsInVybCI6Imh0dHBzOlwvXC9tb25pdGEuZXNcL3dwLWNvbnRlbnRcL3VwbG9hZHNcL0lNRy0yMDIyMDgyNi1XQTAwMDgxLmpwZyIsInNsaWRlc2hvdyI6IjY2NjlkOWZiIn0%3D\">\t\t<div class=\"elementor-carousel-image\" role=\"img\" aria-label=\"Carpa modular para eventos con cerramientos laterales y estructura resistente fabricada por Mo\u00f1ita\" style=\"background-image: url(&#039;https:\/\/monita.es\/wp-content\/uploads\/IMG-20220826-WA00081.jpg&#039;)\">\n\n\t\t\t\n\t\t\t\t\t<\/div>\n\t\t\t\t\t<div class=\"elementor-carousel-image-overlay e-overlay-animation-fade\">\n\t\t\t\t<i class=\"fas fa-search-plus\"><\/i>\t\t\t<\/div>\n\t\t\t<\/a>\t\t\t\t\t\t<\/div>\n\t\t\t\t\t\t\t\t\t\t\t<div class=\"swiper-slide\" role=\"group\" aria-roledescription=\"slide\">\n\t\t\t\t\t\t\t<a href=\"https:\/\/monita.es\/wp-content\/uploads\/Web_Feria-del-Vehiculo-electrico-de-Las-Rozas_IMG_0669-scaled.jpg\" data-elementor-open-lightbox=\"yes\" data-elementor-lightbox-slideshow=\"6669d9fb\" data-elementor-lightbox-title=\"Web_Feria del Veh\u00edculo el\u00e9ctrico de Las Rozas_IMG_0669\" data-e-action-hash=\"#elementor-action%3Aaction%3Dlightbox%26settings%3DeyJpZCI6MTc1MDAsInVybCI6Imh0dHBzOlwvXC9tb25pdGEuZXNcL3dwLWNvbnRlbnRcL3VwbG9hZHNcL1dlYl9GZXJpYS1kZWwtVmVoaWN1bG8tZWxlY3RyaWNvLWRlLUxhcy1Sb3phc19JTUdfMDY2OS1zY2FsZWQuanBnIiwic2xpZGVzaG93IjoiNjY2OWQ5ZmIifQ%3D%3D\">\t\t<div class=\"elementor-carousel-image\" role=\"img\" aria-label=\"Web_Feria del Veh\u00edculo el\u00e9ctrico de Las Rozas_IMG_0669\" style=\"background-image: url(&#039;https:\/\/monita.es\/wp-content\/uploads\/Web_Feria-del-Vehiculo-electrico-de-Las-Rozas_IMG_0669-scaled.jpg&#039;)\">\n\n\t\t\t\n\t\t\t\t\t<\/div>\n\t\t\t\t\t<div class=\"elementor-carousel-image-overlay e-overlay-animation-fade\">\n\t\t\t\t<i class=\"fas fa-search-plus\"><\/i>\t\t\t<\/div>\n\t\t\t<\/a>\t\t\t\t\t\t<\/div>\n\t\t\t\t\t\t\t\t\t\t\t<div class=\"swiper-slide\" role=\"group\" aria-roledescription=\"slide\">\n\t\t\t\t\t\t\t<a href=\"https:\/\/monita.es\/wp-content\/uploads\/CarpasJaimas8-scaled.jpg\" data-elementor-open-lightbox=\"yes\" data-elementor-lightbox-slideshow=\"6669d9fb\" data-elementor-lightbox-title=\"CarpasJaimas8\" data-elementor-lightbox-description=\"Imagen de carpas personalizadas tipo jaima dise\u00f1adas por Mo\u00f1ita para eventos al aire libre. Estructuras modulares blancas fabricadas a medida para grandes montajes y celebraciones multitudinarias.\n\" data-e-action-hash=\"#elementor-action%3Aaction%3Dlightbox%26settings%3DeyJpZCI6MTczNDIsInVybCI6Imh0dHBzOlwvXC9tb25pdGEuZXNcL3dwLWNvbnRlbnRcL3VwbG9hZHNcL0NhcnBhc0phaW1hczgtc2NhbGVkLmpwZyIsInNsaWRlc2hvdyI6IjY2NjlkOWZiIn0%3D\">\t\t<div class=\"elementor-carousel-image\" role=\"img\" aria-label=\"Carpas personalizadas tipo jaima instaladas para evento al aire libre con estructuras modulares blancas\" style=\"background-image: url(&#039;https:\/\/monita.es\/wp-content\/uploads\/CarpasJaimas8-scaled.jpg&#039;)\">\n\n\t\t\t\n\t\t\t\t\t<\/div>\n\t\t\t\t\t<div class=\"elementor-carousel-image-overlay e-overlay-animation-fade\">\n\t\t\t\t<i class=\"fas fa-search-plus\"><\/i>\t\t\t<\/div>\n\t\t\t<\/a>\t\t\t\t\t\t<\/div>\n\t\t\t\t\t\t\t\t\t\t\t<div class=\"swiper-slide\" role=\"group\" aria-roledescription=\"slide\">\n\t\t\t\t\t\t\t<a href=\"https:\/\/monita.es\/wp-content\/uploads\/8-1068070-29-carpas-agrosiero-17-09-2009-min-scaled.jpg\" data-elementor-open-lightbox=\"yes\" data-elementor-lightbox-slideshow=\"6669d9fb\" data-elementor-lightbox-title=\"8- 1068070-29 carpas agrosiero 17-09-2009-min\" data-elementor-lightbox-description=\"Ejemplo de venta de carpas de gran formato para eventos e instalaciones industriales, con estructuras modulares dise\u00f1adas para ofrecer resistencia, rapidez de montaje y fiabilidad.\" data-e-action-hash=\"#elementor-action%3Aaction%3Dlightbox%26settings%3DeyJpZCI6MTcyNjIsInVybCI6Imh0dHBzOlwvXC9tb25pdGEuZXNcL3dwLWNvbnRlbnRcL3VwbG9hZHNcLzgtMTA2ODA3MC0yOS1jYXJwYXMtYWdyb3NpZXJvLTE3LTA5LTIwMDktbWluLXNjYWxlZC5qcGciLCJzbGlkZXNob3ciOiI2NjY5ZDlmYiJ9\">\t\t<div class=\"elementor-carousel-image\" role=\"img\" aria-label=\"Venta de carpas de gran formato para eventos e instalaciones industriales\" style=\"background-image: url(&#039;https:\/\/monita.es\/wp-content\/uploads\/8-1068070-29-carpas-agrosiero-17-09-2009-min-scaled.jpg&#039;)\">\n\n\t\t\t\n\t\t\t\t\t<\/div>\n\t\t\t\t\t<div class=\"elementor-carousel-image-overlay e-overlay-animation-fade\">\n\t\t\t\t<i class=\"fas fa-search-plus\"><\/i>\t\t\t<\/div>\n\t\t\t<\/a>\t\t\t\t\t\t<\/div>\n\t\t\t\t\t\t\t\t\t<\/div>\n\t\t\t\t\t\t\t\t\t\t\t\t\t\t\t\t\t\t\t\t\t<\/div>\n\t\t\t\t<\/div>\n\t\t\t\t\t\t\t\t<\/div>\n\t\t\t\t<\/div>\n\t\t\t\t<div class=\"elementor-element elementor-element-78193b19 elementor-widget elementor-widget-heading\" data-id=\"78193b19\" data-element_type=\"widget\" data-widget_type=\"heading.default\">\n\t\t\t\t<div class=\"elementor-widget-container\">\n\t\t\t\t\t<h2 class=\"elementor-heading-title elementor-size-default\">Large Assemblies of Marquees<\/h2>\t\t\t\t<\/div>\n\t\t\t\t<\/div>\n\t\t\t\t\t<\/div>\n\t\t<\/div>\n\t\t\t\t<div class=\"elementor-column elementor-col-25 elementor-inner-column elementor-element elementor-element-5ebaec3e\" data-id=\"5ebaec3e\" data-element_type=\"column\">\n\t\t\t<div class=\"elementor-widget-wrap elementor-element-populated\">\n\t\t\t\t\t\t<div class=\"elementor-element elementor-element-78463567 elementor-skin-carousel elementor-widget elementor-widget-media-carousel\" data-id=\"78463567\" data-element_type=\"widget\" data-settings=\"{&quot;space_between&quot;:{&quot;unit&quot;:&quot;px&quot;,&quot;size&quot;:29,&quot;sizes&quot;:[]},&quot;slides_per_view&quot;:&quot;1&quot;,&quot;skin&quot;:&quot;carousel&quot;,&quot;effect&quot;:&quot;slide&quot;,&quot;speed&quot;:500,&quot;space_between_tablet&quot;:{&quot;unit&quot;:&quot;px&quot;,&quot;size&quot;:10,&quot;sizes&quot;:[]},&quot;space_between_mobile&quot;:{&quot;unit&quot;:&quot;px&quot;,&quot;size&quot;:10,&quot;sizes&quot;:[]}}\" data-widget_type=\"media-carousel.default\">\n\t\t\t\t<div class=\"elementor-widget-container\">\n\t\t\t\t\t\t\t\t\t<div class=\"elementor-swiper\">\n\t\t\t\t\t<div class=\"elementor-main-swiper swiper\" role=\"region\" aria-roledescription=\"carousel\" aria-label=\"Slides\">\n\t\t\t\t<div class=\"swiper-wrapper\">\n\t\t\t\t\t\t\t\t\t\t\t<div class=\"swiper-slide\" role=\"group\" aria-roledescription=\"slide\">\n\t\t\t\t\t\t\t<a href=\"https:\/\/monita.es\/wp-content\/uploads\/CarpasInd8-scaled.jpg\" data-elementor-open-lightbox=\"yes\" data-elementor-lightbox-slideshow=\"78463567\" data-elementor-lightbox-title=\"CarpasInd8\" data-e-action-hash=\"#elementor-action%3Aaction%3Dlightbox%26settings%3DeyJpZCI6MTc1MTMsInVybCI6Imh0dHBzOlwvXC9tb25pdGEuZXNcL3dwLWNvbnRlbnRcL3VwbG9hZHNcL0NhcnBhc0luZDgtc2NhbGVkLmpwZyIsInNsaWRlc2hvdyI6Ijc4NDYzNTY3In0%3D\">\t\t<div class=\"elementor-carousel-image\" role=\"img\" aria-label=\"CarpasInd8\" style=\"background-image: url(&#039;https:\/\/monita.es\/wp-content\/uploads\/CarpasInd8-scaled.jpg&#039;)\">\n\n\t\t\t\n\t\t\t\t\t<\/div>\n\t\t\t\t\t<div class=\"elementor-carousel-image-overlay e-overlay-animation-fade\">\n\t\t\t\t<i class=\"fas fa-search-plus\"><\/i>\t\t\t<\/div>\n\t\t\t<\/a>\t\t\t\t\t\t<\/div>\n\t\t\t\t\t\t\t\t\t\t\t<div class=\"swiper-slide\" role=\"group\" aria-roledescription=\"slide\">\n\t\t\t\t\t\t\t<a href=\"https:\/\/monita.es\/wp-content\/uploads\/CarpInd-scaled.jpg\" data-elementor-open-lightbox=\"yes\" data-elementor-lightbox-slideshow=\"78463567\" data-elementor-lightbox-title=\"CarpInd\" data-e-action-hash=\"#elementor-action%3Aaction%3Dlightbox%26settings%3DeyJpZCI6MTk5MDksInVybCI6Imh0dHBzOlwvXC9tb25pdGEuZXNcL3dwLWNvbnRlbnRcL3VwbG9hZHNcL0NhcnBJbmQtc2NhbGVkLmpwZyIsInNsaWRlc2hvdyI6Ijc4NDYzNTY3In0%3D\">\t\t<div class=\"elementor-carousel-image\" role=\"img\" aria-label=\"CarpInd\" style=\"background-image: url(&#039;https:\/\/monita.es\/wp-content\/uploads\/CarpInd-scaled.jpg&#039;)\">\n\n\t\t\t\n\t\t\t\t\t<\/div>\n\t\t\t\t\t<div class=\"elementor-carousel-image-overlay e-overlay-animation-fade\">\n\t\t\t\t<i class=\"fas fa-search-plus\"><\/i>\t\t\t<\/div>\n\t\t\t<\/a>\t\t\t\t\t\t<\/div>\n\t\t\t\t\t\t\t\t\t\t\t<div class=\"swiper-slide\" role=\"group\" aria-roledescription=\"slide\">\n\t\t\t\t\t\t\t<a href=\"https:\/\/monita.es\/wp-content\/uploads\/CarpasInd7.jpg\" data-elementor-open-lightbox=\"yes\" data-elementor-lightbox-slideshow=\"78463567\" data-elementor-lightbox-title=\"CarpasInd7\" data-e-action-hash=\"#elementor-action%3Aaction%3Dlightbox%26settings%3DeyJpZCI6MTc1MTYsInVybCI6Imh0dHBzOlwvXC9tb25pdGEuZXNcL3dwLWNvbnRlbnRcL3VwbG9hZHNcL0NhcnBhc0luZDcuanBnIiwic2xpZGVzaG93IjoiNzg0NjM1NjcifQ%3D%3D\">\t\t<div class=\"elementor-carousel-image\" role=\"img\" aria-label=\"CarpasInd7\" style=\"background-image: url(&#039;https:\/\/monita.es\/wp-content\/uploads\/CarpasInd7.jpg&#039;)\">\n\n\t\t\t\n\t\t\t\t\t<\/div>\n\t\t\t\t\t<div class=\"elementor-carousel-image-overlay e-overlay-animation-fade\">\n\t\t\t\t<i class=\"fas fa-search-plus\"><\/i>\t\t\t<\/div>\n\t\t\t<\/a>\t\t\t\t\t\t<\/div>\n\t\t\t\t\t\t\t\t\t\t\t<div class=\"swiper-slide\" role=\"group\" aria-roledescription=\"slide\">\n\t\t\t\t\t\t\t<a href=\"https:\/\/monita.es\/wp-content\/uploads\/CarpasInd6.jpg\" data-elementor-open-lightbox=\"yes\" data-elementor-lightbox-slideshow=\"78463567\" data-elementor-lightbox-title=\"CarpasInd6\" data-e-action-hash=\"#elementor-action%3Aaction%3Dlightbox%26settings%3DeyJpZCI6MTc1MTksInVybCI6Imh0dHBzOlwvXC9tb25pdGEuZXNcL3dwLWNvbnRlbnRcL3VwbG9hZHNcL0NhcnBhc0luZDYuanBnIiwic2xpZGVzaG93IjoiNzg0NjM1NjcifQ%3D%3D\">\t\t<div class=\"elementor-carousel-image\" role=\"img\" aria-label=\"CarpasInd6\" style=\"background-image: url(&#039;https:\/\/monita.es\/wp-content\/uploads\/CarpasInd6.jpg&#039;)\">\n\n\t\t\t\n\t\t\t\t\t<\/div>\n\t\t\t\t\t<div class=\"elementor-carousel-image-overlay e-overlay-animation-fade\">\n\t\t\t\t<i class=\"fas fa-search-plus\"><\/i>\t\t\t<\/div>\n\t\t\t<\/a>\t\t\t\t\t\t<\/div>\n\t\t\t\t\t\t\t\t\t\t\t<div class=\"swiper-slide\" role=\"group\" aria-roledescription=\"slide\">\n\t\t\t\t\t\t\t<a href=\"https:\/\/monita.es\/wp-content\/uploads\/CarpasInd3.jpg\" data-elementor-open-lightbox=\"yes\" data-elementor-lightbox-slideshow=\"78463567\" data-elementor-lightbox-title=\"CarpasInd3\" data-e-action-hash=\"#elementor-action%3Aaction%3Dlightbox%26settings%3DeyJpZCI6MTc1MjIsInVybCI6Imh0dHBzOlwvXC9tb25pdGEuZXNcL3dwLWNvbnRlbnRcL3VwbG9hZHNcL0NhcnBhc0luZDMuanBnIiwic2xpZGVzaG93IjoiNzg0NjM1NjcifQ%3D%3D\">\t\t<div class=\"elementor-carousel-image\" role=\"img\" aria-label=\"CarpasInd3\" style=\"background-image: url(&#039;https:\/\/monita.es\/wp-content\/uploads\/CarpasInd3.jpg&#039;)\">\n\n\t\t\t\n\t\t\t\t\t<\/div>\n\t\t\t\t\t<div class=\"elementor-carousel-image-overlay e-overlay-animation-fade\">\n\t\t\t\t<i class=\"fas fa-search-plus\"><\/i>\t\t\t<\/div>\n\t\t\t<\/a>\t\t\t\t\t\t<\/div>\n\t\t\t\t\t\t\t\t\t\t\t<div class=\"swiper-slide\" role=\"group\" aria-roledescription=\"slide\">\n\t\t\t\t\t\t\t<a href=\"https:\/\/monita.es\/wp-content\/uploads\/CarpasInd2-scaled.jpg\" data-elementor-open-lightbox=\"yes\" data-elementor-lightbox-slideshow=\"78463567\" data-elementor-lightbox-title=\"CarpasInd2\" data-elementor-lightbox-description=\"Carpa industrial de gran formato fabricada por Mo\u00f1ita para soluciones de almacenaje industrial. Estructura modular desmontable instalada como alternativa flexible a nave fija.\n\" data-e-action-hash=\"#elementor-action%3Aaction%3Dlightbox%26settings%3DeyJpZCI6MTc1MjUsInVybCI6Imh0dHBzOlwvXC9tb25pdGEuZXNcL3dwLWNvbnRlbnRcL3VwbG9hZHNcL0NhcnBhc0luZDItc2NhbGVkLmpwZyIsInNsaWRlc2hvdyI6Ijc4NDYzNTY3In0%3D\">\t\t<div class=\"elementor-carousel-image\" role=\"img\" aria-label=\"Carpa industrial de gran formato para almacenaje instalada como almac\u00e9n industrial temporal\" style=\"background-image: url(&#039;https:\/\/monita.es\/wp-content\/uploads\/CarpasInd2-scaled.jpg&#039;)\">\n\n\t\t\t\n\t\t\t\t\t<\/div>\n\t\t\t\t\t<div class=\"elementor-carousel-image-overlay e-overlay-animation-fade\">\n\t\t\t\t<i class=\"fas fa-search-plus\"><\/i>\t\t\t<\/div>\n\t\t\t<\/a>\t\t\t\t\t\t<\/div>\n\t\t\t\t\t\t\t\t\t\t\t<div class=\"swiper-slide\" role=\"group\" aria-roledescription=\"slide\">\n\t\t\t\t\t\t\t<a href=\"https:\/\/monita.es\/wp-content\/uploads\/CarpasInd1.jpg\" data-elementor-open-lightbox=\"yes\" data-elementor-lightbox-slideshow=\"78463567\" data-elementor-lightbox-title=\"CarpasInd1\" data-e-action-hash=\"#elementor-action%3Aaction%3Dlightbox%26settings%3DeyJpZCI6MTc1MjgsInVybCI6Imh0dHBzOlwvXC9tb25pdGEuZXNcL3dwLWNvbnRlbnRcL3VwbG9hZHNcL0NhcnBhc0luZDEuanBnIiwic2xpZGVzaG93IjoiNzg0NjM1NjcifQ%3D%3D\">\t\t<div class=\"elementor-carousel-image\" role=\"img\" aria-label=\"CarpasInd1\" style=\"background-image: url(&#039;https:\/\/monita.es\/wp-content\/uploads\/CarpasInd1.jpg&#039;)\">\n\n\t\t\t\n\t\t\t\t\t<\/div>\n\t\t\t\t\t<div class=\"elementor-carousel-image-overlay e-overlay-animation-fade\">\n\t\t\t\t<i class=\"fas fa-search-plus\"><\/i>\t\t\t<\/div>\n\t\t\t<\/a>\t\t\t\t\t\t<\/div>\n\t\t\t\t\t\t\t\t\t\t\t<div class=\"swiper-slide\" role=\"group\" aria-roledescription=\"slide\">\n\t\t\t\t\t\t\t<a href=\"https:\/\/monita.es\/wp-content\/uploads\/CarpasInd5-scaled.jpg\" data-elementor-open-lightbox=\"yes\" data-elementor-lightbox-slideshow=\"78463567\" data-elementor-lightbox-title=\"CarpasInd5\" data-e-action-hash=\"#elementor-action%3Aaction%3Dlightbox%26settings%3DeyJpZCI6MTc1MzEsInVybCI6Imh0dHBzOlwvXC9tb25pdGEuZXNcL3dwLWNvbnRlbnRcL3VwbG9hZHNcL0NhcnBhc0luZDUtc2NhbGVkLmpwZyIsInNsaWRlc2hvdyI6Ijc4NDYzNTY3In0%3D\">\t\t<div class=\"elementor-carousel-image\" role=\"img\" aria-label=\"CarpasInd5\" style=\"background-image: url(&#039;https:\/\/monita.es\/wp-content\/uploads\/CarpasInd5-scaled.jpg&#039;)\">\n\n\t\t\t\n\t\t\t\t\t<\/div>\n\t\t\t\t\t<div class=\"elementor-carousel-image-overlay e-overlay-animation-fade\">\n\t\t\t\t<i class=\"fas fa-search-plus\"><\/i>\t\t\t<\/div>\n\t\t\t<\/a>\t\t\t\t\t\t<\/div>\n\t\t\t\t\t\t\t\t\t\t\t<div class=\"swiper-slide\" role=\"group\" aria-roledescription=\"slide\">\n\t\t\t\t\t\t\t<a href=\"https:\/\/monita.es\/wp-content\/uploads\/CarpasInd4.jpeg\" data-elementor-open-lightbox=\"yes\" data-elementor-lightbox-slideshow=\"78463567\" data-elementor-lightbox-title=\"CarpasInd4\" data-e-action-hash=\"#elementor-action%3Aaction%3Dlightbox%26settings%3DeyJpZCI6MTc1MzQsInVybCI6Imh0dHBzOlwvXC9tb25pdGEuZXNcL3dwLWNvbnRlbnRcL3VwbG9hZHNcL0NhcnBhc0luZDQuanBlZyIsInNsaWRlc2hvdyI6Ijc4NDYzNTY3In0%3D\">\t\t<div class=\"elementor-carousel-image\" role=\"img\" aria-label=\"CarpasInd4\" style=\"background-image: url(&#039;https:\/\/monita.es\/wp-content\/uploads\/CarpasInd4.jpeg&#039;)\">\n\n\t\t\t\n\t\t\t\t\t<\/div>\n\t\t\t\t\t<div class=\"elementor-carousel-image-overlay e-overlay-animation-fade\">\n\t\t\t\t<i class=\"fas fa-search-plus\"><\/i>\t\t\t<\/div>\n\t\t\t<\/a>\t\t\t\t\t\t<\/div>\n\t\t\t\t\t\t\t\t\t<\/div>\n\t\t\t\t\t\t\t\t\t\t\t\t\t\t\t\t\t\t\t\t\t<\/div>\n\t\t\t\t<\/div>\n\t\t\t\t\t\t\t\t<\/div>\n\t\t\t\t<\/div>\n\t\t\t\t<div class=\"elementor-element elementor-element-1934c245 elementor-widget elementor-widget-heading\" data-id=\"1934c245\" data-element_type=\"widget\" data-widget_type=\"heading.default\">\n\t\t\t\t<div class=\"elementor-widget-container\">\n\t\t\t\t\t<h2 class=\"elementor-heading-title elementor-size-default\">Industrial Marquee<\/h2>\t\t\t\t<\/div>\n\t\t\t\t<\/div>\n\t\t\t\t\t<\/div>\n\t\t<\/div>\n\t\t\t\t<div class=\"elementor-column elementor-col-25 elementor-inner-column elementor-element elementor-element-661da915\" data-id=\"661da915\" data-element_type=\"column\">\n\t\t\t<div class=\"elementor-widget-wrap elementor-element-populated\">\n\t\t\t\t\t\t<div class=\"elementor-element elementor-element-67267c1 elementor-skin-carousel elementor-widget elementor-widget-media-carousel\" data-id=\"67267c1\" data-element_type=\"widget\" data-settings=\"{&quot;space_between&quot;:{&quot;unit&quot;:&quot;px&quot;,&quot;size&quot;:29,&quot;sizes&quot;:[]},&quot;slides_per_view&quot;:&quot;1&quot;,&quot;skin&quot;:&quot;carousel&quot;,&quot;effect&quot;:&quot;slide&quot;,&quot;speed&quot;:500,&quot;space_between_tablet&quot;:{&quot;unit&quot;:&quot;px&quot;,&quot;size&quot;:10,&quot;sizes&quot;:[]},&quot;space_between_mobile&quot;:{&quot;unit&quot;:&quot;px&quot;,&quot;size&quot;:10,&quot;sizes&quot;:[]}}\" data-widget_type=\"media-carousel.default\">\n\t\t\t\t<div class=\"elementor-widget-container\">\n\t\t\t\t\t\t\t\t\t<div class=\"elementor-swiper\">\n\t\t\t\t\t<div class=\"elementor-main-swiper swiper\" role=\"region\" aria-roledescription=\"carousel\" aria-label=\"Slides\">\n\t\t\t\t<div class=\"swiper-wrapper\">\n\t\t\t\t\t\t\t\t\t\t\t<div class=\"swiper-slide\" role=\"group\" aria-roledescription=\"slide\">\n\t\t\t\t\t\t\t<a href=\"https:\/\/monita.es\/wp-content\/uploads\/Acc5.jpg\" data-elementor-open-lightbox=\"yes\" data-elementor-lightbox-slideshow=\"67267c1\" data-elementor-lightbox-title=\"Acc5\" data-e-action-hash=\"#elementor-action%3Aaction%3Dlightbox%26settings%3DeyJpZCI6MTc1NDYsInVybCI6Imh0dHBzOlwvXC9tb25pdGEuZXNcL3dwLWNvbnRlbnRcL3VwbG9hZHNcL0FjYzUuanBnIiwic2xpZGVzaG93IjoiNjcyNjdjMSJ9\">\t\t<div class=\"elementor-carousel-image\" role=\"img\" aria-label=\"Cerramientos de lona enrollable como accesorios para carpas profesionales en exterior\" style=\"background-image: url(&#039;https:\/\/monita.es\/wp-content\/uploads\/Acc5.jpg&#039;)\">\n\n\t\t\t\n\t\t\t\t\t<\/div>\n\t\t\t\t\t<div class=\"elementor-carousel-image-overlay e-overlay-animation-fade\">\n\t\t\t\t<i class=\"fas fa-search-plus\"><\/i>\t\t\t<\/div>\n\t\t\t<\/a>\t\t\t\t\t\t<\/div>\n\t\t\t\t\t\t\t\t\t\t\t<div class=\"swiper-slide\" role=\"group\" aria-roledescription=\"slide\">\n\t\t\t\t\t\t\t<a href=\"https:\/\/monita.es\/wp-content\/uploads\/Acc1.jpg\" data-elementor-open-lightbox=\"yes\" data-elementor-lightbox-slideshow=\"67267c1\" data-elementor-lightbox-title=\"Acc1\" data-e-action-hash=\"#elementor-action%3Aaction%3Dlightbox%26settings%3DeyJpZCI6MTc1NDMsInVybCI6Imh0dHBzOlwvXC9tb25pdGEuZXNcL3dwLWNvbnRlbnRcL3VwbG9hZHNcL0FjYzEuanBnIiwic2xpZGVzaG93IjoiNjcyNjdjMSJ9\">\t\t<div class=\"elementor-carousel-image\" role=\"img\" aria-label=\"Cerramientos laterales para carpas industriales con paneles modulares\" style=\"background-image: url(&#039;https:\/\/monita.es\/wp-content\/uploads\/Acc1.jpg&#039;)\">\n\n\t\t\t\n\t\t\t\t\t<\/div>\n\t\t\t\t\t<div class=\"elementor-carousel-image-overlay e-overlay-animation-fade\">\n\t\t\t\t<i class=\"fas fa-search-plus\"><\/i>\t\t\t<\/div>\n\t\t\t<\/a>\t\t\t\t\t\t<\/div>\n\t\t\t\t\t\t\t\t\t\t\t<div class=\"swiper-slide\" role=\"group\" aria-roledescription=\"slide\">\n\t\t\t\t\t\t\t<a href=\"https:\/\/monita.es\/wp-content\/uploads\/Acc6-scaled.jpg\" data-elementor-open-lightbox=\"yes\" data-elementor-lightbox-slideshow=\"67267c1\" data-elementor-lightbox-title=\"Acc6\" data-e-action-hash=\"#elementor-action%3Aaction%3Dlightbox%26settings%3DeyJpZCI6MTc1NDksInVybCI6Imh0dHBzOlwvXC9tb25pdGEuZXNcL3dwLWNvbnRlbnRcL3VwbG9hZHNcL0FjYzYtc2NhbGVkLmpwZyIsInNsaWRlc2hvdyI6IjY3MjY3YzEifQ%3D%3D\">\t\t<div class=\"elementor-carousel-image\" role=\"img\" aria-label=\"Detalle de estructura y perfil de anclaje en carpas modulares industriales\" style=\"background-image: url(&#039;https:\/\/monita.es\/wp-content\/uploads\/Acc6-scaled.jpg&#039;)\">\n\n\t\t\t\n\t\t\t\t\t<\/div>\n\t\t\t\t\t<div class=\"elementor-carousel-image-overlay e-overlay-animation-fade\">\n\t\t\t\t<i class=\"fas fa-search-plus\"><\/i>\t\t\t<\/div>\n\t\t\t<\/a>\t\t\t\t\t\t<\/div>\n\t\t\t\t\t\t\t\t\t\t\t<div class=\"swiper-slide\" role=\"group\" aria-roledescription=\"slide\">\n\t\t\t\t\t\t\t<a href=\"https:\/\/monita.es\/wp-content\/uploads\/Acc7.jpg\" data-elementor-open-lightbox=\"yes\" data-elementor-lightbox-slideshow=\"67267c1\" data-elementor-lightbox-title=\"Acc7\" data-e-action-hash=\"#elementor-action%3Aaction%3Dlightbox%26settings%3DeyJpZCI6MTc1NTIsInVybCI6Imh0dHBzOlwvXC9tb25pdGEuZXNcL3dwLWNvbnRlbnRcL3VwbG9hZHNcL0FjYzcuanBnIiwic2xpZGVzaG93IjoiNjcyNjdjMSJ9\">\t\t<div class=\"elementor-carousel-image\" role=\"img\" aria-label=\"Paneles modulares como cerramientos interiores para carpas industriales\" style=\"background-image: url(&#039;https:\/\/monita.es\/wp-content\/uploads\/Acc7.jpg&#039;)\">\n\n\t\t\t\n\t\t\t\t\t<\/div>\n\t\t\t\t\t<div class=\"elementor-carousel-image-overlay e-overlay-animation-fade\">\n\t\t\t\t<i class=\"fas fa-search-plus\"><\/i>\t\t\t<\/div>\n\t\t\t<\/a>\t\t\t\t\t\t<\/div>\n\t\t\t\t\t\t\t\t\t\t\t<div class=\"swiper-slide\" role=\"group\" aria-roledescription=\"slide\">\n\t\t\t\t\t\t\t<a href=\"https:\/\/monita.es\/wp-content\/uploads\/Acc8.jpg\" data-elementor-open-lightbox=\"yes\" data-elementor-lightbox-slideshow=\"67267c1\" data-elementor-lightbox-title=\"Acc8\" data-e-action-hash=\"#elementor-action%3Aaction%3Dlightbox%26settings%3DeyJpZCI6MTc1NTUsInVybCI6Imh0dHBzOlwvXC9tb25pdGEuZXNcL3dwLWNvbnRlbnRcL3VwbG9hZHNcL0FjYzguanBnIiwic2xpZGVzaG93IjoiNjcyNjdjMSJ9\">\t\t<div class=\"elementor-carousel-image\" role=\"img\" aria-label=\"Rampa de acceso con tarima modular como accesorio para carpas de eventos\" style=\"background-image: url(&#039;https:\/\/monita.es\/wp-content\/uploads\/Acc8.jpg&#039;)\">\n\n\t\t\t\n\t\t\t\t\t<\/div>\n\t\t\t\t\t<div class=\"elementor-carousel-image-overlay e-overlay-animation-fade\">\n\t\t\t\t<i class=\"fas fa-search-plus\"><\/i>\t\t\t<\/div>\n\t\t\t<\/a>\t\t\t\t\t\t<\/div>\n\t\t\t\t\t\t\t\t\t\t\t<div class=\"swiper-slide\" role=\"group\" aria-roledescription=\"slide\">\n\t\t\t\t\t\t\t<a href=\"https:\/\/monita.es\/wp-content\/uploads\/Acc9.jpg\" data-elementor-open-lightbox=\"yes\" data-elementor-lightbox-slideshow=\"67267c1\" data-elementor-lightbox-title=\"Acc9\" data-e-action-hash=\"#elementor-action%3Aaction%3Dlightbox%26settings%3DeyJpZCI6MTc1NTgsInVybCI6Imh0dHBzOlwvXC9tb25pdGEuZXNcL3dwLWNvbnRlbnRcL3VwbG9hZHNcL0FjYzkuanBnIiwic2xpZGVzaG93IjoiNjcyNjdjMSJ9\">\t\t<div class=\"elementor-carousel-image\" role=\"img\" aria-label=\"Tarima interior instalada como equipamiento para carpas profesionales de eventos\" style=\"background-image: url(&#039;https:\/\/monita.es\/wp-content\/uploads\/Acc9.jpg&#039;)\">\n\n\t\t\t\n\t\t\t\t\t<\/div>\n\t\t\t\t\t<div class=\"elementor-carousel-image-overlay e-overlay-animation-fade\">\n\t\t\t\t<i class=\"fas fa-search-plus\"><\/i>\t\t\t<\/div>\n\t\t\t<\/a>\t\t\t\t\t\t<\/div>\n\t\t\t\t\t\t\t\t\t\t\t<div class=\"swiper-slide\" role=\"group\" aria-roledescription=\"slide\">\n\t\t\t\t\t\t\t<a href=\"https:\/\/monita.es\/wp-content\/uploads\/Acc10.jpg\" data-elementor-open-lightbox=\"yes\" data-elementor-lightbox-slideshow=\"67267c1\" data-elementor-lightbox-title=\"Acc10\" data-e-action-hash=\"#elementor-action%3Aaction%3Dlightbox%26settings%3DeyJpZCI6MTc1NjEsInVybCI6Imh0dHBzOlwvXC9tb25pdGEuZXNcL3dwLWNvbnRlbnRcL3VwbG9hZHNcL0FjYzEwLmpwZyIsInNsaWRlc2hvdyI6IjY3MjY3YzEifQ%3D%3D\">\t\t<div class=\"elementor-carousel-image\" role=\"img\" aria-label=\"Escenario y equipamiento interior como accesorios para carpas profesionales de eventos\" style=\"background-image: url(&#039;https:\/\/monita.es\/wp-content\/uploads\/Acc10.jpg&#039;)\">\n\n\t\t\t\n\t\t\t\t\t<\/div>\n\t\t\t\t\t<div class=\"elementor-carousel-image-overlay e-overlay-animation-fade\">\n\t\t\t\t<i class=\"fas fa-search-plus\"><\/i>\t\t\t<\/div>\n\t\t\t<\/a>\t\t\t\t\t\t<\/div>\n\t\t\t\t\t\t\t\t\t\t\t<div class=\"swiper-slide\" role=\"group\" aria-roledescription=\"slide\">\n\t\t\t\t\t\t\t<a href=\"https:\/\/monita.es\/wp-content\/uploads\/Acc3.jpg\" data-elementor-open-lightbox=\"yes\" data-elementor-lightbox-slideshow=\"67267c1\" data-elementor-lightbox-title=\"Acc3\" data-e-action-hash=\"#elementor-action%3Aaction%3Dlightbox%26settings%3DeyJpZCI6MTc1NjQsInVybCI6Imh0dHBzOlwvXC9tb25pdGEuZXNcL3dwLWNvbnRlbnRcL3VwbG9hZHNcL0FjYzMuanBnIiwic2xpZGVzaG93IjoiNjcyNjdjMSJ9\">\t\t<div class=\"elementor-carousel-image\" role=\"img\" aria-label=\"Sistema de climatizaci\u00f3n de carpas industriales con equipos de ventilaci\u00f3n instalados en estructura\" style=\"background-image: url(&#039;https:\/\/monita.es\/wp-content\/uploads\/Acc3.jpg&#039;)\">\n\n\t\t\t\n\t\t\t\t\t<\/div>\n\t\t\t\t\t<div class=\"elementor-carousel-image-overlay e-overlay-animation-fade\">\n\t\t\t\t<i class=\"fas fa-search-plus\"><\/i>\t\t\t<\/div>\n\t\t\t<\/a>\t\t\t\t\t\t<\/div>\n\t\t\t\t\t\t\t\t\t\t\t<div class=\"swiper-slide\" role=\"group\" aria-roledescription=\"slide\">\n\t\t\t\t\t\t\t<a href=\"https:\/\/monita.es\/wp-content\/uploads\/P1010099-2.jpg\" data-elementor-open-lightbox=\"yes\" data-elementor-lightbox-slideshow=\"67267c1\" data-elementor-lightbox-title=\"OLYMPUS DIGITAL CAMERA\" data-e-action-hash=\"#elementor-action%3Aaction%3Dlightbox%26settings%3DeyJpZCI6MTk5MTUsInVybCI6Imh0dHBzOlwvXC9tb25pdGEuZXNcL3dwLWNvbnRlbnRcL3VwbG9hZHNcL1AxMDEwMDk5LTIuanBnIiwic2xpZGVzaG93IjoiNjcyNjdjMSJ9\">\t\t<div class=\"elementor-carousel-image\" role=\"img\" aria-label=\"OLYMPUS DIGITAL CAMERA\" style=\"background-image: url(&#039;https:\/\/monita.es\/wp-content\/uploads\/P1010099-2.jpg&#039;)\">\n\n\t\t\t\n\t\t\t\t\t<\/div>\n\t\t\t\t\t<div class=\"elementor-carousel-image-overlay e-overlay-animation-fade\">\n\t\t\t\t<i class=\"fas fa-search-plus\"><\/i>\t\t\t<\/div>\n\t\t\t<\/a>\t\t\t\t\t\t<\/div>\n\t\t\t\t\t\t\t\t\t\t\t<div class=\"swiper-slide\" role=\"group\" aria-roledescription=\"slide\">\n\t\t\t\t\t\t\t<a href=\"https:\/\/monita.es\/wp-content\/uploads\/P1030769-2-scaled.jpg\" data-elementor-open-lightbox=\"yes\" data-elementor-lightbox-slideshow=\"67267c1\" data-elementor-lightbox-title=\"P1030769 (2)\" data-e-action-hash=\"#elementor-action%3Aaction%3Dlightbox%26settings%3DeyJpZCI6MTk5MTgsInVybCI6Imh0dHBzOlwvXC9tb25pdGEuZXNcL3dwLWNvbnRlbnRcL3VwbG9hZHNcL1AxMDMwNzY5LTItc2NhbGVkLmpwZyIsInNsaWRlc2hvdyI6IjY3MjY3YzEifQ%3D%3D\">\t\t<div class=\"elementor-carousel-image\" role=\"img\" aria-label=\"P1030769 (2)\" style=\"background-image: url(&#039;https:\/\/monita.es\/wp-content\/uploads\/P1030769-2-scaled.jpg&#039;)\">\n\n\t\t\t\n\t\t\t\t\t<\/div>\n\t\t\t\t\t<div class=\"elementor-carousel-image-overlay e-overlay-animation-fade\">\n\t\t\t\t<i class=\"fas fa-search-plus\"><\/i>\t\t\t<\/div>\n\t\t\t<\/a>\t\t\t\t\t\t<\/div>\n\t\t\t\t\t\t\t\t\t\t\t<div class=\"swiper-slide\" role=\"group\" aria-roledescription=\"slide\">\n\t\t\t\t\t\t\t<a href=\"https:\/\/monita.es\/wp-content\/uploads\/IMG-20150301-WA0006-2.jpg\" data-elementor-open-lightbox=\"yes\" data-elementor-lightbox-slideshow=\"67267c1\" data-elementor-lightbox-title=\"IMG-20150301-WA0006 (2)\" data-e-action-hash=\"#elementor-action%3Aaction%3Dlightbox%26settings%3DeyJpZCI6MTk5MjEsInVybCI6Imh0dHBzOlwvXC9tb25pdGEuZXNcL3dwLWNvbnRlbnRcL3VwbG9hZHNcL0lNRy0yMDE1MDMwMS1XQTAwMDYtMi5qcGciLCJzbGlkZXNob3ciOiI2NzI2N2MxIn0%3D\">\t\t<div class=\"elementor-carousel-image\" role=\"img\" aria-label=\"IMG-20150301-WA0006 (2)\" style=\"background-image: url(&#039;https:\/\/monita.es\/wp-content\/uploads\/IMG-20150301-WA0006-2.jpg&#039;)\">\n\n\t\t\t\n\t\t\t\t\t<\/div>\n\t\t\t\t\t<div class=\"elementor-carousel-image-overlay e-overlay-animation-fade\">\n\t\t\t\t<i class=\"fas fa-search-plus\"><\/i>\t\t\t<\/div>\n\t\t\t<\/a>\t\t\t\t\t\t<\/div>\n\t\t\t\t\t\t\t\t\t\t\t<div class=\"swiper-slide\" role=\"group\" aria-roledescription=\"slide\">\n\t\t\t\t\t\t\t<a href=\"https:\/\/monita.es\/wp-content\/uploads\/Fuente_el_Saz_25-1.jpg\" data-elementor-open-lightbox=\"yes\" data-elementor-lightbox-slideshow=\"67267c1\" data-elementor-lightbox-title=\"Fuente_el_Saz_25 (1)\" data-e-action-hash=\"#elementor-action%3Aaction%3Dlightbox%26settings%3DeyJpZCI6MTk5MjQsInVybCI6Imh0dHBzOlwvXC9tb25pdGEuZXNcL3dwLWNvbnRlbnRcL3VwbG9hZHNcL0Z1ZW50ZV9lbF9TYXpfMjUtMS5qcGciLCJzbGlkZXNob3ciOiI2NzI2N2MxIn0%3D\">\t\t<div class=\"elementor-carousel-image\" role=\"img\" aria-label=\"Fuente_el_Saz_25 (1)\" style=\"background-image: url(&#039;https:\/\/monita.es\/wp-content\/uploads\/Fuente_el_Saz_25-1.jpg&#039;)\">\n\n\t\t\t\n\t\t\t\t\t<\/div>\n\t\t\t\t\t<div class=\"elementor-carousel-image-overlay e-overlay-animation-fade\">\n\t\t\t\t<i class=\"fas fa-search-plus\"><\/i>\t\t\t<\/div>\n\t\t\t<\/a>\t\t\t\t\t\t<\/div>\n\t\t\t\t\t\t\t\t\t\t\t<div class=\"swiper-slide\" role=\"group\" aria-roledescription=\"slide\">\n\t\t\t\t\t\t\t<a href=\"https:\/\/monita.es\/wp-content\/uploads\/20221104_165309-1-scaled.jpg\" data-elementor-open-lightbox=\"yes\" data-elementor-lightbox-slideshow=\"67267c1\" data-elementor-lightbox-title=\"20221104_165309 (1)\" data-e-action-hash=\"#elementor-action%3Aaction%3Dlightbox%26settings%3DeyJpZCI6MTk5MjcsInVybCI6Imh0dHBzOlwvXC9tb25pdGEuZXNcL3dwLWNvbnRlbnRcL3VwbG9hZHNcLzIwMjIxMTA0XzE2NTMwOS0xLXNjYWxlZC5qcGciLCJzbGlkZXNob3ciOiI2NzI2N2MxIn0%3D\">\t\t<div class=\"elementor-carousel-image\" role=\"img\" aria-label=\"20221104_165309 (1)\" style=\"background-image: url(&#039;https:\/\/monita.es\/wp-content\/uploads\/20221104_165309-1-scaled.jpg&#039;)\">\n\n\t\t\t\n\t\t\t\t\t<\/div>\n\t\t\t\t\t<div class=\"elementor-carousel-image-overlay e-overlay-animation-fade\">\n\t\t\t\t<i class=\"fas fa-search-plus\"><\/i>\t\t\t<\/div>\n\t\t\t<\/a>\t\t\t\t\t\t<\/div>\n\t\t\t\t\t\t\t\t\t\t\t<div class=\"swiper-slide\" role=\"group\" aria-roledescription=\"slide\">\n\t\t\t\t\t\t\t<a href=\"https:\/\/monita.es\/wp-content\/uploads\/2014-01-23-15.03.17-1.jpg\" data-elementor-open-lightbox=\"yes\" data-elementor-lightbox-slideshow=\"67267c1\" data-elementor-lightbox-title=\"2014-01-23 15.03.17 (1)\" data-e-action-hash=\"#elementor-action%3Aaction%3Dlightbox%26settings%3DeyJpZCI6MTk5MzAsInVybCI6Imh0dHBzOlwvXC9tb25pdGEuZXNcL3dwLWNvbnRlbnRcL3VwbG9hZHNcLzIwMTQtMDEtMjMtMTUuMDMuMTctMS5qcGciLCJzbGlkZXNob3ciOiI2NzI2N2MxIn0%3D\">\t\t<div class=\"elementor-carousel-image\" role=\"img\" aria-label=\"2014-01-23 15.03.17 (1)\" style=\"background-image: url(&#039;https:\/\/monita.es\/wp-content\/uploads\/2014-01-23-15.03.17-1.jpg&#039;)\">\n\n\t\t\t\n\t\t\t\t\t<\/div>\n\t\t\t\t\t<div class=\"elementor-carousel-image-overlay e-overlay-animation-fade\">\n\t\t\t\t<i class=\"fas fa-search-plus\"><\/i>\t\t\t<\/div>\n\t\t\t<\/a>\t\t\t\t\t\t<\/div>\n\t\t\t\t\t\t\t\t\t\t\t<div class=\"swiper-slide\" role=\"group\" aria-roledescription=\"slide\">\n\t\t\t\t\t\t\t<a href=\"https:\/\/monita.es\/wp-content\/uploads\/WhatsApp-Image-2021-07-01-at-15.40.04-41-2.jpeg\" data-elementor-open-lightbox=\"yes\" data-elementor-lightbox-slideshow=\"67267c1\" data-elementor-lightbox-title=\"WhatsApp Image 2021-07-01 at 15.40.04 (4)(1) (2)\" data-e-action-hash=\"#elementor-action%3Aaction%3Dlightbox%26settings%3DeyJpZCI6MTk5MzYsInVybCI6Imh0dHBzOlwvXC9tb25pdGEuZXNcL3dwLWNvbnRlbnRcL3VwbG9hZHNcL1doYXRzQXBwLUltYWdlLTIwMjEtMDctMDEtYXQtMTUuNDAuMDQtNDEtMi5qcGVnIiwic2xpZGVzaG93IjoiNjcyNjdjMSJ9\">\t\t<div class=\"elementor-carousel-image\" role=\"img\" aria-label=\"WhatsApp Image 2021-07-01 at 15.40.04 (4)(1) (2)\" style=\"background-image: url(&#039;https:\/\/monita.es\/wp-content\/uploads\/WhatsApp-Image-2021-07-01-at-15.40.04-41-2.jpeg&#039;)\">\n\n\t\t\t\n\t\t\t\t\t<\/div>\n\t\t\t\t\t<div class=\"elementor-carousel-image-overlay e-overlay-animation-fade\">\n\t\t\t\t<i class=\"fas fa-search-plus\"><\/i>\t\t\t<\/div>\n\t\t\t<\/a>\t\t\t\t\t\t<\/div>\n\t\t\t\t\t\t\t\t\t<\/div>\n\t\t\t\t\t\t\t\t\t\t\t\t\t\t\t\t\t\t\t\t\t<\/div>\n\t\t\t\t<\/div>\n\t\t\t\t\t\t\t\t<\/div>\n\t\t\t\t<\/div>\n\t\t\t\t<div class=\"elementor-element elementor-element-3ad80b07 elementor-widget elementor-widget-heading\" data-id=\"3ad80b07\" data-element_type=\"widget\" data-widget_type=\"heading.default\">\n\t\t\t\t<div class=\"elementor-widget-container\">\n\t\t\t\t\t<h2 class=\"elementor-heading-title elementor-size-default\">Accessories for Marquees<\/h2>\t\t\t\t<\/div>\n\t\t\t\t<\/div>\n\t\t\t\t\t<\/div>\n\t\t<\/div>\n\t\t\t\t<div class=\"elementor-column elementor-col-25 elementor-inner-column elementor-element elementor-element-8413960\" data-id=\"8413960\" data-element_type=\"column\">\n\t\t\t<div class=\"elementor-widget-wrap elementor-element-populated\">\n\t\t\t\t\t\t<div class=\"elementor-element elementor-element-6e90f652 elementor-skin-carousel elementor-widget elementor-widget-media-carousel\" data-id=\"6e90f652\" data-element_type=\"widget\" data-settings=\"{&quot;space_between&quot;:{&quot;unit&quot;:&quot;px&quot;,&quot;size&quot;:29,&quot;sizes&quot;:[]},&quot;slides_per_view&quot;:&quot;1&quot;,&quot;skin&quot;:&quot;carousel&quot;,&quot;effect&quot;:&quot;slide&quot;,&quot;speed&quot;:500,&quot;space_between_tablet&quot;:{&quot;unit&quot;:&quot;px&quot;,&quot;size&quot;:10,&quot;sizes&quot;:[]},&quot;space_between_mobile&quot;:{&quot;unit&quot;:&quot;px&quot;,&quot;size&quot;:10,&quot;sizes&quot;:[]}}\" data-widget_type=\"media-carousel.default\">\n\t\t\t\t<div class=\"elementor-widget-container\">\n\t\t\t\t\t\t\t\t\t<div class=\"elementor-swiper\">\n\t\t\t\t\t<div class=\"elementor-main-swiper swiper\" role=\"region\" aria-roledescription=\"carousel\" aria-label=\"Slides\">\n\t\t\t\t<div class=\"swiper-wrapper\">\n\t\t\t\t\t\t\t\t\t\t\t<div class=\"swiper-slide\" role=\"group\" aria-roledescription=\"slide\">\n\t\t\t\t\t\t\t<a href=\"https:\/\/monita.es\/wp-content\/uploads\/Rot2-scaled.jpg\" data-elementor-open-lightbox=\"yes\" data-elementor-lightbox-slideshow=\"6e90f652\" data-elementor-lightbox-title=\"Rot2\" data-elementor-lightbox-description=\"Carpa para eventos fabricada por Mo\u00f1ita, instalada en un evento deportivo al aire libre como espacio promocional. Soluci\u00f3n ideal para acciones de marca, eventos patrocinados y actividades deportivas que requieren visibilidad, resistencia y montaje en entornos abiertos.\" data-e-action-hash=\"#elementor-action%3Aaction%3Dlightbox%26settings%3DeyJpZCI6MTc1NzYsInVybCI6Imh0dHBzOlwvXC9tb25pdGEuZXNcL3dwLWNvbnRlbnRcL3VwbG9hZHNcL1JvdDItc2NhbGVkLmpwZyIsInNsaWRlc2hvdyI6IjZlOTBmNjUyIn0%3D\">\t\t<div class=\"elementor-carousel-image\" role=\"img\" aria-label=\"Carpa para eventos promocionales instalada en evento deportivo al aire libre\" style=\"background-image: url(&#039;https:\/\/monita.es\/wp-content\/uploads\/Rot2-scaled.jpg&#039;)\">\n\n\t\t\t\n\t\t\t\t\t<\/div>\n\t\t\t\t\t<div class=\"elementor-carousel-image-overlay e-overlay-animation-fade\">\n\t\t\t\t<i class=\"fas fa-search-plus\"><\/i>\t\t\t<\/div>\n\t\t\t<\/a>\t\t\t\t\t\t<\/div>\n\t\t\t\t\t\t\t\t\t\t\t<div class=\"swiper-slide\" role=\"group\" aria-roledescription=\"slide\">\n\t\t\t\t\t\t\t<a href=\"https:\/\/monita.es\/wp-content\/uploads\/Rot1-scaled.jpg\" data-elementor-open-lightbox=\"yes\" data-elementor-lightbox-slideshow=\"6e90f652\" data-elementor-lightbox-title=\"Rot1\" data-elementor-lightbox-description=\"Proyecto de carpas personalizadas con rotulaci\u00f3n exterior, dise\u00f1adas para eventos y acciones de branding en espacios abiertos.\" data-e-action-hash=\"#elementor-action%3Aaction%3Dlightbox%26settings%3DeyJpZCI6MTc1NzMsInVybCI6Imh0dHBzOlwvXC9tb25pdGEuZXNcL3dwLWNvbnRlbnRcL3VwbG9hZHNcL1JvdDEtc2NhbGVkLmpwZyIsInNsaWRlc2hvdyI6IjZlOTBmNjUyIn0%3D\">\t\t<div class=\"elementor-carousel-image\" role=\"img\" aria-label=\"Carpas personalizadas rotuladas para eventos en exterior con dise\u00f1o publicitario\" style=\"background-image: url(&#039;https:\/\/monita.es\/wp-content\/uploads\/Rot1-scaled.jpg&#039;)\">\n\n\t\t\t\n\t\t\t\t\t<\/div>\n\t\t\t\t\t<div class=\"elementor-carousel-image-overlay e-overlay-animation-fade\">\n\t\t\t\t<i class=\"fas fa-search-plus\"><\/i>\t\t\t<\/div>\n\t\t\t<\/a>\t\t\t\t\t\t<\/div>\n\t\t\t\t\t\t\t\t\t\t\t<div class=\"swiper-slide\" role=\"group\" aria-roledescription=\"slide\">\n\t\t\t\t\t\t\t<a href=\"https:\/\/monita.es\/wp-content\/uploads\/Rot3-scaled.jpg\" data-elementor-open-lightbox=\"yes\" data-elementor-lightbox-slideshow=\"6e90f652\" data-elementor-lightbox-title=\"Rot3\" data-elementor-lightbox-description=\"Ejemplo de rotulaci\u00f3n de carpas para eventos corporativos, con impresi\u00f3n de gran formato y dise\u00f1o personalizado orientado a visibilidad de marca.\" data-e-action-hash=\"#elementor-action%3Aaction%3Dlightbox%26settings%3DeyJpZCI6MTc1NzksInVybCI6Imh0dHBzOlwvXC9tb25pdGEuZXNcL3dwLWNvbnRlbnRcL3VwbG9hZHNcL1JvdDMtc2NhbGVkLmpwZyIsInNsaWRlc2hvdyI6IjZlOTBmNjUyIn0%3D\">\t\t<div class=\"elementor-carousel-image\" role=\"img\" aria-label=\"Rotulaci\u00f3n de carpas para evento corporativo con dise\u00f1o publicitario personalizado\" style=\"background-image: url(&#039;https:\/\/monita.es\/wp-content\/uploads\/Rot3-scaled.jpg&#039;)\">\n\n\t\t\t\n\t\t\t\t\t<\/div>\n\t\t\t\t\t<div class=\"elementor-carousel-image-overlay e-overlay-animation-fade\">\n\t\t\t\t<i class=\"fas fa-search-plus\"><\/i>\t\t\t<\/div>\n\t\t\t<\/a>\t\t\t\t\t\t<\/div>\n\t\t\t\t\t\t\t\t\t\t\t<div class=\"swiper-slide\" role=\"group\" aria-roledescription=\"slide\">\n\t\t\t\t\t\t\t<a href=\"https:\/\/monita.es\/wp-content\/uploads\/Rot5-scaled.jpg\" data-elementor-open-lightbox=\"yes\" data-elementor-lightbox-slideshow=\"6e90f652\" data-elementor-lightbox-title=\"Rot5\" data-elementor-lightbox-description=\"Ejemplo de rotulaci\u00f3n de carpas con dise\u00f1o personalizado e impresi\u00f3n de logotipo sobre lona, ideal para eventos, ferias y acciones de branding.\" data-e-action-hash=\"#elementor-action%3Aaction%3Dlightbox%26settings%3DeyJpZCI6MTc1ODUsInVybCI6Imh0dHBzOlwvXC9tb25pdGEuZXNcL3dwLWNvbnRlbnRcL3VwbG9hZHNcL1JvdDUtc2NhbGVkLmpwZyIsInNsaWRlc2hvdyI6IjZlOTBmNjUyIn0%3D\">\t\t<div class=\"elementor-carousel-image\" role=\"img\" aria-label=\"Rotulaci\u00f3n de carpas personalizadas con impresi\u00f3n de logotipo para eventos y empresas\" style=\"background-image: url(&#039;https:\/\/monita.es\/wp-content\/uploads\/Rot5-scaled.jpg&#039;)\">\n\n\t\t\t\n\t\t\t\t\t<\/div>\n\t\t\t\t\t<div class=\"elementor-carousel-image-overlay e-overlay-animation-fade\">\n\t\t\t\t<i class=\"fas fa-search-plus\"><\/i>\t\t\t<\/div>\n\t\t\t<\/a>\t\t\t\t\t\t<\/div>\n\t\t\t\t\t\t\t\t\t\t\t<div class=\"swiper-slide\" role=\"group\" aria-roledescription=\"slide\">\n\t\t\t\t\t\t\t<a href=\"https:\/\/monita.es\/wp-content\/uploads\/Rot4.jpg\" data-elementor-open-lightbox=\"yes\" data-elementor-lightbox-slideshow=\"6e90f652\" data-elementor-lightbox-title=\"Rot4\" data-elementor-lightbox-description=\"Proyecto de rotulaci\u00f3n interior de carpas para eventos, con dise\u00f1o gr\u00e1fico, ambientaci\u00f3n y personalizaci\u00f3n completa del espacio para reforzar la experiencia de marca.\" data-e-action-hash=\"#elementor-action%3Aaction%3Dlightbox%26settings%3DeyJpZCI6MTc1ODgsInVybCI6Imh0dHBzOlwvXC9tb25pdGEuZXNcL3dwLWNvbnRlbnRcL3VwbG9hZHNcL1JvdDQuanBnIiwic2xpZGVzaG93IjoiNmU5MGY2NTIifQ%3D%3D\">\t\t<div class=\"elementor-carousel-image\" role=\"img\" aria-label=\"Rotulaci\u00f3n interior de carpas para eventos corporativos con branding y dise\u00f1o personalizado\" style=\"background-image: url(&#039;https:\/\/monita.es\/wp-content\/uploads\/Rot4.jpg&#039;)\">\n\n\t\t\t\n\t\t\t\t\t<\/div>\n\t\t\t\t\t<div class=\"elementor-carousel-image-overlay e-overlay-animation-fade\">\n\t\t\t\t<i class=\"fas fa-search-plus\"><\/i>\t\t\t<\/div>\n\t\t\t<\/a>\t\t\t\t\t\t<\/div>\n\t\t\t\t\t\t\t\t\t\t\t<div class=\"swiper-slide\" role=\"group\" aria-roledescription=\"slide\">\n\t\t\t\t\t\t\t<a href=\"https:\/\/monita.es\/wp-content\/uploads\/JaimasCarpas.jpg\" data-elementor-open-lightbox=\"yes\" data-elementor-lightbox-slideshow=\"6e90f652\" data-elementor-lightbox-title=\"JaimasCarpas\" data-elementor-lightbox-description=\"Alquiler y venta de jaimas y carpas para eventos en toda Espa\u00f1a. Estructuras modulares certificadas con montaje profesional y asesoramiento t\u00e9cnico.\" data-e-action-hash=\"#elementor-action%3Aaction%3Dlightbox%26settings%3DeyJpZCI6MTczMDEsInVybCI6Imh0dHBzOlwvXC9tb25pdGEuZXNcL3dwLWNvbnRlbnRcL3VwbG9hZHNcL0phaW1hc0NhcnBhcy5qcGciLCJzbGlkZXNob3ciOiI2ZTkwZjY1MiJ9\">\t\t<div class=\"elementor-carousel-image\" role=\"img\" aria-label=\"Jaimas y carpas para eventos al aire libre instaladas por Mo\u00f1ita\" style=\"background-image: url(&#039;https:\/\/monita.es\/wp-content\/uploads\/JaimasCarpas.jpg&#039;)\">\n\n\t\t\t\n\t\t\t\t\t<\/div>\n\t\t\t\t\t<div class=\"elementor-carousel-image-overlay e-overlay-animation-fade\">\n\t\t\t\t<i class=\"fas fa-search-plus\"><\/i>\t\t\t<\/div>\n\t\t\t<\/a>\t\t\t\t\t\t<\/div>\n\t\t\t\t\t\t\t\t\t<\/div>\n\t\t\t\t\t\t\t\t\t\t\t\t\t\t\t\t\t\t\t\t\t<\/div>\n\t\t\t\t<\/div>\n\t\t\t\t\t\t\t\t<\/div>\n\t\t\t\t<\/div>\n\t\t\t\t<div class=\"elementor-element elementor-element-4ff356b9 elementor-widget elementor-widget-heading\" data-id=\"4ff356b9\" data-element_type=\"widget\" data-widget_type=\"heading.default\">\n\t\t\t\t<div class=\"elementor-widget-container\">\n\t\t\t\t\t<h2 class=\"elementor-heading-title elementor-size-default\">Graphic Printing of Marquees<\/h2>\t\t\t\t<\/div>\n\t\t\t\t<\/div>\n\t\t\t\t\t<\/div>\n\t\t<\/div>\n\t\t\t\t\t<\/div>\n\t\t<\/section>\n\t\t\t\t<section class=\"elementor-section elementor-top-section elementor-element elementor-element-2a10cf43 elementor-section-height-min-height elementor-section-items-top elementor-section-boxed elementor-section-height-default\" data-id=\"2a10cf43\" data-element_type=\"section\" data-settings=\"{&quot;background_background&quot;:&quot;classic&quot;}\">\n\t\t\t\t\t\t\t<div class=\"elementor-background-overlay\"><\/div>\n\t\t\t\t\t\t\t<div class=\"elementor-container elementor-column-gap-no\">\n\t\t\t\t\t<div class=\"elementor-column elementor-col-100 elementor-top-column elementor-element elementor-element-298f1b32\" data-id=\"298f1b32\" data-element_type=\"column\">\n\t\t\t<div class=\"elementor-widget-wrap elementor-element-populated\">\n\t\t\t\t\t\t<div class=\"elementor-element elementor-element-53eab029 elementor-widget elementor-widget-heading\" data-id=\"53eab029\" data-element_type=\"widget\" data-widget_type=\"heading.default\">\n\t\t\t\t<div class=\"elementor-widget-container\">\n\t\t\t\t\t<h2 class=\"elementor-heading-title elementor-size-default\">Contact Us<\/h2>\t\t\t\t<\/div>\n\t\t\t\t<\/div>\n\t\t\t\t<div class=\"elementor-element elementor-element-42da5641 elementor-widget__width-initial elementor-widget elementor-widget-text-editor\" data-id=\"42da5641\" data-element_type=\"widget\" data-widget_type=\"text-editor.default\">\n\t\t\t\t<div class=\"elementor-widget-container\">\n\t\t\t\t\t\t\t\t\t<p><span style=\"font-weight: 400;\">Contact Us Our specialists will be able to advise you to propose the best solution for your project. We have more than 80 years of experience in the manufacture of tarpaulins, awnings, marquees and textile architecture. <\/span><\/p>\n\t\t\t\t\t\t\t\t<\/div>\n\t\t\t\t<\/div>\n\t\t\t\t<div class=\"elementor-element elementor-element-68bd4e24 elementor-mobile-align-center elementor-widget elementor-widget-button\" data-id=\"68bd4e24\" data-element_type=\"widget\" data-widget_type=\"button.default\">\n\t\t\t\t<div class=\"elementor-widget-container\">\n\t\t\t\t\t\t\t\t\t<div class=\"elementor-button-wrapper\">\n\t\t\t\t\t<a class=\"elementor-button elementor-button-link elementor-size-sm\" href=\"https:\/\/monita.es\/contacto-ubicacion\/\">\n\t\t\t\t\t\t<span class=\"elementor-button-content-wrapper\">\n\t\t\t\t\t\t<span class=\"elementor-button-icon\">\n\t\t\t\t<svg xmlns=\"http:\/\/www.w3.org\/2000\/svg\" id=\"e7693ca5-bf76-42df-999c-dbc3066cda9e\" data-name=\"Layer 1\" width=\"21.3525\" height=\"10.7197\" viewBox=\"0 0 21.3525 10.7197\"><polygon points=\"21 5.229 21.343 4.865 16.165 0 15.479 0.729 19.737 4.729 0 4.729 0 5.729 19.786 5.729 15.47 10.009 16.175 10.72 21.353 5.584 21 5.229\"><\/polygon><\/svg>\t\t\t<\/span>\n\t\t\t\t\t\t\t\t\t<span class=\"elementor-button-text\">Request a quote<\/span>\n\t\t\t\t\t<\/span>\n\t\t\t\t\t<\/a>\n\t\t\t\t<\/div>\n\t\t\t\t\t\t\t\t<\/div>\n\t\t\t\t<\/div>\n\t\t\t\t\t<\/div>\n\t\t<\/div>\n\t\t\t\t\t<\/div>\n\t\t<\/section>\n\t\t\t\t<section class=\"elementor-section elementor-top-section elementor-element elementor-element-1c29967b elementor-section-content-top elementor-section-boxed elementor-section-height-default elementor-section-height-default\" data-id=\"1c29967b\" data-element_type=\"section\">\n\t\t\t\t\t\t<div class=\"elementor-container elementor-column-gap-no\">\n\t\t\t\t\t<div class=\"elementor-column elementor-col-33 elementor-top-column elementor-element elementor-element-230d58af\" data-id=\"230d58af\" data-element_type=\"column\">\n\t\t\t<div class=\"elementor-widget-wrap elementor-element-populated\">\n\t\t\t\t\t\t<div class=\"elementor-element elementor-element-1b91eff1 elementor-widget elementor-widget-heading\" data-id=\"1b91eff1\" data-element_type=\"widget\" data-widget_type=\"heading.default\">\n\t\t\t\t<div class=\"elementor-widget-container\">\n\t\t\t\t\t<h5 class=\"elementor-heading-title elementor-size-default\">Leaders in Industrial Solutions<\/h5>\t\t\t\t<\/div>\n\t\t\t\t<\/div>\n\t\t\t\t<div class=\"elementor-element elementor-element-5aab7203 animated-slow elementor-invisible elementor-widget elementor-widget-heading\" data-id=\"5aab7203\" data-element_type=\"widget\" data-settings=\"{&quot;_animation&quot;:&quot;fadeIn&quot;}\" data-widget_type=\"heading.default\">\n\t\t\t\t<div class=\"elementor-widget-container\">\n\t\t\t\t\t<h2 class=\"elementor-heading-title elementor-size-default\">More about Sale of Marquees<\/h2>\t\t\t\t<\/div>\n\t\t\t\t<\/div>\n\t\t\t\t<div class=\"elementor-element elementor-element-43f82711 elementor-invisible elementor-widget elementor-widget-text-editor\" data-id=\"43f82711\" data-element_type=\"widget\" data-settings=\"{&quot;_animation&quot;:&quot;fadeIn&quot;,&quot;_animation_delay&quot;:200}\" data-widget_type=\"text-editor.default\">\n\t\t\t\t<div class=\"elementor-widget-container\">\n\t\t\t\t\t\t\t\t\t<p>Trust in our good work, as thousands of satisfied customers have done with what we do.<\/p>\n\t\t\t\t\t\t\t\t<\/div>\n\t\t\t\t<\/div>\n\t\t\t\t<div class=\"elementor-element elementor-element-33b19631 elementor-widget elementor-widget-image\" data-id=\"33b19631\" data-element_type=\"widget\" data-widget_type=\"image.default\">\n\t\t\t\t<div class=\"elementor-widget-container\">\n\t\t\t\t\t\t\t\t\t\t\t\t\t\t\t<img fetchpriority=\"high\" decoding=\"async\" width=\"600\" height=\"400\" src=\"https:\/\/monita.es\/wp-content\/uploads\/Carpas.jpg\" class=\"attachment-large size-large wp-image-7599\" alt=\"\" srcset=\"https:\/\/monita.es\/wp-content\/uploads\/Carpas.jpg 600w, https:\/\/monita.es\/wp-content\/uploads\/Carpas-119x79.jpg 119w\" sizes=\"(max-width: 600px) 100vw, 600px\" \/>\t\t\t\t\t\t\t\t\t\t\t\t\t\t\t<\/div>\n\t\t\t\t<\/div>\n\t\t\t\t\t<\/div>\n\t\t<\/div>\n\t\t\t\t<div class=\"elementor-column elementor-col-66 elementor-top-column elementor-element elementor-element-1eb954f2\" data-id=\"1eb954f2\" data-element_type=\"column\">\n\t\t\t<div class=\"elementor-widget-wrap elementor-element-populated\">\n\t\t\t\t\t\t<div class=\"elementor-element elementor-element-223c2956 elementor-widget elementor-widget-toggle\" data-id=\"223c2956\" data-element_type=\"widget\" data-widget_type=\"toggle.default\">\n\t\t\t\t<div class=\"elementor-widget-container\">\n\t\t\t\t\t\t\t<div class=\"elementor-toggle\">\n\t\t\t\t\t\t\t<div class=\"elementor-toggle-item\">\n\t\t\t\t\t<div id=\"elementor-tab-title-5741\" class=\"elementor-tab-title\" data-tab=\"1\" role=\"button\" aria-controls=\"elementor-tab-content-5741\" aria-expanded=\"false\">\n\t\t\t\t\t\t\t\t\t\t\t\t<span class=\"elementor-toggle-icon elementor-toggle-icon-right\" aria-hidden=\"true\">\n\t\t\t\t\t\t\t\t\t\t\t\t\t\t\t<span class=\"elementor-toggle-icon-closed\"><svg xmlns=\"http:\/\/www.w3.org\/2000\/svg\" id=\"b64b7500-205e-4b4c-b85b-719c6b9efefc\" data-name=\"Layer 1\" width=\"14.6802\" height=\"7.5488\" viewBox=\"0 0 14.6802 7.5488\"><polygon points=\"7.34 7.549 0 0.732 0.681 0 7.34 6.184 14 0 14.68 0.732 7.34 7.549\"><\/polygon><\/svg><\/span>\n\t\t\t\t\t\t\t\t<span class=\"elementor-toggle-icon-opened\"><svg xmlns=\"http:\/\/www.w3.org\/2000\/svg\" id=\"a9a06c65-5466-4dff-9af0-1537f84a1b5f\" data-name=\"Layer 1\" width=\"14.6802\" height=\"7.5488\" viewBox=\"0 0 14.6802 7.5488\"><polygon points=\"7.34 0 14.68 6.816 14 7.549 7.34 1.365 0.68 7.549 0 6.816 7.34 0\"><\/polygon><\/svg><\/span>\n\t\t\t\t\t\t\t\t\t\t\t\t\t<\/span>\n\t\t\t\t\t\t\t\t\t\t\t\t<a class=\"elementor-toggle-title\" tabindex=\"0\">Why buy event marquees in Mo\u00f1ita?<\/a>\n\t\t\t\t\t<\/div>\n\n\t\t\t\t\t<div id=\"elementor-tab-content-5741\" class=\"elementor-tab-content elementor-clearfix\" data-tab=\"1\" role=\"region\" aria-labelledby=\"elementor-tab-title-5741\"><p><span style=\"font-weight: 400;\">Many of our clients require urgent solutions due to the circumstances of the event. For this reason, buying a marquee in Mo\u00f1ita is making sure that when those urgent needs arrive, you will have an urgent response to expand that marquee, install another one with similar characteristics or simply replace parts or roofs with new ones. Thanks to our knowledge of the sector, our <\/span><b>stock availability and our experienced team <\/b><span style=\"font-weight: 400;\">it is possible to assemble that urgent marquee in a very short period of time, at any time and in any place. Therefore, Mo\u00f1ita is the best place to buy event tents at competitive prices.<\/span><\/p>\n<\/div>\n\t\t\t\t<\/div>\n\t\t\t\t\t\t\t<div class=\"elementor-toggle-item\">\n\t\t\t\t\t<div id=\"elementor-tab-title-5742\" class=\"elementor-tab-title\" data-tab=\"2\" role=\"button\" aria-controls=\"elementor-tab-content-5742\" aria-expanded=\"false\">\n\t\t\t\t\t\t\t\t\t\t\t\t<span class=\"elementor-toggle-icon elementor-toggle-icon-right\" aria-hidden=\"true\">\n\t\t\t\t\t\t\t\t\t\t\t\t\t\t\t<span class=\"elementor-toggle-icon-closed\"><svg xmlns=\"http:\/\/www.w3.org\/2000\/svg\" id=\"b64b7500-205e-4b4c-b85b-719c6b9efefc\" data-name=\"Layer 1\" width=\"14.6802\" height=\"7.5488\" viewBox=\"0 0 14.6802 7.5488\"><polygon points=\"7.34 7.549 0 0.732 0.681 0 7.34 6.184 14 0 14.68 0.732 7.34 7.549\"><\/polygon><\/svg><\/span>\n\t\t\t\t\t\t\t\t<span class=\"elementor-toggle-icon-opened\"><svg xmlns=\"http:\/\/www.w3.org\/2000\/svg\" id=\"a9a06c65-5466-4dff-9af0-1537f84a1b5f\" data-name=\"Layer 1\" width=\"14.6802\" height=\"7.5488\" viewBox=\"0 0 14.6802 7.5488\"><polygon points=\"7.34 0 14.68 6.816 14 7.549 7.34 1.365 0.68 7.549 0 6.816 7.34 0\"><\/polygon><\/svg><\/span>\n\t\t\t\t\t\t\t\t\t\t\t\t\t<\/span>\n\t\t\t\t\t\t\t\t\t\t\t\t<a class=\"elementor-toggle-title\" tabindex=\"0\">Our procedure in the assembly of each marquee complies with all current regulations.<\/a>\n\t\t\t\t\t<\/div>\n\n\t\t\t\t\t<div id=\"elementor-tab-content-5742\" class=\"elementor-tab-content elementor-clearfix\" data-tab=\"2\" role=\"region\" aria-labelledby=\"elementor-tab-title-5742\"><ul>\n<li style=\"font-weight: 400;\" aria-level=\"1\"><span style=\"font-weight: 400;\">All our marquees have a technical project endorsed by the College of Architects, where it is accredited that the resistances are met according to UNE EN 13782 regulations, or if it is a custom project according to the specific resistances for which we have had to calculate the structure. <\/span><\/li>\n<li style=\"font-weight: 400;\" aria-level=\"1\"><span style=\"font-weight: 400;\">All our tents have a Certificate of fireproofing of the tarpaulins.<\/span><\/li>\n<li style=\"font-weight: 400;\" aria-level=\"1\"><span style=\"font-weight: 400;\">All our assemblies include civil liability insurance and upon request can include a certificate of correct assembly signed by a competent technician or endorsed by the College. <\/span><\/li>\n<li style=\"font-weight: 400;\" aria-level=\"1\"><span style=\"font-weight: 400;\">Each project is unique and requires its security certificates.<\/span><\/li>\n<\/ul>\n<p><span style=\"font-weight: 400;\">We guarantee the perfect condition of all our material:<\/span><\/p>\n<ul>\n<li style=\"font-weight: 400;\" aria-level=\"1\"><span style=\"font-weight: 400;\">Exhaustive cleaning and care of our tarpaulins for rental marquees.<\/span><\/li>\n<li style=\"font-weight: 400;\" aria-level=\"1\"><span style=\"font-weight: 400;\">Constant renewal of materials.<\/span><\/li>\n<li style=\"font-weight: 400;\" aria-level=\"1\"><span style=\"font-weight: 400;\">All precautions for the transport of materials in perfect condition.<\/span><\/li>\n<\/ul>\n<p><span style=\"font-weight: 400;\">For these reasons we are a reference company in the<\/span> s<a href=\"https:\/\/monita.es\/carpas\/venta-de-carpas-en-madrid\/\"><b>ale of marquees in Madrid,<\/b><\/a> <b>Castilla y Le\u00f3n, Tenerife, Castilla-La Mancha, Barcelona, Cantabria, Galicia, Alicante, Asturias, Seville or Murcia<\/b> <span style=\"font-weight: 400;\">among other provinces.<\/span><\/p>\n<\/div>\n\t\t\t\t<\/div>\n\t\t\t\t\t\t\t<div class=\"elementor-toggle-item\">\n\t\t\t\t\t<div id=\"elementor-tab-title-5743\" class=\"elementor-tab-title\" data-tab=\"3\" role=\"button\" aria-controls=\"elementor-tab-content-5743\" aria-expanded=\"false\">\n\t\t\t\t\t\t\t\t\t\t\t\t<span class=\"elementor-toggle-icon elementor-toggle-icon-right\" aria-hidden=\"true\">\n\t\t\t\t\t\t\t\t\t\t\t\t\t\t\t<span class=\"elementor-toggle-icon-closed\"><svg xmlns=\"http:\/\/www.w3.org\/2000\/svg\" id=\"b64b7500-205e-4b4c-b85b-719c6b9efefc\" data-name=\"Layer 1\" width=\"14.6802\" height=\"7.5488\" viewBox=\"0 0 14.6802 7.5488\"><polygon points=\"7.34 7.549 0 0.732 0.681 0 7.34 6.184 14 0 14.68 0.732 7.34 7.549\"><\/polygon><\/svg><\/span>\n\t\t\t\t\t\t\t\t<span class=\"elementor-toggle-icon-opened\"><svg xmlns=\"http:\/\/www.w3.org\/2000\/svg\" id=\"a9a06c65-5466-4dff-9af0-1537f84a1b5f\" data-name=\"Layer 1\" width=\"14.6802\" height=\"7.5488\" viewBox=\"0 0 14.6802 7.5488\"><polygon points=\"7.34 0 14.68 6.816 14 7.549 7.34 1.365 0.68 7.549 0 6.816 7.34 0\"><\/polygon><\/svg><\/span>\n\t\t\t\t\t\t\t\t\t\t\t\t\t<\/span>\n\t\t\t\t\t\t\t\t\t\t\t\t<a class=\"elementor-toggle-title\" tabindex=\"0\">Where to buy marquees at the best price?<\/a>\n\t\t\t\t\t<\/div>\n\n\t\t\t\t\t<div id=\"elementor-tab-content-5743\" class=\"elementor-tab-content elementor-clearfix\" data-tab=\"3\" role=\"region\" aria-labelledby=\"elementor-tab-title-5743\"><p><span style=\"font-weight: 400;\">The quality and<\/span> <b>price<\/b> ratio <span style=\"font-weight: 400;\">of our<\/span> <b>marquee rental and sale service<\/b><span style=\"font-weight: 400;\"> makes our customers repeat. Realizamos un gran esfuerzo por adaptarnos al presupuesto de nuestros clientes, ofreciendo precios muy competitivos.<\/span><\/p>\n<p><span style=\"font-weight: 400;\">Consult<\/span> <b>the different models of marquees<\/b> <span style=\"font-weight: 400;\">that we put at your disposal,<\/span> for any type of purpose.<\/p>\n<p><span style=\"font-weight: 400;\">We have large marquees and small marquees for parties. Whether you are organizing a wedding, a communion, a baptism, a birthday or anniversary party, a sporting event or you need to provide your company with more work space, you can trust us with all the equipment for your marquees and awnings.<\/span><\/p>\n<p><span style=\"font-weight: 400;\">You will also find models of marquees for businesses<\/span>, at <b>Mo\u00f1ita<\/b> <span style=\"font-weight: 400;\">we are leaders in:<\/span><\/p>\n<ul>\n<li style=\"font-weight: 400;\" aria-level=\"1\"><span style=\"font-weight: 400;\">Sale of marquees for fairs<\/span><\/li>\n<li style=\"font-weight: 400;\" aria-level=\"1\"><span style=\"font-weight: 400;\">Sale of advertising marquees<\/span><\/li>\n<li style=\"font-weight: 400;\" aria-level=\"1\"><span style=\"font-weight: 400;\">Sale of industrial marquees<\/span><\/li>\n<li style=\"font-weight: 400;\" aria-level=\"1\"><span style=\"font-weight: 400;\">Sale of marquees for celebration rooms<\/span><\/li>\n<li style=\"font-weight: 400;\" aria-level=\"1\"><span style=\"font-weight: 400;\">Sale of marquees for warehouse.<\/span><\/li>\n<\/ul>\n<p><span style=\"font-weight: 400;\">Tell us what and where you need and we will take it and assemble it. Also, if you are not very clear <\/span><i><span style=\"font-weight: 400;\">which marquee to buy<\/span><\/i> <span style=\"font-weight: 400;\">or which one can suit you better, we advise you depending on your case.<\/span><\/p>\n<\/div>\n\t\t\t\t<\/div>\n\t\t\t\t\t\t\t\t\t\t<script type=\"application\/ld+json\">{\"@context\":\"https:\\\/\\\/schema.org\",\"@type\":\"FAQPage\",\"mainEntity\":[{\"@type\":\"Question\",\"name\":\"Why buy event marquees in Mo\\u00f1ita?\",\"acceptedAnswer\":{\"@type\":\"Answer\",\"text\":\"<p><span style=\\\"font-weight: 400;\\\">Many of our clients require urgent solutions due to the circumstances of the event. For this reason, buying a marquee in Mo\\u00f1ita is making sure that when those urgent needs arrive, you will have an urgent response to expand that marquee, install another one with similar characteristics or simply replace parts or roofs with new ones. Thanks to our knowledge of the sector, our <\\\/span><b>stock availability and our experienced team <\\\/b><span style=\\\"font-weight: 400;\\\">it is possible to assemble that urgent marquee in a very short period of time, at any time and in any place. Therefore, Mo\\u00f1ita is the best place to buy event tents at competitive prices.<\\\/span><\\\/p>\\n\"}},{\"@type\":\"Question\",\"name\":\"Our procedure in the assembly of each marquee complies with all current regulations.\",\"acceptedAnswer\":{\"@type\":\"Answer\",\"text\":\"<ul>\\n<li style=\\\"font-weight: 400;\\\" aria-level=\\\"1\\\"><span style=\\\"font-weight: 400;\\\">All our marquees have a technical project endorsed by the College of Architects, where it is accredited that the resistances are met according to UNE EN 13782 regulations, or if it is a custom project according to the specific resistances for which we have had to calculate the structure. <\\\/span><\\\/li>\\n<li style=\\\"font-weight: 400;\\\" aria-level=\\\"1\\\"><span style=\\\"font-weight: 400;\\\">All our tents have a Certificate of fireproofing of the tarpaulins.<\\\/span><\\\/li>\\n<li style=\\\"font-weight: 400;\\\" aria-level=\\\"1\\\"><span style=\\\"font-weight: 400;\\\">All our assemblies include civil liability insurance and upon request can include a certificate of correct assembly signed by a competent technician or endorsed by the College. <\\\/span><\\\/li>\\n<li style=\\\"font-weight: 400;\\\" aria-level=\\\"1\\\"><span style=\\\"font-weight: 400;\\\">Each project is unique and requires its security certificates.<\\\/span><\\\/li>\\n<\\\/ul>\\n<p><span style=\\\"font-weight: 400;\\\">We guarantee the perfect condition of all our material:<\\\/span><\\\/p>\\n<ul>\\n<li style=\\\"font-weight: 400;\\\" aria-level=\\\"1\\\"><span style=\\\"font-weight: 400;\\\">Exhaustive cleaning and care of our tarpaulins for rental marquees.<\\\/span><\\\/li>\\n<li style=\\\"font-weight: 400;\\\" aria-level=\\\"1\\\"><span style=\\\"font-weight: 400;\\\">Constant renewal of materials.<\\\/span><\\\/li>\\n<li style=\\\"font-weight: 400;\\\" aria-level=\\\"1\\\"><span style=\\\"font-weight: 400;\\\">All precautions for the transport of materials in perfect condition.<\\\/span><\\\/li>\\n<\\\/ul>\\n<p><span style=\\\"font-weight: 400;\\\">For these reasons we are a reference company in the<\\\/span> s<a href=\\\"https:\\\/\\\/monita.es\\\/carpas\\\/venta-de-carpas-en-madrid\\\/\\\"><b>ale of marquees in Madrid,<\\\/b><\\\/a> <b>Castilla y Le\\u00f3n, Tenerife, Castilla-La Mancha, Barcelona, Cantabria, Galicia, Alicante, Asturias, Seville or Murcia<\\\/b> <span style=\\\"font-weight: 400;\\\">among other provinces.<\\\/span><\\\/p>\\n\"}},{\"@type\":\"Question\",\"name\":\"Where to buy marquees at the best price?\",\"acceptedAnswer\":{\"@type\":\"Answer\",\"text\":\"<p><span style=\\\"font-weight: 400;\\\">The quality and<\\\/span> <b>price<\\\/b> ratio <span style=\\\"font-weight: 400;\\\">of our<\\\/span> <b>marquee rental and sale service<\\\/b><span style=\\\"font-weight: 400;\\\"> makes our customers repeat. Realizamos un gran esfuerzo por adaptarnos al presupuesto de nuestros clientes, ofreciendo precios muy competitivos.<\\\/span><\\\/p>\\n<p><span style=\\\"font-weight: 400;\\\">Consult<\\\/span> <b>the different models of marquees<\\\/b> <span style=\\\"font-weight: 400;\\\">that we put at your disposal,<\\\/span> for any type of purpose.<\\\/p>\\n<p><span style=\\\"font-weight: 400;\\\">We have large marquees and small marquees for parties. Whether you are organizing a wedding, a communion, a baptism, a birthday or anniversary party, a sporting event or you need to provide your company with more work space, you can trust us with all the equipment for your marquees and awnings.<\\\/span><\\\/p>\\n<p><span style=\\\"font-weight: 400;\\\">You will also find models of marquees for businesses<\\\/span>, at <b>Mo\\u00f1ita<\\\/b> <span style=\\\"font-weight: 400;\\\">we are leaders in:<\\\/span><\\\/p>\\n<ul>\\n<li style=\\\"font-weight: 400;\\\" aria-level=\\\"1\\\"><span style=\\\"font-weight: 400;\\\">Sale of marquees for fairs<\\\/span><\\\/li>\\n<li style=\\\"font-weight: 400;\\\" aria-level=\\\"1\\\"><span style=\\\"font-weight: 400;\\\">Sale of advertising marquees<\\\/span><\\\/li>\\n<li style=\\\"font-weight: 400;\\\" aria-level=\\\"1\\\"><span style=\\\"font-weight: 400;\\\">Sale of industrial marquees<\\\/span><\\\/li>\\n<li style=\\\"font-weight: 400;\\\" aria-level=\\\"1\\\"><span style=\\\"font-weight: 400;\\\">Sale of marquees for celebration rooms<\\\/span><\\\/li>\\n<li style=\\\"font-weight: 400;\\\" aria-level=\\\"1\\\"><span style=\\\"font-weight: 400;\\\">Sale of marquees for warehouse.<\\\/span><\\\/li>\\n<\\\/ul>\\n<p><span style=\\\"font-weight: 400;\\\">Tell us what and where you need and we will take it and assemble it. Also, if you are not very clear <\\\/span><i><span style=\\\"font-weight: 400;\\\">which marquee to buy<\\\/span><\\\/i> <span style=\\\"font-weight: 400;\\\">or which one can suit you better, we advise you depending on your case.<\\\/span><\\\/p>\\n\"}}]}<\/script>\n\t\t\t\t\t<\/div>\n\t\t\t\t\t\t<\/div>\n\t\t\t\t<\/div>\n\t\t\t\t\t<\/div>\n\t\t<\/div>\n\t\t\t\t\t<\/div>\n\t\t<\/section>\n\t\t\t\t<\/div>\n\t\t","protected":false},"excerpt":{"rendered":"<p>Sale of Marquees We have the best experience in the sale of marquees Sale of Marquees At Mo\u00f1ita we are dedicated to the manufacture and sale of industrial marquees, as well as large marquees for events and celebrations or for other more permanent uses. We are manufacturers providing installation service throughout Spain. Our marquees for &#8230; <a title=\"Sale of Marquees\" class=\"read-more\" href=\"https:\/\/monita.es\/en\/carpas\/venta-de-carpas\/\" aria-label=\"Read more about Sale of Marquees\">Leer m\u00e1s<\/a><\/p>\n","protected":false},"author":2,"featured_media":0,"parent":2641,"menu_order":2,"comment_status":"closed","ping_status":"closed","template":"elementor_header_footer","meta":{"footnotes":""},"class_list":["post-2654","page","type-page","status-publish"],"yoast_head":"<!-- This site is optimized with the Yoast SEO plugin v24.7 - https:\/\/yoast.com\/wordpress\/plugins\/seo\/ -->\n<title>\u00e2\u017e\u0153 Sale of cheap marquees for events<\/title>\n<meta name=\"description\" content=\"At MO\u00d1ITA we have the best experience in the sale of marquees. \u00e2\u0153\u201d Create innovative spaces \u00e2\u0153\u201d We advise you on the purchase of marquees\" \/>\n<meta name=\"robots\" content=\"index, follow, max-snippet:-1, max-image-preview:large, max-video-preview:-1\" \/>\n<link rel=\"canonical\" href=\"https:\/\/monita.es\/en\/carpas\/venta-de-carpas\/\" \/>\n<meta property=\"og:locale\" content=\"en_US\" \/>\n<meta property=\"og:type\" content=\"article\" \/>\n<meta property=\"og:title\" content=\"\u00e2\u017e\u0153 Sale of cheap marquees for events\" \/>\n<meta property=\"og:description\" content=\"At MO\u00d1ITA we have the best experience in the sale of marquees. \u00e2\u0153\u201d Create innovative spaces \u00e2\u0153\u201d We advise you on the purchase of marquees\" \/>\n<meta property=\"og:url\" content=\"https:\/\/monita.es\/en\/carpas\/venta-de-carpas\/\" \/>\n<meta property=\"og:site_name\" content=\"Venta de carpas en Madrid - MO\u00d1ITA\" \/>\n<meta property=\"article:modified_time\" content=\"2023-07-21T12:31:49+00:00\" \/>\n<meta property=\"og:image\" content=\"https:\/\/monita.es\/wp-content\/uploads\/Carpas.jpg\" \/>\n\t<meta property=\"og:image:width\" content=\"600\" \/>\n\t<meta property=\"og:image:height\" content=\"400\" \/>\n\t<meta property=\"og:image:type\" content=\"image\/jpeg\" \/>\n<meta name=\"twitter:label1\" content=\"Est. reading time\" \/>\n\t<meta name=\"twitter:data1\" content=\"3 minutes\" \/>\n<script type=\"application\/ld+json\" class=\"yoast-schema-graph\">{\"@context\":\"https:\/\/schema.org\",\"@graph\":[{\"@type\":\"WebPage\",\"@id\":\"https:\/\/monita.es\/en\/carpas\/venta-de-carpas\/\",\"url\":\"https:\/\/monita.es\/en\/carpas\/venta-de-carpas\/\",\"name\":\"\u00e2\u017e\u0153 Sale of cheap marquees for events\",\"isPartOf\":{\"@id\":\"https:\/\/monita.es\/en\/#website\"},\"primaryImageOfPage\":{\"@id\":\"https:\/\/monita.es\/en\/carpas\/venta-de-carpas\/#primaryimage\"},\"image\":{\"@id\":\"https:\/\/monita.es\/en\/carpas\/venta-de-carpas\/#primaryimage\"},\"thumbnailUrl\":\"https:\/\/monita.es\/wp-content\/uploads\/Carpas.jpg\",\"datePublished\":\"2014-12-17T19:04:52+00:00\",\"dateModified\":\"2023-07-21T12:31:49+00:00\",\"description\":\"At MO\u00d1ITA we have the best experience in the sale of marquees. \u00e2\u0153\u201d Create innovative spaces \u00e2\u0153\u201d We advise you on the purchase of marquees\",\"breadcrumb\":{\"@id\":\"https:\/\/monita.es\/en\/carpas\/venta-de-carpas\/#breadcrumb\"},\"inLanguage\":\"en-US\",\"potentialAction\":[{\"@type\":\"ReadAction\",\"target\":[\"https:\/\/monita.es\/en\/carpas\/venta-de-carpas\/\"]}]},{\"@type\":\"ImageObject\",\"inLanguage\":\"en-US\",\"@id\":\"https:\/\/monita.es\/en\/carpas\/venta-de-carpas\/#primaryimage\",\"url\":\"https:\/\/monita.es\/wp-content\/uploads\/Carpas.jpg\",\"contentUrl\":\"https:\/\/monita.es\/wp-content\/uploads\/Carpas.jpg\"},{\"@type\":\"BreadcrumbList\",\"@id\":\"https:\/\/monita.es\/en\/carpas\/venta-de-carpas\/#breadcrumb\",\"itemListElement\":[{\"@type\":\"ListItem\",\"position\":1,\"name\":\"Mo\u00f1ita\",\"item\":\"https:\/\/monita.es\/en\/home-empresa\/\"},{\"@type\":\"ListItem\",\"position\":2,\"name\":\"Marquees\",\"item\":\"https:\/\/monita.es\/en\/carpas\/\"},{\"@type\":\"ListItem\",\"position\":3,\"name\":\"Sale of Marquees\"}]},{\"@type\":\"WebSite\",\"@id\":\"https:\/\/monita.es\/en\/#website\",\"url\":\"https:\/\/monita.es\/en\/\",\"name\":\"Venta de carpas en Madrid - MO\u00d1ITA\",\"description\":\"MO\u00d1ITA es carpas, confecci\u00f3n de lonas para usos industriales, fachada textil, arquitectura textil y toldos. Dise\u00f1amos, proyectamos y creamos tu proyecto.\",\"publisher\":{\"@id\":\"https:\/\/monita.es\/en\/#organization\"},\"potentialAction\":[{\"@type\":\"SearchAction\",\"target\":{\"@type\":\"EntryPoint\",\"urlTemplate\":\"https:\/\/monita.es\/en\/?s={search_term_string}\"},\"query-input\":{\"@type\":\"PropertyValueSpecification\",\"valueRequired\":true,\"valueName\":\"search_term_string\"}}],\"inLanguage\":\"en-US\"},{\"@type\":\"Organization\",\"@id\":\"https:\/\/monita.es\/en\/#organization\",\"name\":\"Mo\u00f1ita\",\"url\":\"https:\/\/monita.es\/en\/\",\"logo\":{\"@type\":\"ImageObject\",\"inLanguage\":\"en-US\",\"@id\":\"https:\/\/monita.es\/en\/#\/schema\/logo\/image\/\",\"url\":\"https:\/\/monita.es\/wp-content\/uploads\/cropped-cropped-logo-monita-1-neg.png\",\"contentUrl\":\"https:\/\/monita.es\/wp-content\/uploads\/cropped-cropped-logo-monita-1-neg.png\",\"width\":785,\"height\":666,\"caption\":\"Mo\u00f1ita\"},\"image\":{\"@id\":\"https:\/\/monita.es\/en\/#\/schema\/logo\/image\/\"}}]}<\/script>\n<!-- \/ Yoast SEO plugin. -->","yoast_head_json":{"title":"\u00e2\u017e\u0153 Sale of cheap marquees for events","description":"At MO\u00d1ITA we have the best experience in the sale of marquees. \u00e2\u0153\u201d Create innovative spaces \u00e2\u0153\u201d We advise you on the purchase of marquees","robots":{"index":"index","follow":"follow","max-snippet":"max-snippet:-1","max-image-preview":"max-image-preview:large","max-video-preview":"max-video-preview:-1"},"canonical":"https:\/\/monita.es\/en\/carpas\/venta-de-carpas\/","og_locale":"en_US","og_type":"article","og_title":"\u00e2\u017e\u0153 Sale of cheap marquees for events","og_description":"At MO\u00d1ITA we have the best experience in the sale of marquees. \u00e2\u0153\u201d Create innovative spaces \u00e2\u0153\u201d We advise you on the purchase of marquees","og_url":"https:\/\/monita.es\/en\/carpas\/venta-de-carpas\/","og_site_name":"Venta de carpas en Madrid - MO\u00d1ITA","article_modified_time":"2023-07-21T12:31:49+00:00","og_image":[{"width":600,"height":400,"url":"https:\/\/monita.es\/wp-content\/uploads\/Carpas.jpg","type":"image\/jpeg"}],"twitter_misc":{"Est. reading time":"3 minutes"},"schema":{"@context":"https:\/\/schema.org","@graph":[{"@type":"WebPage","@id":"https:\/\/monita.es\/en\/carpas\/venta-de-carpas\/","url":"https:\/\/monita.es\/en\/carpas\/venta-de-carpas\/","name":"\u00e2\u017e\u0153 Sale of cheap marquees for events","isPartOf":{"@id":"https:\/\/monita.es\/en\/#website"},"primaryImageOfPage":{"@id":"https:\/\/monita.es\/en\/carpas\/venta-de-carpas\/#primaryimage"},"image":{"@id":"https:\/\/monita.es\/en\/carpas\/venta-de-carpas\/#primaryimage"},"thumbnailUrl":"https:\/\/monita.es\/wp-content\/uploads\/Carpas.jpg","datePublished":"2014-12-17T19:04:52+00:00","dateModified":"2023-07-21T12:31:49+00:00","description":"At MO\u00d1ITA we have the best experience in the sale of marquees. \u00e2\u0153\u201d Create innovative spaces \u00e2\u0153\u201d We advise you on the purchase of marquees","breadcrumb":{"@id":"https:\/\/monita.es\/en\/carpas\/venta-de-carpas\/#breadcrumb"},"inLanguage":"en-US","potentialAction":[{"@type":"ReadAction","target":["https:\/\/monita.es\/en\/carpas\/venta-de-carpas\/"]}]},{"@type":"ImageObject","inLanguage":"en-US","@id":"https:\/\/monita.es\/en\/carpas\/venta-de-carpas\/#primaryimage","url":"https:\/\/monita.es\/wp-content\/uploads\/Carpas.jpg","contentUrl":"https:\/\/monita.es\/wp-content\/uploads\/Carpas.jpg"},{"@type":"BreadcrumbList","@id":"https:\/\/monita.es\/en\/carpas\/venta-de-carpas\/#breadcrumb","itemListElement":[{"@type":"ListItem","position":1,"name":"Mo\u00f1ita","item":"https:\/\/monita.es\/en\/home-empresa\/"},{"@type":"ListItem","position":2,"name":"Marquees","item":"https:\/\/monita.es\/en\/carpas\/"},{"@type":"ListItem","position":3,"name":"Sale of Marquees"}]},{"@type":"WebSite","@id":"https:\/\/monita.es\/en\/#website","url":"https:\/\/monita.es\/en\/","name":"Venta de carpas en Madrid - MO\u00d1ITA","description":"MO\u00d1ITA es carpas, confecci\u00f3n de lonas para usos industriales, fachada textil, arquitectura textil y toldos. Dise\u00f1amos, proyectamos y creamos tu proyecto.","publisher":{"@id":"https:\/\/monita.es\/en\/#organization"},"potentialAction":[{"@type":"SearchAction","target":{"@type":"EntryPoint","urlTemplate":"https:\/\/monita.es\/en\/?s={search_term_string}"},"query-input":{"@type":"PropertyValueSpecification","valueRequired":true,"valueName":"search_term_string"}}],"inLanguage":"en-US"},{"@type":"Organization","@id":"https:\/\/monita.es\/en\/#organization","name":"Mo\u00f1ita","url":"https:\/\/monita.es\/en\/","logo":{"@type":"ImageObject","inLanguage":"en-US","@id":"https:\/\/monita.es\/en\/#\/schema\/logo\/image\/","url":"https:\/\/monita.es\/wp-content\/uploads\/cropped-cropped-logo-monita-1-neg.png","contentUrl":"https:\/\/monita.es\/wp-content\/uploads\/cropped-cropped-logo-monita-1-neg.png","width":785,"height":666,"caption":"Mo\u00f1ita"},"image":{"@id":"https:\/\/monita.es\/en\/#\/schema\/logo\/image\/"}}]}},"_links":{"self":[{"href":"https:\/\/monita.es\/en\/wp-json\/wp\/v2\/pages\/2654","targetHints":{"allow":["GET"]}}],"collection":[{"href":"https:\/\/monita.es\/en\/wp-json\/wp\/v2\/pages"}],"about":[{"href":"https:\/\/monita.es\/en\/wp-json\/wp\/v2\/types\/page"}],"author":[{"embeddable":true,"href":"https:\/\/monita.es\/en\/wp-json\/wp\/v2\/users\/2"}],"replies":[{"embeddable":true,"href":"https:\/\/monita.es\/en\/wp-json\/wp\/v2\/comments?post=2654"}],"version-history":[{"count":2,"href":"https:\/\/monita.es\/en\/wp-json\/wp\/v2\/pages\/2654\/revisions"}],"predecessor-version":[{"id":19996,"href":"https:\/\/monita.es\/en\/wp-json\/wp\/v2\/pages\/2654\/revisions\/19996"}],"up":[{"embeddable":true,"href":"https:\/\/monita.es\/en\/wp-json\/wp\/v2\/pages\/2641"}],"wp:attachment":[{"href":"https:\/\/monita.es\/en\/wp-json\/wp\/v2\/media?parent=2654"}],"curies":[{"name":"wp","href":"https:\/\/api.w.org\/{rel}","templated":true}]}}