{"id":21447,"date":"2014-12-17T21:10:52","date_gmt":"2014-12-17T20:10:52","guid":{"rendered":"https:\/\/monita.es\/facana-textil\/"},"modified":"2023-10-19T16:31:40","modified_gmt":"2023-10-19T16:31:40","slug":"facana-textil","status":"publish","type":"page","link":"https:\/\/monita.es\/ca\/experts-en-arquitectura-textil\/facana-textil\/","title":{"rendered":"Fa\u00e7ana t\u00e8xtil"},"content":{"rendered":"\t\t<div data-elementor-type=\"wp-page\" data-elementor-id=\"21447\" class=\"elementor elementor-21447 elementor-51\" data-elementor-post-type=\"page\">\n\t\t\t\t\t\t<section class=\"elementor-section elementor-top-section elementor-element elementor-element-29fc7d0 elementor-section-full_width elementor-section-height-min-height elementor-section-items-stretch elementor-section-height-default\" data-id=\"29fc7d0\" data-element_type=\"section\" data-settings=\"{&quot;background_background&quot;:&quot;classic&quot;,&quot;background_motion_fx_motion_fx_scrolling&quot;:&quot;yes&quot;,&quot;background_motion_fx_devices&quot;:[&quot;desktop&quot;,&quot;tablet&quot;,&quot;mobile&quot;]}\">\n\t\t\t\t\t\t\t<div class=\"elementor-background-overlay\"><\/div>\n\t\t\t\t\t\t\t<div class=\"elementor-container elementor-column-gap-no\">\n\t\t\t\t\t<div class=\"elementor-column elementor-col-100 elementor-top-column elementor-element elementor-element-3f23d084\" data-id=\"3f23d084\" data-element_type=\"column\">\n\t\t\t<div class=\"elementor-widget-wrap elementor-element-populated\">\n\t\t\t\t\t\t<div class=\"elementor-element elementor-element-59307a6 elementor-invisible elementor-widget elementor-widget-heading\" data-id=\"59307a6\" data-element_type=\"widget\" data-settings=\"{&quot;_animation&quot;:&quot;fadeInRight&quot;}\" data-widget_type=\"heading.default\">\n\t\t\t\t<div class=\"elementor-widget-container\">\n\t\t\t\t\t<h1 class=\"elementor-heading-title elementor-size-default\">Fa\u00e7ana<br> T\u00e8xtil<\/br><\/h1>\t\t\t\t<\/div>\n\t\t\t\t<\/div>\n\t\t\t\t\t<\/div>\n\t\t<\/div>\n\t\t\t\t\t<\/div>\n\t\t<\/section>\n\t\t\t\t<section class=\"elementor-section elementor-top-section elementor-element elementor-element-1e9ee6d6 elementor-section-boxed elementor-section-height-default elementor-section-height-default\" data-id=\"1e9ee6d6\" data-element_type=\"section\" data-settings=\"{&quot;background_background&quot;:&quot;classic&quot;}\">\n\t\t\t\t\t\t<div class=\"elementor-container elementor-column-gap-no\">\n\t\t\t\t\t<div class=\"elementor-column elementor-col-100 elementor-top-column elementor-element elementor-element-22220736\" data-id=\"22220736\" data-element_type=\"column\">\n\t\t\t<div class=\"elementor-widget-wrap elementor-element-populated\">\n\t\t\t\t\t\t<div class=\"elementor-element elementor-element-208834df elementor-invisible elementor-widget elementor-widget-heading\" data-id=\"208834df\" data-element_type=\"widget\" data-settings=\"{&quot;_animation&quot;:&quot;fadeIn&quot;}\" data-widget_type=\"heading.default\">\n\t\t\t\t<div class=\"elementor-widget-container\">\n\t\t\t\t\t<h5 class=\"elementor-heading-title elementor-size-default\">M\u00e9s de 80 Anys d'Experi\u00e8ncia<\/h5>\t\t\t\t<\/div>\n\t\t\t\t<\/div>\n\t\t\t\t<div class=\"elementor-element elementor-element-2f01376c animated-slow elementor-invisible elementor-widget elementor-widget-heading\" data-id=\"2f01376c\" data-element_type=\"widget\" data-settings=\"{&quot;_animation&quot;:&quot;fadeIn&quot;}\" data-widget_type=\"heading.default\">\n\t\t\t\t<div class=\"elementor-widget-container\">\n\t\t\t\t\t<h2 class=\"elementor-heading-title elementor-size-default\">Fa\u00e7ana T\u00e8xtil<\/h2>\t\t\t\t<\/div>\n\t\t\t\t<\/div>\n\t\t\t\t<div class=\"elementor-element elementor-element-78349a89 elementor-invisible elementor-widget elementor-widget-text-editor\" data-id=\"78349a89\" data-element_type=\"widget\" data-settings=\"{&quot;_animation&quot;:&quot;fadeIn&quot;,&quot;_animation_delay&quot;:200}\" data-widget_type=\"text-editor.default\">\n\t\t\t\t<div class=\"elementor-widget-container\">\n\t\t\t\t\t\t\t\t\t<p>La fa\u00e7ana t\u00e8xtil \u00e9s una de les solucions de l&#8217;arquitectura contempor\u00e0nia que oferim a MO\u00d1ITA. Consisteix a cobrir les fa\u00e7anes amb lona microperforada per al seu a\u00efllament t\u00e8rmic amb el conseg\u00fcent estalvi energ\u00e8tic i protecci\u00f3.<\/p>\n\t\t\t\t\t\t\t\t<\/div>\n\t\t\t\t<\/div>\n\t\t\t\t<section class=\"elementor-section elementor-inner-section elementor-element elementor-element-371cc0a6 elementor-section-boxed elementor-section-height-default elementor-section-height-default elementor-invisible\" data-id=\"371cc0a6\" data-element_type=\"section\" data-settings=\"{&quot;animation&quot;:&quot;fadeInUp&quot;}\">\n\t\t\t\t\t\t<div class=\"elementor-container elementor-column-gap-narrow\">\n\t\t\t\t\t<div class=\"elementor-column elementor-col-25 elementor-inner-column elementor-element elementor-element-4bab1aad\" data-id=\"4bab1aad\" data-element_type=\"column\">\n\t\t\t<div class=\"elementor-widget-wrap elementor-element-populated\">\n\t\t\t\t\t\t<div class=\"elementor-element elementor-element-2fca790d elementor-skin-carousel elementor-widget elementor-widget-media-carousel\" data-id=\"2fca790d\" data-element_type=\"widget\" data-settings=\"{&quot;space_between&quot;:{&quot;unit&quot;:&quot;px&quot;,&quot;size&quot;:29,&quot;sizes&quot;:[]},&quot;slides_per_view&quot;:&quot;1&quot;,&quot;skin&quot;:&quot;carousel&quot;,&quot;effect&quot;:&quot;slide&quot;,&quot;speed&quot;:500,&quot;space_between_tablet&quot;:{&quot;unit&quot;:&quot;px&quot;,&quot;size&quot;:10,&quot;sizes&quot;:[]},&quot;space_between_mobile&quot;:{&quot;unit&quot;:&quot;px&quot;,&quot;size&quot;:10,&quot;sizes&quot;:[]}}\" data-widget_type=\"media-carousel.default\">\n\t\t\t\t<div class=\"elementor-widget-container\">\n\t\t\t\t\t\t\t\t\t<div class=\"elementor-swiper\">\n\t\t\t\t\t<div class=\"elementor-main-swiper swiper\" role=\"region\" aria-roledescription=\"carousel\" aria-label=\"Diapositives\">\n\t\t\t\t<div class=\"swiper-wrapper\">\n\t\t\t\t\t\t\t\t\t\t\t<div class=\"swiper-slide\" role=\"group\" aria-roledescription=\"slide\">\n\t\t\t\t\t\t\t<a href=\"https:\/\/monita.es\/wp-content\/uploads\/FachadaTextil1-1-scaled.jpeg\" data-elementor-open-lightbox=\"yes\" data-elementor-lightbox-slideshow=\"2fca790d\" data-elementor-lightbox-title=\"FachadaTextil1-1\" data-elementor-lightbox-description=\"Sistema de fachada textil aplicado en un edificio industrial, dise\u00f1ado para mejorar la eficiencia energ\u00e9tica, el control solar y la est\u00e9tica mediante una envolvente ligera de alto rendimiento en arquitectura.\" data-e-action-hash=\"#elementor-action%3Aaction%3Dlightbox%26settings%3DeyJpZCI6MjE0NTAsInVybCI6Imh0dHBzOlwvXC9tb25pdGEuZXNcL3dwLWNvbnRlbnRcL3VwbG9hZHNcL0ZhY2hhZGFUZXh0aWwxLTEtc2NhbGVkLmpwZWciLCJzbGlkZXNob3ciOiIyZmNhNzkwZCJ9\">\t\t<div class=\"elementor-carousel-image\" role=\"img\" aria-label=\"fachada textil en edificio industrial para mejorar eficiencia energ\u00e9tica y control solar\" style=\"background-image: url(&#039;https:\/\/monita.es\/wp-content\/uploads\/FachadaTextil1-1-scaled.jpeg&#039;)\">\n\n\t\t\t\n\t\t\t\t\t<\/div>\n\t\t\t\t\t<div class=\"elementor-carousel-image-overlay e-overlay-animation-fade\">\n\t\t\t\t<i class=\"fas fa-search-plus\"><\/i>\t\t\t<\/div>\n\t\t\t<\/a>\t\t\t\t\t\t<\/div>\n\t\t\t\t\t\t\t\t\t\t\t<div class=\"swiper-slide\" role=\"group\" aria-roledescription=\"slide\">\n\t\t\t\t\t\t\t<a href=\"https:\/\/monita.es\/wp-content\/uploads\/FachadaTextil1-2-scaled.jpg\" data-elementor-open-lightbox=\"yes\" data-elementor-lightbox-slideshow=\"2fca790d\" data-elementor-lightbox-title=\"FachadaTextil1-2\" data-elementor-lightbox-description=\"Sistema de fachada textil aplicado en la envolvente de un edificio industrial, dise\u00f1ado para reducir la radiaci\u00f3n solar, mejorar la eficiencia energ\u00e9tica y aportar una imagen arquitect\u00f3nica contempor\u00e1nea.\" data-e-action-hash=\"#elementor-action%3Aaction%3Dlightbox%26settings%3DeyJpZCI6MjE0NTEsInVybCI6Imh0dHBzOlwvXC9tb25pdGEuZXNcL3dwLWNvbnRlbnRcL3VwbG9hZHNcL0ZhY2hhZGFUZXh0aWwxLTItc2NhbGVkLmpwZyIsInNsaWRlc2hvdyI6IjJmY2E3OTBkIn0%3D\">\t\t<div class=\"elementor-carousel-image\" role=\"img\" aria-label=\"fachada textil continua en edificio industrial para control solar y eficiencia energ\u00e9tica\" style=\"background-image: url(&#039;https:\/\/monita.es\/wp-content\/uploads\/FachadaTextil1-2-scaled.jpg&#039;)\">\n\n\t\t\t\n\t\t\t\t\t<\/div>\n\t\t\t\t\t<div class=\"elementor-carousel-image-overlay e-overlay-animation-fade\">\n\t\t\t\t<i class=\"fas fa-search-plus\"><\/i>\t\t\t<\/div>\n\t\t\t<\/a>\t\t\t\t\t\t<\/div>\n\t\t\t\t\t\t\t\t\t\t\t<div class=\"swiper-slide\" role=\"group\" aria-roledescription=\"slide\">\n\t\t\t\t\t\t\t<a href=\"https:\/\/monita.es\/wp-content\/uploads\/FachadaTextil1-3-scaled.jpg\" data-elementor-open-lightbox=\"yes\" data-elementor-lightbox-slideshow=\"2fca790d\" data-elementor-lightbox-title=\"FachadaTextil1-3\" data-elementor-lightbox-description=\"Instalaci\u00f3n de un sistema de fachada textil en un edificio, donde se integra la subestructura met\u00e1lica y la membrana t\u00e9cnica para crear una envolvente ligera, eficiente y resistente.\" data-e-action-hash=\"#elementor-action%3Aaction%3Dlightbox%26settings%3DeyJpZCI6MjE0NTMsInVybCI6Imh0dHBzOlwvXC9tb25pdGEuZXNcL3dwLWNvbnRlbnRcL3VwbG9hZHNcL0ZhY2hhZGFUZXh0aWwxLTMtc2NhbGVkLmpwZyIsInNsaWRlc2hvdyI6IjJmY2E3OTBkIn0%3D\">\t\t<div class=\"elementor-carousel-image\" role=\"img\" aria-label=\"montaje de fachada textil en arquitectura con sistema de envolvente ligera\" style=\"background-image: url(&#039;https:\/\/monita.es\/wp-content\/uploads\/FachadaTextil1-3-scaled.jpg&#039;)\">\n\n\t\t\t\n\t\t\t\t\t<\/div>\n\t\t\t\t\t<div class=\"elementor-carousel-image-overlay e-overlay-animation-fade\">\n\t\t\t\t<i class=\"fas fa-search-plus\"><\/i>\t\t\t<\/div>\n\t\t\t<\/a>\t\t\t\t\t\t<\/div>\n\t\t\t\t\t\t\t\t\t<\/div>\n\t\t\t\t\t\t\t\t\t\t\t\t\t\t\t\t\t\t\t\t\t<\/div>\n\t\t\t\t<\/div>\n\t\t\t\t\t\t\t\t<\/div>\n\t\t\t\t<\/div>\n\t\t\t\t\t<\/div>\n\t\t<\/div>\n\t\t\t\t<div class=\"elementor-column elementor-col-25 elementor-inner-column elementor-element elementor-element-16f70010\" data-id=\"16f70010\" data-element_type=\"column\">\n\t\t\t<div class=\"elementor-widget-wrap elementor-element-populated\">\n\t\t\t\t\t\t<div class=\"elementor-element elementor-element-612e83ad elementor-skin-carousel elementor-widget elementor-widget-media-carousel\" data-id=\"612e83ad\" data-element_type=\"widget\" data-settings=\"{&quot;space_between&quot;:{&quot;unit&quot;:&quot;px&quot;,&quot;size&quot;:29,&quot;sizes&quot;:[]},&quot;slides_per_view&quot;:&quot;1&quot;,&quot;skin&quot;:&quot;carousel&quot;,&quot;effect&quot;:&quot;slide&quot;,&quot;speed&quot;:500,&quot;space_between_tablet&quot;:{&quot;unit&quot;:&quot;px&quot;,&quot;size&quot;:10,&quot;sizes&quot;:[]},&quot;space_between_mobile&quot;:{&quot;unit&quot;:&quot;px&quot;,&quot;size&quot;:10,&quot;sizes&quot;:[]}}\" data-widget_type=\"media-carousel.default\">\n\t\t\t\t<div class=\"elementor-widget-container\">\n\t\t\t\t\t\t\t\t\t<div class=\"elementor-swiper\">\n\t\t\t\t\t<div class=\"elementor-main-swiper swiper\" role=\"region\" aria-roledescription=\"carousel\" aria-label=\"Diapositives\">\n\t\t\t\t<div class=\"swiper-wrapper\">\n\t\t\t\t\t\t\t\t\t\t\t<div class=\"swiper-slide\" role=\"group\" aria-roledescription=\"slide\">\n\t\t\t\t\t\t\t<a href=\"https:\/\/monita.es\/wp-content\/uploads\/FachadaTextil2-2.jpg\" data-elementor-open-lightbox=\"yes\" data-elementor-lightbox-slideshow=\"612e83ad\" data-elementor-lightbox-title=\"FachadaTextil2-2\" data-elementor-lightbox-description=\"Sistema de fachada textil aplicado en un edificio industrial como envolvente continua, dise\u00f1ado para mejorar la eficiencia energ\u00e9tica, el control solar y la est\u00e9tica arquitect\u00f3nica con una soluci\u00f3n ligera y de alto rendimiento.\" data-e-action-hash=\"#elementor-action%3Aaction%3Dlightbox%26settings%3DeyJpZCI6MjE0NTQsInVybCI6Imh0dHBzOlwvXC9tb25pdGEuZXNcL3dwLWNvbnRlbnRcL3VwbG9hZHNcL0ZhY2hhZGFUZXh0aWwyLTIuanBnIiwic2xpZGVzaG93IjoiNjEyZTgzYWQifQ%3D%3D\">\t\t<div class=\"elementor-carousel-image\" role=\"img\" aria-label=\"fachada textil en arquitectura industrial para mejorar eficiencia energ\u00e9tica y control solar\" style=\"background-image: url(&#039;https:\/\/monita.es\/wp-content\/uploads\/FachadaTextil2-2.jpg&#039;)\">\n\n\t\t\t\n\t\t\t\t\t<\/div>\n\t\t\t\t\t<div class=\"elementor-carousel-image-overlay e-overlay-animation-fade\">\n\t\t\t\t<i class=\"fas fa-search-plus\"><\/i>\t\t\t<\/div>\n\t\t\t<\/a>\t\t\t\t\t\t<\/div>\n\t\t\t\t\t\t\t\t\t\t\t<div class=\"swiper-slide\" role=\"group\" aria-roledescription=\"slide\">\n\t\t\t\t\t\t\t<a href=\"https:\/\/monita.es\/wp-content\/uploads\/FachadaTextil2-1-scaled.jpeg\" data-elementor-open-lightbox=\"yes\" data-elementor-lightbox-slideshow=\"612e83ad\" data-elementor-lightbox-title=\"FachadaTextil2-1\" data-elementor-lightbox-description=\"Sistema de fachada textil con modulaci\u00f3n vertical instalado como segunda piel arquitect\u00f3nica, dise\u00f1ado para mejorar el control solar, la ventilaci\u00f3n de la envolvente y la eficiencia energ\u00e9tica del edificio.\" data-e-action-hash=\"#elementor-action%3Aaction%3Dlightbox%26settings%3DeyJpZCI6MjE0NTUsInVybCI6Imh0dHBzOlwvXC9tb25pdGEuZXNcL3dwLWNvbnRlbnRcL3VwbG9hZHNcL0ZhY2hhZGFUZXh0aWwyLTEtc2NhbGVkLmpwZWciLCJzbGlkZXNob3ciOiI2MTJlODNhZCJ9\">\t\t<div class=\"elementor-carousel-image\" role=\"img\" aria-label=\"fachada textil ventilada con paneles verticales para control solar y eficiencia energ\u00e9tica\" style=\"background-image: url(&#039;https:\/\/monita.es\/wp-content\/uploads\/FachadaTextil2-1-scaled.jpeg&#039;)\">\n\n\t\t\t\n\t\t\t\t\t<\/div>\n\t\t\t\t\t<div class=\"elementor-carousel-image-overlay e-overlay-animation-fade\">\n\t\t\t\t<i class=\"fas fa-search-plus\"><\/i>\t\t\t<\/div>\n\t\t\t<\/a>\t\t\t\t\t\t<\/div>\n\t\t\t\t\t\t\t\t\t<\/div>\n\t\t\t\t\t\t\t\t\t\t\t\t\t\t\t\t\t\t\t\t\t<\/div>\n\t\t\t\t<\/div>\n\t\t\t\t\t\t\t\t<\/div>\n\t\t\t\t<\/div>\n\t\t\t\t\t<\/div>\n\t\t<\/div>\n\t\t\t\t<div class=\"elementor-column elementor-col-25 elementor-inner-column elementor-element elementor-element-6ff8cd24\" data-id=\"6ff8cd24\" data-element_type=\"column\">\n\t\t\t<div class=\"elementor-widget-wrap elementor-element-populated\">\n\t\t\t\t\t\t<div class=\"elementor-element elementor-element-49388342 elementor-skin-carousel elementor-widget elementor-widget-media-carousel\" data-id=\"49388342\" data-element_type=\"widget\" data-settings=\"{&quot;space_between&quot;:{&quot;unit&quot;:&quot;px&quot;,&quot;size&quot;:29,&quot;sizes&quot;:[]},&quot;slides_per_view&quot;:&quot;1&quot;,&quot;skin&quot;:&quot;carousel&quot;,&quot;effect&quot;:&quot;slide&quot;,&quot;speed&quot;:500,&quot;space_between_tablet&quot;:{&quot;unit&quot;:&quot;px&quot;,&quot;size&quot;:10,&quot;sizes&quot;:[]},&quot;space_between_mobile&quot;:{&quot;unit&quot;:&quot;px&quot;,&quot;size&quot;:10,&quot;sizes&quot;:[]}}\" data-widget_type=\"media-carousel.default\">\n\t\t\t\t<div class=\"elementor-widget-container\">\n\t\t\t\t\t\t\t\t\t<div class=\"elementor-swiper\">\n\t\t\t\t\t<div class=\"elementor-main-swiper swiper\" role=\"region\" aria-roledescription=\"carousel\" aria-label=\"Diapositives\">\n\t\t\t\t<div class=\"swiper-wrapper\">\n\t\t\t\t\t\t\t\t\t\t\t<div class=\"swiper-slide\" role=\"group\" aria-roledescription=\"slide\">\n\t\t\t\t\t\t\t<a href=\"https:\/\/monita.es\/wp-content\/uploads\/FachadaTextil3-1-scaled.jpg\" data-elementor-open-lightbox=\"yes\" data-elementor-lightbox-slideshow=\"49388342\" data-elementor-lightbox-title=\"FachadaTextil3-1\" data-elementor-lightbox-description=\"Sistema de fachada textil aplicado en un edificio corporativo como segunda piel arquitect\u00f3nica, dise\u00f1ado para mejorar el control solar, la eficiencia energ\u00e9tica y el confort interior sin grandes intervenciones estructurales.\" data-e-action-hash=\"#elementor-action%3Aaction%3Dlightbox%26settings%3DeyJpZCI6MjE0NTYsInVybCI6Imh0dHBzOlwvXC9tb25pdGEuZXNcL3dwLWNvbnRlbnRcL3VwbG9hZHNcL0ZhY2hhZGFUZXh0aWwzLTEtc2NhbGVkLmpwZyIsInNsaWRlc2hvdyI6IjQ5Mzg4MzQyIn0%3D\">\t\t<div class=\"elementor-carousel-image\" role=\"img\" aria-label=\"sistema de fachada textil en arquitectura para mejorar eficiencia energ\u00e9tica y protecci\u00f3n solar\" style=\"background-image: url(&#039;https:\/\/monita.es\/wp-content\/uploads\/FachadaTextil3-1-scaled.jpg&#039;)\">\n\n\t\t\t\n\t\t\t\t\t<\/div>\n\t\t\t\t\t<div class=\"elementor-carousel-image-overlay e-overlay-animation-fade\">\n\t\t\t\t<i class=\"fas fa-search-plus\"><\/i>\t\t\t<\/div>\n\t\t\t<\/a>\t\t\t\t\t\t<\/div>\n\t\t\t\t\t\t\t\t\t\t\t<div class=\"swiper-slide\" role=\"group\" aria-roledescription=\"slide\">\n\t\t\t\t\t\t\t<a href=\"https:\/\/monita.es\/wp-content\/uploads\/FachadaTextil3-2-scaled.jpg\" data-elementor-open-lightbox=\"yes\" data-elementor-lightbox-slideshow=\"49388342\" data-elementor-lightbox-title=\"FachadaTextil3-2\" data-elementor-lightbox-description=\"Sistema de fachada textil con elementos m\u00f3viles integrado en la envolvente del edificio, dise\u00f1ado para optimizar el control solar, la entrada de luz natural y la eficiencia energ\u00e9tica mediante una segunda piel arquitect\u00f3nica adaptable.\" data-e-action-hash=\"#elementor-action%3Aaction%3Dlightbox%26settings%3DeyJpZCI6MjE0NTcsInVybCI6Imh0dHBzOlwvXC9tb25pdGEuZXNcL3dwLWNvbnRlbnRcL3VwbG9hZHNcL0ZhY2hhZGFUZXh0aWwzLTItc2NhbGVkLmpwZyIsInNsaWRlc2hvdyI6IjQ5Mzg4MzQyIn0%3D\">\t\t<div class=\"elementor-carousel-image\" role=\"img\" aria-label=\"sistema de fachada textil din\u00e1mica con control solar y segunda piel arquitect\u00f3nica\" style=\"background-image: url(&#039;https:\/\/monita.es\/wp-content\/uploads\/FachadaTextil3-2-scaled.jpg&#039;)\">\n\n\t\t\t\n\t\t\t\t\t<\/div>\n\t\t\t\t\t<div class=\"elementor-carousel-image-overlay e-overlay-animation-fade\">\n\t\t\t\t<i class=\"fas fa-search-plus\"><\/i>\t\t\t<\/div>\n\t\t\t<\/a>\t\t\t\t\t\t<\/div>\n\t\t\t\t\t\t\t\t\t<\/div>\n\t\t\t\t\t\t\t\t\t\t\t\t\t\t\t\t\t\t\t\t\t<\/div>\n\t\t\t\t<\/div>\n\t\t\t\t\t\t\t\t<\/div>\n\t\t\t\t<\/div>\n\t\t\t\t\t<\/div>\n\t\t<\/div>\n\t\t\t\t<div class=\"elementor-column elementor-col-25 elementor-inner-column elementor-element elementor-element-e48212d\" data-id=\"e48212d\" data-element_type=\"column\">\n\t\t\t<div class=\"elementor-widget-wrap elementor-element-populated\">\n\t\t\t\t\t\t<div class=\"elementor-element elementor-element-c05fac7 elementor-skin-carousel elementor-widget elementor-widget-media-carousel\" data-id=\"c05fac7\" data-element_type=\"widget\" data-settings=\"{&quot;space_between&quot;:{&quot;unit&quot;:&quot;px&quot;,&quot;size&quot;:29,&quot;sizes&quot;:[]},&quot;slides_per_view&quot;:&quot;1&quot;,&quot;skin&quot;:&quot;carousel&quot;,&quot;effect&quot;:&quot;slide&quot;,&quot;speed&quot;:500,&quot;space_between_tablet&quot;:{&quot;unit&quot;:&quot;px&quot;,&quot;size&quot;:10,&quot;sizes&quot;:[]},&quot;space_between_mobile&quot;:{&quot;unit&quot;:&quot;px&quot;,&quot;size&quot;:10,&quot;sizes&quot;:[]}}\" data-widget_type=\"media-carousel.default\">\n\t\t\t\t<div class=\"elementor-widget-container\">\n\t\t\t\t\t\t\t\t\t<div class=\"elementor-swiper\">\n\t\t\t\t\t<div class=\"elementor-main-swiper swiper\" role=\"region\" aria-roledescription=\"carousel\" aria-label=\"Diapositives\">\n\t\t\t\t<div class=\"swiper-wrapper\">\n\t\t\t\t\t\t\t\t\t\t\t<div class=\"swiper-slide\" role=\"group\" aria-roledescription=\"slide\">\n\t\t\t\t\t\t\t<a href=\"https:\/\/monita.es\/wp-content\/uploads\/FachadaTextil4.jpg\" data-elementor-open-lightbox=\"yes\" data-elementor-lightbox-slideshow=\"c05fac7\" data-elementor-lightbox-title=\"FachadaTextil4\" data-elementor-lightbox-description=\"Sistema de fachada textil aplicado en una nave industrial, dise\u00f1ado como envolvente ligera para grandes superficies, mejorando la eficiencia energ\u00e9tica, el control solar y la imagen corporativa del edificio.\" data-e-action-hash=\"#elementor-action%3Aaction%3Dlightbox%26settings%3DeyJpZCI6MjE0NTgsInVybCI6Imh0dHBzOlwvXC9tb25pdGEuZXNcL3dwLWNvbnRlbnRcL3VwbG9hZHNcL0ZhY2hhZGFUZXh0aWw0LmpwZyIsInNsaWRlc2hvdyI6ImMwNWZhYzcifQ%3D%3D\">\t\t<div class=\"elementor-carousel-image\" role=\"img\" aria-label=\"fachada textil industrial para edificios log\u00edsticos con alta eficiencia energ\u00e9tica\" style=\"background-image: url(&#039;https:\/\/monita.es\/wp-content\/uploads\/FachadaTextil4.jpg&#039;)\">\n\n\t\t\t\n\t\t\t\t\t<\/div>\n\t\t\t\t\t<div class=\"elementor-carousel-image-overlay e-overlay-animation-fade\">\n\t\t\t\t<i class=\"fas fa-search-plus\"><\/i>\t\t\t<\/div>\n\t\t\t<\/a>\t\t\t\t\t\t<\/div>\n\t\t\t\t\t\t\t\t\t<\/div>\n\t\t\t\t\t\t\t<\/div>\n\t\t\t\t<\/div>\n\t\t\t\t\t\t\t\t<\/div>\n\t\t\t\t<\/div>\n\t\t\t\t\t<\/div>\n\t\t<\/div>\n\t\t\t\t\t<\/div>\n\t\t<\/section>\n\t\t\t\t<section class=\"elementor-section elementor-inner-section elementor-element elementor-element-5a1f550 elementor-section-boxed elementor-section-height-default elementor-section-height-default elementor-invisible\" data-id=\"5a1f550\" data-element_type=\"section\" data-settings=\"{&quot;animation&quot;:&quot;fadeInUp&quot;}\">\n\t\t\t\t\t\t<div class=\"elementor-container elementor-column-gap-narrow\">\n\t\t\t\t\t<div class=\"elementor-column elementor-col-25 elementor-inner-column elementor-element elementor-element-2f93735\" data-id=\"2f93735\" data-element_type=\"column\">\n\t\t\t<div class=\"elementor-widget-wrap elementor-element-populated\">\n\t\t\t\t\t\t<div class=\"elementor-element elementor-element-0a315af elementor-skin-carousel elementor-widget elementor-widget-media-carousel\" data-id=\"0a315af\" data-element_type=\"widget\" data-settings=\"{&quot;space_between&quot;:{&quot;unit&quot;:&quot;px&quot;,&quot;size&quot;:29,&quot;sizes&quot;:[]},&quot;slides_per_view&quot;:&quot;1&quot;,&quot;skin&quot;:&quot;carousel&quot;,&quot;effect&quot;:&quot;slide&quot;,&quot;speed&quot;:500,&quot;space_between_tablet&quot;:{&quot;unit&quot;:&quot;px&quot;,&quot;size&quot;:10,&quot;sizes&quot;:[]},&quot;space_between_mobile&quot;:{&quot;unit&quot;:&quot;px&quot;,&quot;size&quot;:10,&quot;sizes&quot;:[]}}\" data-widget_type=\"media-carousel.default\">\n\t\t\t\t<div class=\"elementor-widget-container\">\n\t\t\t\t\t\t\t\t\t<div class=\"elementor-swiper\">\n\t\t\t\t\t<div class=\"elementor-main-swiper swiper\" role=\"region\" aria-roledescription=\"carousel\" aria-label=\"Diapositives\">\n\t\t\t\t<div class=\"swiper-wrapper\">\n\t\t\t\t\t\t\t\t\t\t\t<div class=\"swiper-slide\" role=\"group\" aria-roledescription=\"slide\">\n\t\t\t\t\t\t\t<a href=\"https:\/\/monita.es\/wp-content\/uploads\/FachadaTextil5.jpg\" data-elementor-open-lightbox=\"yes\" data-elementor-lightbox-slideshow=\"0a315af\" data-elementor-lightbox-title=\"FachadaTextil5\" data-elementor-lightbox-description=\"Sistema de fachada textil instalado en un edificio en altura, dise\u00f1ado como envolvente ligera para mejorar la eficiencia energ\u00e9tica, el control solar y la est\u00e9tica arquitect\u00f3nica en proyectos urbanos.\" data-e-action-hash=\"#elementor-action%3Aaction%3Dlightbox%26settings%3DeyJpZCI6MjE0NjAsInVybCI6Imh0dHBzOlwvXC9tb25pdGEuZXNcL3dwLWNvbnRlbnRcL3VwbG9hZHNcL0ZhY2hhZGFUZXh0aWw1LmpwZyIsInNsaWRlc2hvdyI6IjBhMzE1YWYifQ%3D%3D\">\t\t<div class=\"elementor-carousel-image\" role=\"img\" aria-label=\"fachada textil en altura para edificios con sistema de segunda piel arquitect\u00f3nica\" style=\"background-image: url(&#039;https:\/\/monita.es\/wp-content\/uploads\/FachadaTextil5.jpg&#039;)\">\n\n\t\t\t\n\t\t\t\t\t<\/div>\n\t\t\t\t\t<div class=\"elementor-carousel-image-overlay e-overlay-animation-fade\">\n\t\t\t\t<i class=\"fas fa-search-plus\"><\/i>\t\t\t<\/div>\n\t\t\t<\/a>\t\t\t\t\t\t<\/div>\n\t\t\t\t\t\t\t\t\t<\/div>\n\t\t\t\t\t\t\t<\/div>\n\t\t\t\t<\/div>\n\t\t\t\t\t\t\t\t<\/div>\n\t\t\t\t<\/div>\n\t\t\t\t\t<\/div>\n\t\t<\/div>\n\t\t\t\t<div class=\"elementor-column elementor-col-25 elementor-inner-column elementor-element elementor-element-a6e6c50\" data-id=\"a6e6c50\" data-element_type=\"column\">\n\t\t\t<div class=\"elementor-widget-wrap elementor-element-populated\">\n\t\t\t\t\t\t<div class=\"elementor-element elementor-element-591a87e elementor-skin-carousel elementor-widget elementor-widget-media-carousel\" data-id=\"591a87e\" data-element_type=\"widget\" data-settings=\"{&quot;space_between&quot;:{&quot;unit&quot;:&quot;px&quot;,&quot;size&quot;:29,&quot;sizes&quot;:[]},&quot;slides_per_view&quot;:&quot;1&quot;,&quot;skin&quot;:&quot;carousel&quot;,&quot;effect&quot;:&quot;slide&quot;,&quot;speed&quot;:500,&quot;space_between_tablet&quot;:{&quot;unit&quot;:&quot;px&quot;,&quot;size&quot;:10,&quot;sizes&quot;:[]},&quot;space_between_mobile&quot;:{&quot;unit&quot;:&quot;px&quot;,&quot;size&quot;:10,&quot;sizes&quot;:[]}}\" data-widget_type=\"media-carousel.default\">\n\t\t\t\t<div class=\"elementor-widget-container\">\n\t\t\t\t\t\t\t\t\t<div class=\"elementor-swiper\">\n\t\t\t\t\t<div class=\"elementor-main-swiper swiper\" role=\"region\" aria-roledescription=\"carousel\" aria-label=\"Diapositives\">\n\t\t\t\t<div class=\"swiper-wrapper\">\n\t\t\t\t\t\t\t\t\t\t\t<div class=\"swiper-slide\" role=\"group\" aria-roledescription=\"slide\">\n\t\t\t\t\t\t\t<a href=\"https:\/\/monita.es\/wp-content\/uploads\/FachadaTextil6.jpg\" data-elementor-open-lightbox=\"yes\" data-elementor-lightbox-slideshow=\"591a87e\" data-elementor-lightbox-title=\"FachadaTextil6\" data-elementor-lightbox-description=\"Sistema de fachada textil instalado en un volumen arquitect\u00f3nico independiente, dise\u00f1ado como envolvente ligera para mejorar la eficiencia energ\u00e9tica, el control solar y la adaptabilidad en proyectos t\u00e9cnicos.\" data-e-action-hash=\"#elementor-action%3Aaction%3Dlightbox%26settings%3DeyJpZCI6MjE0NTksInVybCI6Imh0dHBzOlwvXC9tb25pdGEuZXNcL3dwLWNvbnRlbnRcL3VwbG9hZHNcL0ZhY2hhZGFUZXh0aWw2LmpwZyIsInNsaWRlc2hvdyI6IjU5MWE4N2UifQ%3D%3D\">\t\t<div class=\"elementor-carousel-image\" role=\"img\" aria-label=\"sistema de fachada textil a medida en elemento arquitect\u00f3nico independiente\" style=\"background-image: url(&#039;https:\/\/monita.es\/wp-content\/uploads\/FachadaTextil6.jpg&#039;)\">\n\n\t\t\t\n\t\t\t\t\t<\/div>\n\t\t\t\t\t<div class=\"elementor-carousel-image-overlay e-overlay-animation-fade\">\n\t\t\t\t<i class=\"fas fa-search-plus\"><\/i>\t\t\t<\/div>\n\t\t\t<\/a>\t\t\t\t\t\t<\/div>\n\t\t\t\t\t\t\t\t\t<\/div>\n\t\t\t\t\t\t\t<\/div>\n\t\t\t\t<\/div>\n\t\t\t\t\t\t\t\t<\/div>\n\t\t\t\t<\/div>\n\t\t\t\t\t<\/div>\n\t\t<\/div>\n\t\t\t\t<div class=\"elementor-column elementor-col-25 elementor-inner-column elementor-element elementor-element-ba705c8\" data-id=\"ba705c8\" data-element_type=\"column\">\n\t\t\t<div class=\"elementor-widget-wrap elementor-element-populated\">\n\t\t\t\t\t\t<div class=\"elementor-element elementor-element-d02bb06 elementor-skin-carousel elementor-widget elementor-widget-media-carousel\" data-id=\"d02bb06\" data-element_type=\"widget\" data-settings=\"{&quot;space_between&quot;:{&quot;unit&quot;:&quot;px&quot;,&quot;size&quot;:29,&quot;sizes&quot;:[]},&quot;slides_per_view&quot;:&quot;1&quot;,&quot;skin&quot;:&quot;carousel&quot;,&quot;effect&quot;:&quot;slide&quot;,&quot;speed&quot;:500,&quot;space_between_tablet&quot;:{&quot;unit&quot;:&quot;px&quot;,&quot;size&quot;:10,&quot;sizes&quot;:[]},&quot;space_between_mobile&quot;:{&quot;unit&quot;:&quot;px&quot;,&quot;size&quot;:10,&quot;sizes&quot;:[]}}\" data-widget_type=\"media-carousel.default\">\n\t\t\t\t<div class=\"elementor-widget-container\">\n\t\t\t\t\t\t\t\t\t<div class=\"elementor-swiper\">\n\t\t\t\t\t<div class=\"elementor-main-swiper swiper\" role=\"region\" aria-roledescription=\"carousel\" aria-label=\"Diapositives\">\n\t\t\t\t<div class=\"swiper-wrapper\">\n\t\t\t\t\t\t\t\t\t\t\t<div class=\"swiper-slide\" role=\"group\" aria-roledescription=\"slide\">\n\t\t\t\t\t\t\t<a href=\"https:\/\/monita.es\/wp-content\/uploads\/FachadaTextil7-1.jpg\" data-elementor-open-lightbox=\"yes\" data-elementor-lightbox-slideshow=\"d02bb06\" data-elementor-lightbox-title=\"FachadaTextil7-1\" data-elementor-lightbox-description=\"Sistema de fachada textil transl\u00facida aplicado en el acceso de un edificio, dise\u00f1ado como envolvente ligera que permite el paso de luz natural, mejora el control solar y aporta una imagen arquitect\u00f3nica contempor\u00e1nea.\" data-e-action-hash=\"#elementor-action%3Aaction%3Dlightbox%26settings%3DeyJpZCI6MjE0NjEsInVybCI6Imh0dHBzOlwvXC9tb25pdGEuZXNcL3dwLWNvbnRlbnRcL3VwbG9hZHNcL0ZhY2hhZGFUZXh0aWw3LTEuanBnIiwic2xpZGVzaG93IjoiZDAyYmIwNiJ9\">\t\t<div class=\"elementor-carousel-image\" role=\"img\" aria-label=\"fachada textil en entrada de edificio con membrana transl\u00facida y control solar\" style=\"background-image: url(&#039;https:\/\/monita.es\/wp-content\/uploads\/FachadaTextil7-1.jpg&#039;)\">\n\n\t\t\t\n\t\t\t\t\t<\/div>\n\t\t\t\t\t<div class=\"elementor-carousel-image-overlay e-overlay-animation-fade\">\n\t\t\t\t<i class=\"fas fa-search-plus\"><\/i>\t\t\t<\/div>\n\t\t\t<\/a>\t\t\t\t\t\t<\/div>\n\t\t\t\t\t\t\t\t\t\t\t<div class=\"swiper-slide\" role=\"group\" aria-roledescription=\"slide\">\n\t\t\t\t\t\t\t<a href=\"https:\/\/monita.es\/wp-content\/uploads\/FachadaTextil7-2.jpg\" data-elementor-open-lightbox=\"yes\" data-elementor-lightbox-slideshow=\"d02bb06\" data-elementor-lightbox-title=\"FachadaTextil7-2\" data-elementor-lightbox-description=\"Sistema de fachada textil transl\u00facida visto desde el interior del edificio, dise\u00f1ado para permitir el paso de luz natural, mejorar el confort visual y optimizar la eficiencia energ\u00e9tica mediante una envolvente arquitect\u00f3nica ligera.\" data-e-action-hash=\"#elementor-action%3Aaction%3Dlightbox%26settings%3DeyJpZCI6MjE0NjIsInVybCI6Imh0dHBzOlwvXC9tb25pdGEuZXNcL3dwLWNvbnRlbnRcL3VwbG9hZHNcL0ZhY2hhZGFUZXh0aWw3LTIuanBnIiwic2xpZGVzaG93IjoiZDAyYmIwNiJ9\">\t\t<div class=\"elementor-carousel-image\" role=\"img\" aria-label=\"sistema de fachada textil transl\u00facida para control lum\u00ednico y eficiencia energ\u00e9tica\" style=\"background-image: url(&#039;https:\/\/monita.es\/wp-content\/uploads\/FachadaTextil7-2.jpg&#039;)\">\n\n\t\t\t\n\t\t\t\t\t<\/div>\n\t\t\t\t\t<div class=\"elementor-carousel-image-overlay e-overlay-animation-fade\">\n\t\t\t\t<i class=\"fas fa-search-plus\"><\/i>\t\t\t<\/div>\n\t\t\t<\/a>\t\t\t\t\t\t<\/div>\n\t\t\t\t\t\t\t\t\t<\/div>\n\t\t\t\t\t\t\t\t\t\t\t\t\t\t\t\t\t\t\t\t\t<\/div>\n\t\t\t\t<\/div>\n\t\t\t\t\t\t\t\t<\/div>\n\t\t\t\t<\/div>\n\t\t\t\t\t<\/div>\n\t\t<\/div>\n\t\t\t\t<div class=\"elementor-column elementor-col-25 elementor-inner-column elementor-element elementor-element-905ce9f\" data-id=\"905ce9f\" data-element_type=\"column\">\n\t\t\t<div class=\"elementor-widget-wrap elementor-element-populated\">\n\t\t\t\t\t\t<div class=\"elementor-element elementor-element-f38cad6 elementor-skin-carousel elementor-widget elementor-widget-media-carousel\" data-id=\"f38cad6\" data-element_type=\"widget\" data-settings=\"{&quot;space_between&quot;:{&quot;unit&quot;:&quot;px&quot;,&quot;size&quot;:29,&quot;sizes&quot;:[]},&quot;slides_per_view&quot;:&quot;1&quot;,&quot;skin&quot;:&quot;carousel&quot;,&quot;effect&quot;:&quot;slide&quot;,&quot;speed&quot;:500,&quot;space_between_tablet&quot;:{&quot;unit&quot;:&quot;px&quot;,&quot;size&quot;:10,&quot;sizes&quot;:[]},&quot;space_between_mobile&quot;:{&quot;unit&quot;:&quot;px&quot;,&quot;size&quot;:10,&quot;sizes&quot;:[]}}\" data-widget_type=\"media-carousel.default\">\n\t\t\t\t<div class=\"elementor-widget-container\">\n\t\t\t\t\t\t\t\t\t<div class=\"elementor-swiper\">\n\t\t\t\t\t<div class=\"elementor-main-swiper swiper\" role=\"region\" aria-roledescription=\"carousel\" aria-label=\"Diapositives\">\n\t\t\t\t<div class=\"swiper-wrapper\">\n\t\t\t\t\t\t\t\t\t\t\t<div class=\"swiper-slide\" role=\"group\" aria-roledescription=\"slide\">\n\t\t\t\t\t\t\t<a href=\"https:\/\/monita.es\/wp-content\/uploads\/FachadaTextil8-scaled.jpg\" data-elementor-open-lightbox=\"yes\" data-elementor-lightbox-slideshow=\"f38cad6\" data-elementor-lightbox-title=\"FachadaTextil8\" data-elementor-lightbox-description=\"Sistema de fachada textil con geometr\u00eda curva aplicado en un edificio, dise\u00f1ado como envolvente ligera que permite adaptarse a formas arquitect\u00f3nicas complejas, mejorando la eficiencia energ\u00e9tica y la est\u00e9tica contempor\u00e1nea.\" data-e-action-hash=\"#elementor-action%3Aaction%3Dlightbox%26settings%3DeyJpZCI6MjE0NjMsInVybCI6Imh0dHBzOlwvXC9tb25pdGEuZXNcL3dwLWNvbnRlbnRcL3VwbG9hZHNcL0ZhY2hhZGFUZXh0aWw4LXNjYWxlZC5qcGciLCJzbGlkZXNob3ciOiJmMzhjYWQ2In0%3D\">\t\t<div class=\"elementor-carousel-image\" role=\"img\" aria-label=\"sistema de fachada textil con dise\u00f1o curvo para arquitectura contempor\u00e1nea\" style=\"background-image: url(&#039;https:\/\/monita.es\/wp-content\/uploads\/FachadaTextil8-scaled.jpg&#039;)\">\n\n\t\t\t\n\t\t\t\t\t<\/div>\n\t\t\t\t\t<div class=\"elementor-carousel-image-overlay e-overlay-animation-fade\">\n\t\t\t\t<i class=\"fas fa-search-plus\"><\/i>\t\t\t<\/div>\n\t\t\t<\/a>\t\t\t\t\t\t<\/div>\n\t\t\t\t\t\t\t\t\t<\/div>\n\t\t\t\t\t\t\t<\/div>\n\t\t\t\t<\/div>\n\t\t\t\t\t\t\t\t<\/div>\n\t\t\t\t<\/div>\n\t\t\t\t\t<\/div>\n\t\t<\/div>\n\t\t\t\t\t<\/div>\n\t\t<\/section>\n\t\t\t\t<section class=\"elementor-section elementor-inner-section elementor-element elementor-element-02d3bbb elementor-section-boxed elementor-section-height-default elementor-section-height-default elementor-invisible\" data-id=\"02d3bbb\" data-element_type=\"section\" data-settings=\"{&quot;animation&quot;:&quot;fadeInUp&quot;}\">\n\t\t\t\t\t\t<div class=\"elementor-container elementor-column-gap-narrow\">\n\t\t\t\t\t<div class=\"elementor-column elementor-col-25 elementor-inner-column elementor-element elementor-element-09e26ef\" data-id=\"09e26ef\" data-element_type=\"column\">\n\t\t\t<div class=\"elementor-widget-wrap elementor-element-populated\">\n\t\t\t\t\t\t<div class=\"elementor-element elementor-element-ca28578 elementor-skin-carousel elementor-widget elementor-widget-media-carousel\" data-id=\"ca28578\" data-element_type=\"widget\" data-settings=\"{&quot;space_between&quot;:{&quot;unit&quot;:&quot;px&quot;,&quot;size&quot;:29,&quot;sizes&quot;:[]},&quot;slides_per_view&quot;:&quot;1&quot;,&quot;skin&quot;:&quot;carousel&quot;,&quot;effect&quot;:&quot;slide&quot;,&quot;speed&quot;:500,&quot;space_between_tablet&quot;:{&quot;unit&quot;:&quot;px&quot;,&quot;size&quot;:10,&quot;sizes&quot;:[]},&quot;space_between_mobile&quot;:{&quot;unit&quot;:&quot;px&quot;,&quot;size&quot;:10,&quot;sizes&quot;:[]}}\" data-widget_type=\"media-carousel.default\">\n\t\t\t\t<div class=\"elementor-widget-container\">\n\t\t\t\t\t\t\t\t\t<div class=\"elementor-swiper\">\n\t\t\t\t\t<div class=\"elementor-main-swiper swiper\" role=\"region\" aria-roledescription=\"carousel\" aria-label=\"Diapositives\">\n\t\t\t\t<div class=\"swiper-wrapper\">\n\t\t\t\t\t\t\t\t\t\t\t<div class=\"swiper-slide\" role=\"group\" aria-roledescription=\"slide\">\n\t\t\t\t\t\t\t<a href=\"https:\/\/monita.es\/wp-content\/uploads\/Matriz-9-1-scaled.jpg\" data-elementor-open-lightbox=\"yes\" data-elementor-lightbox-slideshow=\"ca28578\" data-elementor-lightbox-title=\"Matriz 9 (1)\" data-elementor-lightbox-description=\"Sistema de fachada textil aplicado en un espacio interior tipo atrio, dise\u00f1ado para permitir la entrada de luz natural, mejorar el confort lum\u00ednico y crear una envolvente arquitect\u00f3nica ligera en proyectos de gran escala.\" data-e-action-hash=\"#elementor-action%3Aaction%3Dlightbox%26settings%3DeyJpZCI6MjE0NjUsInVybCI6Imh0dHBzOlwvXC9tb25pdGEuZXNcL3dwLWNvbnRlbnRcL3VwbG9hZHNcL01hdHJpei05LTEtc2NhbGVkLmpwZyIsInNsaWRlc2hvdyI6ImNhMjg1NzgifQ%3D%3D\">\t\t<div class=\"elementor-carousel-image\" role=\"img\" aria-label=\"sistema de fachada textil en espacio interior para control lum\u00ednico y eficiencia energ\u00e9tica\" style=\"background-image: url(&#039;https:\/\/monita.es\/wp-content\/uploads\/Matriz-9-1-scaled.jpg&#039;)\">\n\n\t\t\t\n\t\t\t\t\t<\/div>\n\t\t\t\t\t<div class=\"elementor-carousel-image-overlay e-overlay-animation-fade\">\n\t\t\t\t<i class=\"fas fa-search-plus\"><\/i>\t\t\t<\/div>\n\t\t\t<\/a>\t\t\t\t\t\t<\/div>\n\t\t\t\t\t\t\t\t\t<\/div>\n\t\t\t\t\t\t\t<\/div>\n\t\t\t\t<\/div>\n\t\t\t\t\t\t\t\t<\/div>\n\t\t\t\t<\/div>\n\t\t\t\t\t<\/div>\n\t\t<\/div>\n\t\t\t\t<div class=\"elementor-column elementor-col-25 elementor-inner-column elementor-element elementor-element-a30a78c\" data-id=\"a30a78c\" data-element_type=\"column\">\n\t\t\t<div class=\"elementor-widget-wrap elementor-element-populated\">\n\t\t\t\t\t\t<div class=\"elementor-element elementor-element-cd1a4d4 elementor-skin-carousel elementor-widget elementor-widget-media-carousel\" data-id=\"cd1a4d4\" data-element_type=\"widget\" data-settings=\"{&quot;space_between&quot;:{&quot;unit&quot;:&quot;px&quot;,&quot;size&quot;:29,&quot;sizes&quot;:[]},&quot;slides_per_view&quot;:&quot;1&quot;,&quot;skin&quot;:&quot;carousel&quot;,&quot;effect&quot;:&quot;slide&quot;,&quot;speed&quot;:500,&quot;space_between_tablet&quot;:{&quot;unit&quot;:&quot;px&quot;,&quot;size&quot;:10,&quot;sizes&quot;:[]},&quot;space_between_mobile&quot;:{&quot;unit&quot;:&quot;px&quot;,&quot;size&quot;:10,&quot;sizes&quot;:[]}}\" data-widget_type=\"media-carousel.default\">\n\t\t\t\t<div class=\"elementor-widget-container\">\n\t\t\t\t\t\t\t\t\t<div class=\"elementor-swiper\">\n\t\t\t\t\t<div class=\"elementor-main-swiper swiper\" role=\"region\" aria-roledescription=\"carousel\" aria-label=\"Diapositives\">\n\t\t\t\t<div class=\"swiper-wrapper\">\n\t\t\t\t\t\t\t\t\t\t\t<div class=\"swiper-slide\" role=\"group\" aria-roledescription=\"slide\">\n\t\t\t\t\t\t\t<a href=\"https:\/\/monita.es\/wp-content\/uploads\/sodapdf-converted-1-min.jpg\" data-elementor-open-lightbox=\"yes\" data-elementor-lightbox-slideshow=\"cd1a4d4\" data-elementor-lightbox-title=\"sodapdf-converted (1)-min\" data-elementor-lightbox-description=\"Vista a\u00e9rea de un proyecto arquitect\u00f3nico donde se integran sistemas de fachada textil en el dise\u00f1o urbano, optimizando la eficiencia energ\u00e9tica, el control solar y la est\u00e9tica en desarrollos de gran escala.\" data-e-action-hash=\"#elementor-action%3Aaction%3Dlightbox%26settings%3DeyJpZCI6MjE0NjQsInVybCI6Imh0dHBzOlwvXC9tb25pdGEuZXNcL3dwLWNvbnRlbnRcL3VwbG9hZHNcL3NvZGFwZGYtY29udmVydGVkLTEtbWluLmpwZyIsInNsaWRlc2hvdyI6ImNkMWE0ZDQifQ%3D%3D\">\t\t<div class=\"elementor-carousel-image\" role=\"img\" aria-label=\"aplicaci\u00f3n de fachada textil en arquitectura urbana para grandes superficies\" style=\"background-image: url(&#039;https:\/\/monita.es\/wp-content\/uploads\/sodapdf-converted-1-min.jpg&#039;)\">\n\n\t\t\t\n\t\t\t\t\t<\/div>\n\t\t\t\t\t<div class=\"elementor-carousel-image-overlay e-overlay-animation-fade\">\n\t\t\t\t<i class=\"fas fa-search-plus\"><\/i>\t\t\t<\/div>\n\t\t\t<\/a>\t\t\t\t\t\t<\/div>\n\t\t\t\t\t\t\t\t\t<\/div>\n\t\t\t\t\t\t\t<\/div>\n\t\t\t\t<\/div>\n\t\t\t\t\t\t\t\t<\/div>\n\t\t\t\t<\/div>\n\t\t\t\t\t<\/div>\n\t\t<\/div>\n\t\t\t\t<div class=\"elementor-column elementor-col-25 elementor-inner-column elementor-element elementor-element-dea6116\" data-id=\"dea6116\" data-element_type=\"column\">\n\t\t\t<div class=\"elementor-widget-wrap\">\n\t\t\t\t\t\t\t<\/div>\n\t\t<\/div>\n\t\t\t\t<div class=\"elementor-column elementor-col-25 elementor-inner-column elementor-element elementor-element-0c540b2\" data-id=\"0c540b2\" data-element_type=\"column\">\n\t\t\t<div class=\"elementor-widget-wrap\">\n\t\t\t\t\t\t\t<\/div>\n\t\t<\/div>\n\t\t\t\t\t<\/div>\n\t\t<\/section>\n\t\t\t\t\t<\/div>\n\t\t<\/div>\n\t\t\t\t\t<\/div>\n\t\t<\/section>\n\t\t\t\t<section class=\"elementor-section elementor-top-section elementor-element elementor-element-20a9eda8 elementor-section-height-min-height elementor-section-items-top elementor-section-boxed elementor-section-height-default\" data-id=\"20a9eda8\" data-element_type=\"section\" data-settings=\"{&quot;background_background&quot;:&quot;classic&quot;}\">\n\t\t\t\t\t\t\t<div class=\"elementor-background-overlay\"><\/div>\n\t\t\t\t\t\t\t<div class=\"elementor-container elementor-column-gap-no\">\n\t\t\t\t\t<div class=\"elementor-column elementor-col-100 elementor-top-column elementor-element elementor-element-64f81de5\" data-id=\"64f81de5\" data-element_type=\"column\">\n\t\t\t<div class=\"elementor-widget-wrap elementor-element-populated\">\n\t\t\t\t\t\t<div class=\"elementor-element elementor-element-1a11a0ef elementor-widget elementor-widget-heading\" data-id=\"1a11a0ef\" data-element_type=\"widget\" data-widget_type=\"heading.default\">\n\t\t\t\t<div class=\"elementor-widget-container\">\n\t\t\t\t\t<h2 class=\"elementor-heading-title elementor-size-default\">Contacti'ns<\/h2>\t\t\t\t<\/div>\n\t\t\t\t<\/div>\n\t\t\t\t<div class=\"elementor-element elementor-element-7510a5a1 elementor-widget__width-initial elementor-widget elementor-widget-text-editor\" data-id=\"7510a5a1\" data-element_type=\"widget\" data-widget_type=\"text-editor.default\">\n\t\t\t\t<div class=\"elementor-widget-container\">\n\t\t\t\t\t\t\t\t\t<p><span style=\"font-weight: 400;\">Poseu-ho en contacte amb nosaltres. Els nostres especialistes el podran assessorar per proposar-li la millor soluci\u00f3 al seu projecte. Comptem amb m\u00e9s de 80 anys d&#8217;experi\u00e8ncia en la fabricaci\u00f3 de lones, confecci\u00f3 industrial, tendals, carpes i arquitectura t\u00e8xtil. <\/span><\/p>\n\t\t\t\t\t\t\t\t<\/div>\n\t\t\t\t<\/div>\n\t\t\t\t<div class=\"elementor-element elementor-element-54887b03 elementor-mobile-align-center elementor-widget elementor-widget-button\" data-id=\"54887b03\" data-element_type=\"widget\" data-widget_type=\"button.default\">\n\t\t\t\t<div class=\"elementor-widget-container\">\n\t\t\t\t\t\t\t\t\t<div class=\"elementor-button-wrapper\">\n\t\t\t\t\t<a class=\"elementor-button elementor-button-link elementor-size-sm\" href=\"https:\/\/monita.es\/contacto-ubicacion\/\">\n\t\t\t\t\t\t<span class=\"elementor-button-content-wrapper\">\n\t\t\t\t\t\t<span class=\"elementor-button-icon\">\n\t\t\t\t<svg xmlns=\"http:\/\/www.w3.org\/2000\/svg\" id=\"e7693ca5-bf76-42df-999c-dbc3066cda9e\" data-name=\"Layer 1\" width=\"21.3525\" height=\"10.7197\" viewBox=\"0 0 21.3525 10.7197\"><polygon points=\"21 5.229 21.343 4.865 16.165 0 15.479 0.729 19.737 4.729 0 4.729 0 5.729 19.786 5.729 15.47 10.009 16.175 10.72 21.353 5.584 21 5.229\"><\/polygon><\/svg>\t\t\t<\/span>\n\t\t\t\t\t\t\t\t\t<span class=\"elementor-button-text\">Sol\u00b7licita pressupost<\/span>\n\t\t\t\t\t<\/span>\n\t\t\t\t\t<\/a>\n\t\t\t\t<\/div>\n\t\t\t\t\t\t\t\t<\/div>\n\t\t\t\t<\/div>\n\t\t\t\t\t<\/div>\n\t\t<\/div>\n\t\t\t\t\t<\/div>\n\t\t<\/section>\n\t\t\t\t<section class=\"elementor-section elementor-top-section elementor-element elementor-element-3b64c0ff elementor-section-content-top elementor-section-boxed elementor-section-height-default elementor-section-height-default\" data-id=\"3b64c0ff\" data-element_type=\"section\">\n\t\t\t\t\t\t<div class=\"elementor-container elementor-column-gap-no\">\n\t\t\t\t\t<div class=\"elementor-column elementor-col-33 elementor-top-column elementor-element elementor-element-1a62708e\" data-id=\"1a62708e\" data-element_type=\"column\">\n\t\t\t<div class=\"elementor-widget-wrap elementor-element-populated\">\n\t\t\t\t\t\t<div class=\"elementor-element elementor-element-4a8ed239 elementor-widget elementor-widget-heading\" data-id=\"4a8ed239\" data-element_type=\"widget\" data-widget_type=\"heading.default\">\n\t\t\t\t<div class=\"elementor-widget-container\">\n\t\t\t\t\t<h5 class=\"elementor-heading-title elementor-size-default\">L\u00edders en Solucions Industrials<\/h5>\t\t\t\t<\/div>\n\t\t\t\t<\/div>\n\t\t\t\t<div class=\"elementor-element elementor-element-7540e8fe animated-slow elementor-invisible elementor-widget elementor-widget-heading\" data-id=\"7540e8fe\" data-element_type=\"widget\" data-settings=\"{&quot;_animation&quot;:&quot;fadeIn&quot;}\" data-widget_type=\"heading.default\">\n\t\t\t\t<div class=\"elementor-widget-container\">\n\t\t\t\t\t<h2 class=\"elementor-heading-title elementor-size-default\">M\u00e9s sobre Fa\u00e7ana T\u00e8xtil<\/h2>\t\t\t\t<\/div>\n\t\t\t\t<\/div>\n\t\t\t\t<div class=\"elementor-element elementor-element-7a4db3f1 elementor-invisible elementor-widget elementor-widget-text-editor\" data-id=\"7a4db3f1\" data-element_type=\"widget\" data-settings=\"{&quot;_animation&quot;:&quot;fadeIn&quot;,&quot;_animation_delay&quot;:200}\" data-widget_type=\"text-editor.default\">\n\t\t\t\t<div class=\"elementor-widget-container\">\n\t\t\t\t\t\t\t\t\t<p>Confieu en el nostre bon fer, tal com ho han fet milers de clients satisfets amb el que fem.<\/p>\n\t\t\t\t\t\t\t\t<\/div>\n\t\t\t\t<\/div>\n\t\t\t\t<div class=\"elementor-element elementor-element-4997dc99 elementor-widget elementor-widget-image\" data-id=\"4997dc99\" data-element_type=\"widget\" data-widget_type=\"image.default\">\n\t\t\t\t<div class=\"elementor-widget-container\">\n\t\t\t\t\t\t\t\t\t\t\t\t\t\t\t<img fetchpriority=\"high\" decoding=\"async\" width=\"667\" height=\"500\" src=\"https:\/\/monita.es\/wp-content\/uploads\/FachadaTextil4-667x500.jpg\" class=\"attachment-large size-large wp-image-21458\" alt=\"fachada textil industrial para edificios log\u00edsticos con alta eficiencia energ\u00e9tica\" srcset=\"https:\/\/monita.es\/wp-content\/uploads\/FachadaTextil4-667x500.jpg 667w, https:\/\/monita.es\/wp-content\/uploads\/FachadaTextil4-105x79.jpg 105w, https:\/\/monita.es\/wp-content\/uploads\/FachadaTextil4-768x576.jpg 768w, https:\/\/monita.es\/wp-content\/uploads\/FachadaTextil4-1536x1152.jpg 1536w, https:\/\/monita.es\/wp-content\/uploads\/FachadaTextil4-2048x1536.jpg 2048w\" sizes=\"(max-width: 667px) 100vw, 667px\" \/>\t\t\t\t\t\t\t\t\t\t\t\t\t\t\t<\/div>\n\t\t\t\t<\/div>\n\t\t\t\t\t<\/div>\n\t\t<\/div>\n\t\t\t\t<div class=\"elementor-column elementor-col-66 elementor-top-column elementor-element elementor-element-1aeaf212\" data-id=\"1aeaf212\" data-element_type=\"column\">\n\t\t\t<div class=\"elementor-widget-wrap elementor-element-populated\">\n\t\t\t\t\t\t<div class=\"elementor-element elementor-element-22d6a60d elementor-widget elementor-widget-toggle\" data-id=\"22d6a60d\" data-element_type=\"widget\" data-widget_type=\"toggle.default\">\n\t\t\t\t<div class=\"elementor-widget-container\">\n\t\t\t\t\t\t\t<div class=\"elementor-toggle\">\n\t\t\t\t\t\t\t<div class=\"elementor-toggle-item\">\n\t\t\t\t\t<div id=\"elementor-tab-title-5841\" class=\"elementor-tab-title\" data-tab=\"1\" role=\"button\" aria-controls=\"elementor-tab-content-5841\" aria-expanded=\"false\">\n\t\t\t\t\t\t\t\t\t\t\t\t<span class=\"elementor-toggle-icon elementor-toggle-icon-right\" aria-hidden=\"true\">\n\t\t\t\t\t\t\t\t\t\t\t\t\t\t\t<span class=\"elementor-toggle-icon-closed\"><svg xmlns=\"http:\/\/www.w3.org\/2000\/svg\" id=\"b64b7500-205e-4b4c-b85b-719c6b9efefc\" data-name=\"Layer 1\" width=\"14.6802\" height=\"7.5488\" viewBox=\"0 0 14.6802 7.5488\"><polygon points=\"7.34 7.549 0 0.732 0.681 0 7.34 6.184 14 0 14.68 0.732 7.34 7.549\"><\/polygon><\/svg><\/span>\n\t\t\t\t\t\t\t\t<span class=\"elementor-toggle-icon-opened\"><svg xmlns=\"http:\/\/www.w3.org\/2000\/svg\" id=\"a9a06c65-5466-4dff-9af0-1537f84a1b5f\" data-name=\"Layer 1\" width=\"14.6802\" height=\"7.5488\" viewBox=\"0 0 14.6802 7.5488\"><polygon points=\"7.34 0 14.68 6.816 14 7.549 7.34 1.365 0.68 7.549 0 6.816 7.34 0\"><\/polygon><\/svg><\/span>\n\t\t\t\t\t\t\t\t\t\t\t\t\t<\/span>\n\t\t\t\t\t\t\t\t\t\t\t\t<a class=\"elementor-toggle-title\" tabindex=\"0\">Tipus de Fa\u00e7ana T\u00e8xtil<\/a>\n\t\t\t\t\t<\/div>\n\n\t\t\t\t\t<div id=\"elementor-tab-content-5841\" class=\"elementor-tab-content elementor-clearfix\" data-tab=\"1\" role=\"region\" aria-labelledby=\"elementor-tab-title-5841\"><p>Els teixits instal\u00b7lats a la fa\u00e7ana t\u00e8xtil poden ser de diferents tipus segons les necessitats de la mateixa. Tots ells s\u00f3n ign\u00edfugs, resistents enfront dels UV, suporten temperatures de -30 a +70 \u00b0C, 100 % reciclables i tenen una garantia de 5 a 10 anys.<\/p>\n<p>A m\u00e9s, la instal\u00b7laci\u00f3 de la fa\u00e7ana t\u00e8xtil \u00e9s totalment flexible: els panells es canvien f\u00e0cilment i r\u00e0pidament i s&#8217;adhereixen a les formes espec\u00edfiques de cada fa\u00e7ana, incloses les seves curvatures.<\/p>\n<p>A MO\u00d1ITA realitzem el projecte complet: disseny, c\u00e0lcul d&#8217;estructures, fabricaci\u00f3 i instal\u00b7laci\u00f3 de la subestructura met\u00e0l\u00b7lica, fabricaci\u00f3 i instal\u00b7laci\u00f3 de bastidors, retolaci\u00f3, entre d&#8217;altres.<\/p>\n<p>El convidem que es posi en contacte<strong> <\/strong>amb nosaltres si necessita demanar m\u00e9s informaci\u00f3 dels productes i serveis que tenim a la seva disposici\u00f3.<\/p>\n<\/div>\n\t\t\t\t<\/div>\n\t\t\t\t\t\t\t\t\t\t<script type=\"application\/ld+json\">{\"@context\":\"https:\\\/\\\/schema.org\",\"@type\":\"FAQPage\",\"mainEntity\":[{\"@type\":\"Question\",\"name\":\"Tipus de Fa\\u00e7ana T\\u00e8xtil\",\"acceptedAnswer\":{\"@type\":\"Answer\",\"text\":\"<p>Els teixits instal\\u00b7lats a la fa\\u00e7ana t\\u00e8xtil poden ser de diferents tipus segons les necessitats de la mateixa. Tots ells s\\u00f3n ign\\u00edfugs, resistents enfront dels UV, suporten temperatures de -30 a +70 \\u00b0C, 100 % reciclables i tenen una garantia de 5 a 10 anys.<\\\/p>\\n<p>A m\\u00e9s, la instal\\u00b7laci\\u00f3 de la fa\\u00e7ana t\\u00e8xtil \\u00e9s totalment flexible: els panells es canvien f\\u00e0cilment i r\\u00e0pidament i s&#8217;adhereixen a les formes espec\\u00edfiques de cada fa\\u00e7ana, incloses les seves curvatures.<\\\/p>\\n<p>A MO\\u00d1ITA realitzem el projecte complet: disseny, c\\u00e0lcul d&#8217;estructures, fabricaci\\u00f3 i instal\\u00b7laci\\u00f3 de la subestructura met\\u00e0l\\u00b7lica, fabricaci\\u00f3 i instal\\u00b7laci\\u00f3 de bastidors, retolaci\\u00f3, entre d&#8217;altres.<\\\/p>\\n<p>El convidem que es posi en contacte<strong> <\\\/strong>amb nosaltres si necessita demanar m\\u00e9s informaci\\u00f3 dels productes i serveis que tenim a la seva disposici\\u00f3.<\\\/p>\\n\"}}]}<\/script>\n\t\t\t\t\t<\/div>\n\t\t\t\t\t\t<\/div>\n\t\t\t\t<\/div>\n\t\t\t\t\t<\/div>\n\t\t<\/div>\n\t\t\t\t\t<\/div>\n\t\t<\/section>\n\t\t\t\t<\/div>\n\t\t","protected":false},"excerpt":{"rendered":"<p>Fa\u00e7ana T\u00e8xtil M\u00e9s de 80 Anys d&#8217;Experi\u00e8ncia Fa\u00e7ana T\u00e8xtil La fa\u00e7ana t\u00e8xtil \u00e9s una de les solucions de l&#8217;arquitectura contempor\u00e0nia que oferim a MO\u00d1ITA. Consisteix a cobrir les fa\u00e7anes amb lona microperforada per al seu a\u00efllament t\u00e8rmic amb el conseg\u00fcent estalvi energ\u00e8tic i protecci\u00f3. Contacti&#8217;ns Poseu-ho en contacte amb nosaltres. Els nostres especialistes el podran &#8230; <a title=\"Fa\u00e7ana t\u00e8xtil\" class=\"read-more\" href=\"https:\/\/monita.es\/ca\/experts-en-arquitectura-textil\/facana-textil\/\" aria-label=\"M\u00e9s informaci\u00f3 sobre Fa\u00e7ana t\u00e8xtil\">Leer m\u00e1s<\/a><\/p>\n","protected":false},"author":2,"featured_media":0,"parent":21490,"menu_order":2,"comment_status":"closed","ping_status":"closed","template":"","meta":{"footnotes":""},"class_list":["post-21447","page","type-page","status-publish"],"yoast_head":"<!-- This site is optimized with the Yoast SEO plugin v24.7 - https:\/\/yoast.com\/wordpress\/plugins\/seo\/ -->\n<title>Fa\u00e7ana t\u00e8xtil - Arquitectura t\u00e8xtil - Tendals MO\u00d1ITA<\/title>\n<meta name=\"description\" content=\"Pregunteu pels treballs de fa\u00e7ana t\u00e8xtil que duem a terme a MO\u00d1ITA. Comptem amb m\u00e9s de 70 anys de traject\u00f2ria professional.\" \/>\n<meta name=\"robots\" content=\"noindex, follow\" \/>\n<meta property=\"og:locale\" content=\"ca_ES\" \/>\n<meta property=\"og:type\" content=\"article\" \/>\n<meta property=\"og:title\" content=\"Fa\u00e7ana t\u00e8xtil - Arquitectura t\u00e8xtil - Tendals MO\u00d1ITA\" \/>\n<meta property=\"og:description\" content=\"Pregunteu pels treballs de fa\u00e7ana t\u00e8xtil que duem a terme a MO\u00d1ITA. Comptem amb m\u00e9s de 70 anys de traject\u00f2ria professional.\" \/>\n<meta property=\"og:url\" content=\"https:\/\/monita.es\/ca\/experts-en-arquitectura-textil\/facana-textil\/\" \/>\n<meta property=\"og:site_name\" content=\"Venta de carpas en Madrid - MO\u00d1ITA\" \/>\n<meta property=\"article:modified_time\" content=\"2023-10-19T16:31:40+00:00\" \/>\n<meta property=\"og:image\" content=\"https:\/\/monita.es\/wp-content\/uploads\/FachadaTextil4-667x500.jpg\" \/>\n<meta name=\"twitter:label1\" content=\"Temps estimat de lectura\" \/>\n\t<meta name=\"twitter:data1\" content=\"1 minut\" \/>\n<script type=\"application\/ld+json\" class=\"yoast-schema-graph\">{\"@context\":\"https:\/\/schema.org\",\"@graph\":[{\"@type\":\"WebPage\",\"@id\":\"https:\/\/monita.es\/ca\/experts-en-arquitectura-textil\/facana-textil\/\",\"url\":\"https:\/\/monita.es\/ca\/experts-en-arquitectura-textil\/facana-textil\/\",\"name\":\"Fa\u00e7ana t\u00e8xtil - Arquitectura t\u00e8xtil - Tendals MO\u00d1ITA\",\"isPartOf\":{\"@id\":\"https:\/\/monita.es\/ca\/#website\"},\"primaryImageOfPage\":{\"@id\":\"https:\/\/monita.es\/ca\/experts-en-arquitectura-textil\/facana-textil\/#primaryimage\"},\"image\":{\"@id\":\"https:\/\/monita.es\/ca\/experts-en-arquitectura-textil\/facana-textil\/#primaryimage\"},\"thumbnailUrl\":\"https:\/\/monita.es\/wp-content\/uploads\/FachadaTextil4-667x500.jpg\",\"datePublished\":\"2014-12-17T20:10:52+00:00\",\"dateModified\":\"2023-10-19T16:31:40+00:00\",\"description\":\"Pregunteu pels treballs de fa\u00e7ana t\u00e8xtil que duem a terme a MO\u00d1ITA. Comptem amb m\u00e9s de 70 anys de traject\u00f2ria professional.\",\"breadcrumb\":{\"@id\":\"https:\/\/monita.es\/ca\/experts-en-arquitectura-textil\/facana-textil\/#breadcrumb\"},\"inLanguage\":\"ca\",\"potentialAction\":[{\"@type\":\"ReadAction\",\"target\":[\"https:\/\/monita.es\/ca\/experts-en-arquitectura-textil\/facana-textil\/\"]}]},{\"@type\":\"ImageObject\",\"inLanguage\":\"ca\",\"@id\":\"https:\/\/monita.es\/ca\/experts-en-arquitectura-textil\/facana-textil\/#primaryimage\",\"url\":\"https:\/\/monita.es\/wp-content\/uploads\/FachadaTextil4-667x500.jpg\",\"contentUrl\":\"https:\/\/monita.es\/wp-content\/uploads\/FachadaTextil4-667x500.jpg\"},{\"@type\":\"BreadcrumbList\",\"@id\":\"https:\/\/monita.es\/ca\/experts-en-arquitectura-textil\/facana-textil\/#breadcrumb\",\"itemListElement\":[{\"@type\":\"ListItem\",\"position\":1,\"name\":\"Mo\u00f1ita\",\"item\":\"https:\/\/monita.es\/ca\/home-empresa\/\"},{\"@type\":\"ListItem\",\"position\":2,\"name\":\"Fa\u00e7ana t\u00e8xtil\"}]},{\"@type\":\"WebSite\",\"@id\":\"https:\/\/monita.es\/ca\/#website\",\"url\":\"https:\/\/monita.es\/ca\/\",\"name\":\"Venta de carpas en Madrid - MO\u00d1ITA\",\"description\":\"MO\u00d1ITA es carpas, confecci\u00f3n de lonas para usos industriales, fachada textil, arquitectura textil y toldos. Dise\u00f1amos, proyectamos y creamos tu proyecto.\",\"publisher\":{\"@id\":\"https:\/\/monita.es\/ca\/#organization\"},\"potentialAction\":[{\"@type\":\"SearchAction\",\"target\":{\"@type\":\"EntryPoint\",\"urlTemplate\":\"https:\/\/monita.es\/ca\/?s={search_term_string}\"},\"query-input\":{\"@type\":\"PropertyValueSpecification\",\"valueRequired\":true,\"valueName\":\"search_term_string\"}}],\"inLanguage\":\"ca\"},{\"@type\":\"Organization\",\"@id\":\"https:\/\/monita.es\/ca\/#organization\",\"name\":\"Mo\u00f1ita\",\"url\":\"https:\/\/monita.es\/ca\/\",\"logo\":{\"@type\":\"ImageObject\",\"inLanguage\":\"ca\",\"@id\":\"https:\/\/monita.es\/ca\/#\/schema\/logo\/image\/\",\"url\":\"https:\/\/monita.es\/wp-content\/uploads\/cropped-cropped-logo-monita-1-neg.png\",\"contentUrl\":\"https:\/\/monita.es\/wp-content\/uploads\/cropped-cropped-logo-monita-1-neg.png\",\"width\":785,\"height\":666,\"caption\":\"Mo\u00f1ita\"},\"image\":{\"@id\":\"https:\/\/monita.es\/ca\/#\/schema\/logo\/image\/\"}}]}<\/script>\n<!-- \/ Yoast SEO plugin. -->","yoast_head_json":{"title":"Fa\u00e7ana t\u00e8xtil - Arquitectura t\u00e8xtil - Tendals MO\u00d1ITA","description":"Pregunteu pels treballs de fa\u00e7ana t\u00e8xtil que duem a terme a MO\u00d1ITA. Comptem amb m\u00e9s de 70 anys de traject\u00f2ria professional.","robots":{"index":"noindex","follow":"follow"},"og_locale":"ca_ES","og_type":"article","og_title":"Fa\u00e7ana t\u00e8xtil - Arquitectura t\u00e8xtil - Tendals MO\u00d1ITA","og_description":"Pregunteu pels treballs de fa\u00e7ana t\u00e8xtil que duem a terme a MO\u00d1ITA. Comptem amb m\u00e9s de 70 anys de traject\u00f2ria professional.","og_url":"https:\/\/monita.es\/ca\/experts-en-arquitectura-textil\/facana-textil\/","og_site_name":"Venta de carpas en Madrid - MO\u00d1ITA","article_modified_time":"2023-10-19T16:31:40+00:00","og_image":[{"url":"https:\/\/monita.es\/wp-content\/uploads\/FachadaTextil4-667x500.jpg","type":"","width":"","height":""}],"twitter_misc":{"Temps estimat de lectura":"1 minut"},"schema":{"@context":"https:\/\/schema.org","@graph":[{"@type":"WebPage","@id":"https:\/\/monita.es\/ca\/experts-en-arquitectura-textil\/facana-textil\/","url":"https:\/\/monita.es\/ca\/experts-en-arquitectura-textil\/facana-textil\/","name":"Fa\u00e7ana t\u00e8xtil - Arquitectura t\u00e8xtil - Tendals MO\u00d1ITA","isPartOf":{"@id":"https:\/\/monita.es\/ca\/#website"},"primaryImageOfPage":{"@id":"https:\/\/monita.es\/ca\/experts-en-arquitectura-textil\/facana-textil\/#primaryimage"},"image":{"@id":"https:\/\/monita.es\/ca\/experts-en-arquitectura-textil\/facana-textil\/#primaryimage"},"thumbnailUrl":"https:\/\/monita.es\/wp-content\/uploads\/FachadaTextil4-667x500.jpg","datePublished":"2014-12-17T20:10:52+00:00","dateModified":"2023-10-19T16:31:40+00:00","description":"Pregunteu pels treballs de fa\u00e7ana t\u00e8xtil que duem a terme a MO\u00d1ITA. Comptem amb m\u00e9s de 70 anys de traject\u00f2ria professional.","breadcrumb":{"@id":"https:\/\/monita.es\/ca\/experts-en-arquitectura-textil\/facana-textil\/#breadcrumb"},"inLanguage":"ca","potentialAction":[{"@type":"ReadAction","target":["https:\/\/monita.es\/ca\/experts-en-arquitectura-textil\/facana-textil\/"]}]},{"@type":"ImageObject","inLanguage":"ca","@id":"https:\/\/monita.es\/ca\/experts-en-arquitectura-textil\/facana-textil\/#primaryimage","url":"https:\/\/monita.es\/wp-content\/uploads\/FachadaTextil4-667x500.jpg","contentUrl":"https:\/\/monita.es\/wp-content\/uploads\/FachadaTextil4-667x500.jpg"},{"@type":"BreadcrumbList","@id":"https:\/\/monita.es\/ca\/experts-en-arquitectura-textil\/facana-textil\/#breadcrumb","itemListElement":[{"@type":"ListItem","position":1,"name":"Mo\u00f1ita","item":"https:\/\/monita.es\/ca\/home-empresa\/"},{"@type":"ListItem","position":2,"name":"Fa\u00e7ana t\u00e8xtil"}]},{"@type":"WebSite","@id":"https:\/\/monita.es\/ca\/#website","url":"https:\/\/monita.es\/ca\/","name":"Venta de carpas en Madrid - MO\u00d1ITA","description":"MO\u00d1ITA es carpas, confecci\u00f3n de lonas para usos industriales, fachada textil, arquitectura textil y toldos. Dise\u00f1amos, proyectamos y creamos tu proyecto.","publisher":{"@id":"https:\/\/monita.es\/ca\/#organization"},"potentialAction":[{"@type":"SearchAction","target":{"@type":"EntryPoint","urlTemplate":"https:\/\/monita.es\/ca\/?s={search_term_string}"},"query-input":{"@type":"PropertyValueSpecification","valueRequired":true,"valueName":"search_term_string"}}],"inLanguage":"ca"},{"@type":"Organization","@id":"https:\/\/monita.es\/ca\/#organization","name":"Mo\u00f1ita","url":"https:\/\/monita.es\/ca\/","logo":{"@type":"ImageObject","inLanguage":"ca","@id":"https:\/\/monita.es\/ca\/#\/schema\/logo\/image\/","url":"https:\/\/monita.es\/wp-content\/uploads\/cropped-cropped-logo-monita-1-neg.png","contentUrl":"https:\/\/monita.es\/wp-content\/uploads\/cropped-cropped-logo-monita-1-neg.png","width":785,"height":666,"caption":"Mo\u00f1ita"},"image":{"@id":"https:\/\/monita.es\/ca\/#\/schema\/logo\/image\/"}}]}},"_links":{"self":[{"href":"https:\/\/monita.es\/ca\/wp-json\/wp\/v2\/pages\/21447","targetHints":{"allow":["GET"]}}],"collection":[{"href":"https:\/\/monita.es\/ca\/wp-json\/wp\/v2\/pages"}],"about":[{"href":"https:\/\/monita.es\/ca\/wp-json\/wp\/v2\/types\/page"}],"author":[{"embeddable":true,"href":"https:\/\/monita.es\/ca\/wp-json\/wp\/v2\/users\/2"}],"replies":[{"embeddable":true,"href":"https:\/\/monita.es\/ca\/wp-json\/wp\/v2\/comments?post=21447"}],"version-history":[{"count":1,"href":"https:\/\/monita.es\/ca\/wp-json\/wp\/v2\/pages\/21447\/revisions"}],"predecessor-version":[{"id":21466,"href":"https:\/\/monita.es\/ca\/wp-json\/wp\/v2\/pages\/21447\/revisions\/21466"}],"up":[{"embeddable":true,"href":"https:\/\/monita.es\/ca\/wp-json\/wp\/v2\/pages\/21490"}],"wp:attachment":[{"href":"https:\/\/monita.es\/ca\/wp-json\/wp\/v2\/media?parent=21447"}],"curies":[{"name":"wp","href":"https:\/\/api.w.org\/{rel}","templated":true}]}}