{"id":21403,"date":"2014-12-17T21:00:10","date_gmt":"2014-12-17T20:00:10","guid":{"rendered":"https:\/\/monita.es\/coberta-textil\/"},"modified":"2023-10-23T14:31:46","modified_gmt":"2023-10-23T14:31:46","slug":"coberta-textil","status":"publish","type":"page","link":"https:\/\/monita.es\/ca\/experts-en-arquitectura-textil\/coberta-textil\/","title":{"rendered":"Coberta T\u00e8xtil"},"content":{"rendered":"\t\t<div data-elementor-type=\"wp-page\" data-elementor-id=\"21403\" class=\"elementor elementor-21403 elementor-53\" data-elementor-post-type=\"page\">\n\t\t\t\t\t\t<section class=\"elementor-section elementor-top-section elementor-element elementor-element-4c015184 elementor-section-full_width elementor-section-height-min-height elementor-section-items-stretch elementor-section-height-default\" data-id=\"4c015184\" data-element_type=\"section\" data-settings=\"{&quot;background_background&quot;:&quot;classic&quot;,&quot;background_motion_fx_motion_fx_scrolling&quot;:&quot;yes&quot;,&quot;background_motion_fx_devices&quot;:[&quot;desktop&quot;,&quot;tablet&quot;,&quot;mobile&quot;]}\">\n\t\t\t\t\t\t\t<div class=\"elementor-background-overlay\"><\/div>\n\t\t\t\t\t\t\t<div class=\"elementor-container elementor-column-gap-no\">\n\t\t\t\t\t<div class=\"elementor-column elementor-col-100 elementor-top-column elementor-element elementor-element-d9a62b4\" data-id=\"d9a62b4\" data-element_type=\"column\">\n\t\t\t<div class=\"elementor-widget-wrap elementor-element-populated\">\n\t\t\t\t\t\t<div class=\"elementor-element elementor-element-49482715 elementor-invisible elementor-widget elementor-widget-heading\" data-id=\"49482715\" data-element_type=\"widget\" data-settings=\"{&quot;_animation&quot;:&quot;fadeInRight&quot;}\" data-widget_type=\"heading.default\">\n\t\t\t\t<div class=\"elementor-widget-container\">\n\t\t\t\t\t<h1 class=\"elementor-heading-title elementor-size-default\">Coberta<br> T\u00e8xtil<\/br><\/h1>\t\t\t\t<\/div>\n\t\t\t\t<\/div>\n\t\t\t\t\t<\/div>\n\t\t<\/div>\n\t\t\t\t\t<\/div>\n\t\t<\/section>\n\t\t\t\t<section class=\"elementor-section elementor-top-section elementor-element elementor-element-658c1368 elementor-section-boxed elementor-section-height-default elementor-section-height-default\" data-id=\"658c1368\" data-element_type=\"section\" data-settings=\"{&quot;background_background&quot;:&quot;classic&quot;}\">\n\t\t\t\t\t\t<div class=\"elementor-container elementor-column-gap-no\">\n\t\t\t\t\t<div class=\"elementor-column elementor-col-100 elementor-top-column elementor-element elementor-element-4a9f8442\" data-id=\"4a9f8442\" data-element_type=\"column\">\n\t\t\t<div class=\"elementor-widget-wrap elementor-element-populated\">\n\t\t\t\t\t\t<div class=\"elementor-element elementor-element-2cdc610b elementor-invisible elementor-widget elementor-widget-heading\" data-id=\"2cdc610b\" data-element_type=\"widget\" data-settings=\"{&quot;_animation&quot;:&quot;fadeIn&quot;}\" data-widget_type=\"heading.default\">\n\t\t\t\t<div class=\"elementor-widget-container\">\n\t\t\t\t\t<h5 class=\"elementor-heading-title elementor-size-default\">M\u00e9s de 80 Anys d'Experi\u00e8ncia<\/h5>\t\t\t\t<\/div>\n\t\t\t\t<\/div>\n\t\t\t\t<div class=\"elementor-element elementor-element-24608f5d animated-slow elementor-invisible elementor-widget elementor-widget-heading\" data-id=\"24608f5d\" data-element_type=\"widget\" data-settings=\"{&quot;_animation&quot;:&quot;fadeIn&quot;}\" data-widget_type=\"heading.default\">\n\t\t\t\t<div class=\"elementor-widget-container\">\n\t\t\t\t\t<h2 class=\"elementor-heading-title elementor-size-default\">Coberta T\u00e8xtil<\/h2>\t\t\t\t<\/div>\n\t\t\t\t<\/div>\n\t\t\t\t<div class=\"elementor-element elementor-element-1f4e8fc2 elementor-hidden-mobile elementor-invisible elementor-widget elementor-widget-text-editor\" data-id=\"1f4e8fc2\" data-element_type=\"widget\" data-settings=\"{&quot;_animation&quot;:&quot;fadeIn&quot;,&quot;_animation_delay&quot;:200}\" data-widget_type=\"text-editor.default\">\n\t\t\t\t<div class=\"elementor-widget-container\">\n\t\t\t\t\t\t\t\t\t<p><span style=\"font-weight: 400;\">Soluci\u00f3 que combina l&#8217; est\u00e8tica, la rapidesa en el muntatge i desmuntatge i l&#8217; estalvi de costos. Les <\/span><b>cobertes t\u00e8xtils<\/b><span style=\"font-weight: 400;\"> tensades es fan servir cada vegada m\u00e9s en diferents \u00e0mbits, solen realitzar-se en combinaci\u00f3 amb cables perimetrals que tensen la membrana i estructura met\u00e0l\u00b7lica portant que suporta els esfor\u00e7os. Poden dissenyar-se cobertes creatives per a esdeveniments distingits i presentacions especials. Tamb\u00e9 es poden realitzar simples cobertes a una o dues aig\u00fces i tancament vertical en laterals i part posterior. <\/span><\/p>\n<p><span style=\"font-weight: 400;\">A m\u00e9s, a <\/span><b>MO\u00d1ITA <\/b><span style=\"font-weight: 400;\">oferim un altre tipus de cobertes t\u00e8xtils <\/span><span style=\"font-weight: 400;\">no tensades<\/span><span style=\"font-weight: 400;\"> que s\u00f3n utilitzades en sostre i tancament perimetral. S\u00f3n cobertes pensades per ser muntades i desmuntades amb facilitat i poca feina, <\/span><span style=\"font-weight: 400;\">s&#8217; utilitzen com a cobertes temporals <\/span><span style=\"font-weight: 400;\">doncs es desmunten molt sovint. Solen fabricar-se en peces no gaire grans, de f\u00e0cil maneig, que van unides entre si mitjan\u00e7ant tancaments estancs i solapes.<\/span><\/p>\n<p><span style=\"font-weight: 400;\">Alguns dels nostres projectes de Coberta T\u00e8xtil tensada: <\/span><\/p>\n\t\t\t\t\t\t\t\t<\/div>\n\t\t\t\t<\/div>\n\t\t\t\t<div class=\"elementor-element elementor-element-68ff968 elementor-hidden-desktop elementor-hidden-tablet elementor-invisible elementor-widget elementor-widget-text-editor\" data-id=\"68ff968\" data-element_type=\"widget\" data-settings=\"{&quot;_animation&quot;:&quot;fadeIn&quot;,&quot;_animation_delay&quot;:200}\" data-widget_type=\"text-editor.default\">\n\t\t\t\t<div class=\"elementor-widget-container\">\n\t\t\t\t\t\t\t\t\t<p><span style=\"font-weight: 400;\">Soluci\u00f3 que combina l&#8217; est\u00e8tica, la rapidesa en el muntatge i desmuntatge i l&#8217; estalvi de costos. Les <\/span><b>cobertes t\u00e8xtils<\/b><span style=\"font-weight: 400;\"> tensades es fan servir cada vegada m\u00e9s en diferents \u00e0mbits, solen realitzar-se en combinaci\u00f3 amb cables perimetrals que tensen la membrana i estructura met\u00e0l\u00b7lica portant que suporta els esfor\u00e7os. Poden dissenyar-se cobertes creatives per a esdeveniments distingits i presentacions especials. Tamb\u00e9 es poden realitzar simples cobertes a una o dues aig\u00fces i tancament vertical en laterals i part posterior. <\/span><\/p>\n<p><span style=\"font-weight: 400;\">A m\u00e9s, a <\/span><b>MO\u00d1ITA <\/b><span style=\"font-weight: 400;\">oferim un altre tipus de cobertes t\u00e8xtils <\/span><span style=\"font-weight: 400;\">no tensades<\/span><span style=\"font-weight: 400;\"> que s\u00f3n utilitzades en sostre i tancament perimetral. S\u00f3n cobertes pensades per ser muntades i desmuntades amb facilitat i poca feina, <\/span><span style=\"font-weight: 400;\">s&#8217; utilitzen com a cobertes temporals <\/span><span style=\"font-weight: 400;\">doncs es desmunten molt sovint. Solen fabricar-se en peces no gaire grans, de f\u00e0cil maneig, que van unides entre si mitjan\u00e7ant tancaments estancs i solapes.<\/span><\/p>\n<p><span style=\"font-weight: 400;\">Alguns dels nostres projectes de Coberta T\u00e8xtil tensada: <\/span><\/p>\n\t\t\t\t\t\t\t\t<\/div>\n\t\t\t\t<\/div>\n\t\t\t\t<section class=\"elementor-section elementor-inner-section elementor-element elementor-element-66e76ef2 elementor-section-boxed elementor-section-height-default elementor-section-height-default elementor-invisible\" data-id=\"66e76ef2\" data-element_type=\"section\" data-settings=\"{&quot;animation&quot;:&quot;fadeInUp&quot;}\">\n\t\t\t\t\t\t<div class=\"elementor-container elementor-column-gap-narrow\">\n\t\t\t\t\t<div class=\"elementor-column elementor-col-25 elementor-inner-column elementor-element elementor-element-7933ab7e\" data-id=\"7933ab7e\" data-element_type=\"column\">\n\t\t\t<div class=\"elementor-widget-wrap elementor-element-populated\">\n\t\t\t\t\t\t<div class=\"elementor-element elementor-element-5809e1b elementor-skin-carousel elementor-widget elementor-widget-media-carousel\" data-id=\"5809e1b\" data-element_type=\"widget\" data-settings=\"{&quot;space_between&quot;:{&quot;unit&quot;:&quot;px&quot;,&quot;size&quot;:29,&quot;sizes&quot;:[]},&quot;slides_per_view&quot;:&quot;1&quot;,&quot;skin&quot;:&quot;carousel&quot;,&quot;effect&quot;:&quot;slide&quot;,&quot;speed&quot;:500,&quot;space_between_tablet&quot;:{&quot;unit&quot;:&quot;px&quot;,&quot;size&quot;:10,&quot;sizes&quot;:[]},&quot;space_between_mobile&quot;:{&quot;unit&quot;:&quot;px&quot;,&quot;size&quot;:10,&quot;sizes&quot;:[]}}\" data-widget_type=\"media-carousel.default\">\n\t\t\t\t<div class=\"elementor-widget-container\">\n\t\t\t\t\t\t\t\t\t<div class=\"elementor-swiper\">\n\t\t\t\t\t<div class=\"elementor-main-swiper swiper\" role=\"region\" aria-roledescription=\"carousel\" aria-label=\"Diapositives\">\n\t\t\t\t<div class=\"swiper-wrapper\">\n\t\t\t\t\t\t\t\t\t\t\t<div class=\"swiper-slide\" role=\"group\" aria-roledescription=\"slide\">\n\t\t\t\t\t\t\t<a href=\"https:\/\/monita.es\/wp-content\/uploads\/CubiertaTextil1-scaled.jpg\" data-elementor-open-lightbox=\"yes\" data-elementor-lightbox-slideshow=\"5809e1b\" data-elementor-lightbox-title=\"CubiertaTextil1\" data-e-action-hash=\"#elementor-action%3Aaction%3Dlightbox%26settings%3DeyJpZCI6MjE0MDcsInVybCI6Imh0dHBzOlwvXC9tb25pdGEuZXNcL3dwLWNvbnRlbnRcL3VwbG9hZHNcL0N1YmllcnRhVGV4dGlsMS1zY2FsZWQuanBnIiwic2xpZGVzaG93IjoiNTgwOWUxYiJ9\">\t\t<div class=\"elementor-carousel-image\" role=\"img\" aria-label=\"Cubierta textil tensada para arquitectura en espacio p\u00fablico\" style=\"background-image: url(&#039;https:\/\/monita.es\/wp-content\/uploads\/CubiertaTextil1-scaled.jpg&#039;)\">\n\n\t\t\t\n\t\t\t\t\t<\/div>\n\t\t\t\t\t<div class=\"elementor-carousel-image-overlay e-overlay-animation-fade\">\n\t\t\t\t<i class=\"fas fa-search-plus\"><\/i>\t\t\t<\/div>\n\t\t\t<\/a>\t\t\t\t\t\t<\/div>\n\t\t\t\t\t\t\t\t\t\t\t<div class=\"swiper-slide\" role=\"group\" aria-roledescription=\"slide\">\n\t\t\t\t\t\t\t<a href=\"https:\/\/monita.es\/wp-content\/uploads\/CubiertaTextil1-2-scaled.jpg\" data-elementor-open-lightbox=\"yes\" data-elementor-lightbox-slideshow=\"5809e1b\" data-elementor-lightbox-title=\"CubiertaTextil1-2\" data-e-action-hash=\"#elementor-action%3Aaction%3Dlightbox%26settings%3DeyJpZCI6MjE0MDgsInVybCI6Imh0dHBzOlwvXC9tb25pdGEuZXNcL3dwLWNvbnRlbnRcL3VwbG9hZHNcL0N1YmllcnRhVGV4dGlsMS0yLXNjYWxlZC5qcGciLCJzbGlkZXNob3ciOiI1ODA5ZTFiIn0%3D\">\t\t<div class=\"elementor-carousel-image\" role=\"img\" aria-label=\"Cubierta textil tensada en espacio urbano de arquitectura moderna\" style=\"background-image: url(&#039;https:\/\/monita.es\/wp-content\/uploads\/CubiertaTextil1-2-scaled.jpg&#039;)\">\n\n\t\t\t\n\t\t\t\t\t<\/div>\n\t\t\t\t\t<div class=\"elementor-carousel-image-overlay e-overlay-animation-fade\">\n\t\t\t\t<i class=\"fas fa-search-plus\"><\/i>\t\t\t<\/div>\n\t\t\t<\/a>\t\t\t\t\t\t<\/div>\n\t\t\t\t\t\t\t\t\t<\/div>\n\t\t\t\t\t\t\t\t\t\t\t\t\t\t\t\t\t\t\t\t\t<\/div>\n\t\t\t\t<\/div>\n\t\t\t\t\t\t\t\t<\/div>\n\t\t\t\t<\/div>\n\t\t\t\t\t<\/div>\n\t\t<\/div>\n\t\t\t\t<div class=\"elementor-column elementor-col-25 elementor-inner-column elementor-element elementor-element-78831d56\" data-id=\"78831d56\" data-element_type=\"column\">\n\t\t\t<div class=\"elementor-widget-wrap elementor-element-populated\">\n\t\t\t\t\t\t<div class=\"elementor-element elementor-element-3bad7ae0 elementor-skin-carousel elementor-widget elementor-widget-media-carousel\" data-id=\"3bad7ae0\" data-element_type=\"widget\" data-settings=\"{&quot;space_between&quot;:{&quot;unit&quot;:&quot;px&quot;,&quot;size&quot;:29,&quot;sizes&quot;:[]},&quot;slides_per_view&quot;:&quot;1&quot;,&quot;skin&quot;:&quot;carousel&quot;,&quot;effect&quot;:&quot;slide&quot;,&quot;speed&quot;:500,&quot;space_between_tablet&quot;:{&quot;unit&quot;:&quot;px&quot;,&quot;size&quot;:10,&quot;sizes&quot;:[]},&quot;space_between_mobile&quot;:{&quot;unit&quot;:&quot;px&quot;,&quot;size&quot;:10,&quot;sizes&quot;:[]}}\" data-widget_type=\"media-carousel.default\">\n\t\t\t\t<div class=\"elementor-widget-container\">\n\t\t\t\t\t\t\t\t\t<div class=\"elementor-swiper\">\n\t\t\t\t\t<div class=\"elementor-main-swiper swiper\" role=\"region\" aria-roledescription=\"carousel\" aria-label=\"Diapositives\">\n\t\t\t\t<div class=\"swiper-wrapper\">\n\t\t\t\t\t\t\t\t\t\t\t<div class=\"swiper-slide\" role=\"group\" aria-roledescription=\"slide\">\n\t\t\t\t\t\t\t<a href=\"https:\/\/monita.es\/wp-content\/uploads\/CubiertaTextil2-1-scaled.jpg\" data-elementor-open-lightbox=\"yes\" data-elementor-lightbox-slideshow=\"3bad7ae0\" data-elementor-lightbox-title=\"CubiertaTextil2-1\" data-e-action-hash=\"#elementor-action%3Aaction%3Dlightbox%26settings%3DeyJpZCI6MjE0MTAsInVybCI6Imh0dHBzOlwvXC9tb25pdGEuZXNcL3dwLWNvbnRlbnRcL3VwbG9hZHNcL0N1YmllcnRhVGV4dGlsMi0xLXNjYWxlZC5qcGciLCJzbGlkZXNob3ciOiIzYmFkN2FlMCJ9\">\t\t<div class=\"elementor-carousel-image\" role=\"img\" aria-label=\"Cubierta textil tensada para grader\u00edo en espacio p\u00fablico\" style=\"background-image: url(&#039;https:\/\/monita.es\/wp-content\/uploads\/CubiertaTextil2-1-scaled.jpg&#039;)\">\n\n\t\t\t\n\t\t\t\t\t<\/div>\n\t\t\t\t\t<div class=\"elementor-carousel-image-overlay e-overlay-animation-fade\">\n\t\t\t\t<i class=\"fas fa-search-plus\"><\/i>\t\t\t<\/div>\n\t\t\t<\/a>\t\t\t\t\t\t<\/div>\n\t\t\t\t\t\t\t\t\t\t\t<div class=\"swiper-slide\" role=\"group\" aria-roledescription=\"slide\">\n\t\t\t\t\t\t\t<a href=\"https:\/\/monita.es\/wp-content\/uploads\/CubiertaTextil2-scaled.jpg\" data-elementor-open-lightbox=\"yes\" data-elementor-lightbox-slideshow=\"3bad7ae0\" data-elementor-lightbox-title=\"CubiertaTextil2\" data-e-action-hash=\"#elementor-action%3Aaction%3Dlightbox%26settings%3DeyJpZCI6MjE0MDksInVybCI6Imh0dHBzOlwvXC9tb25pdGEuZXNcL3dwLWNvbnRlbnRcL3VwbG9hZHNcL0N1YmllcnRhVGV4dGlsMi1zY2FsZWQuanBnIiwic2xpZGVzaG93IjoiM2JhZDdhZTAifQ%3D%3D\">\t\t<div class=\"elementor-carousel-image\" role=\"img\" aria-label=\"Cubierta textil tensada integrada en entorno natural y arquitectura residencial\" style=\"background-image: url(&#039;https:\/\/monita.es\/wp-content\/uploads\/CubiertaTextil2-scaled.jpg&#039;)\">\n\n\t\t\t\n\t\t\t\t\t<\/div>\n\t\t\t\t\t<div class=\"elementor-carousel-image-overlay e-overlay-animation-fade\">\n\t\t\t\t<i class=\"fas fa-search-plus\"><\/i>\t\t\t<\/div>\n\t\t\t<\/a>\t\t\t\t\t\t<\/div>\n\t\t\t\t\t\t\t\t\t<\/div>\n\t\t\t\t\t\t\t\t\t\t\t\t\t\t\t\t\t\t\t\t\t<\/div>\n\t\t\t\t<\/div>\n\t\t\t\t\t\t\t\t<\/div>\n\t\t\t\t<\/div>\n\t\t\t\t\t<\/div>\n\t\t<\/div>\n\t\t\t\t<div class=\"elementor-column elementor-col-25 elementor-inner-column elementor-element elementor-element-66b99f77\" data-id=\"66b99f77\" data-element_type=\"column\">\n\t\t\t<div class=\"elementor-widget-wrap elementor-element-populated\">\n\t\t\t\t\t\t<div class=\"elementor-element elementor-element-f3a42bb elementor-skin-carousel elementor-widget elementor-widget-media-carousel\" data-id=\"f3a42bb\" data-element_type=\"widget\" data-settings=\"{&quot;space_between&quot;:{&quot;unit&quot;:&quot;px&quot;,&quot;size&quot;:29,&quot;sizes&quot;:[]},&quot;slides_per_view&quot;:&quot;1&quot;,&quot;skin&quot;:&quot;carousel&quot;,&quot;effect&quot;:&quot;slide&quot;,&quot;speed&quot;:500,&quot;space_between_tablet&quot;:{&quot;unit&quot;:&quot;px&quot;,&quot;size&quot;:10,&quot;sizes&quot;:[]},&quot;space_between_mobile&quot;:{&quot;unit&quot;:&quot;px&quot;,&quot;size&quot;:10,&quot;sizes&quot;:[]}}\" data-widget_type=\"media-carousel.default\">\n\t\t\t\t<div class=\"elementor-widget-container\">\n\t\t\t\t\t\t\t\t\t<div class=\"elementor-swiper\">\n\t\t\t\t\t<div class=\"elementor-main-swiper swiper\" role=\"region\" aria-roledescription=\"carousel\" aria-label=\"Diapositives\">\n\t\t\t\t<div class=\"swiper-wrapper\">\n\t\t\t\t\t\t\t\t\t\t\t<div class=\"swiper-slide\" role=\"group\" aria-roledescription=\"slide\">\n\t\t\t\t\t\t\t<a href=\"https:\/\/monita.es\/wp-content\/uploads\/CubiertaTextil3-1-scaled.jpg\" data-elementor-open-lightbox=\"yes\" data-elementor-lightbox-slideshow=\"f3a42bb\" data-elementor-lightbox-title=\"CubiertaTextil3-1\" data-e-action-hash=\"#elementor-action%3Aaction%3Dlightbox%26settings%3DeyJpZCI6MjE0MTEsInVybCI6Imh0dHBzOlwvXC9tb25pdGEuZXNcL3dwLWNvbnRlbnRcL3VwbG9hZHNcL0N1YmllcnRhVGV4dGlsMy0xLXNjYWxlZC5qcGciLCJzbGlkZXNob3ciOiJmM2E0MmJiIn0%3D\">\t\t<div class=\"elementor-carousel-image\" role=\"img\" aria-label=\"Cubierta textil tensada modular para sombra en espacio p\u00fablico urbano\" style=\"background-image: url(&#039;https:\/\/monita.es\/wp-content\/uploads\/CubiertaTextil3-1-scaled.jpg&#039;)\">\n\n\t\t\t\n\t\t\t\t\t<\/div>\n\t\t\t\t\t<div class=\"elementor-carousel-image-overlay e-overlay-animation-fade\">\n\t\t\t\t<i class=\"fas fa-search-plus\"><\/i>\t\t\t<\/div>\n\t\t\t<\/a>\t\t\t\t\t\t<\/div>\n\t\t\t\t\t\t\t\t\t\t\t<div class=\"swiper-slide\" role=\"group\" aria-roledescription=\"slide\">\n\t\t\t\t\t\t\t<a href=\"https:\/\/monita.es\/wp-content\/uploads\/CubiertaTextil3-scaled.jpg\" data-elementor-open-lightbox=\"yes\" data-elementor-lightbox-slideshow=\"f3a42bb\" data-elementor-lightbox-title=\"CubiertaTextil3\" data-e-action-hash=\"#elementor-action%3Aaction%3Dlightbox%26settings%3DeyJpZCI6MjE0MTIsInVybCI6Imh0dHBzOlwvXC9tb25pdGEuZXNcL3dwLWNvbnRlbnRcL3VwbG9hZHNcL0N1YmllcnRhVGV4dGlsMy1zY2FsZWQuanBnIiwic2xpZGVzaG93IjoiZjNhNDJiYiJ9\">\t\t<div class=\"elementor-carousel-image\" role=\"img\" aria-label=\"Estructura interior de cubierta textil tensada en arquitectura urbana\" style=\"background-image: url(&#039;https:\/\/monita.es\/wp-content\/uploads\/CubiertaTextil3-scaled.jpg&#039;)\">\n\n\t\t\t\n\t\t\t\t\t<\/div>\n\t\t\t\t\t<div class=\"elementor-carousel-image-overlay e-overlay-animation-fade\">\n\t\t\t\t<i class=\"fas fa-search-plus\"><\/i>\t\t\t<\/div>\n\t\t\t<\/a>\t\t\t\t\t\t<\/div>\n\t\t\t\t\t\t\t\t\t<\/div>\n\t\t\t\t\t\t\t\t\t\t\t\t\t\t\t\t\t\t\t\t\t<\/div>\n\t\t\t\t<\/div>\n\t\t\t\t\t\t\t\t<\/div>\n\t\t\t\t<\/div>\n\t\t\t\t\t<\/div>\n\t\t<\/div>\n\t\t\t\t<div class=\"elementor-column elementor-col-25 elementor-inner-column elementor-element elementor-element-d45fde7\" data-id=\"d45fde7\" data-element_type=\"column\">\n\t\t\t<div class=\"elementor-widget-wrap elementor-element-populated\">\n\t\t\t\t\t\t<div class=\"elementor-element elementor-element-fca058c elementor-skin-carousel elementor-widget elementor-widget-media-carousel\" data-id=\"fca058c\" data-element_type=\"widget\" data-settings=\"{&quot;space_between&quot;:{&quot;unit&quot;:&quot;px&quot;,&quot;size&quot;:29,&quot;sizes&quot;:[]},&quot;slides_per_view&quot;:&quot;1&quot;,&quot;skin&quot;:&quot;carousel&quot;,&quot;effect&quot;:&quot;slide&quot;,&quot;speed&quot;:500,&quot;space_between_tablet&quot;:{&quot;unit&quot;:&quot;px&quot;,&quot;size&quot;:10,&quot;sizes&quot;:[]},&quot;space_between_mobile&quot;:{&quot;unit&quot;:&quot;px&quot;,&quot;size&quot;:10,&quot;sizes&quot;:[]}}\" data-widget_type=\"media-carousel.default\">\n\t\t\t\t<div class=\"elementor-widget-container\">\n\t\t\t\t\t\t\t\t\t<div class=\"elementor-swiper\">\n\t\t\t\t\t<div class=\"elementor-main-swiper swiper\" role=\"region\" aria-roledescription=\"carousel\" aria-label=\"Diapositives\">\n\t\t\t\t<div class=\"swiper-wrapper\">\n\t\t\t\t\t\t\t\t\t\t\t<div class=\"swiper-slide\" role=\"group\" aria-roledescription=\"slide\">\n\t\t\t\t\t\t\t<a href=\"https:\/\/monita.es\/wp-content\/uploads\/CubiertaTextil4-scaled.jpg\" data-elementor-open-lightbox=\"yes\" data-elementor-lightbox-slideshow=\"fca058c\" data-elementor-lightbox-title=\"CubiertaTextil4\" data-e-action-hash=\"#elementor-action%3Aaction%3Dlightbox%26settings%3DeyJpZCI6MjE0MTMsInVybCI6Imh0dHBzOlwvXC9tb25pdGEuZXNcL3dwLWNvbnRlbnRcL3VwbG9hZHNcL0N1YmllcnRhVGV4dGlsNC1zY2FsZWQuanBnIiwic2xpZGVzaG93IjoiZmNhMDU4YyJ9\">\t\t<div class=\"elementor-carousel-image\" role=\"img\" aria-label=\"Cubierta textil a medida integrada en edificio de arquitectura contempor\u00e1nea\" style=\"background-image: url(&#039;https:\/\/monita.es\/wp-content\/uploads\/CubiertaTextil4-scaled.jpg&#039;)\">\n\n\t\t\t\n\t\t\t\t\t<\/div>\n\t\t\t\t\t<div class=\"elementor-carousel-image-overlay e-overlay-animation-fade\">\n\t\t\t\t<i class=\"fas fa-search-plus\"><\/i>\t\t\t<\/div>\n\t\t\t<\/a>\t\t\t\t\t\t<\/div>\n\t\t\t\t\t\t\t\t\t\t\t<div class=\"swiper-slide\" role=\"group\" aria-roledescription=\"slide\">\n\t\t\t\t\t\t\t<a href=\"https:\/\/monita.es\/wp-content\/uploads\/CubiertaTextil4-1-scaled.jpg\" data-elementor-open-lightbox=\"yes\" data-elementor-lightbox-slideshow=\"fca058c\" data-elementor-lightbox-title=\"CubiertaTextil4-1\" data-e-action-hash=\"#elementor-action%3Aaction%3Dlightbox%26settings%3DeyJpZCI6MjE0MTQsInVybCI6Imh0dHBzOlwvXC9tb25pdGEuZXNcL3dwLWNvbnRlbnRcL3VwbG9hZHNcL0N1YmllcnRhVGV4dGlsNC0xLXNjYWxlZC5qcGciLCJzbGlkZXNob3ciOiJmY2EwNThjIn0%3D\">\t\t<div class=\"elementor-carousel-image\" role=\"img\" aria-label=\"Cubierta textil tensada para protecci\u00f3n solar en espacio p\u00fablico\" style=\"background-image: url(&#039;https:\/\/monita.es\/wp-content\/uploads\/CubiertaTextil4-1-scaled.jpg&#039;)\">\n\n\t\t\t\n\t\t\t\t\t<\/div>\n\t\t\t\t\t<div class=\"elementor-carousel-image-overlay e-overlay-animation-fade\">\n\t\t\t\t<i class=\"fas fa-search-plus\"><\/i>\t\t\t<\/div>\n\t\t\t<\/a>\t\t\t\t\t\t<\/div>\n\t\t\t\t\t\t\t\t\t<\/div>\n\t\t\t\t\t\t\t\t\t\t\t\t\t\t\t\t\t\t\t\t\t<\/div>\n\t\t\t\t<\/div>\n\t\t\t\t\t\t\t\t<\/div>\n\t\t\t\t<\/div>\n\t\t\t\t\t<\/div>\n\t\t<\/div>\n\t\t\t\t\t<\/div>\n\t\t<\/section>\n\t\t\t\t<section class=\"elementor-section elementor-inner-section elementor-element elementor-element-027d889 elementor-section-boxed elementor-section-height-default elementor-section-height-default elementor-invisible\" data-id=\"027d889\" data-element_type=\"section\" data-settings=\"{&quot;animation&quot;:&quot;fadeInUp&quot;}\">\n\t\t\t\t\t\t<div class=\"elementor-container elementor-column-gap-narrow\">\n\t\t\t\t\t<div class=\"elementor-column elementor-col-25 elementor-inner-column elementor-element elementor-element-c5299ab\" data-id=\"c5299ab\" data-element_type=\"column\">\n\t\t\t<div class=\"elementor-widget-wrap elementor-element-populated\">\n\t\t\t\t\t\t<div class=\"elementor-element elementor-element-f2b6e46 elementor-skin-carousel elementor-widget elementor-widget-media-carousel\" data-id=\"f2b6e46\" data-element_type=\"widget\" data-settings=\"{&quot;space_between&quot;:{&quot;unit&quot;:&quot;px&quot;,&quot;size&quot;:29,&quot;sizes&quot;:[]},&quot;slides_per_view&quot;:&quot;1&quot;,&quot;skin&quot;:&quot;carousel&quot;,&quot;effect&quot;:&quot;slide&quot;,&quot;speed&quot;:500,&quot;space_between_tablet&quot;:{&quot;unit&quot;:&quot;px&quot;,&quot;size&quot;:10,&quot;sizes&quot;:[]},&quot;space_between_mobile&quot;:{&quot;unit&quot;:&quot;px&quot;,&quot;size&quot;:10,&quot;sizes&quot;:[]}}\" data-widget_type=\"media-carousel.default\">\n\t\t\t\t<div class=\"elementor-widget-container\">\n\t\t\t\t\t\t\t\t\t<div class=\"elementor-swiper\">\n\t\t\t\t\t<div class=\"elementor-main-swiper swiper\" role=\"region\" aria-roledescription=\"carousel\" aria-label=\"Diapositives\">\n\t\t\t\t<div class=\"swiper-wrapper\">\n\t\t\t\t\t\t\t\t\t\t\t<div class=\"swiper-slide\" role=\"group\" aria-roledescription=\"slide\">\n\t\t\t\t\t\t\t<a href=\"https:\/\/monita.es\/wp-content\/uploads\/CubiertaTextil5-2-scaled.jpeg\" data-elementor-open-lightbox=\"yes\" data-elementor-lightbox-slideshow=\"f2b6e46\" data-elementor-lightbox-title=\"CubiertaTextil5-2\" data-e-action-hash=\"#elementor-action%3Aaction%3Dlightbox%26settings%3DeyJpZCI6MjE0MTUsInVybCI6Imh0dHBzOlwvXC9tb25pdGEuZXNcL3dwLWNvbnRlbnRcL3VwbG9hZHNcL0N1YmllcnRhVGV4dGlsNS0yLXNjYWxlZC5qcGVnIiwic2xpZGVzaG93IjoiZjJiNmU0NiJ9\">\t\t<div class=\"elementor-carousel-image\" role=\"img\" aria-label=\"Cubierta textil tensada en paseo mar\u00edtimo para protecci\u00f3n solar\" style=\"background-image: url(&#039;https:\/\/monita.es\/wp-content\/uploads\/CubiertaTextil5-2-scaled.jpeg&#039;)\">\n\n\t\t\t\n\t\t\t\t\t<\/div>\n\t\t\t\t\t<div class=\"elementor-carousel-image-overlay e-overlay-animation-fade\">\n\t\t\t\t<i class=\"fas fa-search-plus\"><\/i>\t\t\t<\/div>\n\t\t\t<\/a>\t\t\t\t\t\t<\/div>\n\t\t\t\t\t\t\t\t\t\t\t<div class=\"swiper-slide\" role=\"group\" aria-roledescription=\"slide\">\n\t\t\t\t\t\t\t<a href=\"https:\/\/monita.es\/wp-content\/uploads\/CubiertaTextil5-scaled.jpeg\" data-elementor-open-lightbox=\"yes\" data-elementor-lightbox-slideshow=\"f2b6e46\" data-elementor-lightbox-title=\"CubiertaTextil5\" data-e-action-hash=\"#elementor-action%3Aaction%3Dlightbox%26settings%3DeyJpZCI6MjE0MTYsInVybCI6Imh0dHBzOlwvXC9tb25pdGEuZXNcL3dwLWNvbnRlbnRcL3VwbG9hZHNcL0N1YmllcnRhVGV4dGlsNS1zY2FsZWQuanBlZyIsInNsaWRlc2hvdyI6ImYyYjZlNDYifQ%3D%3D\">\t\t<div class=\"elementor-carousel-image\" role=\"img\" aria-label=\"Cubierta textil curva instalada en paseo mar\u00edtimo costero\" style=\"background-image: url(&#039;https:\/\/monita.es\/wp-content\/uploads\/CubiertaTextil5-scaled.jpeg&#039;)\">\n\n\t\t\t\n\t\t\t\t\t<\/div>\n\t\t\t\t\t<div class=\"elementor-carousel-image-overlay e-overlay-animation-fade\">\n\t\t\t\t<i class=\"fas fa-search-plus\"><\/i>\t\t\t<\/div>\n\t\t\t<\/a>\t\t\t\t\t\t<\/div>\n\t\t\t\t\t\t\t\t\t<\/div>\n\t\t\t\t\t\t\t\t\t\t\t\t\t\t\t\t\t\t\t\t\t<\/div>\n\t\t\t\t<\/div>\n\t\t\t\t\t\t\t\t<\/div>\n\t\t\t\t<\/div>\n\t\t\t\t\t<\/div>\n\t\t<\/div>\n\t\t\t\t<div class=\"elementor-column elementor-col-25 elementor-inner-column elementor-element elementor-element-95115ee\" data-id=\"95115ee\" data-element_type=\"column\">\n\t\t\t<div class=\"elementor-widget-wrap elementor-element-populated\">\n\t\t\t\t\t\t<div class=\"elementor-element elementor-element-b234406 elementor-skin-carousel elementor-widget elementor-widget-media-carousel\" data-id=\"b234406\" data-element_type=\"widget\" data-settings=\"{&quot;space_between&quot;:{&quot;unit&quot;:&quot;px&quot;,&quot;size&quot;:29,&quot;sizes&quot;:[]},&quot;slides_per_view&quot;:&quot;1&quot;,&quot;skin&quot;:&quot;carousel&quot;,&quot;effect&quot;:&quot;slide&quot;,&quot;speed&quot;:500,&quot;space_between_tablet&quot;:{&quot;unit&quot;:&quot;px&quot;,&quot;size&quot;:10,&quot;sizes&quot;:[]},&quot;space_between_mobile&quot;:{&quot;unit&quot;:&quot;px&quot;,&quot;size&quot;:10,&quot;sizes&quot;:[]}}\" data-widget_type=\"media-carousel.default\">\n\t\t\t\t<div class=\"elementor-widget-container\">\n\t\t\t\t\t\t\t\t\t<div class=\"elementor-swiper\">\n\t\t\t\t\t<div class=\"elementor-main-swiper swiper\" role=\"region\" aria-roledescription=\"carousel\" aria-label=\"Diapositives\">\n\t\t\t\t<div class=\"swiper-wrapper\">\n\t\t\t\t\t\t\t\t\t\t\t<div class=\"swiper-slide\" role=\"group\" aria-roledescription=\"slide\">\n\t\t\t\t\t\t\t<a href=\"https:\/\/monita.es\/wp-content\/uploads\/CubiertaTextil6-scaled.jpg\" data-elementor-open-lightbox=\"yes\" data-elementor-lightbox-slideshow=\"b234406\" data-elementor-lightbox-title=\"CubiertaTextil6\" data-e-action-hash=\"#elementor-action%3Aaction%3Dlightbox%26settings%3DeyJpZCI6MjE0MTcsInVybCI6Imh0dHBzOlwvXC9tb25pdGEuZXNcL3dwLWNvbnRlbnRcL3VwbG9hZHNcL0N1YmllcnRhVGV4dGlsNi1zY2FsZWQuanBnIiwic2xpZGVzaG93IjoiYjIzNDQwNiJ9\">\t\t<div class=\"elementor-carousel-image\" role=\"img\" aria-label=\"Cubierta textil para protecci\u00f3n solar en espacio comercial exterior\" style=\"background-image: url(&#039;https:\/\/monita.es\/wp-content\/uploads\/CubiertaTextil6-scaled.jpg&#039;)\">\n\n\t\t\t\n\t\t\t\t\t<\/div>\n\t\t\t\t\t<div class=\"elementor-carousel-image-overlay e-overlay-animation-fade\">\n\t\t\t\t<i class=\"fas fa-search-plus\"><\/i>\t\t\t<\/div>\n\t\t\t<\/a>\t\t\t\t\t\t<\/div>\n\t\t\t\t\t\t\t\t\t<\/div>\n\t\t\t\t\t\t\t<\/div>\n\t\t\t\t<\/div>\n\t\t\t\t\t\t\t\t<\/div>\n\t\t\t\t<\/div>\n\t\t\t\t\t<\/div>\n\t\t<\/div>\n\t\t\t\t<div class=\"elementor-column elementor-col-25 elementor-inner-column elementor-element elementor-element-d0de5f8\" data-id=\"d0de5f8\" data-element_type=\"column\">\n\t\t\t<div class=\"elementor-widget-wrap elementor-element-populated\">\n\t\t\t\t\t\t<div class=\"elementor-element elementor-element-432d1a6 elementor-skin-carousel elementor-widget elementor-widget-media-carousel\" data-id=\"432d1a6\" data-element_type=\"widget\" data-settings=\"{&quot;space_between&quot;:{&quot;unit&quot;:&quot;px&quot;,&quot;size&quot;:29,&quot;sizes&quot;:[]},&quot;slides_per_view&quot;:&quot;1&quot;,&quot;skin&quot;:&quot;carousel&quot;,&quot;effect&quot;:&quot;slide&quot;,&quot;speed&quot;:500,&quot;space_between_tablet&quot;:{&quot;unit&quot;:&quot;px&quot;,&quot;size&quot;:10,&quot;sizes&quot;:[]},&quot;space_between_mobile&quot;:{&quot;unit&quot;:&quot;px&quot;,&quot;size&quot;:10,&quot;sizes&quot;:[]}}\" data-widget_type=\"media-carousel.default\">\n\t\t\t\t<div class=\"elementor-widget-container\">\n\t\t\t\t\t\t\t\t\t<div class=\"elementor-swiper\">\n\t\t\t\t\t<div class=\"elementor-main-swiper swiper\" role=\"region\" aria-roledescription=\"carousel\" aria-label=\"Diapositives\">\n\t\t\t\t<div class=\"swiper-wrapper\">\n\t\t\t\t\t\t\t\t\t\t\t<div class=\"swiper-slide\" role=\"group\" aria-roledescription=\"slide\">\n\t\t\t\t\t\t\t<a href=\"https:\/\/monita.es\/wp-content\/uploads\/CubiertaTextil7-scaled.jpg\" data-elementor-open-lightbox=\"yes\" data-elementor-lightbox-slideshow=\"432d1a6\" data-elementor-lightbox-title=\"CubiertaTextil7\" data-e-action-hash=\"#elementor-action%3Aaction%3Dlightbox%26settings%3DeyJpZCI6MjE0MTgsInVybCI6Imh0dHBzOlwvXC9tb25pdGEuZXNcL3dwLWNvbnRlbnRcL3VwbG9hZHNcL0N1YmllcnRhVGV4dGlsNy1zY2FsZWQuanBnIiwic2xpZGVzaG93IjoiNDMyZDFhNiJ9\">\t\t<div class=\"elementor-carousel-image\" role=\"img\" aria-label=\"Cubierta textil de dise\u00f1o arquitect\u00f3nico instalada en espacio urbano\" style=\"background-image: url(&#039;https:\/\/monita.es\/wp-content\/uploads\/CubiertaTextil7-scaled.jpg&#039;)\">\n\n\t\t\t\n\t\t\t\t\t<\/div>\n\t\t\t\t\t<div class=\"elementor-carousel-image-overlay e-overlay-animation-fade\">\n\t\t\t\t<i class=\"fas fa-search-plus\"><\/i>\t\t\t<\/div>\n\t\t\t<\/a>\t\t\t\t\t\t<\/div>\n\t\t\t\t\t\t\t\t\t<\/div>\n\t\t\t\t\t\t\t<\/div>\n\t\t\t\t<\/div>\n\t\t\t\t\t\t\t\t<\/div>\n\t\t\t\t<\/div>\n\t\t\t\t\t<\/div>\n\t\t<\/div>\n\t\t\t\t<div class=\"elementor-column elementor-col-25 elementor-inner-column elementor-element elementor-element-c46a7ed\" data-id=\"c46a7ed\" data-element_type=\"column\">\n\t\t\t<div class=\"elementor-widget-wrap elementor-element-populated\">\n\t\t\t\t\t\t<div class=\"elementor-element elementor-element-c2ff65d elementor-skin-carousel elementor-widget elementor-widget-media-carousel\" data-id=\"c2ff65d\" data-element_type=\"widget\" data-settings=\"{&quot;space_between&quot;:{&quot;unit&quot;:&quot;px&quot;,&quot;size&quot;:29,&quot;sizes&quot;:[]},&quot;slides_per_view&quot;:&quot;1&quot;,&quot;skin&quot;:&quot;carousel&quot;,&quot;effect&quot;:&quot;slide&quot;,&quot;speed&quot;:500,&quot;space_between_tablet&quot;:{&quot;unit&quot;:&quot;px&quot;,&quot;size&quot;:10,&quot;sizes&quot;:[]},&quot;space_between_mobile&quot;:{&quot;unit&quot;:&quot;px&quot;,&quot;size&quot;:10,&quot;sizes&quot;:[]}}\" data-widget_type=\"media-carousel.default\">\n\t\t\t\t<div class=\"elementor-widget-container\">\n\t\t\t\t\t\t\t\t\t<div class=\"elementor-swiper\">\n\t\t\t\t\t<div class=\"elementor-main-swiper swiper\" role=\"region\" aria-roledescription=\"carousel\" aria-label=\"Diapositives\">\n\t\t\t\t<div class=\"swiper-wrapper\">\n\t\t\t\t\t\t\t\t\t\t\t<div class=\"swiper-slide\" role=\"group\" aria-roledescription=\"slide\">\n\t\t\t\t\t\t\t<a href=\"https:\/\/monita.es\/wp-content\/uploads\/CubiertaTextil8-scaled.jpg\" data-elementor-open-lightbox=\"yes\" data-elementor-lightbox-slideshow=\"c2ff65d\" data-elementor-lightbox-title=\"CubiertaTextil8\" data-e-action-hash=\"#elementor-action%3Aaction%3Dlightbox%26settings%3DeyJpZCI6MjE0MTksInVybCI6Imh0dHBzOlwvXC9tb25pdGEuZXNcL3dwLWNvbnRlbnRcL3VwbG9hZHNcL0N1YmllcnRhVGV4dGlsOC1zY2FsZWQuanBnIiwic2xpZGVzaG93IjoiYzJmZjY1ZCJ9\">\t\t<div class=\"elementor-carousel-image\" role=\"img\" aria-label=\"Cubierta textil instalada en espacio institucional de gran formato\" style=\"background-image: url(&#039;https:\/\/monita.es\/wp-content\/uploads\/CubiertaTextil8-scaled.jpg&#039;)\">\n\n\t\t\t\n\t\t\t\t\t<\/div>\n\t\t\t\t\t<div class=\"elementor-carousel-image-overlay e-overlay-animation-fade\">\n\t\t\t\t<i class=\"fas fa-search-plus\"><\/i>\t\t\t<\/div>\n\t\t\t<\/a>\t\t\t\t\t\t<\/div>\n\t\t\t\t\t\t\t\t\t<\/div>\n\t\t\t\t\t\t\t<\/div>\n\t\t\t\t<\/div>\n\t\t\t\t\t\t\t\t<\/div>\n\t\t\t\t<\/div>\n\t\t\t\t\t<\/div>\n\t\t<\/div>\n\t\t\t\t\t<\/div>\n\t\t<\/section>\n\t\t\t\t<section class=\"elementor-section elementor-inner-section elementor-element elementor-element-a56ef1c elementor-section-boxed elementor-section-height-default elementor-section-height-default elementor-invisible\" data-id=\"a56ef1c\" data-element_type=\"section\" data-settings=\"{&quot;animation&quot;:&quot;fadeInUp&quot;}\">\n\t\t\t\t\t\t<div class=\"elementor-container elementor-column-gap-narrow\">\n\t\t\t\t\t<div class=\"elementor-column elementor-col-25 elementor-inner-column elementor-element elementor-element-402c6c4\" data-id=\"402c6c4\" data-element_type=\"column\">\n\t\t\t<div class=\"elementor-widget-wrap elementor-element-populated\">\n\t\t\t\t\t\t<div class=\"elementor-element elementor-element-5412556 elementor-skin-carousel elementor-widget elementor-widget-media-carousel\" data-id=\"5412556\" data-element_type=\"widget\" data-settings=\"{&quot;space_between&quot;:{&quot;unit&quot;:&quot;px&quot;,&quot;size&quot;:29,&quot;sizes&quot;:[]},&quot;slides_per_view&quot;:&quot;1&quot;,&quot;skin&quot;:&quot;carousel&quot;,&quot;effect&quot;:&quot;slide&quot;,&quot;speed&quot;:500,&quot;space_between_tablet&quot;:{&quot;unit&quot;:&quot;px&quot;,&quot;size&quot;:10,&quot;sizes&quot;:[]},&quot;space_between_mobile&quot;:{&quot;unit&quot;:&quot;px&quot;,&quot;size&quot;:10,&quot;sizes&quot;:[]}}\" data-widget_type=\"media-carousel.default\">\n\t\t\t\t<div class=\"elementor-widget-container\">\n\t\t\t\t\t\t\t\t\t<div class=\"elementor-swiper\">\n\t\t\t\t\t<div class=\"elementor-main-swiper swiper\" role=\"region\" aria-roledescription=\"carousel\" aria-label=\"Diapositives\">\n\t\t\t\t<div class=\"swiper-wrapper\">\n\t\t\t\t\t\t\t\t\t\t\t<div class=\"swiper-slide\" role=\"group\" aria-roledescription=\"slide\">\n\t\t\t\t\t\t\t<a href=\"https:\/\/monita.es\/wp-content\/uploads\/CubiertaTextil9-scaled.jpg\" data-elementor-open-lightbox=\"yes\" data-elementor-lightbox-slideshow=\"5412556\" data-elementor-lightbox-title=\"CubiertaTextil9\" data-e-action-hash=\"#elementor-action%3Aaction%3Dlightbox%26settings%3DeyJpZCI6MjE0MjAsInVybCI6Imh0dHBzOlwvXC9tb25pdGEuZXNcL3dwLWNvbnRlbnRcL3VwbG9hZHNcL0N1YmllcnRhVGV4dGlsOS1zY2FsZWQuanBnIiwic2xpZGVzaG93IjoiNTQxMjU1NiJ9\">\t\t<div class=\"elementor-carousel-image\" role=\"img\" aria-label=\"Cubierta textil curva de arquitectura ligera integrada en entorno natural\" style=\"background-image: url(&#039;https:\/\/monita.es\/wp-content\/uploads\/CubiertaTextil9-scaled.jpg&#039;)\">\n\n\t\t\t\n\t\t\t\t\t<\/div>\n\t\t\t\t\t<div class=\"elementor-carousel-image-overlay e-overlay-animation-fade\">\n\t\t\t\t<i class=\"fas fa-search-plus\"><\/i>\t\t\t<\/div>\n\t\t\t<\/a>\t\t\t\t\t\t<\/div>\n\t\t\t\t\t\t\t\t\t<\/div>\n\t\t\t\t\t\t\t<\/div>\n\t\t\t\t<\/div>\n\t\t\t\t\t\t\t\t<\/div>\n\t\t\t\t<\/div>\n\t\t\t\t\t<\/div>\n\t\t<\/div>\n\t\t\t\t<div class=\"elementor-column elementor-col-25 elementor-inner-column elementor-element elementor-element-e49295e\" data-id=\"e49295e\" data-element_type=\"column\">\n\t\t\t<div class=\"elementor-widget-wrap elementor-element-populated\">\n\t\t\t\t\t\t<div class=\"elementor-element elementor-element-8e35a87 elementor-skin-carousel elementor-widget elementor-widget-media-carousel\" data-id=\"8e35a87\" data-element_type=\"widget\" data-settings=\"{&quot;space_between&quot;:{&quot;unit&quot;:&quot;px&quot;,&quot;size&quot;:29,&quot;sizes&quot;:[]},&quot;slides_per_view&quot;:&quot;1&quot;,&quot;skin&quot;:&quot;carousel&quot;,&quot;effect&quot;:&quot;slide&quot;,&quot;speed&quot;:500,&quot;space_between_tablet&quot;:{&quot;unit&quot;:&quot;px&quot;,&quot;size&quot;:10,&quot;sizes&quot;:[]},&quot;space_between_mobile&quot;:{&quot;unit&quot;:&quot;px&quot;,&quot;size&quot;:10,&quot;sizes&quot;:[]}}\" data-widget_type=\"media-carousel.default\">\n\t\t\t\t<div class=\"elementor-widget-container\">\n\t\t\t\t\t\t\t\t\t<div class=\"elementor-swiper\">\n\t\t\t\t\t<div class=\"elementor-main-swiper swiper\" role=\"region\" aria-roledescription=\"carousel\" aria-label=\"Diapositives\">\n\t\t\t\t<div class=\"swiper-wrapper\">\n\t\t\t\t\t\t\t\t\t\t\t<div class=\"swiper-slide\" role=\"group\" aria-roledescription=\"slide\">\n\t\t\t\t\t\t\t<a href=\"https:\/\/monita.es\/wp-content\/uploads\/CubiertaTextil10-scaled.jpg\" data-elementor-open-lightbox=\"yes\" data-elementor-lightbox-slideshow=\"8e35a87\" data-elementor-lightbox-title=\"CubiertaTextil10\" data-e-action-hash=\"#elementor-action%3Aaction%3Dlightbox%26settings%3DeyJpZCI6MjE0MjEsInVybCI6Imh0dHBzOlwvXC9tb25pdGEuZXNcL3dwLWNvbnRlbnRcL3VwbG9hZHNcL0N1YmllcnRhVGV4dGlsMTAtc2NhbGVkLmpwZyIsInNsaWRlc2hvdyI6IjhlMzVhODcifQ%3D%3D\">\t\t<div class=\"elementor-carousel-image\" role=\"img\" aria-label=\"Cubierta textil tipo parasol con estructura central en espacio urbano\" style=\"background-image: url(&#039;https:\/\/monita.es\/wp-content\/uploads\/CubiertaTextil10-scaled.jpg&#039;)\">\n\n\t\t\t\n\t\t\t\t\t<\/div>\n\t\t\t\t\t<div class=\"elementor-carousel-image-overlay e-overlay-animation-fade\">\n\t\t\t\t<i class=\"fas fa-search-plus\"><\/i>\t\t\t<\/div>\n\t\t\t<\/a>\t\t\t\t\t\t<\/div>\n\t\t\t\t\t\t\t\t\t<\/div>\n\t\t\t\t\t\t\t<\/div>\n\t\t\t\t<\/div>\n\t\t\t\t\t\t\t\t<\/div>\n\t\t\t\t<\/div>\n\t\t\t\t\t<\/div>\n\t\t<\/div>\n\t\t\t\t<div class=\"elementor-column elementor-col-25 elementor-inner-column elementor-element elementor-element-3ce190a\" data-id=\"3ce190a\" data-element_type=\"column\">\n\t\t\t<div class=\"elementor-widget-wrap elementor-element-populated\">\n\t\t\t\t\t\t<div class=\"elementor-element elementor-element-9c30565 elementor-skin-carousel elementor-widget elementor-widget-media-carousel\" data-id=\"9c30565\" data-element_type=\"widget\" data-settings=\"{&quot;space_between&quot;:{&quot;unit&quot;:&quot;px&quot;,&quot;size&quot;:29,&quot;sizes&quot;:[]},&quot;slides_per_view&quot;:&quot;1&quot;,&quot;skin&quot;:&quot;carousel&quot;,&quot;effect&quot;:&quot;slide&quot;,&quot;speed&quot;:500,&quot;space_between_tablet&quot;:{&quot;unit&quot;:&quot;px&quot;,&quot;size&quot;:10,&quot;sizes&quot;:[]},&quot;space_between_mobile&quot;:{&quot;unit&quot;:&quot;px&quot;,&quot;size&quot;:10,&quot;sizes&quot;:[]}}\" data-widget_type=\"media-carousel.default\">\n\t\t\t\t<div class=\"elementor-widget-container\">\n\t\t\t\t\t\t\t\t\t<div class=\"elementor-swiper\">\n\t\t\t\t\t<div class=\"elementor-main-swiper swiper\" role=\"region\" aria-roledescription=\"carousel\" aria-label=\"Diapositives\">\n\t\t\t\t<div class=\"swiper-wrapper\">\n\t\t\t\t\t\t\t\t\t\t\t<div class=\"swiper-slide\" role=\"group\" aria-roledescription=\"slide\">\n\t\t\t\t\t\t\t<a href=\"https:\/\/monita.es\/wp-content\/uploads\/CubiertaTextil11-scaled.jpg\" data-elementor-open-lightbox=\"yes\" data-elementor-lightbox-slideshow=\"9c30565\" data-elementor-lightbox-title=\"CubiertaTextil11\" data-e-action-hash=\"#elementor-action%3Aaction%3Dlightbox%26settings%3DeyJpZCI6MjE0MjIsInVybCI6Imh0dHBzOlwvXC9tb25pdGEuZXNcL3dwLWNvbnRlbnRcL3VwbG9hZHNcL0N1YmllcnRhVGV4dGlsMTEtc2NhbGVkLmpwZyIsInNsaWRlc2hvdyI6IjljMzA1NjUifQ%3D%3D\">\t\t<div class=\"elementor-carousel-image\" role=\"img\" aria-label=\"Cubierta textil para grader\u00edo en instalaci\u00f3n deportiva\" style=\"background-image: url(&#039;https:\/\/monita.es\/wp-content\/uploads\/CubiertaTextil11-scaled.jpg&#039;)\">\n\n\t\t\t\n\t\t\t\t\t<\/div>\n\t\t\t\t\t<div class=\"elementor-carousel-image-overlay e-overlay-animation-fade\">\n\t\t\t\t<i class=\"fas fa-search-plus\"><\/i>\t\t\t<\/div>\n\t\t\t<\/a>\t\t\t\t\t\t<\/div>\n\t\t\t\t\t\t\t\t\t<\/div>\n\t\t\t\t\t\t\t<\/div>\n\t\t\t\t<\/div>\n\t\t\t\t\t\t\t\t<\/div>\n\t\t\t\t<\/div>\n\t\t\t\t\t<\/div>\n\t\t<\/div>\n\t\t\t\t<div class=\"elementor-column elementor-col-25 elementor-inner-column elementor-element elementor-element-9ec6dc7\" data-id=\"9ec6dc7\" data-element_type=\"column\">\n\t\t\t<div class=\"elementor-widget-wrap\">\n\t\t\t\t\t\t\t<\/div>\n\t\t<\/div>\n\t\t\t\t\t<\/div>\n\t\t<\/section>\n\t\t\t\t\t<\/div>\n\t\t<\/div>\n\t\t\t\t\t<\/div>\n\t\t<\/section>\n\t\t\t\t<section class=\"elementor-section elementor-top-section elementor-element elementor-element-268410e1 elementor-section-height-min-height elementor-section-items-top elementor-section-boxed elementor-section-height-default\" data-id=\"268410e1\" data-element_type=\"section\" data-settings=\"{&quot;background_background&quot;:&quot;classic&quot;}\">\n\t\t\t\t\t\t\t<div class=\"elementor-background-overlay\"><\/div>\n\t\t\t\t\t\t\t<div class=\"elementor-container elementor-column-gap-no\">\n\t\t\t\t\t<div class=\"elementor-column elementor-col-100 elementor-top-column elementor-element elementor-element-3943248c\" data-id=\"3943248c\" data-element_type=\"column\">\n\t\t\t<div class=\"elementor-widget-wrap elementor-element-populated\">\n\t\t\t\t\t\t<div class=\"elementor-element elementor-element-2122de5d elementor-widget elementor-widget-heading\" data-id=\"2122de5d\" data-element_type=\"widget\" data-widget_type=\"heading.default\">\n\t\t\t\t<div class=\"elementor-widget-container\">\n\t\t\t\t\t<h2 class=\"elementor-heading-title elementor-size-default\">Contacti'ns<\/h2>\t\t\t\t<\/div>\n\t\t\t\t<\/div>\n\t\t\t\t<div class=\"elementor-element elementor-element-7429d1e7 elementor-widget__width-initial elementor-widget elementor-widget-text-editor\" data-id=\"7429d1e7\" data-element_type=\"widget\" data-widget_type=\"text-editor.default\">\n\t\t\t\t<div class=\"elementor-widget-container\">\n\t\t\t\t\t\t\t\t\t<p><span style=\"font-weight: 400;\">Poseu-ho en contacte amb nosaltres. Els nostres especialistes el podran assessorar per proposar-li la millor soluci\u00f3 al seu projecte. Comptem amb m\u00e9s de 80 anys d&#8217;experi\u00e8ncia en la fabricaci\u00f3 de lones, confecci\u00f3 industrial, tendals, carpes i arquitectura t\u00e8xtil. <\/span><\/p>\n\t\t\t\t\t\t\t\t<\/div>\n\t\t\t\t<\/div>\n\t\t\t\t<div class=\"elementor-element elementor-element-e87b480 elementor-mobile-align-center elementor-widget elementor-widget-button\" data-id=\"e87b480\" data-element_type=\"widget\" data-widget_type=\"button.default\">\n\t\t\t\t<div class=\"elementor-widget-container\">\n\t\t\t\t\t\t\t\t\t<div class=\"elementor-button-wrapper\">\n\t\t\t\t\t<a class=\"elementor-button elementor-button-link elementor-size-sm\" href=\"https:\/\/monita.es\/contacto-ubicacion\/\">\n\t\t\t\t\t\t<span class=\"elementor-button-content-wrapper\">\n\t\t\t\t\t\t<span class=\"elementor-button-icon\">\n\t\t\t\t<svg xmlns=\"http:\/\/www.w3.org\/2000\/svg\" id=\"e7693ca5-bf76-42df-999c-dbc3066cda9e\" data-name=\"Layer 1\" width=\"21.3525\" height=\"10.7197\" viewBox=\"0 0 21.3525 10.7197\"><polygon points=\"21 5.229 21.343 4.865 16.165 0 15.479 0.729 19.737 4.729 0 4.729 0 5.729 19.786 5.729 15.47 10.009 16.175 10.72 21.353 5.584 21 5.229\"><\/polygon><\/svg>\t\t\t<\/span>\n\t\t\t\t\t\t\t\t\t<span class=\"elementor-button-text\">Sol\u00b7licita pressupost<\/span>\n\t\t\t\t\t<\/span>\n\t\t\t\t\t<\/a>\n\t\t\t\t<\/div>\n\t\t\t\t\t\t\t\t<\/div>\n\t\t\t\t<\/div>\n\t\t\t\t\t<\/div>\n\t\t<\/div>\n\t\t\t\t\t<\/div>\n\t\t<\/section>\n\t\t\t\t<section class=\"elementor-section elementor-top-section elementor-element elementor-element-15fa1c72 elementor-section-content-top elementor-section-boxed elementor-section-height-default elementor-section-height-default\" data-id=\"15fa1c72\" data-element_type=\"section\">\n\t\t\t\t\t\t<div class=\"elementor-container elementor-column-gap-no\">\n\t\t\t\t\t<div class=\"elementor-column elementor-col-33 elementor-top-column elementor-element elementor-element-522752ca\" data-id=\"522752ca\" data-element_type=\"column\">\n\t\t\t<div class=\"elementor-widget-wrap elementor-element-populated\">\n\t\t\t\t\t\t<div class=\"elementor-element elementor-element-5ea29b41 elementor-widget elementor-widget-heading\" data-id=\"5ea29b41\" data-element_type=\"widget\" data-widget_type=\"heading.default\">\n\t\t\t\t<div class=\"elementor-widget-container\">\n\t\t\t\t\t<h5 class=\"elementor-heading-title elementor-size-default\">L\u00edders en Solucions Industrials<\/h5>\t\t\t\t<\/div>\n\t\t\t\t<\/div>\n\t\t\t\t<div class=\"elementor-element elementor-element-16a3f2c animated-slow elementor-invisible elementor-widget elementor-widget-heading\" data-id=\"16a3f2c\" data-element_type=\"widget\" data-settings=\"{&quot;_animation&quot;:&quot;fadeIn&quot;}\" data-widget_type=\"heading.default\">\n\t\t\t\t<div class=\"elementor-widget-container\">\n\t\t\t\t\t<h2 class=\"elementor-heading-title elementor-size-default\">M\u00e9s sobre Coberta T\u00e8xtil<\/h2>\t\t\t\t<\/div>\n\t\t\t\t<\/div>\n\t\t\t\t<div class=\"elementor-element elementor-element-4baac7ec elementor-invisible elementor-widget elementor-widget-text-editor\" data-id=\"4baac7ec\" data-element_type=\"widget\" data-settings=\"{&quot;_animation&quot;:&quot;fadeIn&quot;,&quot;_animation_delay&quot;:200}\" data-widget_type=\"text-editor.default\">\n\t\t\t\t<div class=\"elementor-widget-container\">\n\t\t\t\t\t\t\t\t\t<p>Confieu en el nostre bon fer, tal com ho han fet milers de clients satisfets amb el que fem.<\/p>\n\t\t\t\t\t\t\t\t<\/div>\n\t\t\t\t<\/div>\n\t\t\t\t<div class=\"elementor-element elementor-element-cee5f6f elementor-widget elementor-widget-video\" data-id=\"cee5f6f\" data-element_type=\"widget\" data-settings=\"{&quot;youtube_url&quot;:&quot;https:\\\/\\\/youtu.be\\\/j7XVwyrukKk&quot;,&quot;video_type&quot;:&quot;youtube&quot;}\" data-widget_type=\"video.default\">\n\t\t\t\t<div class=\"elementor-widget-container\">\n\t\t\t\t\t\t\t<div class=\"elementor-wrapper elementor-open-inline\">\n\t\t\t<div class=\"elementor-video\"><\/div>\t\t<\/div>\n\t\t\t\t\t\t<\/div>\n\t\t\t\t<\/div>\n\t\t\t\t\t<\/div>\n\t\t<\/div>\n\t\t\t\t<div class=\"elementor-column elementor-col-66 elementor-top-column elementor-element elementor-element-22bbe090\" data-id=\"22bbe090\" data-element_type=\"column\">\n\t\t\t<div class=\"elementor-widget-wrap elementor-element-populated\">\n\t\t\t\t\t\t<div class=\"elementor-element elementor-element-1e32b910 elementor-widget__width-initial elementor-widget elementor-widget-toggle\" data-id=\"1e32b910\" data-element_type=\"widget\" data-widget_type=\"toggle.default\">\n\t\t\t\t<div class=\"elementor-widget-container\">\n\t\t\t\t\t\t\t<div class=\"elementor-toggle\">\n\t\t\t\t\t\t\t<div class=\"elementor-toggle-item\">\n\t\t\t\t\t<div id=\"elementor-tab-title-5061\" class=\"elementor-tab-title\" data-tab=\"1\" role=\"button\" aria-controls=\"elementor-tab-content-5061\" aria-expanded=\"false\">\n\t\t\t\t\t\t\t\t\t\t\t\t<span class=\"elementor-toggle-icon elementor-toggle-icon-right\" aria-hidden=\"true\">\n\t\t\t\t\t\t\t\t\t\t\t\t\t\t\t<span class=\"elementor-toggle-icon-closed\"><svg xmlns=\"http:\/\/www.w3.org\/2000\/svg\" id=\"b64b7500-205e-4b4c-b85b-719c6b9efefc\" data-name=\"Layer 1\" width=\"14.6802\" height=\"7.5488\" viewBox=\"0 0 14.6802 7.5488\"><polygon points=\"7.34 7.549 0 0.732 0.681 0 7.34 6.184 14 0 14.68 0.732 7.34 7.549\"><\/polygon><\/svg><\/span>\n\t\t\t\t\t\t\t\t<span class=\"elementor-toggle-icon-opened\"><svg xmlns=\"http:\/\/www.w3.org\/2000\/svg\" id=\"a9a06c65-5466-4dff-9af0-1537f84a1b5f\" data-name=\"Layer 1\" width=\"14.6802\" height=\"7.5488\" viewBox=\"0 0 14.6802 7.5488\"><polygon points=\"7.34 0 14.68 6.816 14 7.549 7.34 1.365 0.68 7.549 0 6.816 7.34 0\"><\/polygon><\/svg><\/span>\n\t\t\t\t\t\t\t\t\t\t\t\t\t<\/span>\n\t\t\t\t\t\t\t\t\t\t\t\t<a class=\"elementor-toggle-title\" tabindex=\"0\">Diferents usos i aplicacions de les Cobertes T\u00e8xtils<\/a>\n\t\t\t\t\t<\/div>\n\n\t\t\t\t\t<div id=\"elementor-tab-content-5061\" class=\"elementor-tab-content elementor-clearfix\" data-tab=\"1\" role=\"region\" aria-labelledby=\"elementor-tab-title-5061\"><p><span style=\"font-weight: 400;\">El terme coberta t\u00e8xtil \u00e9s for\u00e7a gen\u00e8ric i pot fer refer\u00e8ncia a nombrosos productes, si b\u00e9 podem distingir principalment dos tipus. Les <\/span><b>cobertes t\u00e8xtils<\/b><span style=\"font-weight: 400;\"> tensades s&#8217;empren cada vegada m\u00e9s en diferents \u00e0mbits. El seu principal \u00fas, atesa la seva gran durabilitat i que aqu\u00ed la membrana t\u00e8xtil t\u00e9 car\u00e0cter estructural, \u00e9s com a coberta t\u00e8xtil permanent, tot i que s\u00f3n perfectament desmuntables. Podem veure-les en aeroports, centres comercials, places p\u00fabliques, parcs infantils, estadis i ubicacions emblem\u00e0tiques on es vol donar un toc de distinci\u00f3 i sofisticaci\u00f3. <\/span><\/p>\n<p><span style=\"font-weight: 400;\">Hi ha un altre tipus de coberta t\u00e8xtil no tensada, tamb\u00e9 la fabriquem i instal\u00b7lem a <\/span><b>MO\u00d1ITA, <\/b> <span style=\"font-weight: 400;\">el seu \u00e0mbit d&#8217; \u00fas \u00e9s com a coberta temporal doncs en aquest cas la membrana t\u00e8xtil manca de propietats estructurals enfront de neu o pluges abundants. Se sol utilitzar en sostre i tancament perimetral. S\u00f3n cobertes pensades per ser muntades i desmuntades amb facilitat i poca feina, ja que es desmunten molt sovint. Solen fabricar-se en peces no gaire grans, de f\u00e0cil maneig, que van unides entre si mitjan\u00e7ant tancaments estancs i solapes.<\/span><\/p>\n<\/div>\n\t\t\t\t<\/div>\n\t\t\t\t\t\t\t<div class=\"elementor-toggle-item\">\n\t\t\t\t\t<div id=\"elementor-tab-title-5062\" class=\"elementor-tab-title\" data-tab=\"2\" role=\"button\" aria-controls=\"elementor-tab-content-5062\" aria-expanded=\"false\">\n\t\t\t\t\t\t\t\t\t\t\t\t<span class=\"elementor-toggle-icon elementor-toggle-icon-right\" aria-hidden=\"true\">\n\t\t\t\t\t\t\t\t\t\t\t\t\t\t\t<span class=\"elementor-toggle-icon-closed\"><svg xmlns=\"http:\/\/www.w3.org\/2000\/svg\" id=\"b64b7500-205e-4b4c-b85b-719c6b9efefc\" data-name=\"Layer 1\" width=\"14.6802\" height=\"7.5488\" viewBox=\"0 0 14.6802 7.5488\"><polygon points=\"7.34 7.549 0 0.732 0.681 0 7.34 6.184 14 0 14.68 0.732 7.34 7.549\"><\/polygon><\/svg><\/span>\n\t\t\t\t\t\t\t\t<span class=\"elementor-toggle-icon-opened\"><svg xmlns=\"http:\/\/www.w3.org\/2000\/svg\" id=\"a9a06c65-5466-4dff-9af0-1537f84a1b5f\" data-name=\"Layer 1\" width=\"14.6802\" height=\"7.5488\" viewBox=\"0 0 14.6802 7.5488\"><polygon points=\"7.34 0 14.68 6.816 14 7.549 7.34 1.365 0.68 7.549 0 6.816 7.34 0\"><\/polygon><\/svg><\/span>\n\t\t\t\t\t\t\t\t\t\t\t\t\t<\/span>\n\t\t\t\t\t\t\t\t\t\t\t\t<a class=\"elementor-toggle-title\" tabindex=\"0\">Cobertes per a Escenaris<\/a>\n\t\t\t\t\t<\/div>\n\n\t\t\t\t\t<div id=\"elementor-tab-content-5062\" class=\"elementor-tab-content elementor-clearfix\" data-tab=\"2\" role=\"region\" aria-labelledby=\"elementor-tab-title-5062\"><p>Ens encarreguem de la confecci\u00f3 i instal\u00b7laci\u00f3 de <a title=\"Lones a mida\" href=\"https:\/\/monita.es\/confeccion-industrial-lonas\/lonas-medida\/\"><strong>lones<\/strong> <strong>a mida<\/strong><\/a>, que cobreixen totalment o parcialment grans superf\u00edcies i <strong>escenaris<\/strong> de tota mena.<\/p>\n<p>Fabriquem <strong>lones<\/strong> per:<\/p>\n<ul>\n<li>Sostres i laterals de grans espais.<\/li>\n<li>Estructures decoratives.<\/li>\n<li>Estructures temporals o permanents.<\/li>\n<\/ul>\n<\/div>\n\t\t\t\t<\/div>\n\t\t\t\t\t\t\t<div class=\"elementor-toggle-item\">\n\t\t\t\t\t<div id=\"elementor-tab-title-5063\" class=\"elementor-tab-title\" data-tab=\"3\" role=\"button\" aria-controls=\"elementor-tab-content-5063\" aria-expanded=\"false\">\n\t\t\t\t\t\t\t\t\t\t\t\t<span class=\"elementor-toggle-icon elementor-toggle-icon-right\" aria-hidden=\"true\">\n\t\t\t\t\t\t\t\t\t\t\t\t\t\t\t<span class=\"elementor-toggle-icon-closed\"><svg xmlns=\"http:\/\/www.w3.org\/2000\/svg\" id=\"b64b7500-205e-4b4c-b85b-719c6b9efefc\" data-name=\"Layer 1\" width=\"14.6802\" height=\"7.5488\" viewBox=\"0 0 14.6802 7.5488\"><polygon points=\"7.34 7.549 0 0.732 0.681 0 7.34 6.184 14 0 14.68 0.732 7.34 7.549\"><\/polygon><\/svg><\/span>\n\t\t\t\t\t\t\t\t<span class=\"elementor-toggle-icon-opened\"><svg xmlns=\"http:\/\/www.w3.org\/2000\/svg\" id=\"a9a06c65-5466-4dff-9af0-1537f84a1b5f\" data-name=\"Layer 1\" width=\"14.6802\" height=\"7.5488\" viewBox=\"0 0 14.6802 7.5488\"><polygon points=\"7.34 0 14.68 6.816 14 7.549 7.34 1.365 0.68 7.549 0 6.816 7.34 0\"><\/polygon><\/svg><\/span>\n\t\t\t\t\t\t\t\t\t\t\t\t\t<\/span>\n\t\t\t\t\t\t\t\t\t\t\t\t<a class=\"elementor-toggle-title\" tabindex=\"0\">Cobertes T\u00e8xtils per a Instal\u00b7lacions Esportives<\/a>\n\t\t\t\t\t<\/div>\n\n\t\t\t\t\t<div id=\"elementor-tab-content-5063\" class=\"elementor-tab-content elementor-clearfix\" data-tab=\"3\" role=\"region\" aria-labelledby=\"elementor-tab-title-5063\"><p>Mitjan\u00e7ant la coberta t\u00e8xtil, enfront de la de construcci\u00f3, es guanya en lletjor visual i estructural, amb estalvi en costos i temps d&#8217; execuci\u00f3. Es pot combinar amb <strong>tensoestructures<\/strong>, o utilitzar sistemes de fixaci\u00f3 i tensi\u00f3 convencionals. Poden ser permanents, temporals, desmuntables o retr\u00e0ctils.<\/p><p>S\u00f3n de gran utilitat per cobrir grades d&#8217;instal\u00b7lacions i pistes esportives.<\/p><\/div>\n\t\t\t\t<\/div>\n\t\t\t\t\t\t\t<div class=\"elementor-toggle-item\">\n\t\t\t\t\t<div id=\"elementor-tab-title-5064\" class=\"elementor-tab-title\" data-tab=\"4\" role=\"button\" aria-controls=\"elementor-tab-content-5064\" aria-expanded=\"false\">\n\t\t\t\t\t\t\t\t\t\t\t\t<span class=\"elementor-toggle-icon elementor-toggle-icon-right\" aria-hidden=\"true\">\n\t\t\t\t\t\t\t\t\t\t\t\t\t\t\t<span class=\"elementor-toggle-icon-closed\"><svg xmlns=\"http:\/\/www.w3.org\/2000\/svg\" id=\"b64b7500-205e-4b4c-b85b-719c6b9efefc\" data-name=\"Layer 1\" width=\"14.6802\" height=\"7.5488\" viewBox=\"0 0 14.6802 7.5488\"><polygon points=\"7.34 7.549 0 0.732 0.681 0 7.34 6.184 14 0 14.68 0.732 7.34 7.549\"><\/polygon><\/svg><\/span>\n\t\t\t\t\t\t\t\t<span class=\"elementor-toggle-icon-opened\"><svg xmlns=\"http:\/\/www.w3.org\/2000\/svg\" id=\"a9a06c65-5466-4dff-9af0-1537f84a1b5f\" data-name=\"Layer 1\" width=\"14.6802\" height=\"7.5488\" viewBox=\"0 0 14.6802 7.5488\"><polygon points=\"7.34 0 14.68 6.816 14 7.549 7.34 1.365 0.68 7.549 0 6.816 7.34 0\"><\/polygon><\/svg><\/span>\n\t\t\t\t\t\t\t\t\t\t\t\t\t<\/span>\n\t\t\t\t\t\t\t\t\t\t\t\t<a class=\"elementor-toggle-title\" tabindex=\"0\">Cobertes T\u00e8xtils per a la Construcci\u00f3<\/a>\n\t\t\t\t\t<\/div>\n\n\t\t\t\t\t<div id=\"elementor-tab-content-5064\" class=\"elementor-tab-content elementor-clearfix\" data-tab=\"4\" role=\"region\" aria-labelledby=\"elementor-tab-title-5064\"><p><strong>MO\u00d1ITA<\/strong> confecciona i subministra materials t\u00e8xtils per a la construcci\u00f3, amb una gran diversitat de colors i gramatges en lona plastificada amb una alta resist\u00e8ncia mec\u00e0nica als agents atmosf\u00e8rics i qu\u00edmics. S\u00f3n <strong>lones<\/strong> de r\u00e0pida instal\u00b7laci\u00f3, lleugeres i f\u00e0cilment transportables.<\/p>\n<p>Disposem de la soluci\u00f3 que s&#8217; adapti millor a les necessitats de protecci\u00f3 de la seva obra, des de petites reformes fins a grans projectes:<\/p>\n<ul>\n<li><strong>Monarflex. <\/strong>Lones amb estanquitat garantida i una alta resist\u00e8ncia al desgavell. Disponibles en colors transl\u00facid, verd i blau, de 4 metres d&#8217; ample i fins a 30 metres de llarg.<\/li>\n<li><strong>Lones de lloguer. <\/strong>Lones impermeables per a obres, en color blau de 6 X 4, 8 X 3 i 6 X 8 metres. Posem al seu servei el nostre taller de retolaci\u00f3 per inserir logotips, textos o dibuixos, convertint aix\u00ed la lona en un anunci publicitari.<\/li>\n<li><strong>Malla d&#8217; ombreig. <\/strong>En polietil\u00e8 trenat, molt resistent a la intemp\u00e8rie. Tractament anti UV i imputrescible. Disponible en 2 metres d&#8217; ample fins a 100 metres de llarg. Molt utilitzat en hivernacles i zones d&#8217; emmagatzematge, entre d&#8217; altres.<\/li>\n<\/ul>\n<\/div>\n\t\t\t\t<\/div>\n\t\t\t\t\t\t\t<div class=\"elementor-toggle-item\">\n\t\t\t\t\t<div id=\"elementor-tab-title-5065\" class=\"elementor-tab-title\" data-tab=\"5\" role=\"button\" aria-controls=\"elementor-tab-content-5065\" aria-expanded=\"false\">\n\t\t\t\t\t\t\t\t\t\t\t\t<span class=\"elementor-toggle-icon elementor-toggle-icon-right\" aria-hidden=\"true\">\n\t\t\t\t\t\t\t\t\t\t\t\t\t\t\t<span class=\"elementor-toggle-icon-closed\"><svg xmlns=\"http:\/\/www.w3.org\/2000\/svg\" id=\"b64b7500-205e-4b4c-b85b-719c6b9efefc\" data-name=\"Layer 1\" width=\"14.6802\" height=\"7.5488\" viewBox=\"0 0 14.6802 7.5488\"><polygon points=\"7.34 7.549 0 0.732 0.681 0 7.34 6.184 14 0 14.68 0.732 7.34 7.549\"><\/polygon><\/svg><\/span>\n\t\t\t\t\t\t\t\t<span class=\"elementor-toggle-icon-opened\"><svg xmlns=\"http:\/\/www.w3.org\/2000\/svg\" id=\"a9a06c65-5466-4dff-9af0-1537f84a1b5f\" data-name=\"Layer 1\" width=\"14.6802\" height=\"7.5488\" viewBox=\"0 0 14.6802 7.5488\"><polygon points=\"7.34 0 14.68 6.816 14 7.549 7.34 1.365 0.68 7.549 0 6.816 7.34 0\"><\/polygon><\/svg><\/span>\n\t\t\t\t\t\t\t\t\t\t\t\t\t<\/span>\n\t\t\t\t\t\t\t\t\t\t\t\t<a class=\"elementor-toggle-title\" tabindex=\"0\">Cobertes T\u00e8xtils per a Atraccions i espectacles<\/a>\n\t\t\t\t\t<\/div>\n\n\t\t\t\t\t<div id=\"elementor-tab-content-5065\" class=\"elementor-tab-content elementor-clearfix\" data-tab=\"5\" role=\"region\" aria-labelledby=\"elementor-tab-title-5065\"><p>Confeccionem des de cobertes per a atraccions de fires i parcs tem\u00e0tics, fins a cobertes per a places de bous.<\/p>\n<p>La qualitat dels treballs que realitzem a <strong>MO\u00d1ITA <\/strong>permet que aquests cobriments puguin aguantar el pas del temps en instal\u00b7lacions fixes o muntar-se i desmuntar-se repetides vegades mantenint les seves propietats.<\/p>\n<\/div>\n\t\t\t\t<\/div>\n\t\t\t\t\t\t\t\t\t\t<script type=\"application\/ld+json\">{\"@context\":\"https:\\\/\\\/schema.org\",\"@type\":\"FAQPage\",\"mainEntity\":[{\"@type\":\"Question\",\"name\":\"Diferents usos i aplicacions de les Cobertes T\\u00e8xtils\",\"acceptedAnswer\":{\"@type\":\"Answer\",\"text\":\"<p><span style=\\\"font-weight: 400;\\\">El terme coberta t\\u00e8xtil \\u00e9s for\\u00e7a gen\\u00e8ric i pot fer refer\\u00e8ncia a nombrosos productes, si b\\u00e9 podem distingir principalment dos tipus. Les <\\\/span><b>cobertes t\\u00e8xtils<\\\/b><span style=\\\"font-weight: 400;\\\"> tensades s&#8217;empren cada vegada m\\u00e9s en diferents \\u00e0mbits. El seu principal \\u00fas, atesa la seva gran durabilitat i que aqu\\u00ed la membrana t\\u00e8xtil t\\u00e9 car\\u00e0cter estructural, \\u00e9s com a coberta t\\u00e8xtil permanent, tot i que s\\u00f3n perfectament desmuntables. Podem veure-les en aeroports, centres comercials, places p\\u00fabliques, parcs infantils, estadis i ubicacions emblem\\u00e0tiques on es vol donar un toc de distinci\\u00f3 i sofisticaci\\u00f3. <\\\/span><\\\/p>\\n<p><span style=\\\"font-weight: 400;\\\">Hi ha un altre tipus de coberta t\\u00e8xtil no tensada, tamb\\u00e9 la fabriquem i instal\\u00b7lem a <\\\/span><b>MO\\u00d1ITA, <\\\/b> <span style=\\\"font-weight: 400;\\\">el seu \\u00e0mbit d&#8217; \\u00fas \\u00e9s com a coberta temporal doncs en aquest cas la membrana t\\u00e8xtil manca de propietats estructurals enfront de neu o pluges abundants. Se sol utilitzar en sostre i tancament perimetral. S\\u00f3n cobertes pensades per ser muntades i desmuntades amb facilitat i poca feina, ja que es desmunten molt sovint. Solen fabricar-se en peces no gaire grans, de f\\u00e0cil maneig, que van unides entre si mitjan\\u00e7ant tancaments estancs i solapes.<\\\/span><\\\/p>\\n\"}},{\"@type\":\"Question\",\"name\":\"Cobertes per a Escenaris\",\"acceptedAnswer\":{\"@type\":\"Answer\",\"text\":\"<p>Ens encarreguem de la confecci\\u00f3 i instal\\u00b7laci\\u00f3 de <a title=\\\"Lones a mida\\\" href=\\\"https:\\\/\\\/monita.es\\\/confeccion-industrial-lonas\\\/lonas-medida\\\/\\\"><strong>lones<\\\/strong> <strong>a mida<\\\/strong><\\\/a>, que cobreixen totalment o parcialment grans superf\\u00edcies i <strong>escenaris<\\\/strong> de tota mena.<\\\/p>\\n<p>Fabriquem <strong>lones<\\\/strong> per:<\\\/p>\\n<ul>\\n<li>Sostres i laterals de grans espais.<\\\/li>\\n<li>Estructures decoratives.<\\\/li>\\n<li>Estructures temporals o permanents.<\\\/li>\\n<\\\/ul>\\n\"}},{\"@type\":\"Question\",\"name\":\"Cobertes T\\u00e8xtils per a Instal\\u00b7lacions Esportives\",\"acceptedAnswer\":{\"@type\":\"Answer\",\"text\":\"<p>Mitjan\\u00e7ant la coberta t\\u00e8xtil, enfront de la de construcci\\u00f3, es guanya en lletjor visual i estructural, amb estalvi en costos i temps d&#8217; execuci\\u00f3. Es pot combinar amb <strong>tensoestructures<\\\/strong>, o utilitzar sistemes de fixaci\\u00f3 i tensi\\u00f3 convencionals. Poden ser permanents, temporals, desmuntables o retr\\u00e0ctils.<\\\/p><p>S\\u00f3n de gran utilitat per cobrir grades d&#8217;instal\\u00b7lacions i pistes esportives.<\\\/p>\"}},{\"@type\":\"Question\",\"name\":\"Cobertes T\\u00e8xtils per a la Construcci\\u00f3\",\"acceptedAnswer\":{\"@type\":\"Answer\",\"text\":\"<p><strong>MO\\u00d1ITA<\\\/strong> confecciona i subministra materials t\\u00e8xtils per a la construcci\\u00f3, amb una gran diversitat de colors i gramatges en lona plastificada amb una alta resist\\u00e8ncia mec\\u00e0nica als agents atmosf\\u00e8rics i qu\\u00edmics. S\\u00f3n <strong>lones<\\\/strong> de r\\u00e0pida instal\\u00b7laci\\u00f3, lleugeres i f\\u00e0cilment transportables.<\\\/p>\\n<p>Disposem de la soluci\\u00f3 que s&#8217; adapti millor a les necessitats de protecci\\u00f3 de la seva obra, des de petites reformes fins a grans projectes:<\\\/p>\\n<ul>\\n<li><strong>Monarflex. <\\\/strong>Lones amb estanquitat garantida i una alta resist\\u00e8ncia al desgavell. Disponibles en colors transl\\u00facid, verd i blau, de 4 metres d&#8217; ample i fins a 30 metres de llarg.<\\\/li>\\n<li><strong>Lones de lloguer. <\\\/strong>Lones impermeables per a obres, en color blau de 6 X 4, 8 X 3 i 6 X 8 metres. Posem al seu servei el nostre taller de retolaci\\u00f3 per inserir logotips, textos o dibuixos, convertint aix\\u00ed la lona en un anunci publicitari.<\\\/li>\\n<li><strong>Malla d&#8217; ombreig. <\\\/strong>En polietil\\u00e8 trenat, molt resistent a la intemp\\u00e8rie. Tractament anti UV i imputrescible. Disponible en 2 metres d&#8217; ample fins a 100 metres de llarg. Molt utilitzat en hivernacles i zones d&#8217; emmagatzematge, entre d&#8217; altres.<\\\/li>\\n<\\\/ul>\\n\"}},{\"@type\":\"Question\",\"name\":\"Cobertes T\\u00e8xtils per a Atraccions i espectacles\",\"acceptedAnswer\":{\"@type\":\"Answer\",\"text\":\"<p>Confeccionem des de cobertes per a atraccions de fires i parcs tem\\u00e0tics, fins a cobertes per a places de bous.<\\\/p>\\n<p>La qualitat dels treballs que realitzem a <strong>MO\\u00d1ITA <\\\/strong>permet que aquests cobriments puguin aguantar el pas del temps en instal\\u00b7lacions fixes o muntar-se i desmuntar-se repetides vegades mantenint les seves propietats.<\\\/p>\\n\"}}]}<\/script>\n\t\t\t\t\t<\/div>\n\t\t\t\t\t\t<\/div>\n\t\t\t\t<\/div>\n\t\t\t\t\t<\/div>\n\t\t<\/div>\n\t\t\t\t\t<\/div>\n\t\t<\/section>\n\t\t\t\t<\/div>\n\t\t","protected":false},"excerpt":{"rendered":"<p>Coberta T\u00e8xtil M\u00e9s de 80 Anys d&#8217;Experi\u00e8ncia Coberta T\u00e8xtil Soluci\u00f3 que combina l&#8217; est\u00e8tica, la rapidesa en el muntatge i desmuntatge i l&#8217; estalvi de costos. Les cobertes t\u00e8xtils tensades es fan servir cada vegada m\u00e9s en diferents \u00e0mbits, solen realitzar-se en combinaci\u00f3 amb cables perimetrals que tensen la membrana i estructura met\u00e0l\u00b7lica portant que &#8230; <a title=\"Coberta T\u00e8xtil\" class=\"read-more\" href=\"https:\/\/monita.es\/ca\/experts-en-arquitectura-textil\/coberta-textil\/\" aria-label=\"M\u00e9s informaci\u00f3 sobre Coberta T\u00e8xtil\">Leer m\u00e1s<\/a><\/p>\n","protected":false},"author":2,"featured_media":0,"parent":21490,"menu_order":0,"comment_status":"closed","ping_status":"closed","template":"elementor_header_footer","meta":{"footnotes":""},"class_list":["post-21403","page","type-page","status-publish"],"yoast_head":"<!-- This site is optimized with the Yoast SEO plugin v24.7 - https:\/\/yoast.com\/wordpress\/plugins\/seo\/ -->\n<title>Coberta T\u00e8xtil | Mo\u00f1ita<\/title>\n<meta name=\"description\" content=\"Coberta T\u00e8xtil | MO\u00d1ITA ofereix m\u00faltiples tipus de coberta t\u00e8xtil per a obres de construcci\u00f3 i grans espais. \u00a1Contacte amb Nosaltres!\" \/>\n<meta name=\"robots\" content=\"noindex, follow\" \/>\n<meta property=\"og:locale\" content=\"ca_ES\" \/>\n<meta property=\"og:type\" content=\"article\" \/>\n<meta property=\"og:title\" content=\"Coberta T\u00e8xtil | Mo\u00f1ita\" \/>\n<meta property=\"og:description\" content=\"Coberta T\u00e8xtil | MO\u00d1ITA ofereix m\u00faltiples tipus de coberta t\u00e8xtil per a obres de construcci\u00f3 i grans espais. \u00a1Contacte amb Nosaltres!\" \/>\n<meta property=\"og:url\" content=\"https:\/\/monita.es\/ca\/experts-en-arquitectura-textil\/coberta-textil\/\" \/>\n<meta property=\"og:site_name\" content=\"Venta de carpas en Madrid - MO\u00d1ITA\" \/>\n<meta property=\"article:modified_time\" content=\"2023-10-23T14:31:46+00:00\" \/>\n<meta name=\"twitter:label1\" content=\"Temps estimat de lectura\" \/>\n\t<meta name=\"twitter:data1\" content=\"5 minuts\" \/>\n<script type=\"application\/ld+json\" class=\"yoast-schema-graph\">{\"@context\":\"https:\/\/schema.org\",\"@graph\":[{\"@type\":\"WebPage\",\"@id\":\"https:\/\/monita.es\/ca\/experts-en-arquitectura-textil\/coberta-textil\/\",\"url\":\"https:\/\/monita.es\/ca\/experts-en-arquitectura-textil\/coberta-textil\/\",\"name\":\"Coberta T\u00e8xtil | Mo\u00f1ita\",\"isPartOf\":{\"@id\":\"https:\/\/monita.es\/ca\/#website\"},\"datePublished\":\"2014-12-17T20:00:10+00:00\",\"dateModified\":\"2023-10-23T14:31:46+00:00\",\"description\":\"Coberta T\u00e8xtil | MO\u00d1ITA ofereix m\u00faltiples tipus de coberta t\u00e8xtil per a obres de construcci\u00f3 i grans espais. \u00a1Contacte amb Nosaltres!\",\"breadcrumb\":{\"@id\":\"https:\/\/monita.es\/ca\/experts-en-arquitectura-textil\/coberta-textil\/#breadcrumb\"},\"inLanguage\":\"ca\",\"potentialAction\":[{\"@type\":\"ReadAction\",\"target\":[\"https:\/\/monita.es\/ca\/experts-en-arquitectura-textil\/coberta-textil\/\"]}]},{\"@type\":\"BreadcrumbList\",\"@id\":\"https:\/\/monita.es\/ca\/experts-en-arquitectura-textil\/coberta-textil\/#breadcrumb\",\"itemListElement\":[{\"@type\":\"ListItem\",\"position\":1,\"name\":\"Mo\u00f1ita\",\"item\":\"https:\/\/monita.es\/ca\/home-empresa\/\"},{\"@type\":\"ListItem\",\"position\":2,\"name\":\"Experts en arquitectura t\u00e8xtil\",\"item\":\"https:\/\/monita.es\/ca\/experts-en-arquitectura-textil\/\"},{\"@type\":\"ListItem\",\"position\":3,\"name\":\"Coberta T\u00e8xtil\"}]},{\"@type\":\"WebSite\",\"@id\":\"https:\/\/monita.es\/ca\/#website\",\"url\":\"https:\/\/monita.es\/ca\/\",\"name\":\"Venta de carpas en Madrid - MO\u00d1ITA\",\"description\":\"MO\u00d1ITA es carpas, confecci\u00f3n de lonas para usos industriales, fachada textil, arquitectura textil y toldos. Dise\u00f1amos, proyectamos y creamos tu proyecto.\",\"publisher\":{\"@id\":\"https:\/\/monita.es\/ca\/#organization\"},\"potentialAction\":[{\"@type\":\"SearchAction\",\"target\":{\"@type\":\"EntryPoint\",\"urlTemplate\":\"https:\/\/monita.es\/ca\/?s={search_term_string}\"},\"query-input\":{\"@type\":\"PropertyValueSpecification\",\"valueRequired\":true,\"valueName\":\"search_term_string\"}}],\"inLanguage\":\"ca\"},{\"@type\":\"Organization\",\"@id\":\"https:\/\/monita.es\/ca\/#organization\",\"name\":\"Mo\u00f1ita\",\"url\":\"https:\/\/monita.es\/ca\/\",\"logo\":{\"@type\":\"ImageObject\",\"inLanguage\":\"ca\",\"@id\":\"https:\/\/monita.es\/ca\/#\/schema\/logo\/image\/\",\"url\":\"https:\/\/monita.es\/wp-content\/uploads\/cropped-cropped-logo-monita-1-neg.png\",\"contentUrl\":\"https:\/\/monita.es\/wp-content\/uploads\/cropped-cropped-logo-monita-1-neg.png\",\"width\":785,\"height\":666,\"caption\":\"Mo\u00f1ita\"},\"image\":{\"@id\":\"https:\/\/monita.es\/ca\/#\/schema\/logo\/image\/\"}}]}<\/script>\n<!-- \/ Yoast SEO plugin. -->","yoast_head_json":{"title":"Coberta T\u00e8xtil | Mo\u00f1ita","description":"Coberta T\u00e8xtil | MO\u00d1ITA ofereix m\u00faltiples tipus de coberta t\u00e8xtil per a obres de construcci\u00f3 i grans espais. \u00a1Contacte amb Nosaltres!","robots":{"index":"noindex","follow":"follow"},"og_locale":"ca_ES","og_type":"article","og_title":"Coberta T\u00e8xtil | Mo\u00f1ita","og_description":"Coberta T\u00e8xtil | MO\u00d1ITA ofereix m\u00faltiples tipus de coberta t\u00e8xtil per a obres de construcci\u00f3 i grans espais. \u00a1Contacte amb Nosaltres!","og_url":"https:\/\/monita.es\/ca\/experts-en-arquitectura-textil\/coberta-textil\/","og_site_name":"Venta de carpas en Madrid - MO\u00d1ITA","article_modified_time":"2023-10-23T14:31:46+00:00","twitter_misc":{"Temps estimat de lectura":"5 minuts"},"schema":{"@context":"https:\/\/schema.org","@graph":[{"@type":"WebPage","@id":"https:\/\/monita.es\/ca\/experts-en-arquitectura-textil\/coberta-textil\/","url":"https:\/\/monita.es\/ca\/experts-en-arquitectura-textil\/coberta-textil\/","name":"Coberta T\u00e8xtil | Mo\u00f1ita","isPartOf":{"@id":"https:\/\/monita.es\/ca\/#website"},"datePublished":"2014-12-17T20:00:10+00:00","dateModified":"2023-10-23T14:31:46+00:00","description":"Coberta T\u00e8xtil | MO\u00d1ITA ofereix m\u00faltiples tipus de coberta t\u00e8xtil per a obres de construcci\u00f3 i grans espais. \u00a1Contacte amb Nosaltres!","breadcrumb":{"@id":"https:\/\/monita.es\/ca\/experts-en-arquitectura-textil\/coberta-textil\/#breadcrumb"},"inLanguage":"ca","potentialAction":[{"@type":"ReadAction","target":["https:\/\/monita.es\/ca\/experts-en-arquitectura-textil\/coberta-textil\/"]}]},{"@type":"BreadcrumbList","@id":"https:\/\/monita.es\/ca\/experts-en-arquitectura-textil\/coberta-textil\/#breadcrumb","itemListElement":[{"@type":"ListItem","position":1,"name":"Mo\u00f1ita","item":"https:\/\/monita.es\/ca\/home-empresa\/"},{"@type":"ListItem","position":2,"name":"Experts en arquitectura t\u00e8xtil","item":"https:\/\/monita.es\/ca\/experts-en-arquitectura-textil\/"},{"@type":"ListItem","position":3,"name":"Coberta T\u00e8xtil"}]},{"@type":"WebSite","@id":"https:\/\/monita.es\/ca\/#website","url":"https:\/\/monita.es\/ca\/","name":"Venta de carpas en Madrid - MO\u00d1ITA","description":"MO\u00d1ITA es carpas, confecci\u00f3n de lonas para usos industriales, fachada textil, arquitectura textil y toldos. Dise\u00f1amos, proyectamos y creamos tu proyecto.","publisher":{"@id":"https:\/\/monita.es\/ca\/#organization"},"potentialAction":[{"@type":"SearchAction","target":{"@type":"EntryPoint","urlTemplate":"https:\/\/monita.es\/ca\/?s={search_term_string}"},"query-input":{"@type":"PropertyValueSpecification","valueRequired":true,"valueName":"search_term_string"}}],"inLanguage":"ca"},{"@type":"Organization","@id":"https:\/\/monita.es\/ca\/#organization","name":"Mo\u00f1ita","url":"https:\/\/monita.es\/ca\/","logo":{"@type":"ImageObject","inLanguage":"ca","@id":"https:\/\/monita.es\/ca\/#\/schema\/logo\/image\/","url":"https:\/\/monita.es\/wp-content\/uploads\/cropped-cropped-logo-monita-1-neg.png","contentUrl":"https:\/\/monita.es\/wp-content\/uploads\/cropped-cropped-logo-monita-1-neg.png","width":785,"height":666,"caption":"Mo\u00f1ita"},"image":{"@id":"https:\/\/monita.es\/ca\/#\/schema\/logo\/image\/"}}]}},"_links":{"self":[{"href":"https:\/\/monita.es\/ca\/wp-json\/wp\/v2\/pages\/21403","targetHints":{"allow":["GET"]}}],"collection":[{"href":"https:\/\/monita.es\/ca\/wp-json\/wp\/v2\/pages"}],"about":[{"href":"https:\/\/monita.es\/ca\/wp-json\/wp\/v2\/types\/page"}],"author":[{"embeddable":true,"href":"https:\/\/monita.es\/ca\/wp-json\/wp\/v2\/users\/2"}],"replies":[{"embeddable":true,"href":"https:\/\/monita.es\/ca\/wp-json\/wp\/v2\/comments?post=21403"}],"version-history":[{"count":4,"href":"https:\/\/monita.es\/ca\/wp-json\/wp\/v2\/pages\/21403\/revisions"}],"predecessor-version":[{"id":22024,"href":"https:\/\/monita.es\/ca\/wp-json\/wp\/v2\/pages\/21403\/revisions\/22024"}],"up":[{"embeddable":true,"href":"https:\/\/monita.es\/ca\/wp-json\/wp\/v2\/pages\/21490"}],"wp:attachment":[{"href":"https:\/\/monita.es\/ca\/wp-json\/wp\/v2\/media?parent=21403"}],"curies":[{"name":"wp","href":"https:\/\/api.w.org\/{rel}","templated":true}]}}