{"id":21069,"date":"2014-12-17T19:56:45","date_gmt":"2014-12-17T18:56:45","guid":{"rendered":"https:\/\/monita.es\/lloguer-de-carpes\/"},"modified":"2023-10-17T16:41:12","modified_gmt":"2023-10-17T16:41:12","slug":"lloguer-de-carpes","status":"publish","type":"page","link":"https:\/\/monita.es\/ca\/carpes\/lloguer-de-carpes\/","title":{"rendered":"Lloguer de carpes"},"content":{"rendered":"\t\t<div data-elementor-type=\"wp-page\" data-elementor-id=\"21069\" class=\"elementor elementor-21069 elementor-16\" data-elementor-post-type=\"page\">\n\t\t\t\t\t\t<section class=\"elementor-section elementor-top-section elementor-element elementor-element-58a98ad1 elementor-section-full_width elementor-section-height-min-height elementor-section-items-stretch elementor-section-height-default\" data-id=\"58a98ad1\" data-element_type=\"section\" data-settings=\"{&quot;background_background&quot;:&quot;classic&quot;,&quot;background_motion_fx_motion_fx_scrolling&quot;:&quot;yes&quot;,&quot;background_motion_fx_devices&quot;:[&quot;desktop&quot;,&quot;tablet&quot;,&quot;mobile&quot;]}\">\n\t\t\t\t\t\t\t<div class=\"elementor-background-overlay\"><\/div>\n\t\t\t\t\t\t\t<div class=\"elementor-container elementor-column-gap-no\">\n\t\t\t\t\t<div class=\"elementor-column elementor-col-100 elementor-top-column elementor-element elementor-element-7601e21f\" data-id=\"7601e21f\" data-element_type=\"column\">\n\t\t\t<div class=\"elementor-widget-wrap elementor-element-populated\">\n\t\t\t\t\t\t<div class=\"elementor-element elementor-element-459eb680 elementor-invisible elementor-widget elementor-widget-heading\" data-id=\"459eb680\" data-element_type=\"widget\" data-settings=\"{&quot;_animation&quot;:&quot;fadeInRight&quot;}\" data-widget_type=\"heading.default\">\n\t\t\t\t<div class=\"elementor-widget-container\">\n\t\t\t\t\t<h1 class=\"elementor-heading-title elementor-size-default\">Lloguer de<br> Carpes<\/br><\/h1>\t\t\t\t<\/div>\n\t\t\t\t<\/div>\n\t\t\t\t\t<\/div>\n\t\t<\/div>\n\t\t\t\t\t<\/div>\n\t\t<\/section>\n\t\t\t\t<section class=\"elementor-section elementor-top-section elementor-element elementor-element-445de716 elementor-section-boxed elementor-section-height-default elementor-section-height-default\" data-id=\"445de716\" data-element_type=\"section\" data-settings=\"{&quot;background_background&quot;:&quot;classic&quot;}\">\n\t\t\t\t\t\t<div class=\"elementor-container elementor-column-gap-no\">\n\t\t\t\t\t<div class=\"elementor-column elementor-col-100 elementor-top-column elementor-element elementor-element-16e1f2c0\" data-id=\"16e1f2c0\" data-element_type=\"column\">\n\t\t\t<div class=\"elementor-widget-wrap elementor-element-populated\">\n\t\t\t\t\t\t<div class=\"elementor-element elementor-element-6a397899 elementor-invisible elementor-widget elementor-widget-heading\" data-id=\"6a397899\" data-element_type=\"widget\" data-settings=\"{&quot;_animation&quot;:&quot;fadeIn&quot;}\" data-widget_type=\"heading.default\">\n\t\t\t\t<div class=\"elementor-widget-container\">\n\t\t\t\t\t<h5 class=\"elementor-heading-title elementor-size-default\">M\u00e9s de 80 Anys d'Experi\u00e8ncia<\/h5>\t\t\t\t<\/div>\n\t\t\t\t<\/div>\n\t\t\t\t<div class=\"elementor-element elementor-element-12b62841 animated-slow elementor-invisible elementor-widget elementor-widget-heading\" data-id=\"12b62841\" data-element_type=\"widget\" data-settings=\"{&quot;_animation&quot;:&quot;fadeIn&quot;}\" data-widget_type=\"heading.default\">\n\t\t\t\t<div class=\"elementor-widget-container\">\n\t\t\t\t\t<h2 class=\"elementor-heading-title elementor-size-default\">Lloguer de Carpes<\/h2>\t\t\t\t<\/div>\n\t\t\t\t<\/div>\n\t\t\t\t<div class=\"elementor-element elementor-element-40e016d7 elementor-hidden-mobile elementor-invisible elementor-widget elementor-widget-text-editor\" data-id=\"40e016d7\" data-element_type=\"widget\" data-settings=\"{&quot;_animation&quot;:&quot;fadeIn&quot;,&quot;_animation_delay&quot;:200}\" data-widget_type=\"text-editor.default\">\n\t\t\t\t<div class=\"elementor-widget-container\">\n\t\t\t\t\t\t\t\t\t<p>A Mo\u00f1ita ens dediquem al lloguer de carpes a dues aig\u00fces i poligonals. Una carpa \u00e9s la soluci\u00f3 perfecta si organitza qualsevol tipus de celebraci\u00f3 o esdeveniment perqu\u00e8 li permet crear un ambient espec\u00edfic amb la tranquil\u00b7litat d&#8217;estar protegit de les inclem\u00e8ncies meteorol\u00f2giques.<\/p>\n<p>Som <strong>MO\u00d1ITA<\/strong> i oferim serveis de <a href=\"https:\/\/monita.es\/carpas\/alquiler-de-carpas-en-madrid\/\"><strong>lloguer de carpes a Madrid<\/strong><\/a> <strong>i a tota la geografia nacional<\/strong>. La nostra empresa est\u00e0 especialitzada en la col\u00b7laboraci\u00f3 amb les empreses llogadores de carpes per a esdeveniments.<\/p>\n<p>Si necessita celebrar un acte a l&#8217;aire lliure, no ho dubti i llogui una de les nostres carpes per a esdeveniments, \u00a1cobriran totes les seves necessitats!<\/p>\n\t\t\t\t\t\t\t\t<\/div>\n\t\t\t\t<\/div>\n\t\t\t\t<div class=\"elementor-element elementor-element-84d7a24 elementor-hidden-desktop elementor-hidden-tablet elementor-invisible elementor-widget elementor-widget-text-editor\" data-id=\"84d7a24\" data-element_type=\"widget\" data-settings=\"{&quot;_animation&quot;:&quot;fadeIn&quot;,&quot;_animation_delay&quot;:200}\" data-widget_type=\"text-editor.default\">\n\t\t\t\t<div class=\"elementor-widget-container\">\n\t\t\t\t\t\t\t\t\t<p>A Mo\u00f1ita ens dediquem al lloguer de carpes a dues aig\u00fces i poligonals. Una carpa \u00e9s la soluci\u00f3 perfecta si organitza qualsevol tipus de celebraci\u00f3 o esdeveniment perqu\u00e8 li permet crear un ambient espec\u00edfic amb la tranquil\u00b7litat d&#8217;estar protegit de les inclem\u00e8ncies meteorol\u00f2giques.<\/p>\n<p>Som <strong>MO\u00d1ITA<\/strong> i oferim serveis de <a href=\"https:\/\/monita.es\/carpas\/alquiler-de-carpas-en-madrid\/\"><strong>lloguer de carpes a Madrid<\/strong><\/a> <strong>i a tota la geografia nacional<\/strong>. La nostra empresa est\u00e0 especialitzada en la col\u00b7laboraci\u00f3 amb les empreses llogadores de carpes per a esdeveniments.<\/p>\n<p>Si necessita celebrar un acte a l&#8217;aire lliure, no ho dubti i llogui una de les nostres carpes per a esdeveniments, \u00a1cobriran totes les seves necessitats!<\/p>\n\t\t\t\t\t\t\t\t<\/div>\n\t\t\t\t<\/div>\n\t\t\t\t<section class=\"elementor-section elementor-inner-section elementor-element elementor-element-2c1bd4bb elementor-section-boxed elementor-section-height-default elementor-section-height-default elementor-invisible\" data-id=\"2c1bd4bb\" data-element_type=\"section\" data-settings=\"{&quot;animation&quot;:&quot;fadeIn&quot;}\">\n\t\t\t\t\t\t<div class=\"elementor-container elementor-column-gap-narrow\">\n\t\t\t\t\t<div class=\"elementor-column elementor-col-25 elementor-inner-column elementor-element elementor-element-4fe09fd8\" data-id=\"4fe09fd8\" data-element_type=\"column\">\n\t\t\t<div class=\"elementor-widget-wrap elementor-element-populated\">\n\t\t\t\t\t\t<div class=\"elementor-element elementor-element-5bc9dfb elementor-skin-carousel elementor-widget elementor-widget-media-carousel\" data-id=\"5bc9dfb\" data-element_type=\"widget\" data-settings=\"{&quot;space_between&quot;:{&quot;unit&quot;:&quot;px&quot;,&quot;size&quot;:29,&quot;sizes&quot;:[]},&quot;slides_per_view&quot;:&quot;1&quot;,&quot;skin&quot;:&quot;carousel&quot;,&quot;effect&quot;:&quot;slide&quot;,&quot;speed&quot;:500,&quot;space_between_tablet&quot;:{&quot;unit&quot;:&quot;px&quot;,&quot;size&quot;:10,&quot;sizes&quot;:[]},&quot;space_between_mobile&quot;:{&quot;unit&quot;:&quot;px&quot;,&quot;size&quot;:10,&quot;sizes&quot;:[]}}\" data-widget_type=\"media-carousel.default\">\n\t\t\t\t<div class=\"elementor-widget-container\">\n\t\t\t\t\t\t\t\t\t<div class=\"elementor-swiper\">\n\t\t\t\t\t<div class=\"elementor-main-swiper swiper\" role=\"region\" aria-roledescription=\"carousel\" aria-label=\"Diapositives\">\n\t\t\t\t<div class=\"swiper-wrapper\">\n\t\t\t\t\t\t\t\t\t\t\t<div class=\"swiper-slide\" role=\"group\" aria-roledescription=\"slide\">\n\t\t\t\t\t\t\t<a href=\"https:\/\/monita.es\/wp-content\/uploads\/8-1068070-29-carpas-agrosiero-17-09-2009-min-scaled.jpg\" data-elementor-open-lightbox=\"yes\" data-elementor-lightbox-slideshow=\"5bc9dfb\" data-elementor-lightbox-title=\"8- 1068070-29 carpas agrosiero 17-09-2009-min\" data-elementor-lightbox-description=\"Ejemplo de venta de carpas de gran formato para eventos e instalaciones industriales, con estructuras modulares dise\u00f1adas para ofrecer resistencia, rapidez de montaje y fiabilidad.\" data-e-action-hash=\"#elementor-action%3Aaction%3Dlightbox%26settings%3DeyJpZCI6MjEwNzQsInVybCI6Imh0dHBzOlwvXC9tb25pdGEuZXNcL3dwLWNvbnRlbnRcL3VwbG9hZHNcLzgtMTA2ODA3MC0yOS1jYXJwYXMtYWdyb3NpZXJvLTE3LTA5LTIwMDktbWluLXNjYWxlZC5qcGciLCJzbGlkZXNob3ciOiI1YmM5ZGZiIn0%3D\">\t\t<div class=\"elementor-carousel-image\" role=\"img\" aria-label=\"Venta de carpas de gran formato para eventos e instalaciones industriales\" style=\"background-image: url(&#039;https:\/\/monita.es\/wp-content\/uploads\/8-1068070-29-carpas-agrosiero-17-09-2009-min-scaled.jpg&#039;)\">\n\n\t\t\t\n\t\t\t\t\t<\/div>\n\t\t\t\t\t<div class=\"elementor-carousel-image-overlay e-overlay-animation-fade\">\n\t\t\t\t<i class=\"fas fa-search-plus\"><\/i>\t\t\t<\/div>\n\t\t\t<\/a>\t\t\t\t\t\t<\/div>\n\t\t\t\t\t\t\t\t\t\t\t<div class=\"swiper-slide\" role=\"group\" aria-roledescription=\"slide\">\n\t\t\t\t\t\t\t<a href=\"https:\/\/monita.es\/wp-content\/uploads\/08_Escuelas-menores_MG_0945-min.jpg\" data-elementor-open-lightbox=\"yes\" data-elementor-lightbox-slideshow=\"5bc9dfb\" data-elementor-lightbox-title=\"08_Escuelas-menores_MG_0945-min\" data-elementor-lightbox-description=\"Ejemplo de venta de carpas para eventos y espacios educativos, con estructuras modulares dise\u00f1adas para ofrecer comodidad, resistencia y r\u00e1pida instalaci\u00f3n.\" data-e-action-hash=\"#elementor-action%3Aaction%3Dlightbox%26settings%3DeyJpZCI6MjEwNzYsInVybCI6Imh0dHBzOlwvXC9tb25pdGEuZXNcL3dwLWNvbnRlbnRcL3VwbG9hZHNcLzA4X0VzY3VlbGFzLW1lbm9yZXNfTUdfMDk0NS1taW4uanBnIiwic2xpZGVzaG93IjoiNWJjOWRmYiJ9\">\t\t<div class=\"elementor-carousel-image\" role=\"img\" aria-label=\"Venta de carpas para eventos y espacios educativos de uso profesional\" style=\"background-image: url(&#039;https:\/\/monita.es\/wp-content\/uploads\/08_Escuelas-menores_MG_0945-min.jpg&#039;)\">\n\n\t\t\t\n\t\t\t\t\t<\/div>\n\t\t\t\t\t<div class=\"elementor-carousel-image-overlay e-overlay-animation-fade\">\n\t\t\t\t<i class=\"fas fa-search-plus\"><\/i>\t\t\t<\/div>\n\t\t\t<\/a>\t\t\t\t\t\t<\/div>\n\t\t\t\t\t\t\t\t\t\t\t<div class=\"swiper-slide\" role=\"group\" aria-roledescription=\"slide\">\n\t\t\t\t\t\t\t<a href=\"https:\/\/monita.es\/wp-content\/uploads\/Carpa_La-Moraleja_MG_8792-min.jpg\" data-elementor-open-lightbox=\"yes\" data-elementor-lightbox-slideshow=\"5bc9dfb\" data-elementor-lightbox-title=\"Carpa_La-Moraleja_MG_8792-min\" data-elementor-lightbox-description=\"Ejemplo de venta de carpas para eventos al aire libre, con estructuras modulares dise\u00f1adas para ofrecer resistencia, amplitud y una est\u00e9tica cuidada en celebraciones profesionales.\" data-e-action-hash=\"#elementor-action%3Aaction%3Dlightbox%26settings%3DeyJpZCI6MjEwNzcsInVybCI6Imh0dHBzOlwvXC9tb25pdGEuZXNcL3dwLWNvbnRlbnRcL3VwbG9hZHNcL0NhcnBhX0xhLU1vcmFsZWphX01HXzg3OTItbWluLmpwZyIsInNsaWRlc2hvdyI6IjViYzlkZmIifQ%3D%3D\">\t\t<div class=\"elementor-carousel-image\" role=\"img\" aria-label=\"Venta de carpas para eventos al aire libre y celebraciones profesionales\" style=\"background-image: url(&#039;https:\/\/monita.es\/wp-content\/uploads\/Carpa_La-Moraleja_MG_8792-min.jpg&#039;)\">\n\n\t\t\t\n\t\t\t\t\t<\/div>\n\t\t\t\t\t<div class=\"elementor-carousel-image-overlay e-overlay-animation-fade\">\n\t\t\t\t<i class=\"fas fa-search-plus\"><\/i>\t\t\t<\/div>\n\t\t\t<\/a>\t\t\t\t\t\t<\/div>\n\t\t\t\t\t\t\t\t\t\t\t<div class=\"swiper-slide\" role=\"group\" aria-roledescription=\"slide\">\n\t\t\t\t\t\t\t<a href=\"https:\/\/monita.es\/wp-content\/uploads\/Carpa-AL-25-min-scaled.jpg\" data-elementor-open-lightbox=\"yes\" data-elementor-lightbox-slideshow=\"5bc9dfb\" data-elementor-lightbox-title=\"Carpa AL-25-min\" data-elementor-lightbox-description=\"Ejemplo de venta de carpas de gran formato para eventos y uso profesional, con estructuras modulares dise\u00f1adas para ofrecer amplitud, resistencia y seguridad.\" data-e-action-hash=\"#elementor-action%3Aaction%3Dlightbox%26settings%3DeyJpZCI6MjEwNzUsInVybCI6Imh0dHBzOlwvXC9tb25pdGEuZXNcL3dwLWNvbnRlbnRcL3VwbG9hZHNcL0NhcnBhLUFMLTI1LW1pbi1zY2FsZWQuanBnIiwic2xpZGVzaG93IjoiNWJjOWRmYiJ9\">\t\t<div class=\"elementor-carousel-image\" role=\"img\" aria-label=\"Venta de carpas de gran formato para eventos y uso profesional\" style=\"background-image: url(&#039;https:\/\/monita.es\/wp-content\/uploads\/Carpa-AL-25-min-scaled.jpg&#039;)\">\n\n\t\t\t\n\t\t\t\t\t<\/div>\n\t\t\t\t\t<div class=\"elementor-carousel-image-overlay e-overlay-animation-fade\">\n\t\t\t\t<i class=\"fas fa-search-plus\"><\/i>\t\t\t<\/div>\n\t\t\t<\/a>\t\t\t\t\t\t<\/div>\n\t\t\t\t\t\t\t\t\t\t\t<div class=\"swiper-slide\" role=\"group\" aria-roledescription=\"slide\">\n\t\t\t\t\t\t\t<a href=\"https:\/\/monita.es\/wp-content\/uploads\/9-2017_05-Monita-Club-de-Campo__0005-min-scaled.jpg\" data-elementor-open-lightbox=\"yes\" data-elementor-lightbox-slideshow=\"5bc9dfb\" data-elementor-lightbox-title=\"9 - 2017_05 Mo\u00f1ita Club de Campo__0005-min\" data-elementor-lightbox-description=\"Ejemplo de venta de carpas para eventos corporativos y sociales en entornos naturales, con estructuras modulares dise\u00f1adas para ofrecer funcionalidad, resistencia y una integraci\u00f3n est\u00e9tica cuidada.\" data-e-action-hash=\"#elementor-action%3Aaction%3Dlightbox%26settings%3DeyJpZCI6MjEwNzgsInVybCI6Imh0dHBzOlwvXC9tb25pdGEuZXNcL3dwLWNvbnRlbnRcL3VwbG9hZHNcLzktMjAxN18wNS1Nb25pdGEtQ2x1Yi1kZS1DYW1wb19fMDAwNS1taW4tc2NhbGVkLmpwZyIsInNsaWRlc2hvdyI6IjViYzlkZmIifQ%3D%3D\">\t\t<div class=\"elementor-carousel-image\" role=\"img\" aria-label=\"Venta de carpas para eventos corporativos y espacios sociales al aire libre\" style=\"background-image: url(&#039;https:\/\/monita.es\/wp-content\/uploads\/9-2017_05-Monita-Club-de-Campo__0005-min-scaled.jpg&#039;)\">\n\n\t\t\t\n\t\t\t\t\t<\/div>\n\t\t\t\t\t<div class=\"elementor-carousel-image-overlay e-overlay-animation-fade\">\n\t\t\t\t<i class=\"fas fa-search-plus\"><\/i>\t\t\t<\/div>\n\t\t\t<\/a>\t\t\t\t\t\t<\/div>\n\t\t\t\t\t\t\t\t\t\t\t<div class=\"swiper-slide\" role=\"group\" aria-roledescription=\"slide\">\n\t\t\t\t\t\t\t<a href=\"https:\/\/monita.es\/wp-content\/uploads\/4-IMG-20150720-WA025-min.jpg\" data-elementor-open-lightbox=\"yes\" data-elementor-lightbox-slideshow=\"5bc9dfb\" data-elementor-lightbox-title=\"4 - IMG-20150720-WA025-min\" data-elementor-lightbox-description=\"Ejemplo de venta de carpas para eventos con montaje interior profesional, dise\u00f1adas para ofrecer comodidad, funcionalidad y una experiencia cuidada para los asistentes.\" data-e-action-hash=\"#elementor-action%3Aaction%3Dlightbox%26settings%3DeyJpZCI6MjEwNzksInVybCI6Imh0dHBzOlwvXC9tb25pdGEuZXNcL3dwLWNvbnRlbnRcL3VwbG9hZHNcLzQtSU1HLTIwMTUwNzIwLVdBMDI1LW1pbi5qcGciLCJzbGlkZXNob3ciOiI1YmM5ZGZiIn0%3D\">\t\t<div class=\"elementor-carousel-image\" role=\"img\" aria-label=\"Venta de carpas para eventos con montaje interior profesional\" style=\"background-image: url(&#039;https:\/\/monita.es\/wp-content\/uploads\/4-IMG-20150720-WA025-min.jpg&#039;)\">\n\n\t\t\t\n\t\t\t\t\t<\/div>\n\t\t\t\t\t<div class=\"elementor-carousel-image-overlay e-overlay-animation-fade\">\n\t\t\t\t<i class=\"fas fa-search-plus\"><\/i>\t\t\t<\/div>\n\t\t\t<\/a>\t\t\t\t\t\t<\/div>\n\t\t\t\t\t\t\t\t\t\t\t<div class=\"swiper-slide\" role=\"group\" aria-roledescription=\"slide\">\n\t\t\t\t\t\t\t<a href=\"https:\/\/monita.es\/wp-content\/uploads\/IMP_MG_9838-1-scaled.jpg\" data-elementor-open-lightbox=\"yes\" data-elementor-lightbox-slideshow=\"5bc9dfb\" data-elementor-lightbox-title=\"IMP_MG_9838 (1)\" data-elementor-lightbox-description=\"Ejemplo de venta de carpas para eventos deportivos y actividades al aire libre, con estructuras modulares dise\u00f1adas para ofrecer resistencia, amplitud y visibilidad en entornos din\u00e1micos.\" data-e-action-hash=\"#elementor-action%3Aaction%3Dlightbox%26settings%3DeyJpZCI6MjEwOTYsInVybCI6Imh0dHBzOlwvXC9tb25pdGEuZXNcL3dwLWNvbnRlbnRcL3VwbG9hZHNcL0lNUF9NR185ODM4LTEtc2NhbGVkLmpwZyIsInNsaWRlc2hvdyI6IjViYzlkZmIifQ%3D%3D\">\t\t<div class=\"elementor-carousel-image\" role=\"img\" aria-label=\"Venta de carpas para eventos deportivos y actividades al aire libre\" style=\"background-image: url(&#039;https:\/\/monita.es\/wp-content\/uploads\/IMP_MG_9838-1-scaled.jpg&#039;)\">\n\n\t\t\t\n\t\t\t\t\t<\/div>\n\t\t\t\t\t<div class=\"elementor-carousel-image-overlay e-overlay-animation-fade\">\n\t\t\t\t<i class=\"fas fa-search-plus\"><\/i>\t\t\t<\/div>\n\t\t\t<\/a>\t\t\t\t\t\t<\/div>\n\t\t\t\t\t\t\t\t\t\t\t<div class=\"swiper-slide\" role=\"group\" aria-roledescription=\"slide\">\n\t\t\t\t\t\t\t<a href=\"https:\/\/monita.es\/wp-content\/uploads\/Carpa-AL-25-2-ALTA-1.jpg\" data-elementor-open-lightbox=\"yes\" data-elementor-lightbox-slideshow=\"5bc9dfb\" data-elementor-lightbox-title=\"Carpa AL-25 2 ALTA (1)\" data-elementor-lightbox-description=\"Ejemplo de venta de carpas de gran altura para eventos y uso profesional, con estructuras modulares que ofrecen amplitud interior, funcionalidad y un acabado cuidado.\" data-e-action-hash=\"#elementor-action%3Aaction%3Dlightbox%26settings%3DeyJpZCI6MjEwOTUsInVybCI6Imh0dHBzOlwvXC9tb25pdGEuZXNcL3dwLWNvbnRlbnRcL3VwbG9hZHNcL0NhcnBhLUFMLTI1LTItQUxUQS0xLmpwZyIsInNsaWRlc2hvdyI6IjViYzlkZmIifQ%3D%3D\">\t\t<div class=\"elementor-carousel-image\" role=\"img\" aria-label=\"Venta de carpas de gran altura para eventos y uso profesional\" style=\"background-image: url(&#039;https:\/\/monita.es\/wp-content\/uploads\/Carpa-AL-25-2-ALTA-1.jpg&#039;)\">\n\n\t\t\t\n\t\t\t\t\t<\/div>\n\t\t\t\t\t<div class=\"elementor-carousel-image-overlay e-overlay-animation-fade\">\n\t\t\t\t<i class=\"fas fa-search-plus\"><\/i>\t\t\t<\/div>\n\t\t\t<\/a>\t\t\t\t\t\t<\/div>\n\t\t\t\t\t\t\t\t\t<\/div>\n\t\t\t\t\t\t\t\t\t\t\t\t\t\t\t\t\t\t\t\t\t<\/div>\n\t\t\t\t<\/div>\n\t\t\t\t\t\t\t\t<\/div>\n\t\t\t\t<\/div>\n\t\t\t\t<div class=\"elementor-element elementor-element-5a2d6744 elementor-widget elementor-widget-heading\" data-id=\"5a2d6744\" data-element_type=\"widget\" data-widget_type=\"heading.default\">\n\t\t\t\t<div class=\"elementor-widget-container\">\n\t\t\t\t\t<h2 class=\"elementor-heading-title elementor-size-default\">Carpes per a Esdeveniments<\/h2>\t\t\t\t<\/div>\n\t\t\t\t<\/div>\n\t\t\t\t\t<\/div>\n\t\t<\/div>\n\t\t\t\t<div class=\"elementor-column elementor-col-25 elementor-inner-column elementor-element elementor-element-6047ef0a\" data-id=\"6047ef0a\" data-element_type=\"column\">\n\t\t\t<div class=\"elementor-widget-wrap elementor-element-populated\">\n\t\t\t\t\t\t<div class=\"elementor-element elementor-element-e256063 elementor-skin-carousel elementor-widget elementor-widget-media-carousel\" data-id=\"e256063\" data-element_type=\"widget\" data-settings=\"{&quot;space_between&quot;:{&quot;unit&quot;:&quot;px&quot;,&quot;size&quot;:29,&quot;sizes&quot;:[]},&quot;slides_per_view&quot;:&quot;1&quot;,&quot;skin&quot;:&quot;carousel&quot;,&quot;effect&quot;:&quot;slide&quot;,&quot;speed&quot;:500,&quot;space_between_tablet&quot;:{&quot;unit&quot;:&quot;px&quot;,&quot;size&quot;:10,&quot;sizes&quot;:[]},&quot;space_between_mobile&quot;:{&quot;unit&quot;:&quot;px&quot;,&quot;size&quot;:10,&quot;sizes&quot;:[]}}\" data-widget_type=\"media-carousel.default\">\n\t\t\t\t<div class=\"elementor-widget-container\">\n\t\t\t\t\t\t\t\t\t<div class=\"elementor-swiper\">\n\t\t\t\t\t<div class=\"elementor-main-swiper swiper\" role=\"region\" aria-roledescription=\"carousel\" aria-label=\"Diapositives\">\n\t\t\t\t<div class=\"swiper-wrapper\">\n\t\t\t\t\t\t\t\t\t\t\t<div class=\"swiper-slide\" role=\"group\" aria-roledescription=\"slide\">\n\t\t\t\t\t\t\t<a href=\"https:\/\/monita.es\/wp-content\/uploads\/JaimasCarpas.jpg\" data-elementor-open-lightbox=\"yes\" data-elementor-lightbox-slideshow=\"e256063\" data-elementor-lightbox-title=\"JaimasCarpas\" data-elementor-lightbox-description=\"Alquiler y venta de jaimas y carpas para eventos en toda Espa\u00f1a. Estructuras modulares certificadas con montaje profesional y asesoramiento t\u00e9cnico.\" data-e-action-hash=\"#elementor-action%3Aaction%3Dlightbox%26settings%3DeyJpZCI6MjEwODAsInVybCI6Imh0dHBzOlwvXC9tb25pdGEuZXNcL3dwLWNvbnRlbnRcL3VwbG9hZHNcL0phaW1hc0NhcnBhcy5qcGciLCJzbGlkZXNob3ciOiJlMjU2MDYzIn0%3D\">\t\t<div class=\"elementor-carousel-image\" role=\"img\" aria-label=\"Jaimas y carpas para eventos al aire libre instaladas por Mo\u00f1ita\" style=\"background-image: url(&#039;https:\/\/monita.es\/wp-content\/uploads\/JaimasCarpas.jpg&#039;)\">\n\n\t\t\t\n\t\t\t\t\t<\/div>\n\t\t\t\t\t<div class=\"elementor-carousel-image-overlay e-overlay-animation-fade\">\n\t\t\t\t<i class=\"fas fa-search-plus\"><\/i>\t\t\t<\/div>\n\t\t\t<\/a>\t\t\t\t\t\t<\/div>\n\t\t\t\t\t\t\t\t\t\t\t<div class=\"swiper-slide\" role=\"group\" aria-roledescription=\"slide\">\n\t\t\t\t\t\t\t<a href=\"https:\/\/monita.es\/wp-content\/uploads\/IMG-20210226-WA0012_cleanup.png\" data-elementor-open-lightbox=\"yes\" data-elementor-lightbox-slideshow=\"e256063\" data-elementor-lightbox-title=\"IMG-20210226-WA0012_cleanup\" data-e-action-hash=\"#elementor-action%3Aaction%3Dlightbox%26settings%3DeyJpZCI6MjExMzIsInVybCI6Imh0dHBzOlwvXC9tb25pdGEuZXNcL3dwLWNvbnRlbnRcL3VwbG9hZHNcL0lNRy0yMDIxMDIyNi1XQTAwMTJfY2xlYW51cC5wbmciLCJzbGlkZXNob3ciOiJlMjU2MDYzIn0%3D\">\t\t<div class=\"elementor-carousel-image\" role=\"img\" aria-label=\"IMG-20210226-WA0012_cleanup\" style=\"background-image: url(&#039;https:\/\/monita.es\/wp-content\/uploads\/IMG-20210226-WA0012_cleanup.png&#039;)\">\n\n\t\t\t\n\t\t\t\t\t<\/div>\n\t\t\t\t\t<div class=\"elementor-carousel-image-overlay e-overlay-animation-fade\">\n\t\t\t\t<i class=\"fas fa-search-plus\"><\/i>\t\t\t<\/div>\n\t\t\t<\/a>\t\t\t\t\t\t<\/div>\n\t\t\t\t\t\t\t\t\t\t\t<div class=\"swiper-slide\" role=\"group\" aria-roledescription=\"slide\">\n\t\t\t\t\t\t\t<a href=\"https:\/\/monita.es\/wp-content\/uploads\/JaimasCarpas2-scaled.jpg\" data-elementor-open-lightbox=\"yes\" data-elementor-lightbox-slideshow=\"e256063\" data-elementor-lightbox-title=\"JaimasCarpas2\" data-e-action-hash=\"#elementor-action%3Aaction%3Dlightbox%26settings%3DeyJpZCI6MjEwODMsInVybCI6Imh0dHBzOlwvXC9tb25pdGEuZXNcL3dwLWNvbnRlbnRcL3VwbG9hZHNcL0phaW1hc0NhcnBhczItc2NhbGVkLmpwZyIsInNsaWRlc2hvdyI6ImUyNTYwNjMifQ%3D%3D\">\t\t<div class=\"elementor-carousel-image\" role=\"img\" aria-label=\"JaimasCarpas2\" style=\"background-image: url(&#039;https:\/\/monita.es\/wp-content\/uploads\/JaimasCarpas2-scaled.jpg&#039;)\">\n\n\t\t\t\n\t\t\t\t\t<\/div>\n\t\t\t\t\t<div class=\"elementor-carousel-image-overlay e-overlay-animation-fade\">\n\t\t\t\t<i class=\"fas fa-search-plus\"><\/i>\t\t\t<\/div>\n\t\t\t<\/a>\t\t\t\t\t\t<\/div>\n\t\t\t\t\t\t\t\t\t\t\t<div class=\"swiper-slide\" role=\"group\" aria-roledescription=\"slide\">\n\t\t\t\t\t\t\t<a href=\"https:\/\/monita.es\/wp-content\/uploads\/CarpasJaimas3-scaled.jpg\" data-elementor-open-lightbox=\"yes\" data-elementor-lightbox-slideshow=\"e256063\" data-elementor-lightbox-title=\"CarpasJaimas3\" data-e-action-hash=\"#elementor-action%3Aaction%3Dlightbox%26settings%3DeyJpZCI6MjEwODIsInVybCI6Imh0dHBzOlwvXC9tb25pdGEuZXNcL3dwLWNvbnRlbnRcL3VwbG9hZHNcL0NhcnBhc0phaW1hczMtc2NhbGVkLmpwZyIsInNsaWRlc2hvdyI6ImUyNTYwNjMifQ%3D%3D\">\t\t<div class=\"elementor-carousel-image\" role=\"img\" aria-label=\"CarpasJaimas3\" style=\"background-image: url(&#039;https:\/\/monita.es\/wp-content\/uploads\/CarpasJaimas3-scaled.jpg&#039;)\">\n\n\t\t\t\n\t\t\t\t\t<\/div>\n\t\t\t\t\t<div class=\"elementor-carousel-image-overlay e-overlay-animation-fade\">\n\t\t\t\t<i class=\"fas fa-search-plus\"><\/i>\t\t\t<\/div>\n\t\t\t<\/a>\t\t\t\t\t\t<\/div>\n\t\t\t\t\t\t\t\t\t\t\t<div class=\"swiper-slide\" role=\"group\" aria-roledescription=\"slide\">\n\t\t\t\t\t\t\t<a href=\"https:\/\/monita.es\/wp-content\/uploads\/CarpasJaimas4.jpg\" data-elementor-open-lightbox=\"yes\" data-elementor-lightbox-slideshow=\"e256063\" data-elementor-lightbox-title=\"CarpasJaimas4\" data-elementor-lightbox-description=\"Imagen de carpas jaima a medida instaladas como soluci\u00f3n para eventos, celebraciones y espacios profesionales al aire libre.\" data-e-action-hash=\"#elementor-action%3Aaction%3Dlightbox%26settings%3DeyJpZCI6MjEwODEsInVybCI6Imh0dHBzOlwvXC9tb25pdGEuZXNcL3dwLWNvbnRlbnRcL3VwbG9hZHNcL0NhcnBhc0phaW1hczQuanBnIiwic2xpZGVzaG93IjoiZTI1NjA2MyJ9\">\t\t<div class=\"elementor-carousel-image\" role=\"img\" aria-label=\"Carpas jaima a medida instaladas para eventos y celebraciones profesionales\" style=\"background-image: url(&#039;https:\/\/monita.es\/wp-content\/uploads\/CarpasJaimas4.jpg&#039;)\">\n\n\t\t\t\n\t\t\t\t\t<\/div>\n\t\t\t\t\t<div class=\"elementor-carousel-image-overlay e-overlay-animation-fade\">\n\t\t\t\t<i class=\"fas fa-search-plus\"><\/i>\t\t\t<\/div>\n\t\t\t<\/a>\t\t\t\t\t\t<\/div>\n\t\t\t\t\t\t\t\t\t\t\t<div class=\"swiper-slide\" role=\"group\" aria-roledescription=\"slide\">\n\t\t\t\t\t\t\t<a href=\"https:\/\/monita.es\/wp-content\/uploads\/CarpasJaimas5-scaled.jpg\" data-elementor-open-lightbox=\"yes\" data-elementor-lightbox-slideshow=\"e256063\" data-elementor-lightbox-title=\"CarpasJaimas5\" data-elementor-lightbox-description=\"Alquiler y venta de carpas jaimas 5x5 para ferias y eventos promocionales. Estructuras modulares certificadas con montaje profesional en toda Espa\u00f1a.\" data-e-action-hash=\"#elementor-action%3Aaction%3Dlightbox%26settings%3DeyJpZCI6MjEwODQsInVybCI6Imh0dHBzOlwvXC9tb25pdGEuZXNcL3dwLWNvbnRlbnRcL3VwbG9hZHNcL0NhcnBhc0phaW1hczUtc2NhbGVkLmpwZyIsInNsaWRlc2hvdyI6ImUyNTYwNjMifQ%3D%3D\">\t\t<div class=\"elementor-carousel-image\" role=\"img\" aria-label=\"Carpas jaimas 5x5 para eventos promocionales y ferias instaladas por Mo\u00f1ita\" style=\"background-image: url(&#039;https:\/\/monita.es\/wp-content\/uploads\/CarpasJaimas5-scaled.jpg&#039;)\">\n\n\t\t\t\n\t\t\t\t\t<\/div>\n\t\t\t\t\t<div class=\"elementor-carousel-image-overlay e-overlay-animation-fade\">\n\t\t\t\t<i class=\"fas fa-search-plus\"><\/i>\t\t\t<\/div>\n\t\t\t<\/a>\t\t\t\t\t\t<\/div>\n\t\t\t\t\t\t\t\t\t\t\t<div class=\"swiper-slide\" role=\"group\" aria-roledescription=\"slide\">\n\t\t\t\t\t\t\t<a href=\"https:\/\/monita.es\/wp-content\/uploads\/CarpasJaimas6-scaled.jpg\" data-elementor-open-lightbox=\"yes\" data-elementor-lightbox-slideshow=\"e256063\" data-elementor-lightbox-title=\"CarpasJaimas6\" data-elementor-lightbox-description=\"Alquiler y venta de carpas jaimas para eventos corporativos, ferias y actos p\u00fablicos. Montaje profesional con estructuras certificadas en toda Espa\u00f1a.\" data-e-action-hash=\"#elementor-action%3Aaction%3Dlightbox%26settings%3DeyJpZCI6MjEwODUsInVybCI6Imh0dHBzOlwvXC9tb25pdGEuZXNcL3dwLWNvbnRlbnRcL3VwbG9hZHNcL0NhcnBhc0phaW1hczYtc2NhbGVkLmpwZyIsInNsaWRlc2hvdyI6ImUyNTYwNjMifQ%3D%3D\">\t\t<div class=\"elementor-carousel-image\" role=\"img\" aria-label=\"Carpas jaimas para eventos corporativos instaladas en serie por Mo\u00f1ita\" style=\"background-image: url(&#039;https:\/\/monita.es\/wp-content\/uploads\/CarpasJaimas6-scaled.jpg&#039;)\">\n\n\t\t\t\n\t\t\t\t\t<\/div>\n\t\t\t\t\t<div class=\"elementor-carousel-image-overlay e-overlay-animation-fade\">\n\t\t\t\t<i class=\"fas fa-search-plus\"><\/i>\t\t\t<\/div>\n\t\t\t<\/a>\t\t\t\t\t\t<\/div>\n\t\t\t\t\t\t\t\t\t\t\t<div class=\"swiper-slide\" role=\"group\" aria-roledescription=\"slide\">\n\t\t\t\t\t\t\t<a href=\"https:\/\/monita.es\/wp-content\/uploads\/CarpasJaimas7-scaled.jpg\" data-elementor-open-lightbox=\"yes\" data-elementor-lightbox-slideshow=\"e256063\" data-elementor-lightbox-title=\"CarpasJaimas7\" data-elementor-lightbox-description=\"Alquiler y venta de carpas jaimas para eventos urbanos y celebraciones de gran formato. Estructuras certificadas con montaje profesional en toda Espa\u00f1a.\" data-e-action-hash=\"#elementor-action%3Aaction%3Dlightbox%26settings%3DeyJpZCI6MjEwODYsInVybCI6Imh0dHBzOlwvXC9tb25pdGEuZXNcL3dwLWNvbnRlbnRcL3VwbG9hZHNcL0NhcnBhc0phaW1hczctc2NhbGVkLmpwZyIsInNsaWRlc2hvdyI6ImUyNTYwNjMifQ%3D%3D\">\t\t<div class=\"elementor-carousel-image\" role=\"img\" aria-label=\"Carpas jaimas para eventos urbanos instaladas por Mo\u00f1ita en formato modular\" style=\"background-image: url(&#039;https:\/\/monita.es\/wp-content\/uploads\/CarpasJaimas7-scaled.jpg&#039;)\">\n\n\t\t\t\n\t\t\t\t\t<\/div>\n\t\t\t\t\t<div class=\"elementor-carousel-image-overlay e-overlay-animation-fade\">\n\t\t\t\t<i class=\"fas fa-search-plus\"><\/i>\t\t\t<\/div>\n\t\t\t<\/a>\t\t\t\t\t\t<\/div>\n\t\t\t\t\t\t\t\t\t\t\t<div class=\"swiper-slide\" role=\"group\" aria-roledescription=\"slide\">\n\t\t\t\t\t\t\t<a href=\"https:\/\/monita.es\/wp-content\/uploads\/CarpasJaimas8-scaled.jpg\" data-elementor-open-lightbox=\"yes\" data-elementor-lightbox-slideshow=\"e256063\" data-elementor-lightbox-title=\"CarpasJaimas8\" data-elementor-lightbox-description=\"Imagen de carpas personalizadas tipo jaima dise\u00f1adas por Mo\u00f1ita para eventos al aire libre. Estructuras modulares blancas fabricadas a medida para grandes montajes y celebraciones multitudinarias.\n\" data-e-action-hash=\"#elementor-action%3Aaction%3Dlightbox%26settings%3DeyJpZCI6MjEwODcsInVybCI6Imh0dHBzOlwvXC9tb25pdGEuZXNcL3dwLWNvbnRlbnRcL3VwbG9hZHNcL0NhcnBhc0phaW1hczgtc2NhbGVkLmpwZyIsInNsaWRlc2hvdyI6ImUyNTYwNjMifQ%3D%3D\">\t\t<div class=\"elementor-carousel-image\" role=\"img\" aria-label=\"Carpas personalizadas tipo jaima instaladas para evento al aire libre con estructuras modulares blancas\" style=\"background-image: url(&#039;https:\/\/monita.es\/wp-content\/uploads\/CarpasJaimas8-scaled.jpg&#039;)\">\n\n\t\t\t\n\t\t\t\t\t<\/div>\n\t\t\t\t\t<div class=\"elementor-carousel-image-overlay e-overlay-animation-fade\">\n\t\t\t\t<i class=\"fas fa-search-plus\"><\/i>\t\t\t<\/div>\n\t\t\t<\/a>\t\t\t\t\t\t<\/div>\n\t\t\t\t\t\t\t\t\t\t\t<div class=\"swiper-slide\" role=\"group\" aria-roledescription=\"slide\">\n\t\t\t\t\t\t\t<a href=\"https:\/\/monita.es\/wp-content\/uploads\/00087-EVENTO-CORPORATIVO1.jpg\" data-elementor-open-lightbox=\"yes\" data-elementor-lightbox-slideshow=\"e256063\" data-elementor-lightbox-title=\"00087# EVENTO CORPORATIVO(1)\" data-e-action-hash=\"#elementor-action%3Aaction%3Dlightbox%26settings%3DeyJpZCI6MjExMzMsInVybCI6Imh0dHBzOlwvXC9tb25pdGEuZXNcL3dwLWNvbnRlbnRcL3VwbG9hZHNcLzAwMDg3LUVWRU5UTy1DT1JQT1JBVElWTzEuanBnIiwic2xpZGVzaG93IjoiZTI1NjA2MyJ9\">\t\t<div class=\"elementor-carousel-image\" role=\"img\" aria-label=\"00087# EVENTO CORPORATIVO(1)\" style=\"background-image: url(&#039;https:\/\/monita.es\/wp-content\/uploads\/00087-EVENTO-CORPORATIVO1.jpg&#039;)\">\n\n\t\t\t\n\t\t\t\t\t<\/div>\n\t\t\t\t\t<div class=\"elementor-carousel-image-overlay e-overlay-animation-fade\">\n\t\t\t\t<i class=\"fas fa-search-plus\"><\/i>\t\t\t<\/div>\n\t\t\t<\/a>\t\t\t\t\t\t<\/div>\n\t\t\t\t\t\t\t\t\t\t\t<div class=\"swiper-slide\" role=\"group\" aria-roledescription=\"slide\">\n\t\t\t\t\t\t\t<a href=\"https:\/\/monita.es\/wp-content\/uploads\/Web_Feria-del-Vehiculo-electrico-de-Las-Rozas_IMG_0639.jpg\" data-elementor-open-lightbox=\"yes\" data-elementor-lightbox-slideshow=\"e256063\" data-elementor-lightbox-title=\"Web_Feria del Veh\u00edculo el\u00e9ctrico de Las Rozas_IMG_0639\" data-elementor-lightbox-description=\"Ejemplo de venta de carpas para ferias y eventos p\u00fablicos al aire libre, con estructuras modulares dise\u00f1adas para ofrecer visibilidad, resistencia y adaptaci\u00f3n a eventos tem\u00e1ticos.\" data-e-action-hash=\"#elementor-action%3Aaction%3Dlightbox%26settings%3DeyJpZCI6MjExMzQsInVybCI6Imh0dHBzOlwvXC9tb25pdGEuZXNcL3dwLWNvbnRlbnRcL3VwbG9hZHNcL1dlYl9GZXJpYS1kZWwtVmVoaWN1bG8tZWxlY3RyaWNvLWRlLUxhcy1Sb3phc19JTUdfMDYzOS5qcGciLCJzbGlkZXNob3ciOiJlMjU2MDYzIn0%3D\">\t\t<div class=\"elementor-carousel-image\" role=\"img\" aria-label=\"Venta de carpas para ferias y eventos p\u00fablicos al aire libre\" style=\"background-image: url(&#039;https:\/\/monita.es\/wp-content\/uploads\/Web_Feria-del-Vehiculo-electrico-de-Las-Rozas_IMG_0639.jpg&#039;)\">\n\n\t\t\t\n\t\t\t\t\t<\/div>\n\t\t\t\t\t<div class=\"elementor-carousel-image-overlay e-overlay-animation-fade\">\n\t\t\t\t<i class=\"fas fa-search-plus\"><\/i>\t\t\t<\/div>\n\t\t\t<\/a>\t\t\t\t\t\t<\/div>\n\t\t\t\t\t\t\t\t\t\t\t<div class=\"swiper-slide\" role=\"group\" aria-roledescription=\"slide\">\n\t\t\t\t\t\t\t<a href=\"https:\/\/monita.es\/wp-content\/uploads\/Bardo-Exterior_-1-scaled.jpg\" data-elementor-open-lightbox=\"yes\" data-elementor-lightbox-slideshow=\"e256063\" data-elementor-lightbox-title=\"Bardo Exterior_ (1)\" data-e-action-hash=\"#elementor-action%3Aaction%3Dlightbox%26settings%3DeyJpZCI6MjExMzUsInVybCI6Imh0dHBzOlwvXC9tb25pdGEuZXNcL3dwLWNvbnRlbnRcL3VwbG9hZHNcL0JhcmRvLUV4dGVyaW9yXy0xLXNjYWxlZC5qcGciLCJzbGlkZXNob3ciOiJlMjU2MDYzIn0%3D\">\t\t<div class=\"elementor-carousel-image\" role=\"img\" aria-label=\"Bardo Exterior_ (1)\" style=\"background-image: url(&#039;https:\/\/monita.es\/wp-content\/uploads\/Bardo-Exterior_-1-scaled.jpg&#039;)\">\n\n\t\t\t\n\t\t\t\t\t<\/div>\n\t\t\t\t\t<div class=\"elementor-carousel-image-overlay e-overlay-animation-fade\">\n\t\t\t\t<i class=\"fas fa-search-plus\"><\/i>\t\t\t<\/div>\n\t\t\t<\/a>\t\t\t\t\t\t<\/div>\n\t\t\t\t\t\t\t\t\t\t\t<div class=\"swiper-slide\" role=\"group\" aria-roledescription=\"slide\">\n\t\t\t\t\t\t\t<a href=\"https:\/\/monita.es\/wp-content\/uploads\/IMG20230518111004-1-scaled.jpg\" data-elementor-open-lightbox=\"yes\" data-elementor-lightbox-slideshow=\"e256063\" data-elementor-lightbox-title=\"IMG20230518111004 (1)\" data-e-action-hash=\"#elementor-action%3Aaction%3Dlightbox%26settings%3DeyJpZCI6MjExMzYsInVybCI6Imh0dHBzOlwvXC9tb25pdGEuZXNcL3dwLWNvbnRlbnRcL3VwbG9hZHNcL0lNRzIwMjMwNTE4MTExMDA0LTEtc2NhbGVkLmpwZyIsInNsaWRlc2hvdyI6ImUyNTYwNjMifQ%3D%3D\">\t\t<div class=\"elementor-carousel-image\" role=\"img\" aria-label=\"IMG20230518111004 (1)\" style=\"background-image: url(&#039;https:\/\/monita.es\/wp-content\/uploads\/IMG20230518111004-1-scaled.jpg&#039;)\">\n\n\t\t\t\n\t\t\t\t\t<\/div>\n\t\t\t\t\t<div class=\"elementor-carousel-image-overlay e-overlay-animation-fade\">\n\t\t\t\t<i class=\"fas fa-search-plus\"><\/i>\t\t\t<\/div>\n\t\t\t<\/a>\t\t\t\t\t\t<\/div>\n\t\t\t\t\t\t\t\t\t<\/div>\n\t\t\t\t\t\t\t\t\t\t\t\t\t\t\t\t\t\t\t\t\t<\/div>\n\t\t\t\t<\/div>\n\t\t\t\t\t\t\t\t<\/div>\n\t\t\t\t<\/div>\n\t\t\t\t<div class=\"elementor-element elementor-element-3fc7246e elementor-widget elementor-widget-heading\" data-id=\"3fc7246e\" data-element_type=\"widget\" data-widget_type=\"heading.default\">\n\t\t\t\t<div class=\"elementor-widget-container\">\n\t\t\t\t\t<h2 class=\"elementor-heading-title elementor-size-default\">Jaimes<\/h2>\t\t\t\t<\/div>\n\t\t\t\t<\/div>\n\t\t\t\t\t<\/div>\n\t\t<\/div>\n\t\t\t\t<div class=\"elementor-column elementor-col-25 elementor-inner-column elementor-element elementor-element-69479a2c\" data-id=\"69479a2c\" data-element_type=\"column\">\n\t\t\t<div class=\"elementor-widget-wrap elementor-element-populated\">\n\t\t\t\t\t\t<div class=\"elementor-element elementor-element-c4b10a1 elementor-skin-carousel elementor-widget elementor-widget-media-carousel\" data-id=\"c4b10a1\" data-element_type=\"widget\" data-settings=\"{&quot;space_between&quot;:{&quot;unit&quot;:&quot;px&quot;,&quot;size&quot;:29,&quot;sizes&quot;:[]},&quot;slides_per_view&quot;:&quot;1&quot;,&quot;skin&quot;:&quot;carousel&quot;,&quot;effect&quot;:&quot;slide&quot;,&quot;speed&quot;:500,&quot;space_between_tablet&quot;:{&quot;unit&quot;:&quot;px&quot;,&quot;size&quot;:10,&quot;sizes&quot;:[]},&quot;space_between_mobile&quot;:{&quot;unit&quot;:&quot;px&quot;,&quot;size&quot;:10,&quot;sizes&quot;:[]}}\" data-widget_type=\"media-carousel.default\">\n\t\t\t\t<div class=\"elementor-widget-container\">\n\t\t\t\t\t\t\t\t\t<div class=\"elementor-swiper\">\n\t\t\t\t\t<div class=\"elementor-main-swiper swiper\" role=\"region\" aria-roledescription=\"carousel\" aria-label=\"Diapositives\">\n\t\t\t\t<div class=\"swiper-wrapper\">\n\t\t\t\t\t\t\t\t\t\t\t<div class=\"swiper-slide\" role=\"group\" aria-roledescription=\"slide\">\n\t\t\t\t\t\t\t<a href=\"https:\/\/monita.es\/wp-content\/uploads\/CarpasAlm1.jpeg\" data-elementor-open-lightbox=\"yes\" data-elementor-lightbox-slideshow=\"c4b10a1\" data-elementor-lightbox-title=\"CarpasAlm1\" data-elementor-lightbox-description=\"Estructura de carpa industrial para almacenaje fabricada por Mo\u00f1ita, dise\u00f1ada como almac\u00e9n temporal modular de r\u00e1pida instalaci\u00f3n y alta resistencia estructural.\n\" data-e-action-hash=\"#elementor-action%3Aaction%3Dlightbox%26settings%3DeyJpZCI6MjEwODgsInVybCI6Imh0dHBzOlwvXC9tb25pdGEuZXNcL3dwLWNvbnRlbnRcL3VwbG9hZHNcL0NhcnBhc0FsbTEuanBlZyIsInNsaWRlc2hvdyI6ImM0YjEwYTEifQ%3D%3D\">\t\t<div class=\"elementor-carousel-image\" role=\"img\" aria-label=\"Carpa industrial para almacenaje modular con cerramiento lateral instalada como almac\u00e9n temporal\" style=\"background-image: url(&#039;https:\/\/monita.es\/wp-content\/uploads\/CarpasAlm1.jpeg&#039;)\">\n\n\t\t\t\n\t\t\t\t\t<\/div>\n\t\t\t\t\t<div class=\"elementor-carousel-image-overlay e-overlay-animation-fade\">\n\t\t\t\t<i class=\"fas fa-search-plus\"><\/i>\t\t\t<\/div>\n\t\t\t<\/a>\t\t\t\t\t\t<\/div>\n\t\t\t\t\t\t\t\t\t\t\t<div class=\"swiper-slide\" role=\"group\" aria-roledescription=\"slide\">\n\t\t\t\t\t\t\t<a href=\"https:\/\/monita.es\/wp-content\/uploads\/CarpasAlm2-scaled.jpg\" data-elementor-open-lightbox=\"yes\" data-elementor-lightbox-slideshow=\"c4b10a1\" data-elementor-lightbox-title=\"CarpasAlm2\" data-elementor-lightbox-description=\"Carpa industrial personalizada fabricada por Mo\u00f1ita como soluci\u00f3n modular para ampliaci\u00f3n de espacios comerciales y necesidades temporales de almacenaje.\n\" data-e-action-hash=\"#elementor-action%3Aaction%3Dlightbox%26settings%3DeyJpZCI6MjEwODksInVybCI6Imh0dHBzOlwvXC9tb25pdGEuZXNcL3dwLWNvbnRlbnRcL3VwbG9hZHNcL0NhcnBhc0FsbTItc2NhbGVkLmpwZyIsInNsaWRlc2hvdyI6ImM0YjEwYTEifQ%3D%3D\">\t\t<div class=\"elementor-carousel-image\" role=\"img\" aria-label=\"Carpa industrial personalizada instalada como ampliaci\u00f3n temporal de espacio comercial\" style=\"background-image: url(&#039;https:\/\/monita.es\/wp-content\/uploads\/CarpasAlm2-scaled.jpg&#039;)\">\n\n\t\t\t\n\t\t\t\t\t<\/div>\n\t\t\t\t\t<div class=\"elementor-carousel-image-overlay e-overlay-animation-fade\">\n\t\t\t\t<i class=\"fas fa-search-plus\"><\/i>\t\t\t<\/div>\n\t\t\t<\/a>\t\t\t\t\t\t<\/div>\n\t\t\t\t\t\t\t\t\t\t\t<div class=\"swiper-slide\" role=\"group\" aria-roledescription=\"slide\">\n\t\t\t\t\t\t\t<a href=\"https:\/\/monita.es\/wp-content\/uploads\/CarpasAlm3.jpg\" data-elementor-open-lightbox=\"yes\" data-elementor-lightbox-slideshow=\"c4b10a1\" data-elementor-lightbox-title=\"CarpasAlm3\" data-e-action-hash=\"#elementor-action%3Aaction%3Dlightbox%26settings%3DeyJpZCI6MjEwOTEsInVybCI6Imh0dHBzOlwvXC9tb25pdGEuZXNcL3dwLWNvbnRlbnRcL3VwbG9hZHNcL0NhcnBhc0FsbTMuanBnIiwic2xpZGVzaG93IjoiYzRiMTBhMSJ9\">\t\t<div class=\"elementor-carousel-image\" role=\"img\" aria-label=\"CarpasAlm3\" style=\"background-image: url(&#039;https:\/\/monita.es\/wp-content\/uploads\/CarpasAlm3.jpg&#039;)\">\n\n\t\t\t\n\t\t\t\t\t<\/div>\n\t\t\t\t\t<div class=\"elementor-carousel-image-overlay e-overlay-animation-fade\">\n\t\t\t\t<i class=\"fas fa-search-plus\"><\/i>\t\t\t<\/div>\n\t\t\t<\/a>\t\t\t\t\t\t<\/div>\n\t\t\t\t\t\t\t\t\t\t\t<div class=\"swiper-slide\" role=\"group\" aria-roledescription=\"slide\">\n\t\t\t\t\t\t\t<a href=\"https:\/\/monita.es\/wp-content\/uploads\/Almacen-Panel-sandwich-Madridmin.jpg\" data-elementor-open-lightbox=\"yes\" data-elementor-lightbox-slideshow=\"c4b10a1\" data-elementor-lightbox-title=\"Almac\u00e9n Panel sandwich Madridmin\" data-e-action-hash=\"#elementor-action%3Aaction%3Dlightbox%26settings%3DeyJpZCI6MjEwOTIsInVybCI6Imh0dHBzOlwvXC9tb25pdGEuZXNcL3dwLWNvbnRlbnRcL3VwbG9hZHNcL0FsbWFjZW4tUGFuZWwtc2FuZHdpY2gtTWFkcmlkbWluLmpwZyIsInNsaWRlc2hvdyI6ImM0YjEwYTEifQ%3D%3D\">\t\t<div class=\"elementor-carousel-image\" role=\"img\" aria-label=\"Almac\u00e9n Panel sandwich Madridmin\" style=\"background-image: url(&#039;https:\/\/monita.es\/wp-content\/uploads\/Almacen-Panel-sandwich-Madridmin.jpg&#039;)\">\n\n\t\t\t\n\t\t\t\t\t<\/div>\n\t\t\t\t\t<div class=\"elementor-carousel-image-overlay e-overlay-animation-fade\">\n\t\t\t\t<i class=\"fas fa-search-plus\"><\/i>\t\t\t<\/div>\n\t\t\t<\/a>\t\t\t\t\t\t<\/div>\n\t\t\t\t\t\t\t\t\t\t\t<div class=\"swiper-slide\" role=\"group\" aria-roledescription=\"slide\">\n\t\t\t\t\t\t\t<a href=\"https:\/\/monita.es\/wp-content\/uploads\/Almacen-Colombia-min.jpg\" data-elementor-open-lightbox=\"yes\" data-elementor-lightbox-slideshow=\"c4b10a1\" data-elementor-lightbox-title=\"Almac\u00e9n Colombia-min\" data-elementor-lightbox-description=\"Carpa industrial fabricada por Mo\u00f1ita, dise\u00f1ada para eventos de gran escala, usos log\u00edsticos y almacenamiento temporal. Estructura resistente, cerramientos completos y posibilidad de personalizaci\u00f3n seg\u00fan las necesidades del proyecto.\" data-e-action-hash=\"#elementor-action%3Aaction%3Dlightbox%26settings%3DeyJpZCI6MjEwOTAsInVybCI6Imh0dHBzOlwvXC9tb25pdGEuZXNcL3dwLWNvbnRlbnRcL3VwbG9hZHNcL0FsbWFjZW4tQ29sb21iaWEtbWluLmpwZyIsInNsaWRlc2hvdyI6ImM0YjEwYTEifQ%3D%3D\">\t\t<div class=\"elementor-carousel-image\" role=\"img\" aria-label=\"Carpa industrial para eventos y uso log\u00edstico con cerramientos laterales fabricada por Mo\u00f1ita\" style=\"background-image: url(&#039;https:\/\/monita.es\/wp-content\/uploads\/Almacen-Colombia-min.jpg&#039;)\">\n\n\t\t\t\n\t\t\t\t\t<\/div>\n\t\t\t\t\t<div class=\"elementor-carousel-image-overlay e-overlay-animation-fade\">\n\t\t\t\t<i class=\"fas fa-search-plus\"><\/i>\t\t\t<\/div>\n\t\t\t<\/a>\t\t\t\t\t\t<\/div>\n\t\t\t\t\t\t\t\t\t\t\t<div class=\"swiper-slide\" role=\"group\" aria-roledescription=\"slide\">\n\t\t\t\t\t\t\t<a href=\"https:\/\/monita.es\/wp-content\/uploads\/CarpasAlm4.jpg\" data-elementor-open-lightbox=\"yes\" data-elementor-lightbox-slideshow=\"c4b10a1\" data-elementor-lightbox-title=\"CarpasAlm4\" data-elementor-lightbox-description=\"Interior de carpa industrial para almacenaje fabricada por Mo\u00f1ita, con estructura met\u00e1lica reforzada, iluminaci\u00f3n natural y altura libre optimizada para operaciones log\u00edsticas.\n\" data-e-action-hash=\"#elementor-action%3Aaction%3Dlightbox%26settings%3DeyJpZCI6MjEwOTMsInVybCI6Imh0dHBzOlwvXC9tb25pdGEuZXNcL3dwLWNvbnRlbnRcL3VwbG9hZHNcL0NhcnBhc0FsbTQuanBnIiwic2xpZGVzaG93IjoiYzRiMTBhMSJ9\">\t\t<div class=\"elementor-carousel-image\" role=\"img\" aria-label=\"Interior de carpa industrial para almacenaje con gran altura libre y estructura modular met\u00e1lica\" style=\"background-image: url(&#039;https:\/\/monita.es\/wp-content\/uploads\/CarpasAlm4.jpg&#039;)\">\n\n\t\t\t\n\t\t\t\t\t<\/div>\n\t\t\t\t\t<div class=\"elementor-carousel-image-overlay e-overlay-animation-fade\">\n\t\t\t\t<i class=\"fas fa-search-plus\"><\/i>\t\t\t<\/div>\n\t\t\t<\/a>\t\t\t\t\t\t<\/div>\n\t\t\t\t\t\t\t\t\t\t\t<div class=\"swiper-slide\" role=\"group\" aria-roledescription=\"slide\">\n\t\t\t\t\t\t\t<a href=\"https:\/\/monita.es\/wp-content\/uploads\/CarpasAlm5-scaled.jpg\" data-elementor-open-lightbox=\"yes\" data-elementor-lightbox-slideshow=\"c4b10a1\" data-elementor-lightbox-title=\"CarpasAlm5\" data-elementor-lightbox-description=\"Interior de carpa industrial para almacenaje operativa, dise\u00f1ada por Mo\u00f1ita como soluci\u00f3n modular desmontable para ampliaci\u00f3n de capacidad log\u00edstica e industrial.\n\" data-e-action-hash=\"#elementor-action%3Aaction%3Dlightbox%26settings%3DeyJpZCI6MjEwOTQsInVybCI6Imh0dHBzOlwvXC9tb25pdGEuZXNcL3dwLWNvbnRlbnRcL3VwbG9hZHNcL0NhcnBhc0FsbTUtc2NhbGVkLmpwZyIsInNsaWRlc2hvdyI6ImM0YjEwYTEifQ%3D%3D\">\t\t<div class=\"elementor-carousel-image\" role=\"img\" aria-label=\"Carpa industrial para almacenaje en funcionamiento con operarios y mercanc\u00eda en entorno log\u00edstico\" style=\"background-image: url(&#039;https:\/\/monita.es\/wp-content\/uploads\/CarpasAlm5-scaled.jpg&#039;)\">\n\n\t\t\t\n\t\t\t\t\t<\/div>\n\t\t\t\t\t<div class=\"elementor-carousel-image-overlay e-overlay-animation-fade\">\n\t\t\t\t<i class=\"fas fa-search-plus\"><\/i>\t\t\t<\/div>\n\t\t\t<\/a>\t\t\t\t\t\t<\/div>\n\t\t\t\t\t\t\t\t\t\t\t<div class=\"swiper-slide\" role=\"group\" aria-roledescription=\"slide\">\n\t\t\t\t\t\t\t<a href=\"https:\/\/monita.es\/wp-content\/uploads\/Imagen-287-1-scaled.jpg\" data-elementor-open-lightbox=\"yes\" data-elementor-lightbox-slideshow=\"c4b10a1\" data-elementor-lightbox-title=\"Imagen 287 (1)\" data-e-action-hash=\"#elementor-action%3Aaction%3Dlightbox%26settings%3DeyJpZCI6MjExMzcsInVybCI6Imh0dHBzOlwvXC9tb25pdGEuZXNcL3dwLWNvbnRlbnRcL3VwbG9hZHNcL0ltYWdlbi0yODctMS1zY2FsZWQuanBnIiwic2xpZGVzaG93IjoiYzRiMTBhMSJ9\">\t\t<div class=\"elementor-carousel-image\" role=\"img\" aria-label=\"Imagen 287 (1)\" style=\"background-image: url(&#039;https:\/\/monita.es\/wp-content\/uploads\/Imagen-287-1-scaled.jpg&#039;)\">\n\n\t\t\t\n\t\t\t\t\t<\/div>\n\t\t\t\t\t<div class=\"elementor-carousel-image-overlay e-overlay-animation-fade\">\n\t\t\t\t<i class=\"fas fa-search-plus\"><\/i>\t\t\t<\/div>\n\t\t\t<\/a>\t\t\t\t\t\t<\/div>\n\t\t\t\t\t\t\t\t\t\t\t<div class=\"swiper-slide\" role=\"group\" aria-roledescription=\"slide\">\n\t\t\t\t\t\t\t<a href=\"https:\/\/monita.es\/wp-content\/uploads\/20200611_115253-2-scaled.jpg\" data-elementor-open-lightbox=\"yes\" data-elementor-lightbox-slideshow=\"c4b10a1\" data-elementor-lightbox-title=\"20200611_115253 (2)\" data-e-action-hash=\"#elementor-action%3Aaction%3Dlightbox%26settings%3DeyJpZCI6MjExMzgsInVybCI6Imh0dHBzOlwvXC9tb25pdGEuZXNcL3dwLWNvbnRlbnRcL3VwbG9hZHNcLzIwMjAwNjExXzExNTI1My0yLXNjYWxlZC5qcGciLCJzbGlkZXNob3ciOiJjNGIxMGExIn0%3D\">\t\t<div class=\"elementor-carousel-image\" role=\"img\" aria-label=\"20200611_115253 (2)\" style=\"background-image: url(&#039;https:\/\/monita.es\/wp-content\/uploads\/20200611_115253-2-scaled.jpg&#039;)\">\n\n\t\t\t\n\t\t\t\t\t<\/div>\n\t\t\t\t\t<div class=\"elementor-carousel-image-overlay e-overlay-animation-fade\">\n\t\t\t\t<i class=\"fas fa-search-plus\"><\/i>\t\t\t<\/div>\n\t\t\t<\/a>\t\t\t\t\t\t<\/div>\n\t\t\t\t\t\t\t\t\t<\/div>\n\t\t\t\t\t\t\t\t\t\t\t\t\t\t\t\t\t\t\t\t\t<\/div>\n\t\t\t\t<\/div>\n\t\t\t\t\t\t\t\t<\/div>\n\t\t\t\t<\/div>\n\t\t\t\t<div class=\"elementor-element elementor-element-1e0c2dfa elementor-widget elementor-widget-heading\" data-id=\"1e0c2dfa\" data-element_type=\"widget\" data-widget_type=\"heading.default\">\n\t\t\t\t<div class=\"elementor-widget-container\">\n\t\t\t\t\t<h2 class=\"elementor-heading-title elementor-size-default\">Magatzems Temporals<\/h2>\t\t\t\t<\/div>\n\t\t\t\t<\/div>\n\t\t\t\t\t<\/div>\n\t\t<\/div>\n\t\t\t\t<div class=\"elementor-column elementor-col-25 elementor-inner-column elementor-element elementor-element-beaf00b\" data-id=\"beaf00b\" data-element_type=\"column\">\n\t\t\t<div class=\"elementor-widget-wrap elementor-element-populated\">\n\t\t\t\t\t\t<div class=\"elementor-element elementor-element-dd517f4 elementor-skin-carousel elementor-widget elementor-widget-media-carousel\" data-id=\"dd517f4\" data-element_type=\"widget\" data-settings=\"{&quot;space_between&quot;:{&quot;unit&quot;:&quot;px&quot;,&quot;size&quot;:29,&quot;sizes&quot;:[]},&quot;slides_per_view&quot;:&quot;1&quot;,&quot;skin&quot;:&quot;carousel&quot;,&quot;effect&quot;:&quot;slide&quot;,&quot;speed&quot;:500,&quot;space_between_tablet&quot;:{&quot;unit&quot;:&quot;px&quot;,&quot;size&quot;:10,&quot;sizes&quot;:[]},&quot;space_between_mobile&quot;:{&quot;unit&quot;:&quot;px&quot;,&quot;size&quot;:10,&quot;sizes&quot;:[]}}\" data-widget_type=\"media-carousel.default\">\n\t\t\t\t<div class=\"elementor-widget-container\">\n\t\t\t\t\t\t\t\t\t<div class=\"elementor-swiper\">\n\t\t\t\t\t<div class=\"elementor-main-swiper swiper\" role=\"region\" aria-roledescription=\"carousel\" aria-label=\"Diapositives\">\n\t\t\t\t<div class=\"swiper-wrapper\">\n\t\t\t\t\t\t\t\t\t\t\t<div class=\"swiper-slide\" role=\"group\" aria-roledescription=\"slide\">\n\t\t\t\t\t\t\t<a href=\"https:\/\/monita.es\/wp-content\/uploads\/CarpasDep2.jpg\" data-elementor-open-lightbox=\"yes\" data-elementor-lightbox-slideshow=\"dd517f4\" data-elementor-lightbox-title=\"CarpasDep2\" data-e-action-hash=\"#elementor-action%3Aaction%3Dlightbox%26settings%3DeyJpZCI6MjEwOTcsInVybCI6Imh0dHBzOlwvXC9tb25pdGEuZXNcL3dwLWNvbnRlbnRcL3VwbG9hZHNcL0NhcnBhc0RlcDIuanBnIiwic2xpZGVzaG93IjoiZGQ1MTdmNCJ9\">\t\t<div class=\"elementor-carousel-image\" role=\"img\" aria-label=\"CarpasDep2\" style=\"background-image: url(&#039;https:\/\/monita.es\/wp-content\/uploads\/CarpasDep2.jpg&#039;)\">\n\n\t\t\t\n\t\t\t\t\t<\/div>\n\t\t\t\t\t<div class=\"elementor-carousel-image-overlay e-overlay-animation-fade\">\n\t\t\t\t<i class=\"fas fa-search-plus\"><\/i>\t\t\t<\/div>\n\t\t\t<\/a>\t\t\t\t\t\t<\/div>\n\t\t\t\t\t\t\t\t\t\t\t<div class=\"swiper-slide\" role=\"group\" aria-roledescription=\"slide\">\n\t\t\t\t\t\t\t<a href=\"https:\/\/monita.es\/wp-content\/uploads\/Colegio-Santa-Rosa-de-Lima3-scaled.jpg\" data-elementor-open-lightbox=\"yes\" data-elementor-lightbox-slideshow=\"dd517f4\" data-elementor-lightbox-title=\"Colegio Santa Rosa de Lima3\" data-e-action-hash=\"#elementor-action%3Aaction%3Dlightbox%26settings%3DeyJpZCI6MjEwOTgsInVybCI6Imh0dHBzOlwvXC9tb25pdGEuZXNcL3dwLWNvbnRlbnRcL3VwbG9hZHNcL0NvbGVnaW8tU2FudGEtUm9zYS1kZS1MaW1hMy1zY2FsZWQuanBnIiwic2xpZGVzaG93IjoiZGQ1MTdmNCJ9\">\t\t<div class=\"elementor-carousel-image\" role=\"img\" aria-label=\"Colegio Santa Rosa de Lima3\" style=\"background-image: url(&#039;https:\/\/monita.es\/wp-content\/uploads\/Colegio-Santa-Rosa-de-Lima3-scaled.jpg&#039;)\">\n\n\t\t\t\n\t\t\t\t\t<\/div>\n\t\t\t\t\t<div class=\"elementor-carousel-image-overlay e-overlay-animation-fade\">\n\t\t\t\t<i class=\"fas fa-search-plus\"><\/i>\t\t\t<\/div>\n\t\t\t<\/a>\t\t\t\t\t\t<\/div>\n\t\t\t\t\t\t\t\t\t\t\t<div class=\"swiper-slide\" role=\"group\" aria-roledescription=\"slide\">\n\t\t\t\t\t\t\t<a href=\"https:\/\/monita.es\/wp-content\/uploads\/CarpasDep3.jpg\" data-elementor-open-lightbox=\"yes\" data-elementor-lightbox-slideshow=\"dd517f4\" data-elementor-lightbox-title=\"CarpasDep3\" data-e-action-hash=\"#elementor-action%3Aaction%3Dlightbox%26settings%3DeyJpZCI6MjEwOTksInVybCI6Imh0dHBzOlwvXC9tb25pdGEuZXNcL3dwLWNvbnRlbnRcL3VwbG9hZHNcL0NhcnBhc0RlcDMuanBnIiwic2xpZGVzaG93IjoiZGQ1MTdmNCJ9\">\t\t<div class=\"elementor-carousel-image\" role=\"img\" aria-label=\"CarpasDep3\" style=\"background-image: url(&#039;https:\/\/monita.es\/wp-content\/uploads\/CarpasDep3.jpg&#039;)\">\n\n\t\t\t\n\t\t\t\t\t<\/div>\n\t\t\t\t\t<div class=\"elementor-carousel-image-overlay e-overlay-animation-fade\">\n\t\t\t\t<i class=\"fas fa-search-plus\"><\/i>\t\t\t<\/div>\n\t\t\t<\/a>\t\t\t\t\t\t<\/div>\n\t\t\t\t\t\t\t\t\t\t\t<div class=\"swiper-slide\" role=\"group\" aria-roledescription=\"slide\">\n\t\t\t\t\t\t\t<a href=\"https:\/\/monita.es\/wp-content\/uploads\/CarpasDep4.jpg\" data-elementor-open-lightbox=\"yes\" data-elementor-lightbox-slideshow=\"dd517f4\" data-elementor-lightbox-title=\"CarpasDep4\" data-e-action-hash=\"#elementor-action%3Aaction%3Dlightbox%26settings%3DeyJpZCI6MjExMDAsInVybCI6Imh0dHBzOlwvXC9tb25pdGEuZXNcL3dwLWNvbnRlbnRcL3VwbG9hZHNcL0NhcnBhc0RlcDQuanBnIiwic2xpZGVzaG93IjoiZGQ1MTdmNCJ9\">\t\t<div class=\"elementor-carousel-image\" role=\"img\" aria-label=\"CarpasDep4\" style=\"background-image: url(&#039;https:\/\/monita.es\/wp-content\/uploads\/CarpasDep4.jpg&#039;)\">\n\n\t\t\t\n\t\t\t\t\t<\/div>\n\t\t\t\t\t<div class=\"elementor-carousel-image-overlay e-overlay-animation-fade\">\n\t\t\t\t<i class=\"fas fa-search-plus\"><\/i>\t\t\t<\/div>\n\t\t\t<\/a>\t\t\t\t\t\t<\/div>\n\t\t\t\t\t\t\t\t\t\t\t<div class=\"swiper-slide\" role=\"group\" aria-roledescription=\"slide\">\n\t\t\t\t\t\t\t<a href=\"https:\/\/monita.es\/wp-content\/uploads\/pista-padel-Ayto-Milagro.png\" data-elementor-open-lightbox=\"yes\" data-elementor-lightbox-slideshow=\"dd517f4\" data-elementor-lightbox-title=\"pista padel Ayto Milagro\" data-e-action-hash=\"#elementor-action%3Aaction%3Dlightbox%26settings%3DeyJpZCI6MjExMDEsInVybCI6Imh0dHBzOlwvXC9tb25pdGEuZXNcL3dwLWNvbnRlbnRcL3VwbG9hZHNcL3Bpc3RhLXBhZGVsLUF5dG8tTWlsYWdyby5wbmciLCJzbGlkZXNob3ciOiJkZDUxN2Y0In0%3D\">\t\t<div class=\"elementor-carousel-image\" role=\"img\" aria-label=\"pista padel Ayto Milagro\" style=\"background-image: url(&#039;https:\/\/monita.es\/wp-content\/uploads\/pista-padel-Ayto-Milagro.png&#039;)\">\n\n\t\t\t\n\t\t\t\t\t<\/div>\n\t\t\t\t\t<div class=\"elementor-carousel-image-overlay e-overlay-animation-fade\">\n\t\t\t\t<i class=\"fas fa-search-plus\"><\/i>\t\t\t<\/div>\n\t\t\t<\/a>\t\t\t\t\t\t<\/div>\n\t\t\t\t\t\t\t\t\t\t\t<div class=\"swiper-slide\" role=\"group\" aria-roledescription=\"slide\">\n\t\t\t\t\t\t\t<a href=\"https:\/\/monita.es\/wp-content\/uploads\/CarpasDep1.jpeg\" data-elementor-open-lightbox=\"yes\" data-elementor-lightbox-slideshow=\"dd517f4\" data-elementor-lightbox-title=\"CarpasDep1\" data-e-action-hash=\"#elementor-action%3Aaction%3Dlightbox%26settings%3DeyJpZCI6MjExMDIsInVybCI6Imh0dHBzOlwvXC9tb25pdGEuZXNcL3dwLWNvbnRlbnRcL3VwbG9hZHNcL0NhcnBhc0RlcDEuanBlZyIsInNsaWRlc2hvdyI6ImRkNTE3ZjQifQ%3D%3D\">\t\t<div class=\"elementor-carousel-image\" role=\"img\" aria-label=\"CarpasDep1\" style=\"background-image: url(&#039;https:\/\/monita.es\/wp-content\/uploads\/CarpasDep1.jpeg&#039;)\">\n\n\t\t\t\n\t\t\t\t\t<\/div>\n\t\t\t\t\t<div class=\"elementor-carousel-image-overlay e-overlay-animation-fade\">\n\t\t\t\t<i class=\"fas fa-search-plus\"><\/i>\t\t\t<\/div>\n\t\t\t<\/a>\t\t\t\t\t\t<\/div>\n\t\t\t\t\t\t\t\t\t\t\t<div class=\"swiper-slide\" role=\"group\" aria-roledescription=\"slide\">\n\t\t\t\t\t\t\t<a href=\"https:\/\/monita.es\/wp-content\/uploads\/Carpadep88.png\" data-elementor-open-lightbox=\"yes\" data-elementor-lightbox-slideshow=\"dd517f4\" data-elementor-lightbox-title=\"Carpadep88\" data-e-action-hash=\"#elementor-action%3Aaction%3Dlightbox%26settings%3DeyJpZCI6MjExMDQsInVybCI6Imh0dHBzOlwvXC9tb25pdGEuZXNcL3dwLWNvbnRlbnRcL3VwbG9hZHNcL0NhcnBhZGVwODgucG5nIiwic2xpZGVzaG93IjoiZGQ1MTdmNCJ9\">\t\t<div class=\"elementor-carousel-image\" role=\"img\" aria-label=\"Carpadep88\" style=\"background-image: url(&#039;https:\/\/monita.es\/wp-content\/uploads\/Carpadep88.png&#039;)\">\n\n\t\t\t\n\t\t\t\t\t<\/div>\n\t\t\t\t\t<div class=\"elementor-carousel-image-overlay e-overlay-animation-fade\">\n\t\t\t\t<i class=\"fas fa-search-plus\"><\/i>\t\t\t<\/div>\n\t\t\t<\/a>\t\t\t\t\t\t<\/div>\n\t\t\t\t\t\t\t\t\t\t\t<div class=\"swiper-slide\" role=\"group\" aria-roledescription=\"slide\">\n\t\t\t\t\t\t\t<a href=\"https:\/\/monita.es\/wp-content\/uploads\/Carpadep77.png\" data-elementor-open-lightbox=\"yes\" data-elementor-lightbox-slideshow=\"dd517f4\" data-elementor-lightbox-title=\"Carpadep77\" data-e-action-hash=\"#elementor-action%3Aaction%3Dlightbox%26settings%3DeyJpZCI6MjExMDMsInVybCI6Imh0dHBzOlwvXC9tb25pdGEuZXNcL3dwLWNvbnRlbnRcL3VwbG9hZHNcL0NhcnBhZGVwNzcucG5nIiwic2xpZGVzaG93IjoiZGQ1MTdmNCJ9\">\t\t<div class=\"elementor-carousel-image\" role=\"img\" aria-label=\"Carpadep77\" style=\"background-image: url(&#039;https:\/\/monita.es\/wp-content\/uploads\/Carpadep77.png&#039;)\">\n\n\t\t\t\n\t\t\t\t\t<\/div>\n\t\t\t\t\t<div class=\"elementor-carousel-image-overlay e-overlay-animation-fade\">\n\t\t\t\t<i class=\"fas fa-search-plus\"><\/i>\t\t\t<\/div>\n\t\t\t<\/a>\t\t\t\t\t\t<\/div>\n\t\t\t\t\t\t\t\t\t<\/div>\n\t\t\t\t\t\t\t\t\t\t\t\t\t\t\t\t\t\t\t\t\t<\/div>\n\t\t\t\t<\/div>\n\t\t\t\t\t\t\t\t<\/div>\n\t\t\t\t<\/div>\n\t\t\t\t<div class=\"elementor-element elementor-element-7ae67c elementor-widget elementor-widget-heading\" data-id=\"7ae67c\" data-element_type=\"widget\" data-widget_type=\"heading.default\">\n\t\t\t\t<div class=\"elementor-widget-container\">\n\t\t\t\t\t<h2 class=\"elementor-heading-title elementor-size-default\">Carpes per a Activitats Esportives<\/h2>\t\t\t\t<\/div>\n\t\t\t\t<\/div>\n\t\t\t\t\t<\/div>\n\t\t<\/div>\n\t\t\t\t\t<\/div>\n\t\t<\/section>\n\t\t\t\t<section class=\"elementor-section elementor-inner-section elementor-element elementor-element-e8cc85c elementor-section-boxed elementor-section-height-default elementor-section-height-default elementor-invisible\" data-id=\"e8cc85c\" data-element_type=\"section\" data-settings=\"{&quot;animation&quot;:&quot;fadeInUp&quot;}\">\n\t\t\t\t\t\t<div class=\"elementor-container elementor-column-gap-narrow\">\n\t\t\t\t\t<div class=\"elementor-column elementor-col-25 elementor-inner-column elementor-element elementor-element-32c4e119\" data-id=\"32c4e119\" data-element_type=\"column\">\n\t\t\t<div class=\"elementor-widget-wrap elementor-element-populated\">\n\t\t\t\t\t\t<div class=\"elementor-element elementor-element-70124f6 elementor-skin-carousel elementor-widget elementor-widget-media-carousel\" data-id=\"70124f6\" data-element_type=\"widget\" data-settings=\"{&quot;space_between&quot;:{&quot;unit&quot;:&quot;px&quot;,&quot;size&quot;:29,&quot;sizes&quot;:[]},&quot;slides_per_view&quot;:&quot;1&quot;,&quot;skin&quot;:&quot;carousel&quot;,&quot;effect&quot;:&quot;slide&quot;,&quot;speed&quot;:500,&quot;space_between_tablet&quot;:{&quot;unit&quot;:&quot;px&quot;,&quot;size&quot;:10,&quot;sizes&quot;:[]},&quot;space_between_mobile&quot;:{&quot;unit&quot;:&quot;px&quot;,&quot;size&quot;:10,&quot;sizes&quot;:[]}}\" data-widget_type=\"media-carousel.default\">\n\t\t\t\t<div class=\"elementor-widget-container\">\n\t\t\t\t\t\t\t\t\t<div class=\"elementor-swiper\">\n\t\t\t\t\t<div class=\"elementor-main-swiper swiper\" role=\"region\" aria-roledescription=\"carousel\" aria-label=\"Diapositives\">\n\t\t\t\t<div class=\"swiper-wrapper\">\n\t\t\t\t\t\t\t\t\t\t\t<div class=\"swiper-slide\" role=\"group\" aria-roledescription=\"slide\">\n\t\t\t\t\t\t\t<a href=\"https:\/\/monita.es\/wp-content\/uploads\/2-Semana-Negra-21.jpg\" data-elementor-open-lightbox=\"yes\" data-elementor-lightbox-slideshow=\"70124f6\" data-elementor-lightbox-title=\"2 - Semana Negra 2(1)\" data-e-action-hash=\"#elementor-action%3Aaction%3Dlightbox%26settings%3DeyJpZCI6MjExMDUsInVybCI6Imh0dHBzOlwvXC9tb25pdGEuZXNcL3dwLWNvbnRlbnRcL3VwbG9hZHNcLzItU2VtYW5hLU5lZ3JhLTIxLmpwZyIsInNsaWRlc2hvdyI6IjcwMTI0ZjYifQ%3D%3D\">\t\t<div class=\"elementor-carousel-image\" role=\"img\" aria-label=\"2 - Semana Negra 2(1)\" style=\"background-image: url(&#039;https:\/\/monita.es\/wp-content\/uploads\/2-Semana-Negra-21.jpg&#039;)\">\n\n\t\t\t\n\t\t\t\t\t<\/div>\n\t\t\t\t\t<div class=\"elementor-carousel-image-overlay e-overlay-animation-fade\">\n\t\t\t\t<i class=\"fas fa-search-plus\"><\/i>\t\t\t<\/div>\n\t\t\t<\/a>\t\t\t\t\t\t<\/div>\n\t\t\t\t\t\t\t\t\t\t\t<div class=\"swiper-slide\" role=\"group\" aria-roledescription=\"slide\">\n\t\t\t\t\t\t\t<a href=\"https:\/\/monita.es\/wp-content\/uploads\/3-LA73312-scaled.jpg\" data-elementor-open-lightbox=\"yes\" data-elementor-lightbox-slideshow=\"70124f6\" data-elementor-lightbox-title=\"3 - LA73312\" data-e-action-hash=\"#elementor-action%3Aaction%3Dlightbox%26settings%3DeyJpZCI6MjExMDYsInVybCI6Imh0dHBzOlwvXC9tb25pdGEuZXNcL3dwLWNvbnRlbnRcL3VwbG9hZHNcLzMtTEE3MzMxMi1zY2FsZWQuanBnIiwic2xpZGVzaG93IjoiNzAxMjRmNiJ9\">\t\t<div class=\"elementor-carousel-image\" role=\"img\" aria-label=\"3 - LA73312\" style=\"background-image: url(&#039;https:\/\/monita.es\/wp-content\/uploads\/3-LA73312-scaled.jpg&#039;)\">\n\n\t\t\t\n\t\t\t\t\t<\/div>\n\t\t\t\t\t<div class=\"elementor-carousel-image-overlay e-overlay-animation-fade\">\n\t\t\t\t<i class=\"fas fa-search-plus\"><\/i>\t\t\t<\/div>\n\t\t\t<\/a>\t\t\t\t\t\t<\/div>\n\t\t\t\t\t\t\t\t\t\t\t<div class=\"swiper-slide\" role=\"group\" aria-roledescription=\"slide\">\n\t\t\t\t\t\t\t<a href=\"https:\/\/monita.es\/wp-content\/uploads\/IMG-20210917-WA00001.jpg\" data-elementor-open-lightbox=\"yes\" data-elementor-lightbox-slideshow=\"70124f6\" data-elementor-lightbox-title=\"IMG-20210917-WA0000(1)\" data-elementor-lightbox-description=\"Imagen a\u00e9rea de carpas personalizadas instaladas por Mo\u00f1ita en la Plaza de Col\u00f3n en Madrid. Proyecto de gran montaje urbano con estructuras modulares dise\u00f1adas a medida para evento multitudinario.\n\" data-e-action-hash=\"#elementor-action%3Aaction%3Dlightbox%26settings%3DeyJpZCI6MjExMDcsInVybCI6Imh0dHBzOlwvXC9tb25pdGEuZXNcL3dwLWNvbnRlbnRcL3VwbG9hZHNcL0lNRy0yMDIxMDkxNy1XQTAwMDAxLmpwZyIsInNsaWRlc2hvdyI6IjcwMTI0ZjYifQ%3D%3D\">\t\t<div class=\"elementor-carousel-image\" role=\"img\" aria-label=\"Carpas personalizadas instaladas en Plaza de Col\u00f3n en Madrid para gran evento urbano\" style=\"background-image: url(&#039;https:\/\/monita.es\/wp-content\/uploads\/IMG-20210917-WA00001.jpg&#039;)\">\n\n\t\t\t\n\t\t\t\t\t<\/div>\n\t\t\t\t\t<div class=\"elementor-carousel-image-overlay e-overlay-animation-fade\">\n\t\t\t\t<i class=\"fas fa-search-plus\"><\/i>\t\t\t<\/div>\n\t\t\t<\/a>\t\t\t\t\t\t<\/div>\n\t\t\t\t\t\t\t\t\t\t\t<div class=\"swiper-slide\" role=\"group\" aria-roledescription=\"slide\">\n\t\t\t\t\t\t\t<a href=\"https:\/\/monita.es\/wp-content\/uploads\/CARPA-XL-002-scaled.jpg\" data-elementor-open-lightbox=\"yes\" data-elementor-lightbox-slideshow=\"70124f6\" data-elementor-lightbox-title=\"CARPA XL 002\" data-e-action-hash=\"#elementor-action%3Aaction%3Dlightbox%26settings%3DeyJpZCI6MjExMDgsInVybCI6Imh0dHBzOlwvXC9tb25pdGEuZXNcL3dwLWNvbnRlbnRcL3VwbG9hZHNcL0NBUlBBLVhMLTAwMi1zY2FsZWQuanBnIiwic2xpZGVzaG93IjoiNzAxMjRmNiJ9\">\t\t<div class=\"elementor-carousel-image\" role=\"img\" aria-label=\"CARPA XL 002\" style=\"background-image: url(&#039;https:\/\/monita.es\/wp-content\/uploads\/CARPA-XL-002-scaled.jpg&#039;)\">\n\n\t\t\t\n\t\t\t\t\t<\/div>\n\t\t\t\t\t<div class=\"elementor-carousel-image-overlay e-overlay-animation-fade\">\n\t\t\t\t<i class=\"fas fa-search-plus\"><\/i>\t\t\t<\/div>\n\t\t\t<\/a>\t\t\t\t\t\t<\/div>\n\t\t\t\t\t\t\t\t\t\t\t<div class=\"swiper-slide\" role=\"group\" aria-roledescription=\"slide\">\n\t\t\t\t\t\t\t<a href=\"https:\/\/monita.es\/wp-content\/uploads\/IMG-20220826-WA00081.jpg\" data-elementor-open-lightbox=\"yes\" data-elementor-lightbox-slideshow=\"70124f6\" data-elementor-lightbox-title=\"IMG-20220826-WA0008(1)\" data-elementor-lightbox-description=\"Carpa modular para eventos dise\u00f1ada y fabricada por Mo\u00f1ita, equipada con cerramientos laterales y estructura de alta resistencia. Ideal para eventos corporativos, ferias, instalaciones temporales y usos profesionales que requieren espacios cubiertos seguros y personalizables.\" data-e-action-hash=\"#elementor-action%3Aaction%3Dlightbox%26settings%3DeyJpZCI6MjExMDksInVybCI6Imh0dHBzOlwvXC9tb25pdGEuZXNcL3dwLWNvbnRlbnRcL3VwbG9hZHNcL0lNRy0yMDIyMDgyNi1XQTAwMDgxLmpwZyIsInNsaWRlc2hvdyI6IjcwMTI0ZjYifQ%3D%3D\">\t\t<div class=\"elementor-carousel-image\" role=\"img\" aria-label=\"Carpa modular para eventos con cerramientos laterales y estructura resistente fabricada por Mo\u00f1ita\" style=\"background-image: url(&#039;https:\/\/monita.es\/wp-content\/uploads\/IMG-20220826-WA00081.jpg&#039;)\">\n\n\t\t\t\n\t\t\t\t\t<\/div>\n\t\t\t\t\t<div class=\"elementor-carousel-image-overlay e-overlay-animation-fade\">\n\t\t\t\t<i class=\"fas fa-search-plus\"><\/i>\t\t\t<\/div>\n\t\t\t<\/a>\t\t\t\t\t\t<\/div>\n\t\t\t\t\t\t\t\t\t\t\t<div class=\"swiper-slide\" role=\"group\" aria-roledescription=\"slide\">\n\t\t\t\t\t\t\t<a href=\"https:\/\/monita.es\/wp-content\/uploads\/Web_Feria-del-Vehiculo-electrico-de-Las-Rozas_IMG_0669-scaled.jpg\" data-elementor-open-lightbox=\"yes\" data-elementor-lightbox-slideshow=\"70124f6\" data-elementor-lightbox-title=\"Web_Feria del Veh\u00edculo el\u00e9ctrico de Las Rozas_IMG_0669\" data-e-action-hash=\"#elementor-action%3Aaction%3Dlightbox%26settings%3DeyJpZCI6MjExMTAsInVybCI6Imh0dHBzOlwvXC9tb25pdGEuZXNcL3dwLWNvbnRlbnRcL3VwbG9hZHNcL1dlYl9GZXJpYS1kZWwtVmVoaWN1bG8tZWxlY3RyaWNvLWRlLUxhcy1Sb3phc19JTUdfMDY2OS1zY2FsZWQuanBnIiwic2xpZGVzaG93IjoiNzAxMjRmNiJ9\">\t\t<div class=\"elementor-carousel-image\" role=\"img\" aria-label=\"Web_Feria del Veh\u00edculo el\u00e9ctrico de Las Rozas_IMG_0669\" style=\"background-image: url(&#039;https:\/\/monita.es\/wp-content\/uploads\/Web_Feria-del-Vehiculo-electrico-de-Las-Rozas_IMG_0669-scaled.jpg&#039;)\">\n\n\t\t\t\n\t\t\t\t\t<\/div>\n\t\t\t\t\t<div class=\"elementor-carousel-image-overlay e-overlay-animation-fade\">\n\t\t\t\t<i class=\"fas fa-search-plus\"><\/i>\t\t\t<\/div>\n\t\t\t<\/a>\t\t\t\t\t\t<\/div>\n\t\t\t\t\t\t\t\t\t\t\t<div class=\"swiper-slide\" role=\"group\" aria-roledescription=\"slide\">\n\t\t\t\t\t\t\t<a href=\"https:\/\/monita.es\/wp-content\/uploads\/CarpasJaimas8-scaled.jpg\" data-elementor-open-lightbox=\"yes\" data-elementor-lightbox-slideshow=\"70124f6\" data-elementor-lightbox-title=\"CarpasJaimas8\" data-elementor-lightbox-description=\"Imagen de carpas personalizadas tipo jaima dise\u00f1adas por Mo\u00f1ita para eventos al aire libre. Estructuras modulares blancas fabricadas a medida para grandes montajes y celebraciones multitudinarias.\n\" data-e-action-hash=\"#elementor-action%3Aaction%3Dlightbox%26settings%3DeyJpZCI6MjEwODcsInVybCI6Imh0dHBzOlwvXC9tb25pdGEuZXNcL3dwLWNvbnRlbnRcL3VwbG9hZHNcL0NhcnBhc0phaW1hczgtc2NhbGVkLmpwZyIsInNsaWRlc2hvdyI6IjcwMTI0ZjYifQ%3D%3D\">\t\t<div class=\"elementor-carousel-image\" role=\"img\" aria-label=\"Carpas personalizadas tipo jaima instaladas para evento al aire libre con estructuras modulares blancas\" style=\"background-image: url(&#039;https:\/\/monita.es\/wp-content\/uploads\/CarpasJaimas8-scaled.jpg&#039;)\">\n\n\t\t\t\n\t\t\t\t\t<\/div>\n\t\t\t\t\t<div class=\"elementor-carousel-image-overlay e-overlay-animation-fade\">\n\t\t\t\t<i class=\"fas fa-search-plus\"><\/i>\t\t\t<\/div>\n\t\t\t<\/a>\t\t\t\t\t\t<\/div>\n\t\t\t\t\t\t\t\t\t\t\t<div class=\"swiper-slide\" role=\"group\" aria-roledescription=\"slide\">\n\t\t\t\t\t\t\t<a href=\"https:\/\/monita.es\/wp-content\/uploads\/8-1068070-29-carpas-agrosiero-17-09-2009-min-scaled.jpg\" data-elementor-open-lightbox=\"yes\" data-elementor-lightbox-slideshow=\"70124f6\" data-elementor-lightbox-title=\"8- 1068070-29 carpas agrosiero 17-09-2009-min\" data-elementor-lightbox-description=\"Ejemplo de venta de carpas de gran formato para eventos e instalaciones industriales, con estructuras modulares dise\u00f1adas para ofrecer resistencia, rapidez de montaje y fiabilidad.\" data-e-action-hash=\"#elementor-action%3Aaction%3Dlightbox%26settings%3DeyJpZCI6MjEwNzQsInVybCI6Imh0dHBzOlwvXC9tb25pdGEuZXNcL3dwLWNvbnRlbnRcL3VwbG9hZHNcLzgtMTA2ODA3MC0yOS1jYXJwYXMtYWdyb3NpZXJvLTE3LTA5LTIwMDktbWluLXNjYWxlZC5qcGciLCJzbGlkZXNob3ciOiI3MDEyNGY2In0%3D\">\t\t<div class=\"elementor-carousel-image\" role=\"img\" aria-label=\"Venta de carpas de gran formato para eventos e instalaciones industriales\" style=\"background-image: url(&#039;https:\/\/monita.es\/wp-content\/uploads\/8-1068070-29-carpas-agrosiero-17-09-2009-min-scaled.jpg&#039;)\">\n\n\t\t\t\n\t\t\t\t\t<\/div>\n\t\t\t\t\t<div class=\"elementor-carousel-image-overlay e-overlay-animation-fade\">\n\t\t\t\t<i class=\"fas fa-search-plus\"><\/i>\t\t\t<\/div>\n\t\t\t<\/a>\t\t\t\t\t\t<\/div>\n\t\t\t\t\t\t\t\t\t<\/div>\n\t\t\t\t\t\t\t\t\t\t\t\t\t\t\t\t\t\t\t\t\t<\/div>\n\t\t\t\t<\/div>\n\t\t\t\t\t\t\t\t<\/div>\n\t\t\t\t<\/div>\n\t\t\t\t<div class=\"elementor-element elementor-element-1eaaf3ba elementor-widget elementor-widget-heading\" data-id=\"1eaaf3ba\" data-element_type=\"widget\" data-widget_type=\"heading.default\">\n\t\t\t\t<div class=\"elementor-widget-container\">\n\t\t\t\t\t<h2 class=\"elementor-heading-title elementor-size-default\">Grans Muntatges de Carpes<\/h2>\t\t\t\t<\/div>\n\t\t\t\t<\/div>\n\t\t\t\t\t<\/div>\n\t\t<\/div>\n\t\t\t\t<div class=\"elementor-column elementor-col-25 elementor-inner-column elementor-element elementor-element-604b6386\" data-id=\"604b6386\" data-element_type=\"column\">\n\t\t\t<div class=\"elementor-widget-wrap elementor-element-populated\">\n\t\t\t\t\t\t<div class=\"elementor-element elementor-element-4f6c35f elementor-skin-carousel elementor-widget elementor-widget-media-carousel\" data-id=\"4f6c35f\" data-element_type=\"widget\" data-settings=\"{&quot;space_between&quot;:{&quot;unit&quot;:&quot;px&quot;,&quot;size&quot;:29,&quot;sizes&quot;:[]},&quot;slides_per_view&quot;:&quot;1&quot;,&quot;skin&quot;:&quot;carousel&quot;,&quot;effect&quot;:&quot;slide&quot;,&quot;speed&quot;:500,&quot;space_between_tablet&quot;:{&quot;unit&quot;:&quot;px&quot;,&quot;size&quot;:10,&quot;sizes&quot;:[]},&quot;space_between_mobile&quot;:{&quot;unit&quot;:&quot;px&quot;,&quot;size&quot;:10,&quot;sizes&quot;:[]}}\" data-widget_type=\"media-carousel.default\">\n\t\t\t\t<div class=\"elementor-widget-container\">\n\t\t\t\t\t\t\t\t\t<div class=\"elementor-swiper\">\n\t\t\t\t\t<div class=\"elementor-main-swiper swiper\" role=\"region\" aria-roledescription=\"carousel\" aria-label=\"Diapositives\">\n\t\t\t\t<div class=\"swiper-wrapper\">\n\t\t\t\t\t\t\t\t\t\t\t<div class=\"swiper-slide\" role=\"group\" aria-roledescription=\"slide\">\n\t\t\t\t\t\t\t<a href=\"https:\/\/monita.es\/wp-content\/uploads\/CarpasInd8-scaled.jpg\" data-elementor-open-lightbox=\"yes\" data-elementor-lightbox-slideshow=\"4f6c35f\" data-elementor-lightbox-title=\"CarpasInd8\" data-e-action-hash=\"#elementor-action%3Aaction%3Dlightbox%26settings%3DeyJpZCI6MjExMTEsInVybCI6Imh0dHBzOlwvXC9tb25pdGEuZXNcL3dwLWNvbnRlbnRcL3VwbG9hZHNcL0NhcnBhc0luZDgtc2NhbGVkLmpwZyIsInNsaWRlc2hvdyI6IjRmNmMzNWYifQ%3D%3D\">\t\t<div class=\"elementor-carousel-image\" role=\"img\" aria-label=\"CarpasInd8\" style=\"background-image: url(&#039;https:\/\/monita.es\/wp-content\/uploads\/CarpasInd8-scaled.jpg&#039;)\">\n\n\t\t\t\n\t\t\t\t\t<\/div>\n\t\t\t\t\t<div class=\"elementor-carousel-image-overlay e-overlay-animation-fade\">\n\t\t\t\t<i class=\"fas fa-search-plus\"><\/i>\t\t\t<\/div>\n\t\t\t<\/a>\t\t\t\t\t\t<\/div>\n\t\t\t\t\t\t\t\t\t\t\t<div class=\"swiper-slide\" role=\"group\" aria-roledescription=\"slide\">\n\t\t\t\t\t\t\t<a href=\"https:\/\/monita.es\/wp-content\/uploads\/CarpInd-scaled.jpg\" data-elementor-open-lightbox=\"yes\" data-elementor-lightbox-slideshow=\"4f6c35f\" data-elementor-lightbox-title=\"CarpInd\" data-e-action-hash=\"#elementor-action%3Aaction%3Dlightbox%26settings%3DeyJpZCI6MjExMzksInVybCI6Imh0dHBzOlwvXC9tb25pdGEuZXNcL3dwLWNvbnRlbnRcL3VwbG9hZHNcL0NhcnBJbmQtc2NhbGVkLmpwZyIsInNsaWRlc2hvdyI6IjRmNmMzNWYifQ%3D%3D\">\t\t<div class=\"elementor-carousel-image\" role=\"img\" aria-label=\"CarpInd\" style=\"background-image: url(&#039;https:\/\/monita.es\/wp-content\/uploads\/CarpInd-scaled.jpg&#039;)\">\n\n\t\t\t\n\t\t\t\t\t<\/div>\n\t\t\t\t\t<div class=\"elementor-carousel-image-overlay e-overlay-animation-fade\">\n\t\t\t\t<i class=\"fas fa-search-plus\"><\/i>\t\t\t<\/div>\n\t\t\t<\/a>\t\t\t\t\t\t<\/div>\n\t\t\t\t\t\t\t\t\t\t\t<div class=\"swiper-slide\" role=\"group\" aria-roledescription=\"slide\">\n\t\t\t\t\t\t\t<a href=\"https:\/\/monita.es\/wp-content\/uploads\/CarpasInd7.jpg\" data-elementor-open-lightbox=\"yes\" data-elementor-lightbox-slideshow=\"4f6c35f\" data-elementor-lightbox-title=\"CarpasInd7\" data-e-action-hash=\"#elementor-action%3Aaction%3Dlightbox%26settings%3DeyJpZCI6MjExMTIsInVybCI6Imh0dHBzOlwvXC9tb25pdGEuZXNcL3dwLWNvbnRlbnRcL3VwbG9hZHNcL0NhcnBhc0luZDcuanBnIiwic2xpZGVzaG93IjoiNGY2YzM1ZiJ9\">\t\t<div class=\"elementor-carousel-image\" role=\"img\" aria-label=\"CarpasInd7\" style=\"background-image: url(&#039;https:\/\/monita.es\/wp-content\/uploads\/CarpasInd7.jpg&#039;)\">\n\n\t\t\t\n\t\t\t\t\t<\/div>\n\t\t\t\t\t<div class=\"elementor-carousel-image-overlay e-overlay-animation-fade\">\n\t\t\t\t<i class=\"fas fa-search-plus\"><\/i>\t\t\t<\/div>\n\t\t\t<\/a>\t\t\t\t\t\t<\/div>\n\t\t\t\t\t\t\t\t\t\t\t<div class=\"swiper-slide\" role=\"group\" aria-roledescription=\"slide\">\n\t\t\t\t\t\t\t<a href=\"https:\/\/monita.es\/wp-content\/uploads\/CarpasInd6.jpg\" data-elementor-open-lightbox=\"yes\" data-elementor-lightbox-slideshow=\"4f6c35f\" data-elementor-lightbox-title=\"CarpasInd6\" data-e-action-hash=\"#elementor-action%3Aaction%3Dlightbox%26settings%3DeyJpZCI6MjExMTMsInVybCI6Imh0dHBzOlwvXC9tb25pdGEuZXNcL3dwLWNvbnRlbnRcL3VwbG9hZHNcL0NhcnBhc0luZDYuanBnIiwic2xpZGVzaG93IjoiNGY2YzM1ZiJ9\">\t\t<div class=\"elementor-carousel-image\" role=\"img\" aria-label=\"CarpasInd6\" style=\"background-image: url(&#039;https:\/\/monita.es\/wp-content\/uploads\/CarpasInd6.jpg&#039;)\">\n\n\t\t\t\n\t\t\t\t\t<\/div>\n\t\t\t\t\t<div class=\"elementor-carousel-image-overlay e-overlay-animation-fade\">\n\t\t\t\t<i class=\"fas fa-search-plus\"><\/i>\t\t\t<\/div>\n\t\t\t<\/a>\t\t\t\t\t\t<\/div>\n\t\t\t\t\t\t\t\t\t\t\t<div class=\"swiper-slide\" role=\"group\" aria-roledescription=\"slide\">\n\t\t\t\t\t\t\t<a href=\"https:\/\/monita.es\/wp-content\/uploads\/CarpasInd3.jpg\" data-elementor-open-lightbox=\"yes\" data-elementor-lightbox-slideshow=\"4f6c35f\" data-elementor-lightbox-title=\"CarpasInd3\" data-e-action-hash=\"#elementor-action%3Aaction%3Dlightbox%26settings%3DeyJpZCI6MjExMTQsInVybCI6Imh0dHBzOlwvXC9tb25pdGEuZXNcL3dwLWNvbnRlbnRcL3VwbG9hZHNcL0NhcnBhc0luZDMuanBnIiwic2xpZGVzaG93IjoiNGY2YzM1ZiJ9\">\t\t<div class=\"elementor-carousel-image\" role=\"img\" aria-label=\"CarpasInd3\" style=\"background-image: url(&#039;https:\/\/monita.es\/wp-content\/uploads\/CarpasInd3.jpg&#039;)\">\n\n\t\t\t\n\t\t\t\t\t<\/div>\n\t\t\t\t\t<div class=\"elementor-carousel-image-overlay e-overlay-animation-fade\">\n\t\t\t\t<i class=\"fas fa-search-plus\"><\/i>\t\t\t<\/div>\n\t\t\t<\/a>\t\t\t\t\t\t<\/div>\n\t\t\t\t\t\t\t\t\t\t\t<div class=\"swiper-slide\" role=\"group\" aria-roledescription=\"slide\">\n\t\t\t\t\t\t\t<a href=\"https:\/\/monita.es\/wp-content\/uploads\/CarpasInd2-scaled.jpg\" data-elementor-open-lightbox=\"yes\" data-elementor-lightbox-slideshow=\"4f6c35f\" data-elementor-lightbox-title=\"CarpasInd2\" data-elementor-lightbox-description=\"Carpa industrial de gran formato fabricada por Mo\u00f1ita para soluciones de almacenaje industrial. Estructura modular desmontable instalada como alternativa flexible a nave fija.\n\" data-e-action-hash=\"#elementor-action%3Aaction%3Dlightbox%26settings%3DeyJpZCI6MjExMTUsInVybCI6Imh0dHBzOlwvXC9tb25pdGEuZXNcL3dwLWNvbnRlbnRcL3VwbG9hZHNcL0NhcnBhc0luZDItc2NhbGVkLmpwZyIsInNsaWRlc2hvdyI6IjRmNmMzNWYifQ%3D%3D\">\t\t<div class=\"elementor-carousel-image\" role=\"img\" aria-label=\"Carpa industrial de gran formato para almacenaje instalada como almac\u00e9n industrial temporal\" style=\"background-image: url(&#039;https:\/\/monita.es\/wp-content\/uploads\/CarpasInd2-scaled.jpg&#039;)\">\n\n\t\t\t\n\t\t\t\t\t<\/div>\n\t\t\t\t\t<div class=\"elementor-carousel-image-overlay e-overlay-animation-fade\">\n\t\t\t\t<i class=\"fas fa-search-plus\"><\/i>\t\t\t<\/div>\n\t\t\t<\/a>\t\t\t\t\t\t<\/div>\n\t\t\t\t\t\t\t\t\t\t\t<div class=\"swiper-slide\" role=\"group\" aria-roledescription=\"slide\">\n\t\t\t\t\t\t\t<a href=\"https:\/\/monita.es\/wp-content\/uploads\/CarpasInd1.jpg\" data-elementor-open-lightbox=\"yes\" data-elementor-lightbox-slideshow=\"4f6c35f\" data-elementor-lightbox-title=\"CarpasInd1\" data-e-action-hash=\"#elementor-action%3Aaction%3Dlightbox%26settings%3DeyJpZCI6MjExMTYsInVybCI6Imh0dHBzOlwvXC9tb25pdGEuZXNcL3dwLWNvbnRlbnRcL3VwbG9hZHNcL0NhcnBhc0luZDEuanBnIiwic2xpZGVzaG93IjoiNGY2YzM1ZiJ9\">\t\t<div class=\"elementor-carousel-image\" role=\"img\" aria-label=\"CarpasInd1\" style=\"background-image: url(&#039;https:\/\/monita.es\/wp-content\/uploads\/CarpasInd1.jpg&#039;)\">\n\n\t\t\t\n\t\t\t\t\t<\/div>\n\t\t\t\t\t<div class=\"elementor-carousel-image-overlay e-overlay-animation-fade\">\n\t\t\t\t<i class=\"fas fa-search-plus\"><\/i>\t\t\t<\/div>\n\t\t\t<\/a>\t\t\t\t\t\t<\/div>\n\t\t\t\t\t\t\t\t\t\t\t<div class=\"swiper-slide\" role=\"group\" aria-roledescription=\"slide\">\n\t\t\t\t\t\t\t<a href=\"https:\/\/monita.es\/wp-content\/uploads\/CarpasInd5-scaled.jpg\" data-elementor-open-lightbox=\"yes\" data-elementor-lightbox-slideshow=\"4f6c35f\" data-elementor-lightbox-title=\"CarpasInd5\" data-e-action-hash=\"#elementor-action%3Aaction%3Dlightbox%26settings%3DeyJpZCI6MjExMTcsInVybCI6Imh0dHBzOlwvXC9tb25pdGEuZXNcL3dwLWNvbnRlbnRcL3VwbG9hZHNcL0NhcnBhc0luZDUtc2NhbGVkLmpwZyIsInNsaWRlc2hvdyI6IjRmNmMzNWYifQ%3D%3D\">\t\t<div class=\"elementor-carousel-image\" role=\"img\" aria-label=\"CarpasInd5\" style=\"background-image: url(&#039;https:\/\/monita.es\/wp-content\/uploads\/CarpasInd5-scaled.jpg&#039;)\">\n\n\t\t\t\n\t\t\t\t\t<\/div>\n\t\t\t\t\t<div class=\"elementor-carousel-image-overlay e-overlay-animation-fade\">\n\t\t\t\t<i class=\"fas fa-search-plus\"><\/i>\t\t\t<\/div>\n\t\t\t<\/a>\t\t\t\t\t\t<\/div>\n\t\t\t\t\t\t\t\t\t\t\t<div class=\"swiper-slide\" role=\"group\" aria-roledescription=\"slide\">\n\t\t\t\t\t\t\t<a href=\"https:\/\/monita.es\/wp-content\/uploads\/CarpasInd4.jpeg\" data-elementor-open-lightbox=\"yes\" data-elementor-lightbox-slideshow=\"4f6c35f\" data-elementor-lightbox-title=\"CarpasInd4\" data-e-action-hash=\"#elementor-action%3Aaction%3Dlightbox%26settings%3DeyJpZCI6MjExMTgsInVybCI6Imh0dHBzOlwvXC9tb25pdGEuZXNcL3dwLWNvbnRlbnRcL3VwbG9hZHNcL0NhcnBhc0luZDQuanBlZyIsInNsaWRlc2hvdyI6IjRmNmMzNWYifQ%3D%3D\">\t\t<div class=\"elementor-carousel-image\" role=\"img\" aria-label=\"CarpasInd4\" style=\"background-image: url(&#039;https:\/\/monita.es\/wp-content\/uploads\/CarpasInd4.jpeg&#039;)\">\n\n\t\t\t\n\t\t\t\t\t<\/div>\n\t\t\t\t\t<div class=\"elementor-carousel-image-overlay e-overlay-animation-fade\">\n\t\t\t\t<i class=\"fas fa-search-plus\"><\/i>\t\t\t<\/div>\n\t\t\t<\/a>\t\t\t\t\t\t<\/div>\n\t\t\t\t\t\t\t\t\t<\/div>\n\t\t\t\t\t\t\t\t\t\t\t\t\t\t\t\t\t\t\t\t\t<\/div>\n\t\t\t\t<\/div>\n\t\t\t\t\t\t\t\t<\/div>\n\t\t\t\t<\/div>\n\t\t\t\t<div class=\"elementor-element elementor-element-51c409f0 elementor-widget elementor-widget-heading\" data-id=\"51c409f0\" data-element_type=\"widget\" data-widget_type=\"heading.default\">\n\t\t\t\t<div class=\"elementor-widget-container\">\n\t\t\t\t\t<h2 class=\"elementor-heading-title elementor-size-default\">Carpa Industrial<\/h2>\t\t\t\t<\/div>\n\t\t\t\t<\/div>\n\t\t\t\t\t<\/div>\n\t\t<\/div>\n\t\t\t\t<div class=\"elementor-column elementor-col-25 elementor-inner-column elementor-element elementor-element-5795d4a2\" data-id=\"5795d4a2\" data-element_type=\"column\">\n\t\t\t<div class=\"elementor-widget-wrap elementor-element-populated\">\n\t\t\t\t\t\t<div class=\"elementor-element elementor-element-edc06e7 elementor-skin-carousel elementor-widget elementor-widget-media-carousel\" data-id=\"edc06e7\" data-element_type=\"widget\" data-settings=\"{&quot;space_between&quot;:{&quot;unit&quot;:&quot;px&quot;,&quot;size&quot;:29,&quot;sizes&quot;:[]},&quot;slides_per_view&quot;:&quot;1&quot;,&quot;skin&quot;:&quot;carousel&quot;,&quot;effect&quot;:&quot;slide&quot;,&quot;speed&quot;:500,&quot;space_between_tablet&quot;:{&quot;unit&quot;:&quot;px&quot;,&quot;size&quot;:10,&quot;sizes&quot;:[]},&quot;space_between_mobile&quot;:{&quot;unit&quot;:&quot;px&quot;,&quot;size&quot;:10,&quot;sizes&quot;:[]}}\" data-widget_type=\"media-carousel.default\">\n\t\t\t\t<div class=\"elementor-widget-container\">\n\t\t\t\t\t\t\t\t\t<div class=\"elementor-swiper\">\n\t\t\t\t\t<div class=\"elementor-main-swiper swiper\" role=\"region\" aria-roledescription=\"carousel\" aria-label=\"Diapositives\">\n\t\t\t\t<div class=\"swiper-wrapper\">\n\t\t\t\t\t\t\t\t\t\t\t<div class=\"swiper-slide\" role=\"group\" aria-roledescription=\"slide\">\n\t\t\t\t\t\t\t<a href=\"https:\/\/monita.es\/wp-content\/uploads\/Acc5.jpg\" data-elementor-open-lightbox=\"yes\" data-elementor-lightbox-slideshow=\"edc06e7\" data-elementor-lightbox-title=\"Acc5\" data-e-action-hash=\"#elementor-action%3Aaction%3Dlightbox%26settings%3DeyJpZCI6MjExMjAsInVybCI6Imh0dHBzOlwvXC9tb25pdGEuZXNcL3dwLWNvbnRlbnRcL3VwbG9hZHNcL0FjYzUuanBnIiwic2xpZGVzaG93IjoiZWRjMDZlNyJ9\">\t\t<div class=\"elementor-carousel-image\" role=\"img\" aria-label=\"Cerramientos de lona enrollable como accesorios para carpas profesionales en exterior\" style=\"background-image: url(&#039;https:\/\/monita.es\/wp-content\/uploads\/Acc5.jpg&#039;)\">\n\n\t\t\t\n\t\t\t\t\t<\/div>\n\t\t\t\t\t<div class=\"elementor-carousel-image-overlay e-overlay-animation-fade\">\n\t\t\t\t<i class=\"fas fa-search-plus\"><\/i>\t\t\t<\/div>\n\t\t\t<\/a>\t\t\t\t\t\t<\/div>\n\t\t\t\t\t\t\t\t\t\t\t<div class=\"swiper-slide\" role=\"group\" aria-roledescription=\"slide\">\n\t\t\t\t\t\t\t<a href=\"https:\/\/monita.es\/wp-content\/uploads\/Acc1.jpg\" data-elementor-open-lightbox=\"yes\" data-elementor-lightbox-slideshow=\"edc06e7\" data-elementor-lightbox-title=\"Acc1\" data-e-action-hash=\"#elementor-action%3Aaction%3Dlightbox%26settings%3DeyJpZCI6MjExMTksInVybCI6Imh0dHBzOlwvXC9tb25pdGEuZXNcL3dwLWNvbnRlbnRcL3VwbG9hZHNcL0FjYzEuanBnIiwic2xpZGVzaG93IjoiZWRjMDZlNyJ9\">\t\t<div class=\"elementor-carousel-image\" role=\"img\" aria-label=\"Cerramientos laterales para carpas industriales con paneles modulares\" style=\"background-image: url(&#039;https:\/\/monita.es\/wp-content\/uploads\/Acc1.jpg&#039;)\">\n\n\t\t\t\n\t\t\t\t\t<\/div>\n\t\t\t\t\t<div class=\"elementor-carousel-image-overlay e-overlay-animation-fade\">\n\t\t\t\t<i class=\"fas fa-search-plus\"><\/i>\t\t\t<\/div>\n\t\t\t<\/a>\t\t\t\t\t\t<\/div>\n\t\t\t\t\t\t\t\t\t\t\t<div class=\"swiper-slide\" role=\"group\" aria-roledescription=\"slide\">\n\t\t\t\t\t\t\t<a href=\"https:\/\/monita.es\/wp-content\/uploads\/Acc6-scaled.jpg\" data-elementor-open-lightbox=\"yes\" data-elementor-lightbox-slideshow=\"edc06e7\" data-elementor-lightbox-title=\"Acc6\" data-e-action-hash=\"#elementor-action%3Aaction%3Dlightbox%26settings%3DeyJpZCI6MjExMjEsInVybCI6Imh0dHBzOlwvXC9tb25pdGEuZXNcL3dwLWNvbnRlbnRcL3VwbG9hZHNcL0FjYzYtc2NhbGVkLmpwZyIsInNsaWRlc2hvdyI6ImVkYzA2ZTcifQ%3D%3D\">\t\t<div class=\"elementor-carousel-image\" role=\"img\" aria-label=\"Detalle de estructura y perfil de anclaje en carpas modulares industriales\" style=\"background-image: url(&#039;https:\/\/monita.es\/wp-content\/uploads\/Acc6-scaled.jpg&#039;)\">\n\n\t\t\t\n\t\t\t\t\t<\/div>\n\t\t\t\t\t<div class=\"elementor-carousel-image-overlay e-overlay-animation-fade\">\n\t\t\t\t<i class=\"fas fa-search-plus\"><\/i>\t\t\t<\/div>\n\t\t\t<\/a>\t\t\t\t\t\t<\/div>\n\t\t\t\t\t\t\t\t\t\t\t<div class=\"swiper-slide\" role=\"group\" aria-roledescription=\"slide\">\n\t\t\t\t\t\t\t<a href=\"https:\/\/monita.es\/wp-content\/uploads\/Acc7.jpg\" data-elementor-open-lightbox=\"yes\" data-elementor-lightbox-slideshow=\"edc06e7\" data-elementor-lightbox-title=\"Acc7\" data-e-action-hash=\"#elementor-action%3Aaction%3Dlightbox%26settings%3DeyJpZCI6MjExMjIsInVybCI6Imh0dHBzOlwvXC9tb25pdGEuZXNcL3dwLWNvbnRlbnRcL3VwbG9hZHNcL0FjYzcuanBnIiwic2xpZGVzaG93IjoiZWRjMDZlNyJ9\">\t\t<div class=\"elementor-carousel-image\" role=\"img\" aria-label=\"Paneles modulares como cerramientos interiores para carpas industriales\" style=\"background-image: url(&#039;https:\/\/monita.es\/wp-content\/uploads\/Acc7.jpg&#039;)\">\n\n\t\t\t\n\t\t\t\t\t<\/div>\n\t\t\t\t\t<div class=\"elementor-carousel-image-overlay e-overlay-animation-fade\">\n\t\t\t\t<i class=\"fas fa-search-plus\"><\/i>\t\t\t<\/div>\n\t\t\t<\/a>\t\t\t\t\t\t<\/div>\n\t\t\t\t\t\t\t\t\t\t\t<div class=\"swiper-slide\" role=\"group\" aria-roledescription=\"slide\">\n\t\t\t\t\t\t\t<a href=\"https:\/\/monita.es\/wp-content\/uploads\/Acc8.jpg\" data-elementor-open-lightbox=\"yes\" data-elementor-lightbox-slideshow=\"edc06e7\" data-elementor-lightbox-title=\"Acc8\" data-e-action-hash=\"#elementor-action%3Aaction%3Dlightbox%26settings%3DeyJpZCI6MjExMjMsInVybCI6Imh0dHBzOlwvXC9tb25pdGEuZXNcL3dwLWNvbnRlbnRcL3VwbG9hZHNcL0FjYzguanBnIiwic2xpZGVzaG93IjoiZWRjMDZlNyJ9\">\t\t<div class=\"elementor-carousel-image\" role=\"img\" aria-label=\"Rampa de acceso con tarima modular como accesorio para carpas de eventos\" style=\"background-image: url(&#039;https:\/\/monita.es\/wp-content\/uploads\/Acc8.jpg&#039;)\">\n\n\t\t\t\n\t\t\t\t\t<\/div>\n\t\t\t\t\t<div class=\"elementor-carousel-image-overlay e-overlay-animation-fade\">\n\t\t\t\t<i class=\"fas fa-search-plus\"><\/i>\t\t\t<\/div>\n\t\t\t<\/a>\t\t\t\t\t\t<\/div>\n\t\t\t\t\t\t\t\t\t\t\t<div class=\"swiper-slide\" role=\"group\" aria-roledescription=\"slide\">\n\t\t\t\t\t\t\t<a href=\"https:\/\/monita.es\/wp-content\/uploads\/Acc9.jpg\" data-elementor-open-lightbox=\"yes\" data-elementor-lightbox-slideshow=\"edc06e7\" data-elementor-lightbox-title=\"Acc9\" data-e-action-hash=\"#elementor-action%3Aaction%3Dlightbox%26settings%3DeyJpZCI6MjExMjQsInVybCI6Imh0dHBzOlwvXC9tb25pdGEuZXNcL3dwLWNvbnRlbnRcL3VwbG9hZHNcL0FjYzkuanBnIiwic2xpZGVzaG93IjoiZWRjMDZlNyJ9\">\t\t<div class=\"elementor-carousel-image\" role=\"img\" aria-label=\"Tarima interior instalada como equipamiento para carpas profesionales de eventos\" style=\"background-image: url(&#039;https:\/\/monita.es\/wp-content\/uploads\/Acc9.jpg&#039;)\">\n\n\t\t\t\n\t\t\t\t\t<\/div>\n\t\t\t\t\t<div class=\"elementor-carousel-image-overlay e-overlay-animation-fade\">\n\t\t\t\t<i class=\"fas fa-search-plus\"><\/i>\t\t\t<\/div>\n\t\t\t<\/a>\t\t\t\t\t\t<\/div>\n\t\t\t\t\t\t\t\t\t\t\t<div class=\"swiper-slide\" role=\"group\" aria-roledescription=\"slide\">\n\t\t\t\t\t\t\t<a href=\"https:\/\/monita.es\/wp-content\/uploads\/Acc10.jpg\" data-elementor-open-lightbox=\"yes\" data-elementor-lightbox-slideshow=\"edc06e7\" data-elementor-lightbox-title=\"Acc10\" data-e-action-hash=\"#elementor-action%3Aaction%3Dlightbox%26settings%3DeyJpZCI6MjExMjUsInVybCI6Imh0dHBzOlwvXC9tb25pdGEuZXNcL3dwLWNvbnRlbnRcL3VwbG9hZHNcL0FjYzEwLmpwZyIsInNsaWRlc2hvdyI6ImVkYzA2ZTcifQ%3D%3D\">\t\t<div class=\"elementor-carousel-image\" role=\"img\" aria-label=\"Escenario y equipamiento interior como accesorios para carpas profesionales de eventos\" style=\"background-image: url(&#039;https:\/\/monita.es\/wp-content\/uploads\/Acc10.jpg&#039;)\">\n\n\t\t\t\n\t\t\t\t\t<\/div>\n\t\t\t\t\t<div class=\"elementor-carousel-image-overlay e-overlay-animation-fade\">\n\t\t\t\t<i class=\"fas fa-search-plus\"><\/i>\t\t\t<\/div>\n\t\t\t<\/a>\t\t\t\t\t\t<\/div>\n\t\t\t\t\t\t\t\t\t\t\t<div class=\"swiper-slide\" role=\"group\" aria-roledescription=\"slide\">\n\t\t\t\t\t\t\t<a href=\"https:\/\/monita.es\/wp-content\/uploads\/Acc3.jpg\" data-elementor-open-lightbox=\"yes\" data-elementor-lightbox-slideshow=\"edc06e7\" data-elementor-lightbox-title=\"Acc3\" data-e-action-hash=\"#elementor-action%3Aaction%3Dlightbox%26settings%3DeyJpZCI6MjExMjYsInVybCI6Imh0dHBzOlwvXC9tb25pdGEuZXNcL3dwLWNvbnRlbnRcL3VwbG9hZHNcL0FjYzMuanBnIiwic2xpZGVzaG93IjoiZWRjMDZlNyJ9\">\t\t<div class=\"elementor-carousel-image\" role=\"img\" aria-label=\"Sistema de climatizaci\u00f3n de carpas industriales con equipos de ventilaci\u00f3n instalados en estructura\" style=\"background-image: url(&#039;https:\/\/monita.es\/wp-content\/uploads\/Acc3.jpg&#039;)\">\n\n\t\t\t\n\t\t\t\t\t<\/div>\n\t\t\t\t\t<div class=\"elementor-carousel-image-overlay e-overlay-animation-fade\">\n\t\t\t\t<i class=\"fas fa-search-plus\"><\/i>\t\t\t<\/div>\n\t\t\t<\/a>\t\t\t\t\t\t<\/div>\n\t\t\t\t\t\t\t\t\t\t\t<div class=\"swiper-slide\" role=\"group\" aria-roledescription=\"slide\">\n\t\t\t\t\t\t\t<a href=\"https:\/\/monita.es\/wp-content\/uploads\/P1010099-2.jpg\" data-elementor-open-lightbox=\"yes\" data-elementor-lightbox-slideshow=\"edc06e7\" data-elementor-lightbox-title=\"OLYMPUS DIGITAL CAMERA\" data-e-action-hash=\"#elementor-action%3Aaction%3Dlightbox%26settings%3DeyJpZCI6MjExNDAsInVybCI6Imh0dHBzOlwvXC9tb25pdGEuZXNcL3dwLWNvbnRlbnRcL3VwbG9hZHNcL1AxMDEwMDk5LTIuanBnIiwic2xpZGVzaG93IjoiZWRjMDZlNyJ9\">\t\t<div class=\"elementor-carousel-image\" role=\"img\" aria-label=\"OLYMPUS DIGITAL CAMERA\" style=\"background-image: url(&#039;https:\/\/monita.es\/wp-content\/uploads\/P1010099-2.jpg&#039;)\">\n\n\t\t\t\n\t\t\t\t\t<\/div>\n\t\t\t\t\t<div class=\"elementor-carousel-image-overlay e-overlay-animation-fade\">\n\t\t\t\t<i class=\"fas fa-search-plus\"><\/i>\t\t\t<\/div>\n\t\t\t<\/a>\t\t\t\t\t\t<\/div>\n\t\t\t\t\t\t\t\t\t\t\t<div class=\"swiper-slide\" role=\"group\" aria-roledescription=\"slide\">\n\t\t\t\t\t\t\t<a href=\"https:\/\/monita.es\/wp-content\/uploads\/P1030769-2-scaled.jpg\" data-elementor-open-lightbox=\"yes\" data-elementor-lightbox-slideshow=\"edc06e7\" data-elementor-lightbox-title=\"P1030769 (2)\" data-e-action-hash=\"#elementor-action%3Aaction%3Dlightbox%26settings%3DeyJpZCI6MjExNDEsInVybCI6Imh0dHBzOlwvXC9tb25pdGEuZXNcL3dwLWNvbnRlbnRcL3VwbG9hZHNcL1AxMDMwNzY5LTItc2NhbGVkLmpwZyIsInNsaWRlc2hvdyI6ImVkYzA2ZTcifQ%3D%3D\">\t\t<div class=\"elementor-carousel-image\" role=\"img\" aria-label=\"P1030769 (2)\" style=\"background-image: url(&#039;https:\/\/monita.es\/wp-content\/uploads\/P1030769-2-scaled.jpg&#039;)\">\n\n\t\t\t\n\t\t\t\t\t<\/div>\n\t\t\t\t\t<div class=\"elementor-carousel-image-overlay e-overlay-animation-fade\">\n\t\t\t\t<i class=\"fas fa-search-plus\"><\/i>\t\t\t<\/div>\n\t\t\t<\/a>\t\t\t\t\t\t<\/div>\n\t\t\t\t\t\t\t\t\t\t\t<div class=\"swiper-slide\" role=\"group\" aria-roledescription=\"slide\">\n\t\t\t\t\t\t\t<a href=\"https:\/\/monita.es\/wp-content\/uploads\/IMG-20150301-WA0006-2.jpg\" data-elementor-open-lightbox=\"yes\" data-elementor-lightbox-slideshow=\"edc06e7\" data-elementor-lightbox-title=\"IMG-20150301-WA0006 (2)\" data-e-action-hash=\"#elementor-action%3Aaction%3Dlightbox%26settings%3DeyJpZCI6MjExNDIsInVybCI6Imh0dHBzOlwvXC9tb25pdGEuZXNcL3dwLWNvbnRlbnRcL3VwbG9hZHNcL0lNRy0yMDE1MDMwMS1XQTAwMDYtMi5qcGciLCJzbGlkZXNob3ciOiJlZGMwNmU3In0%3D\">\t\t<div class=\"elementor-carousel-image\" role=\"img\" aria-label=\"IMG-20150301-WA0006 (2)\" style=\"background-image: url(&#039;https:\/\/monita.es\/wp-content\/uploads\/IMG-20150301-WA0006-2.jpg&#039;)\">\n\n\t\t\t\n\t\t\t\t\t<\/div>\n\t\t\t\t\t<div class=\"elementor-carousel-image-overlay e-overlay-animation-fade\">\n\t\t\t\t<i class=\"fas fa-search-plus\"><\/i>\t\t\t<\/div>\n\t\t\t<\/a>\t\t\t\t\t\t<\/div>\n\t\t\t\t\t\t\t\t\t\t\t<div class=\"swiper-slide\" role=\"group\" aria-roledescription=\"slide\">\n\t\t\t\t\t\t\t<a href=\"https:\/\/monita.es\/wp-content\/uploads\/Fuente_el_Saz_25-1.jpg\" data-elementor-open-lightbox=\"yes\" data-elementor-lightbox-slideshow=\"edc06e7\" data-elementor-lightbox-title=\"Fuente_el_Saz_25 (1)\" data-e-action-hash=\"#elementor-action%3Aaction%3Dlightbox%26settings%3DeyJpZCI6MjExNDMsInVybCI6Imh0dHBzOlwvXC9tb25pdGEuZXNcL3dwLWNvbnRlbnRcL3VwbG9hZHNcL0Z1ZW50ZV9lbF9TYXpfMjUtMS5qcGciLCJzbGlkZXNob3ciOiJlZGMwNmU3In0%3D\">\t\t<div class=\"elementor-carousel-image\" role=\"img\" aria-label=\"Fuente_el_Saz_25 (1)\" style=\"background-image: url(&#039;https:\/\/monita.es\/wp-content\/uploads\/Fuente_el_Saz_25-1.jpg&#039;)\">\n\n\t\t\t\n\t\t\t\t\t<\/div>\n\t\t\t\t\t<div class=\"elementor-carousel-image-overlay e-overlay-animation-fade\">\n\t\t\t\t<i class=\"fas fa-search-plus\"><\/i>\t\t\t<\/div>\n\t\t\t<\/a>\t\t\t\t\t\t<\/div>\n\t\t\t\t\t\t\t\t\t\t\t<div class=\"swiper-slide\" role=\"group\" aria-roledescription=\"slide\">\n\t\t\t\t\t\t\t<a href=\"https:\/\/monita.es\/wp-content\/uploads\/20221104_165309-1-scaled.jpg\" data-elementor-open-lightbox=\"yes\" data-elementor-lightbox-slideshow=\"edc06e7\" data-elementor-lightbox-title=\"20221104_165309 (1)\" data-e-action-hash=\"#elementor-action%3Aaction%3Dlightbox%26settings%3DeyJpZCI6MjExNDQsInVybCI6Imh0dHBzOlwvXC9tb25pdGEuZXNcL3dwLWNvbnRlbnRcL3VwbG9hZHNcLzIwMjIxMTA0XzE2NTMwOS0xLXNjYWxlZC5qcGciLCJzbGlkZXNob3ciOiJlZGMwNmU3In0%3D\">\t\t<div class=\"elementor-carousel-image\" role=\"img\" aria-label=\"20221104_165309 (1)\" style=\"background-image: url(&#039;https:\/\/monita.es\/wp-content\/uploads\/20221104_165309-1-scaled.jpg&#039;)\">\n\n\t\t\t\n\t\t\t\t\t<\/div>\n\t\t\t\t\t<div class=\"elementor-carousel-image-overlay e-overlay-animation-fade\">\n\t\t\t\t<i class=\"fas fa-search-plus\"><\/i>\t\t\t<\/div>\n\t\t\t<\/a>\t\t\t\t\t\t<\/div>\n\t\t\t\t\t\t\t\t\t\t\t<div class=\"swiper-slide\" role=\"group\" aria-roledescription=\"slide\">\n\t\t\t\t\t\t\t<a href=\"https:\/\/monita.es\/wp-content\/uploads\/2014-01-23-15.03.17-1.jpg\" data-elementor-open-lightbox=\"yes\" data-elementor-lightbox-slideshow=\"edc06e7\" data-elementor-lightbox-title=\"2014-01-23 15.03.17 (1)\" data-e-action-hash=\"#elementor-action%3Aaction%3Dlightbox%26settings%3DeyJpZCI6MjExNDUsInVybCI6Imh0dHBzOlwvXC9tb25pdGEuZXNcL3dwLWNvbnRlbnRcL3VwbG9hZHNcLzIwMTQtMDEtMjMtMTUuMDMuMTctMS5qcGciLCJzbGlkZXNob3ciOiJlZGMwNmU3In0%3D\">\t\t<div class=\"elementor-carousel-image\" role=\"img\" aria-label=\"2014-01-23 15.03.17 (1)\" style=\"background-image: url(&#039;https:\/\/monita.es\/wp-content\/uploads\/2014-01-23-15.03.17-1.jpg&#039;)\">\n\n\t\t\t\n\t\t\t\t\t<\/div>\n\t\t\t\t\t<div class=\"elementor-carousel-image-overlay e-overlay-animation-fade\">\n\t\t\t\t<i class=\"fas fa-search-plus\"><\/i>\t\t\t<\/div>\n\t\t\t<\/a>\t\t\t\t\t\t<\/div>\n\t\t\t\t\t\t\t\t\t\t\t<div class=\"swiper-slide\" role=\"group\" aria-roledescription=\"slide\">\n\t\t\t\t\t\t\t<a href=\"https:\/\/monita.es\/wp-content\/uploads\/WhatsApp-Image-2021-07-01-at-15.40.04-41-2.jpeg\" data-elementor-open-lightbox=\"yes\" data-elementor-lightbox-slideshow=\"edc06e7\" data-elementor-lightbox-title=\"WhatsApp Image 2021-07-01 at 15.40.04 (4)(1) (2)\" data-e-action-hash=\"#elementor-action%3Aaction%3Dlightbox%26settings%3DeyJpZCI6MjExNDYsInVybCI6Imh0dHBzOlwvXC9tb25pdGEuZXNcL3dwLWNvbnRlbnRcL3VwbG9hZHNcL1doYXRzQXBwLUltYWdlLTIwMjEtMDctMDEtYXQtMTUuNDAuMDQtNDEtMi5qcGVnIiwic2xpZGVzaG93IjoiZWRjMDZlNyJ9\">\t\t<div class=\"elementor-carousel-image\" role=\"img\" aria-label=\"WhatsApp Image 2021-07-01 at 15.40.04 (4)(1) (2)\" style=\"background-image: url(&#039;https:\/\/monita.es\/wp-content\/uploads\/WhatsApp-Image-2021-07-01-at-15.40.04-41-2.jpeg&#039;)\">\n\n\t\t\t\n\t\t\t\t\t<\/div>\n\t\t\t\t\t<div class=\"elementor-carousel-image-overlay e-overlay-animation-fade\">\n\t\t\t\t<i class=\"fas fa-search-plus\"><\/i>\t\t\t<\/div>\n\t\t\t<\/a>\t\t\t\t\t\t<\/div>\n\t\t\t\t\t\t\t\t\t<\/div>\n\t\t\t\t\t\t\t\t\t\t\t\t\t\t\t\t\t\t\t\t\t<\/div>\n\t\t\t\t<\/div>\n\t\t\t\t\t\t\t\t<\/div>\n\t\t\t\t<\/div>\n\t\t\t\t<div class=\"elementor-element elementor-element-61e87d52 elementor-widget elementor-widget-heading\" data-id=\"61e87d52\" data-element_type=\"widget\" data-widget_type=\"heading.default\">\n\t\t\t\t<div class=\"elementor-widget-container\">\n\t\t\t\t\t<h2 class=\"elementor-heading-title elementor-size-default\">Accessoris per a Carpes<\/h2>\t\t\t\t<\/div>\n\t\t\t\t<\/div>\n\t\t\t\t\t<\/div>\n\t\t<\/div>\n\t\t\t\t<div class=\"elementor-column elementor-col-25 elementor-inner-column elementor-element elementor-element-84dd53f\" data-id=\"84dd53f\" data-element_type=\"column\">\n\t\t\t<div class=\"elementor-widget-wrap elementor-element-populated\">\n\t\t\t\t\t\t<div class=\"elementor-element elementor-element-0002704 elementor-skin-carousel elementor-widget elementor-widget-media-carousel\" data-id=\"0002704\" data-element_type=\"widget\" data-settings=\"{&quot;space_between&quot;:{&quot;unit&quot;:&quot;px&quot;,&quot;size&quot;:29,&quot;sizes&quot;:[]},&quot;slides_per_view&quot;:&quot;1&quot;,&quot;skin&quot;:&quot;carousel&quot;,&quot;effect&quot;:&quot;slide&quot;,&quot;speed&quot;:500,&quot;space_between_tablet&quot;:{&quot;unit&quot;:&quot;px&quot;,&quot;size&quot;:10,&quot;sizes&quot;:[]},&quot;space_between_mobile&quot;:{&quot;unit&quot;:&quot;px&quot;,&quot;size&quot;:10,&quot;sizes&quot;:[]}}\" data-widget_type=\"media-carousel.default\">\n\t\t\t\t<div class=\"elementor-widget-container\">\n\t\t\t\t\t\t\t\t\t<div class=\"elementor-swiper\">\n\t\t\t\t\t<div class=\"elementor-main-swiper swiper\" role=\"region\" aria-roledescription=\"carousel\" aria-label=\"Diapositives\">\n\t\t\t\t<div class=\"swiper-wrapper\">\n\t\t\t\t\t\t\t\t\t\t\t<div class=\"swiper-slide\" role=\"group\" aria-roledescription=\"slide\">\n\t\t\t\t\t\t\t<a href=\"https:\/\/monita.es\/wp-content\/uploads\/Rot2-scaled.jpg\" data-elementor-open-lightbox=\"yes\" data-elementor-lightbox-slideshow=\"0002704\" data-elementor-lightbox-title=\"Rot2\" data-elementor-lightbox-description=\"Carpa para eventos fabricada por Mo\u00f1ita, instalada en un evento deportivo al aire libre como espacio promocional. Soluci\u00f3n ideal para acciones de marca, eventos patrocinados y actividades deportivas que requieren visibilidad, resistencia y montaje en entornos abiertos.\" data-e-action-hash=\"#elementor-action%3Aaction%3Dlightbox%26settings%3DeyJpZCI6MjExMjgsInVybCI6Imh0dHBzOlwvXC9tb25pdGEuZXNcL3dwLWNvbnRlbnRcL3VwbG9hZHNcL1JvdDItc2NhbGVkLmpwZyIsInNsaWRlc2hvdyI6IjAwMDI3MDQifQ%3D%3D\">\t\t<div class=\"elementor-carousel-image\" role=\"img\" aria-label=\"Carpa para eventos promocionales instalada en evento deportivo al aire libre\" style=\"background-image: url(&#039;https:\/\/monita.es\/wp-content\/uploads\/Rot2-scaled.jpg&#039;)\">\n\n\t\t\t\n\t\t\t\t\t<\/div>\n\t\t\t\t\t<div class=\"elementor-carousel-image-overlay e-overlay-animation-fade\">\n\t\t\t\t<i class=\"fas fa-search-plus\"><\/i>\t\t\t<\/div>\n\t\t\t<\/a>\t\t\t\t\t\t<\/div>\n\t\t\t\t\t\t\t\t\t\t\t<div class=\"swiper-slide\" role=\"group\" aria-roledescription=\"slide\">\n\t\t\t\t\t\t\t<a href=\"https:\/\/monita.es\/wp-content\/uploads\/Rot1-scaled.jpg\" data-elementor-open-lightbox=\"yes\" data-elementor-lightbox-slideshow=\"0002704\" data-elementor-lightbox-title=\"Rot1\" data-elementor-lightbox-description=\"Proyecto de carpas personalizadas con rotulaci\u00f3n exterior, dise\u00f1adas para eventos y acciones de branding en espacios abiertos.\" data-e-action-hash=\"#elementor-action%3Aaction%3Dlightbox%26settings%3DeyJpZCI6MjExMjcsInVybCI6Imh0dHBzOlwvXC9tb25pdGEuZXNcL3dwLWNvbnRlbnRcL3VwbG9hZHNcL1JvdDEtc2NhbGVkLmpwZyIsInNsaWRlc2hvdyI6IjAwMDI3MDQifQ%3D%3D\">\t\t<div class=\"elementor-carousel-image\" role=\"img\" aria-label=\"Carpas personalizadas rotuladas para eventos en exterior con dise\u00f1o publicitario\" style=\"background-image: url(&#039;https:\/\/monita.es\/wp-content\/uploads\/Rot1-scaled.jpg&#039;)\">\n\n\t\t\t\n\t\t\t\t\t<\/div>\n\t\t\t\t\t<div class=\"elementor-carousel-image-overlay e-overlay-animation-fade\">\n\t\t\t\t<i class=\"fas fa-search-plus\"><\/i>\t\t\t<\/div>\n\t\t\t<\/a>\t\t\t\t\t\t<\/div>\n\t\t\t\t\t\t\t\t\t\t\t<div class=\"swiper-slide\" role=\"group\" aria-roledescription=\"slide\">\n\t\t\t\t\t\t\t<a href=\"https:\/\/monita.es\/wp-content\/uploads\/Rot3-scaled.jpg\" data-elementor-open-lightbox=\"yes\" data-elementor-lightbox-slideshow=\"0002704\" data-elementor-lightbox-title=\"Rot3\" data-elementor-lightbox-description=\"Ejemplo de rotulaci\u00f3n de carpas para eventos corporativos, con impresi\u00f3n de gran formato y dise\u00f1o personalizado orientado a visibilidad de marca.\" data-e-action-hash=\"#elementor-action%3Aaction%3Dlightbox%26settings%3DeyJpZCI6MjExMjksInVybCI6Imh0dHBzOlwvXC9tb25pdGEuZXNcL3dwLWNvbnRlbnRcL3VwbG9hZHNcL1JvdDMtc2NhbGVkLmpwZyIsInNsaWRlc2hvdyI6IjAwMDI3MDQifQ%3D%3D\">\t\t<div class=\"elementor-carousel-image\" role=\"img\" aria-label=\"Rotulaci\u00f3n de carpas para evento corporativo con dise\u00f1o publicitario personalizado\" style=\"background-image: url(&#039;https:\/\/monita.es\/wp-content\/uploads\/Rot3-scaled.jpg&#039;)\">\n\n\t\t\t\n\t\t\t\t\t<\/div>\n\t\t\t\t\t<div class=\"elementor-carousel-image-overlay e-overlay-animation-fade\">\n\t\t\t\t<i class=\"fas fa-search-plus\"><\/i>\t\t\t<\/div>\n\t\t\t<\/a>\t\t\t\t\t\t<\/div>\n\t\t\t\t\t\t\t\t\t\t\t<div class=\"swiper-slide\" role=\"group\" aria-roledescription=\"slide\">\n\t\t\t\t\t\t\t<a href=\"https:\/\/monita.es\/wp-content\/uploads\/Rot5-scaled.jpg\" data-elementor-open-lightbox=\"yes\" data-elementor-lightbox-slideshow=\"0002704\" data-elementor-lightbox-title=\"Rot5\" data-elementor-lightbox-description=\"Ejemplo de rotulaci\u00f3n de carpas con dise\u00f1o personalizado e impresi\u00f3n de logotipo sobre lona, ideal para eventos, ferias y acciones de branding.\" data-e-action-hash=\"#elementor-action%3Aaction%3Dlightbox%26settings%3DeyJpZCI6MjExMzAsInVybCI6Imh0dHBzOlwvXC9tb25pdGEuZXNcL3dwLWNvbnRlbnRcL3VwbG9hZHNcL1JvdDUtc2NhbGVkLmpwZyIsInNsaWRlc2hvdyI6IjAwMDI3MDQifQ%3D%3D\">\t\t<div class=\"elementor-carousel-image\" role=\"img\" aria-label=\"Rotulaci\u00f3n de carpas personalizadas con impresi\u00f3n de logotipo para eventos y empresas\" style=\"background-image: url(&#039;https:\/\/monita.es\/wp-content\/uploads\/Rot5-scaled.jpg&#039;)\">\n\n\t\t\t\n\t\t\t\t\t<\/div>\n\t\t\t\t\t<div class=\"elementor-carousel-image-overlay e-overlay-animation-fade\">\n\t\t\t\t<i class=\"fas fa-search-plus\"><\/i>\t\t\t<\/div>\n\t\t\t<\/a>\t\t\t\t\t\t<\/div>\n\t\t\t\t\t\t\t\t\t\t\t<div class=\"swiper-slide\" role=\"group\" aria-roledescription=\"slide\">\n\t\t\t\t\t\t\t<a href=\"https:\/\/monita.es\/wp-content\/uploads\/Rot4.jpg\" data-elementor-open-lightbox=\"yes\" data-elementor-lightbox-slideshow=\"0002704\" data-elementor-lightbox-title=\"Rot4\" data-elementor-lightbox-description=\"Proyecto de rotulaci\u00f3n interior de carpas para eventos, con dise\u00f1o gr\u00e1fico, ambientaci\u00f3n y personalizaci\u00f3n completa del espacio para reforzar la experiencia de marca.\" data-e-action-hash=\"#elementor-action%3Aaction%3Dlightbox%26settings%3DeyJpZCI6MjExMzEsInVybCI6Imh0dHBzOlwvXC9tb25pdGEuZXNcL3dwLWNvbnRlbnRcL3VwbG9hZHNcL1JvdDQuanBnIiwic2xpZGVzaG93IjoiMDAwMjcwNCJ9\">\t\t<div class=\"elementor-carousel-image\" role=\"img\" aria-label=\"Rotulaci\u00f3n interior de carpas para eventos corporativos con branding y dise\u00f1o personalizado\" style=\"background-image: url(&#039;https:\/\/monita.es\/wp-content\/uploads\/Rot4.jpg&#039;)\">\n\n\t\t\t\n\t\t\t\t\t<\/div>\n\t\t\t\t\t<div class=\"elementor-carousel-image-overlay e-overlay-animation-fade\">\n\t\t\t\t<i class=\"fas fa-search-plus\"><\/i>\t\t\t<\/div>\n\t\t\t<\/a>\t\t\t\t\t\t<\/div>\n\t\t\t\t\t\t\t\t\t\t\t<div class=\"swiper-slide\" role=\"group\" aria-roledescription=\"slide\">\n\t\t\t\t\t\t\t<a href=\"https:\/\/monita.es\/wp-content\/uploads\/JaimasCarpas.jpg\" data-elementor-open-lightbox=\"yes\" data-elementor-lightbox-slideshow=\"0002704\" data-elementor-lightbox-title=\"JaimasCarpas\" data-elementor-lightbox-description=\"Alquiler y venta de jaimas y carpas para eventos en toda Espa\u00f1a. Estructuras modulares certificadas con montaje profesional y asesoramiento t\u00e9cnico.\" data-e-action-hash=\"#elementor-action%3Aaction%3Dlightbox%26settings%3DeyJpZCI6MjEwODAsInVybCI6Imh0dHBzOlwvXC9tb25pdGEuZXNcL3dwLWNvbnRlbnRcL3VwbG9hZHNcL0phaW1hc0NhcnBhcy5qcGciLCJzbGlkZXNob3ciOiIwMDAyNzA0In0%3D\">\t\t<div class=\"elementor-carousel-image\" role=\"img\" aria-label=\"Jaimas y carpas para eventos al aire libre instaladas por Mo\u00f1ita\" style=\"background-image: url(&#039;https:\/\/monita.es\/wp-content\/uploads\/JaimasCarpas.jpg&#039;)\">\n\n\t\t\t\n\t\t\t\t\t<\/div>\n\t\t\t\t\t<div class=\"elementor-carousel-image-overlay e-overlay-animation-fade\">\n\t\t\t\t<i class=\"fas fa-search-plus\"><\/i>\t\t\t<\/div>\n\t\t\t<\/a>\t\t\t\t\t\t<\/div>\n\t\t\t\t\t\t\t\t\t<\/div>\n\t\t\t\t\t\t\t\t\t\t\t\t\t\t\t\t\t\t\t\t\t<\/div>\n\t\t\t\t<\/div>\n\t\t\t\t\t\t\t\t<\/div>\n\t\t\t\t<\/div>\n\t\t\t\t<div class=\"elementor-element elementor-element-3a9dcc03 elementor-widget elementor-widget-heading\" data-id=\"3a9dcc03\" data-element_type=\"widget\" data-widget_type=\"heading.default\">\n\t\t\t\t<div class=\"elementor-widget-container\">\n\t\t\t\t\t<h2 class=\"elementor-heading-title elementor-size-default\">Retolaci\u00f3 de Carpes<\/h2>\t\t\t\t<\/div>\n\t\t\t\t<\/div>\n\t\t\t\t\t<\/div>\n\t\t<\/div>\n\t\t\t\t\t<\/div>\n\t\t<\/section>\n\t\t\t\t\t<\/div>\n\t\t<\/div>\n\t\t\t\t\t<\/div>\n\t\t<\/section>\n\t\t\t\t<section class=\"elementor-section elementor-top-section elementor-element elementor-element-579fb606 elementor-section-height-min-height elementor-section-items-top elementor-section-boxed elementor-section-height-default\" data-id=\"579fb606\" data-element_type=\"section\" data-settings=\"{&quot;background_background&quot;:&quot;classic&quot;}\">\n\t\t\t\t\t\t\t<div class=\"elementor-background-overlay\"><\/div>\n\t\t\t\t\t\t\t<div class=\"elementor-container elementor-column-gap-no\">\n\t\t\t\t\t<div class=\"elementor-column elementor-col-100 elementor-top-column elementor-element elementor-element-65d0f68\" data-id=\"65d0f68\" data-element_type=\"column\">\n\t\t\t<div class=\"elementor-widget-wrap elementor-element-populated\">\n\t\t\t\t\t\t<div class=\"elementor-element elementor-element-3a3e543a elementor-widget elementor-widget-heading\" data-id=\"3a3e543a\" data-element_type=\"widget\" data-widget_type=\"heading.default\">\n\t\t\t\t<div class=\"elementor-widget-container\">\n\t\t\t\t\t<h2 class=\"elementor-heading-title elementor-size-default\">Contacti'ns<\/h2>\t\t\t\t<\/div>\n\t\t\t\t<\/div>\n\t\t\t\t<div class=\"elementor-element elementor-element-adc89cf elementor-widget__width-initial elementor-widget elementor-widget-text-editor\" data-id=\"adc89cf\" data-element_type=\"widget\" data-widget_type=\"text-editor.default\">\n\t\t\t\t<div class=\"elementor-widget-container\">\n\t\t\t\t\t\t\t\t\t<p><span style=\"font-weight: 400;\">Poseu-ho en contacte amb nosaltres. Els nostres especialistes el podran assessorar per proposar-li la millor soluci\u00f3 al seu projecte. Comptem amb m\u00e9s de 80 anys d&#8217;experi\u00e8ncia en la fabricaci\u00f3 de lones, confecci\u00f3 industrial, tendals, carpes i arquitectura t\u00e8xtil. <\/span><\/p>\n\t\t\t\t\t\t\t\t<\/div>\n\t\t\t\t<\/div>\n\t\t\t\t<div class=\"elementor-element elementor-element-2c986c1e elementor-mobile-align-center elementor-widget elementor-widget-button\" data-id=\"2c986c1e\" data-element_type=\"widget\" data-widget_type=\"button.default\">\n\t\t\t\t<div class=\"elementor-widget-container\">\n\t\t\t\t\t\t\t\t\t<div class=\"elementor-button-wrapper\">\n\t\t\t\t\t<a class=\"elementor-button elementor-button-link elementor-size-sm\" href=\"https:\/\/monita.es\/contacto-ubicacion\/\">\n\t\t\t\t\t\t<span class=\"elementor-button-content-wrapper\">\n\t\t\t\t\t\t<span class=\"elementor-button-icon\">\n\t\t\t\t<svg xmlns=\"http:\/\/www.w3.org\/2000\/svg\" id=\"e7693ca5-bf76-42df-999c-dbc3066cda9e\" data-name=\"Layer 1\" width=\"21.3525\" height=\"10.7197\" viewBox=\"0 0 21.3525 10.7197\"><polygon points=\"21 5.229 21.343 4.865 16.165 0 15.479 0.729 19.737 4.729 0 4.729 0 5.729 19.786 5.729 15.47 10.009 16.175 10.72 21.353 5.584 21 5.229\"><\/polygon><\/svg>\t\t\t<\/span>\n\t\t\t\t\t\t\t\t\t<span class=\"elementor-button-text\">Sol\u00b7licita pressupost<\/span>\n\t\t\t\t\t<\/span>\n\t\t\t\t\t<\/a>\n\t\t\t\t<\/div>\n\t\t\t\t\t\t\t\t<\/div>\n\t\t\t\t<\/div>\n\t\t\t\t\t<\/div>\n\t\t<\/div>\n\t\t\t\t\t<\/div>\n\t\t<\/section>\n\t\t\t\t<section class=\"elementor-section elementor-top-section elementor-element elementor-element-55b624d2 elementor-section-content-top elementor-section-boxed elementor-section-height-default elementor-section-height-default\" data-id=\"55b624d2\" data-element_type=\"section\">\n\t\t\t\t\t\t<div class=\"elementor-container elementor-column-gap-no\">\n\t\t\t\t\t<div class=\"elementor-column elementor-col-33 elementor-top-column elementor-element elementor-element-66b7b9c3\" data-id=\"66b7b9c3\" data-element_type=\"column\">\n\t\t\t<div class=\"elementor-widget-wrap elementor-element-populated\">\n\t\t\t\t\t\t<div class=\"elementor-element elementor-element-82d85ef elementor-widget elementor-widget-heading\" data-id=\"82d85ef\" data-element_type=\"widget\" data-widget_type=\"heading.default\">\n\t\t\t\t<div class=\"elementor-widget-container\">\n\t\t\t\t\t<h5 class=\"elementor-heading-title elementor-size-default\">L\u00edders en Solucions Industrials<\/h5>\t\t\t\t<\/div>\n\t\t\t\t<\/div>\n\t\t\t\t<div class=\"elementor-element elementor-element-7c74e533 animated-slow elementor-invisible elementor-widget elementor-widget-heading\" data-id=\"7c74e533\" data-element_type=\"widget\" data-settings=\"{&quot;_animation&quot;:&quot;fadeIn&quot;}\" data-widget_type=\"heading.default\">\n\t\t\t\t<div class=\"elementor-widget-container\">\n\t\t\t\t\t<h2 class=\"elementor-heading-title elementor-size-default\">M\u00e9s sobre Lloguer de Carpes<\/h2>\t\t\t\t<\/div>\n\t\t\t\t<\/div>\n\t\t\t\t<div class=\"elementor-element elementor-element-48bb26c9 elementor-invisible elementor-widget elementor-widget-text-editor\" data-id=\"48bb26c9\" data-element_type=\"widget\" data-settings=\"{&quot;_animation&quot;:&quot;fadeIn&quot;,&quot;_animation_delay&quot;:200}\" data-widget_type=\"text-editor.default\">\n\t\t\t\t<div class=\"elementor-widget-container\">\n\t\t\t\t\t\t\t\t\t<p>Confieu en el nostre bon fer, tal com ho han fet milers de clients satisfets amb el que fem.<\/p>\n\t\t\t\t\t\t\t\t<\/div>\n\t\t\t\t<\/div>\n\t\t\t\t<div class=\"elementor-element elementor-element-35a5881c elementor-widget elementor-widget-image\" data-id=\"35a5881c\" data-element_type=\"widget\" data-widget_type=\"image.default\">\n\t\t\t\t<div class=\"elementor-widget-container\">\n\t\t\t\t\t\t\t\t\t\t\t\t\t\t\t<img fetchpriority=\"high\" decoding=\"async\" width=\"750\" height=\"422\" src=\"https:\/\/monita.es\/wp-content\/uploads\/Carrusel-1-750x422.jpg\" class=\"attachment-large size-large wp-image-19524\" alt=\"P\u00e9rgolas y toldos instalados en espacio corporativo exterior\" srcset=\"https:\/\/monita.es\/wp-content\/uploads\/Carrusel-1-750x422.jpg 750w, https:\/\/monita.es\/wp-content\/uploads\/Carrusel-1-138x79.jpg 138w, https:\/\/monita.es\/wp-content\/uploads\/Carrusel-1-768x432.jpg 768w, https:\/\/monita.es\/wp-content\/uploads\/Carrusel-1-1536x864.jpg 1536w, https:\/\/monita.es\/wp-content\/uploads\/Carrusel-1-2048x1152.jpg 2048w\" sizes=\"(max-width: 750px) 100vw, 750px\" \/>\t\t\t\t\t\t\t\t\t\t\t\t\t\t\t<\/div>\n\t\t\t\t<\/div>\n\t\t\t\t\t<\/div>\n\t\t<\/div>\n\t\t\t\t<div class=\"elementor-column elementor-col-66 elementor-top-column elementor-element elementor-element-28219b75\" data-id=\"28219b75\" data-element_type=\"column\">\n\t\t\t<div class=\"elementor-widget-wrap elementor-element-populated\">\n\t\t\t\t\t\t<div class=\"elementor-element elementor-element-57197667 elementor-widget elementor-widget-toggle\" data-id=\"57197667\" data-element_type=\"widget\" data-widget_type=\"toggle.default\">\n\t\t\t\t<div class=\"elementor-widget-container\">\n\t\t\t\t\t\t\t<div class=\"elementor-toggle\">\n\t\t\t\t\t\t\t<div class=\"elementor-toggle-item\">\n\t\t\t\t\t<div id=\"elementor-tab-title-1461\" class=\"elementor-tab-title\" data-tab=\"1\" role=\"button\" aria-controls=\"elementor-tab-content-1461\" aria-expanded=\"false\">\n\t\t\t\t\t\t\t\t\t\t\t\t<span class=\"elementor-toggle-icon elementor-toggle-icon-right\" aria-hidden=\"true\">\n\t\t\t\t\t\t\t\t\t\t\t\t\t\t\t<span class=\"elementor-toggle-icon-closed\"><svg xmlns=\"http:\/\/www.w3.org\/2000\/svg\" id=\"b64b7500-205e-4b4c-b85b-719c6b9efefc\" data-name=\"Layer 1\" width=\"14.6802\" height=\"7.5488\" viewBox=\"0 0 14.6802 7.5488\"><polygon points=\"7.34 7.549 0 0.732 0.681 0 7.34 6.184 14 0 14.68 0.732 7.34 7.549\"><\/polygon><\/svg><\/span>\n\t\t\t\t\t\t\t\t<span class=\"elementor-toggle-icon-opened\"><svg xmlns=\"http:\/\/www.w3.org\/2000\/svg\" id=\"a9a06c65-5466-4dff-9af0-1537f84a1b5f\" data-name=\"Layer 1\" width=\"14.6802\" height=\"7.5488\" viewBox=\"0 0 14.6802 7.5488\"><polygon points=\"7.34 0 14.68 6.816 14 7.549 7.34 1.365 0.68 7.549 0 6.816 7.34 0\"><\/polygon><\/svg><\/span>\n\t\t\t\t\t\t\t\t\t\t\t\t\t<\/span>\n\t\t\t\t\t\t\t\t\t\t\t\t<a class=\"elementor-toggle-title\" tabindex=\"0\">Experts en el lloguer de carpes<\/a>\n\t\t\t\t\t<\/div>\n\n\t\t\t\t\t<div id=\"elementor-tab-content-1461\" class=\"elementor-tab-content elementor-clearfix\" data-tab=\"1\" role=\"region\" aria-labelledby=\"elementor-tab-title-1461\"><p>Treballem com a <strong>prove\u00efdor principal de diferents empreses<\/strong>, les quals ens escullen per raons com:<\/p>\n<ul>\n<li>La qualitat<\/li>\n<li>Les garanties<\/li>\n<li>La producci\u00f3 estandarditzada<\/li>\n<li>L&#8217; estoc permanent<\/li>\n<li>El servei<\/li>\n<li>La rapidesa<\/li>\n<li>La col\u00b7laboraci\u00f3 en muntatges<\/li>\n<li>El preu<\/li>\n<li>La reposici\u00f3 de lones<\/li>\n<\/ul>\n<\/div>\n\t\t\t\t<\/div>\n\t\t\t\t\t\t\t<div class=\"elementor-toggle-item\">\n\t\t\t\t\t<div id=\"elementor-tab-title-1462\" class=\"elementor-tab-title\" data-tab=\"2\" role=\"button\" aria-controls=\"elementor-tab-content-1462\" aria-expanded=\"false\">\n\t\t\t\t\t\t\t\t\t\t\t\t<span class=\"elementor-toggle-icon elementor-toggle-icon-right\" aria-hidden=\"true\">\n\t\t\t\t\t\t\t\t\t\t\t\t\t\t\t<span class=\"elementor-toggle-icon-closed\"><svg xmlns=\"http:\/\/www.w3.org\/2000\/svg\" id=\"b64b7500-205e-4b4c-b85b-719c6b9efefc\" data-name=\"Layer 1\" width=\"14.6802\" height=\"7.5488\" viewBox=\"0 0 14.6802 7.5488\"><polygon points=\"7.34 7.549 0 0.732 0.681 0 7.34 6.184 14 0 14.68 0.732 7.34 7.549\"><\/polygon><\/svg><\/span>\n\t\t\t\t\t\t\t\t<span class=\"elementor-toggle-icon-opened\"><svg xmlns=\"http:\/\/www.w3.org\/2000\/svg\" id=\"a9a06c65-5466-4dff-9af0-1537f84a1b5f\" data-name=\"Layer 1\" width=\"14.6802\" height=\"7.5488\" viewBox=\"0 0 14.6802 7.5488\"><polygon points=\"7.34 0 14.68 6.816 14 7.549 7.34 1.365 0.68 7.549 0 6.816 7.34 0\"><\/polygon><\/svg><\/span>\n\t\t\t\t\t\t\t\t\t\t\t\t\t<\/span>\n\t\t\t\t\t\t\t\t\t\t\t\t<a class=\"elementor-toggle-title\" tabindex=\"0\">Raons per les quals llogar una carpa<\/a>\n\t\t\t\t\t<\/div>\n\n\t\t\t\t\t<div id=\"elementor-tab-content-1462\" class=\"elementor-tab-content elementor-clearfix\" data-tab=\"2\" role=\"region\" aria-labelledby=\"elementor-tab-title-1462\"><p>Utilitzar o no una carpa en un esdeveniment a l&#8217;aire lliure pot marcar la difer\u00e8ncia. I \u00e9s que amb el lloguer d&#8217;una carpa tot s\u00f3n <strong>avantatges<\/strong>:<\/p>\n<ul>\n<li><strong>Organitzaci\u00f3<\/strong>: Permet dur a terme una organitzaci\u00f3 m\u00e9s eficient amb la seguretat que tindr\u00e0 un espai en el qual els convidats puguin reunir-se, independentment de factors externs.<\/li>\n<li><strong>Comoditat<\/strong>: Una carpa protegeix tots els convidats de la pluja i el sol intens, proporcionant un ambient agradable i ombrejat.<\/li>\n<li><strong>Flexibilitat<\/strong>: Existeixen diferents mides i formes de carpes, de tal manera que aquestes s&#8217; adapten al nombre de convidats i tipus d&#8217; esdeveniment a celebrar.<\/li>\n<li><strong>Decoraci\u00f3 i il\u00b7luminaci\u00f3<\/strong>: Les carpes tamb\u00e9 es poden personalitzar de manera que les pugui convertir en un espai \u00fanic en base al tipus d&#8217;esdeveniment i gustos personals. Per a aix\u00f2 existeixen diferents tipus i accessoris per a carpes.<\/li>\n<li><strong>Intimitat<\/strong>: Un espai obert com a tal sembla inabastable, per\u00f2 amb una carpa podr\u00e0 definir certs l\u00edmits i donar privacitat a la situaci\u00f3.<\/li>\n<li><strong>Cost<\/strong>: Llogar una carpa quan ja es compta amb un espai on poder muntar-la \u00e9s molt rendible econ\u00f2micament parlant.<\/li>\n<\/ul>\n<p>A MO\u00d1ITA posem a la seva disposici\u00f3<strong> diferents tipus de carpes <\/strong>que el sorprendran. En un principi aquesta elecci\u00f3 pot semblar una tonteria, per\u00f2 el cert \u00e9s que cal <strong>tenir en compte certes caracter\u00edstiques<\/strong><strong> a l&#8217;hora de l&#8217;elecci\u00f3 d&#8217;una carpa<\/strong>.<\/p>\n<p>No es pot utilitzar el mateix tipus de carpa si l&#8217;esdeveniment ha de tenir lloc en un lloc tancat o a l&#8217;aire lliure, a la natura o en una zona urbana, si \u00e9s un esdeveniment social o corporatiu, si hi ha molta gent, si hi ha d&#8217;haver algun escenari, si s&#8217;han de donar algun tipus de menjars o estar durant un llarg temps, etc.<\/p>\n<p>Despr\u00e9s d&#8217;analitzar tots aquests aspectes, decantar-se per una o altra opci\u00f3 ser\u00e0 m\u00e9s senzill. Si no ho t\u00e9 gens clar, aqu\u00ed li exposem els diferents tipus de carpes que pot llogar amb Mo\u00f1ita.<\/p>\n<\/div>\n\t\t\t\t<\/div>\n\t\t\t\t\t\t\t<div class=\"elementor-toggle-item\">\n\t\t\t\t\t<div id=\"elementor-tab-title-1463\" class=\"elementor-tab-title\" data-tab=\"3\" role=\"button\" aria-controls=\"elementor-tab-content-1463\" aria-expanded=\"false\">\n\t\t\t\t\t\t\t\t\t\t\t\t<span class=\"elementor-toggle-icon elementor-toggle-icon-right\" aria-hidden=\"true\">\n\t\t\t\t\t\t\t\t\t\t\t\t\t\t\t<span class=\"elementor-toggle-icon-closed\"><svg xmlns=\"http:\/\/www.w3.org\/2000\/svg\" id=\"b64b7500-205e-4b4c-b85b-719c6b9efefc\" data-name=\"Layer 1\" width=\"14.6802\" height=\"7.5488\" viewBox=\"0 0 14.6802 7.5488\"><polygon points=\"7.34 7.549 0 0.732 0.681 0 7.34 6.184 14 0 14.68 0.732 7.34 7.549\"><\/polygon><\/svg><\/span>\n\t\t\t\t\t\t\t\t<span class=\"elementor-toggle-icon-opened\"><svg xmlns=\"http:\/\/www.w3.org\/2000\/svg\" id=\"a9a06c65-5466-4dff-9af0-1537f84a1b5f\" data-name=\"Layer 1\" width=\"14.6802\" height=\"7.5488\" viewBox=\"0 0 14.6802 7.5488\"><polygon points=\"7.34 0 14.68 6.816 14 7.549 7.34 1.365 0.68 7.549 0 6.816 7.34 0\"><\/polygon><\/svg><\/span>\n\t\t\t\t\t\t\t\t\t\t\t\t\t<\/span>\n\t\t\t\t\t\t\t\t\t\t\t\t<a class=\"elementor-toggle-title\" tabindex=\"0\">Lloguer de Llarga durada<\/a>\n\t\t\t\t\t<\/div>\n\n\t\t\t\t\t<div id=\"elementor-tab-content-1463\" class=\"elementor-tab-content elementor-clearfix\" data-tab=\"3\" role=\"region\" aria-labelledby=\"elementor-tab-title-1463\"><p><span style=\"font-weight: 400;\">Depenent de l&#8217;\u00fas que se li vagi a donar a la carpa, cada vegada amb m\u00e9s freq\u00fc\u00e8ncia es donen els lloguers de llarga durada. Tant si es tracta d&#8217; una carpa per a esdeveniments o d&#8217; una carpa industrial, el lloguer de llarga durada pot resultar interessant si es donen determinats condicionants: <\/span><\/p>\n<ul>\n<li style=\"font-weight: 400;\" aria-level=\"1\"><span style=\"font-weight: 400;\">Si estem buscant una soluci\u00f3 de flexibilitat a una necessitat temporal o puntual. <\/span><\/li>\n<li style=\"font-weight: 400;\" aria-level=\"1\"><span style=\"font-weight: 400;\">Si el terreny no \u00e9s en propietat i no es t\u00e9 certesa del temps de la instal\u00b7laci\u00f3. <\/span><\/li>\n<li style=\"font-weight: 400;\" aria-level=\"1\"><span style=\"font-weight: 400;\">Si necessitem deixar lliure el terreny passat un temps.<\/span><\/li>\n<li style=\"font-weight: 400;\" aria-level=\"1\"><span style=\"font-weight: 400;\">Si fiscalment ens interessa repercutir una despesa i no realitzar una inversi\u00f3.<\/span><\/li>\n<li style=\"font-weight: 400;\" aria-level=\"1\"><span style=\"font-weight: 400;\">Si volem estar centrats en la nostra activitat i que sigui l&#8217;instal\u00b7lador qui s&#8217;encarregui del manteniment peri\u00f2dic i de qualsevol incid\u00e8ncia, canvi o millora que sigui necess\u00e0ria a la carpa. <\/span><\/li>\n<\/ul>\n<\/div>\n\t\t\t\t<\/div>\n\t\t\t\t\t\t\t<div class=\"elementor-toggle-item\">\n\t\t\t\t\t<div id=\"elementor-tab-title-1464\" class=\"elementor-tab-title\" data-tab=\"4\" role=\"button\" aria-controls=\"elementor-tab-content-1464\" aria-expanded=\"false\">\n\t\t\t\t\t\t\t\t\t\t\t\t<span class=\"elementor-toggle-icon elementor-toggle-icon-right\" aria-hidden=\"true\">\n\t\t\t\t\t\t\t\t\t\t\t\t\t\t\t<span class=\"elementor-toggle-icon-closed\"><svg xmlns=\"http:\/\/www.w3.org\/2000\/svg\" id=\"b64b7500-205e-4b4c-b85b-719c6b9efefc\" data-name=\"Layer 1\" width=\"14.6802\" height=\"7.5488\" viewBox=\"0 0 14.6802 7.5488\"><polygon points=\"7.34 7.549 0 0.732 0.681 0 7.34 6.184 14 0 14.68 0.732 7.34 7.549\"><\/polygon><\/svg><\/span>\n\t\t\t\t\t\t\t\t<span class=\"elementor-toggle-icon-opened\"><svg xmlns=\"http:\/\/www.w3.org\/2000\/svg\" id=\"a9a06c65-5466-4dff-9af0-1537f84a1b5f\" data-name=\"Layer 1\" width=\"14.6802\" height=\"7.5488\" viewBox=\"0 0 14.6802 7.5488\"><polygon points=\"7.34 0 14.68 6.816 14 7.549 7.34 1.365 0.68 7.549 0 6.816 7.34 0\"><\/polygon><\/svg><\/span>\n\t\t\t\t\t\t\t\t\t\t\t\t\t<\/span>\n\t\t\t\t\t\t\t\t\t\t\t\t<a class=\"elementor-toggle-title\" tabindex=\"0\">Lloguer de carpes grans<\/a>\n\t\t\t\t\t<\/div>\n\n\t\t\t\t\t<div id=\"elementor-tab-content-1464\" class=\"elementor-tab-content elementor-clearfix\" data-tab=\"4\" role=\"region\" aria-labelledby=\"elementor-tab-title-1464\"><p>Les carpes grans s\u00f3n aquelles de gran mida, molt m\u00e9s robustes, amb lones m\u00e9s gruixutes i amb diferents sistemes de refor\u00e7 estructural.<\/p>\n<p>Una carpa gran es pot destinar a diferents usos com <strong>ind\u00fastria i emmagatzematge<\/strong>, o actes socials com poden ser <strong>casaments, confer\u00e8ncies o esdeveniments esportius<\/strong>. Per aix\u00f2, depenent de la seva finalitat podem optar per uns o altres models.<\/p>\n<p>Aquest tipus de carpes proporcionen comoditat, ja que es pot caminar amb tranquil\u00b7litat pel seu interior sense sentir agosarat, dona gran protecci\u00f3 del fred, amb la possibilitat d&#8217;obrir algunes zones i facilitar el flux de persones i aire.<\/p>\n<\/div>\n\t\t\t\t<\/div>\n\t\t\t\t\t\t\t<div class=\"elementor-toggle-item\">\n\t\t\t\t\t<div id=\"elementor-tab-title-1465\" class=\"elementor-tab-title\" data-tab=\"5\" role=\"button\" aria-controls=\"elementor-tab-content-1465\" aria-expanded=\"false\">\n\t\t\t\t\t\t\t\t\t\t\t\t<span class=\"elementor-toggle-icon elementor-toggle-icon-right\" aria-hidden=\"true\">\n\t\t\t\t\t\t\t\t\t\t\t\t\t\t\t<span class=\"elementor-toggle-icon-closed\"><svg xmlns=\"http:\/\/www.w3.org\/2000\/svg\" id=\"b64b7500-205e-4b4c-b85b-719c6b9efefc\" data-name=\"Layer 1\" width=\"14.6802\" height=\"7.5488\" viewBox=\"0 0 14.6802 7.5488\"><polygon points=\"7.34 7.549 0 0.732 0.681 0 7.34 6.184 14 0 14.68 0.732 7.34 7.549\"><\/polygon><\/svg><\/span>\n\t\t\t\t\t\t\t\t<span class=\"elementor-toggle-icon-opened\"><svg xmlns=\"http:\/\/www.w3.org\/2000\/svg\" id=\"a9a06c65-5466-4dff-9af0-1537f84a1b5f\" data-name=\"Layer 1\" width=\"14.6802\" height=\"7.5488\" viewBox=\"0 0 14.6802 7.5488\"><polygon points=\"7.34 0 14.68 6.816 14 7.549 7.34 1.365 0.68 7.549 0 6.816 7.34 0\"><\/polygon><\/svg><\/span>\n\t\t\t\t\t\t\t\t\t\t\t\t\t<\/span>\n\t\t\t\t\t\t\t\t\t\t\t\t<a class=\"elementor-toggle-title\" tabindex=\"0\">Lloguer carpes retolades<\/a>\n\t\t\t\t\t<\/div>\n\n\t\t\t\t\t<div id=\"elementor-tab-content-1465\" class=\"elementor-tab-content elementor-clearfix\" data-tab=\"5\" role=\"region\" aria-labelledby=\"elementor-tab-title-1465\"><p>Les carpes retolades s\u00f3n aquelles que tenen a les seves lones <strong>publicitat<\/strong> d&#8217; una determinada empresa. La retolaci\u00f3 personalitza les carpes i <strong>donen a con\u00e8ixer el negoci o activitat <\/strong><strong>del propietari<\/strong>. A m\u00e9s, tenen la particularitat de ser f\u00e0cils de transportar i muntar, per la qual cosa s\u00f3n molt utilitzades en esdeveniments promocionals, maratons, concerts, fira i alhora tamb\u00e9 en terrasses del sector de l&#8217;hostaleria.<\/p>\n<p>En definitiva, \u00e9s una perfecta opci\u00f3 si busca una personalitzaci\u00f3 completa en la retolaci\u00f3 de lones.<\/p>\n<p>Si est\u00e0 organitzant un esdeveniment o celebraci\u00f3 i est\u00e0 considerant llogar una carpa, poseu-se en <a href=\"https:\/\/monita.es\/contacto-ubicacion\/\"><strong>contacte<\/strong><\/a> amb nosaltres avui mateix. A Mo\u00f1ita prestem <strong>servei a nivell nacional <\/strong>i comptem amb <strong>personal qualificat<\/strong> que estar\u00e0 encantat de poder ajudar-lo.<\/p>\n<\/div>\n\t\t\t\t<\/div>\n\t\t\t\t\t\t\t\t\t\t<script type=\"application\/ld+json\">{\"@context\":\"https:\\\/\\\/schema.org\",\"@type\":\"FAQPage\",\"mainEntity\":[{\"@type\":\"Question\",\"name\":\"Experts en el lloguer de carpes\",\"acceptedAnswer\":{\"@type\":\"Answer\",\"text\":\"<p>Treballem com a <strong>prove\\u00efdor principal de diferents empreses<\\\/strong>, les quals ens escullen per raons com:<\\\/p>\\n<ul>\\n<li>La qualitat<\\\/li>\\n<li>Les garanties<\\\/li>\\n<li>La producci\\u00f3 estandarditzada<\\\/li>\\n<li>L&#8217; estoc permanent<\\\/li>\\n<li>El servei<\\\/li>\\n<li>La rapidesa<\\\/li>\\n<li>La col\\u00b7laboraci\\u00f3 en muntatges<\\\/li>\\n<li>El preu<\\\/li>\\n<li>La reposici\\u00f3 de lones<\\\/li>\\n<\\\/ul>\\n\"}},{\"@type\":\"Question\",\"name\":\"Raons per les quals llogar una carpa\",\"acceptedAnswer\":{\"@type\":\"Answer\",\"text\":\"<p>Utilitzar o no una carpa en un esdeveniment a l&#8217;aire lliure pot marcar la difer\\u00e8ncia. I \\u00e9s que amb el lloguer d&#8217;una carpa tot s\\u00f3n <strong>avantatges<\\\/strong>:<\\\/p>\\n<ul>\\n<li><strong>Organitzaci\\u00f3<\\\/strong>: Permet dur a terme una organitzaci\\u00f3 m\\u00e9s eficient amb la seguretat que tindr\\u00e0 un espai en el qual els convidats puguin reunir-se, independentment de factors externs.<\\\/li>\\n<li><strong>Comoditat<\\\/strong>: Una carpa protegeix tots els convidats de la pluja i el sol intens, proporcionant un ambient agradable i ombrejat.<\\\/li>\\n<li><strong>Flexibilitat<\\\/strong>: Existeixen diferents mides i formes de carpes, de tal manera que aquestes s&#8217; adapten al nombre de convidats i tipus d&#8217; esdeveniment a celebrar.<\\\/li>\\n<li><strong>Decoraci\\u00f3 i il\\u00b7luminaci\\u00f3<\\\/strong>: Les carpes tamb\\u00e9 es poden personalitzar de manera que les pugui convertir en un espai \\u00fanic en base al tipus d&#8217;esdeveniment i gustos personals. Per a aix\\u00f2 existeixen diferents tipus i accessoris per a carpes.<\\\/li>\\n<li><strong>Intimitat<\\\/strong>: Un espai obert com a tal sembla inabastable, per\\u00f2 amb una carpa podr\\u00e0 definir certs l\\u00edmits i donar privacitat a la situaci\\u00f3.<\\\/li>\\n<li><strong>Cost<\\\/strong>: Llogar una carpa quan ja es compta amb un espai on poder muntar-la \\u00e9s molt rendible econ\\u00f2micament parlant.<\\\/li>\\n<\\\/ul>\\n<p>A MO\\u00d1ITA posem a la seva disposici\\u00f3<strong> diferents tipus de carpes <\\\/strong>que el sorprendran. En un principi aquesta elecci\\u00f3 pot semblar una tonteria, per\\u00f2 el cert \\u00e9s que cal <strong>tenir en compte certes caracter\\u00edstiques<\\\/strong><strong> a l&#8217;hora de l&#8217;elecci\\u00f3 d&#8217;una carpa<\\\/strong>.<\\\/p>\\n<p>No es pot utilitzar el mateix tipus de carpa si l&#8217;esdeveniment ha de tenir lloc en un lloc tancat o a l&#8217;aire lliure, a la natura o en una zona urbana, si \\u00e9s un esdeveniment social o corporatiu, si hi ha molta gent, si hi ha d&#8217;haver algun escenari, si s&#8217;han de donar algun tipus de menjars o estar durant un llarg temps, etc.<\\\/p>\\n<p>Despr\\u00e9s d&#8217;analitzar tots aquests aspectes, decantar-se per una o altra opci\\u00f3 ser\\u00e0 m\\u00e9s senzill. Si no ho t\\u00e9 gens clar, aqu\\u00ed li exposem els diferents tipus de carpes que pot llogar amb Mo\\u00f1ita.<\\\/p>\\n\"}},{\"@type\":\"Question\",\"name\":\"Lloguer de Llarga durada\",\"acceptedAnswer\":{\"@type\":\"Answer\",\"text\":\"<p><span style=\\\"font-weight: 400;\\\">Depenent de l&#8217;\\u00fas que se li vagi a donar a la carpa, cada vegada amb m\\u00e9s freq\\u00fc\\u00e8ncia es donen els lloguers de llarga durada. Tant si es tracta d&#8217; una carpa per a esdeveniments o d&#8217; una carpa industrial, el lloguer de llarga durada pot resultar interessant si es donen determinats condicionants: <\\\/span><\\\/p>\\n<ul>\\n<li style=\\\"font-weight: 400;\\\" aria-level=\\\"1\\\"><span style=\\\"font-weight: 400;\\\">Si estem buscant una soluci\\u00f3 de flexibilitat a una necessitat temporal o puntual. <\\\/span><\\\/li>\\n<li style=\\\"font-weight: 400;\\\" aria-level=\\\"1\\\"><span style=\\\"font-weight: 400;\\\">Si el terreny no \\u00e9s en propietat i no es t\\u00e9 certesa del temps de la instal\\u00b7laci\\u00f3. <\\\/span><\\\/li>\\n<li style=\\\"font-weight: 400;\\\" aria-level=\\\"1\\\"><span style=\\\"font-weight: 400;\\\">Si necessitem deixar lliure el terreny passat un temps.<\\\/span><\\\/li>\\n<li style=\\\"font-weight: 400;\\\" aria-level=\\\"1\\\"><span style=\\\"font-weight: 400;\\\">Si fiscalment ens interessa repercutir una despesa i no realitzar una inversi\\u00f3.<\\\/span><\\\/li>\\n<li style=\\\"font-weight: 400;\\\" aria-level=\\\"1\\\"><span style=\\\"font-weight: 400;\\\">Si volem estar centrats en la nostra activitat i que sigui l&#8217;instal\\u00b7lador qui s&#8217;encarregui del manteniment peri\\u00f2dic i de qualsevol incid\\u00e8ncia, canvi o millora que sigui necess\\u00e0ria a la carpa. <\\\/span><\\\/li>\\n<\\\/ul>\\n\"}},{\"@type\":\"Question\",\"name\":\"Lloguer de carpes grans\",\"acceptedAnswer\":{\"@type\":\"Answer\",\"text\":\"<p>Les carpes grans s\\u00f3n aquelles de gran mida, molt m\\u00e9s robustes, amb lones m\\u00e9s gruixutes i amb diferents sistemes de refor\\u00e7 estructural.<\\\/p>\\n<p>Una carpa gran es pot destinar a diferents usos com <strong>ind\\u00fastria i emmagatzematge<\\\/strong>, o actes socials com poden ser <strong>casaments, confer\\u00e8ncies o esdeveniments esportius<\\\/strong>. Per aix\\u00f2, depenent de la seva finalitat podem optar per uns o altres models.<\\\/p>\\n<p>Aquest tipus de carpes proporcionen comoditat, ja que es pot caminar amb tranquil\\u00b7litat pel seu interior sense sentir agosarat, dona gran protecci\\u00f3 del fred, amb la possibilitat d&#8217;obrir algunes zones i facilitar el flux de persones i aire.<\\\/p>\\n\"}},{\"@type\":\"Question\",\"name\":\"Lloguer carpes retolades\",\"acceptedAnswer\":{\"@type\":\"Answer\",\"text\":\"<p>Les carpes retolades s\\u00f3n aquelles que tenen a les seves lones <strong>publicitat<\\\/strong> d&#8217; una determinada empresa. La retolaci\\u00f3 personalitza les carpes i <strong>donen a con\\u00e8ixer el negoci o activitat <\\\/strong><strong>del propietari<\\\/strong>. A m\\u00e9s, tenen la particularitat de ser f\\u00e0cils de transportar i muntar, per la qual cosa s\\u00f3n molt utilitzades en esdeveniments promocionals, maratons, concerts, fira i alhora tamb\\u00e9 en terrasses del sector de l&#8217;hostaleria.<\\\/p>\\n<p>En definitiva, \\u00e9s una perfecta opci\\u00f3 si busca una personalitzaci\\u00f3 completa en la retolaci\\u00f3 de lones.<\\\/p>\\n<p>Si est\\u00e0 organitzant un esdeveniment o celebraci\\u00f3 i est\\u00e0 considerant llogar una carpa, poseu-se en <a href=\\\"https:\\\/\\\/monita.es\\\/contacto-ubicacion\\\/\\\"><strong>contacte<\\\/strong><\\\/a> amb nosaltres avui mateix. A Mo\\u00f1ita prestem <strong>servei a nivell nacional <\\\/strong>i comptem amb <strong>personal qualificat<\\\/strong> que estar\\u00e0 encantat de poder ajudar-lo.<\\\/p>\\n\"}}]}<\/script>\n\t\t\t\t\t<\/div>\n\t\t\t\t\t\t<\/div>\n\t\t\t\t<\/div>\n\t\t\t\t\t<\/div>\n\t\t<\/div>\n\t\t\t\t\t<\/div>\n\t\t<\/section>\n\t\t\t\t<\/div>\n\t\t","protected":false},"excerpt":{"rendered":"<p>Lloguer de Carpes M\u00e9s de 80 Anys d&#8217;Experi\u00e8ncia Lloguer de Carpes A Mo\u00f1ita ens dediquem al lloguer de carpes a dues aig\u00fces i poligonals. Una carpa \u00e9s la soluci\u00f3 perfecta si organitza qualsevol tipus de celebraci\u00f3 o esdeveniment perqu\u00e8 li permet crear un ambient espec\u00edfic amb la tranquil\u00b7litat d&#8217;estar protegit de les inclem\u00e8ncies meteorol\u00f2giques. Som &#8230; <a title=\"Lloguer de carpes\" class=\"read-more\" href=\"https:\/\/monita.es\/ca\/carpes\/lloguer-de-carpes\/\" aria-label=\"M\u00e9s informaci\u00f3 sobre Lloguer de carpes\">Leer m\u00e1s<\/a><\/p>\n","protected":false},"author":2,"featured_media":0,"parent":21322,"menu_order":1,"comment_status":"closed","ping_status":"closed","template":"elementor_header_footer","meta":{"footnotes":""},"class_list":["post-21069","page","type-page","status-publish"],"yoast_head":"<!-- This site is optimized with the Yoast SEO plugin v24.7 - https:\/\/yoast.com\/wordpress\/plugins\/seo\/ -->\n<title>Lloguer de carpes i lones - Venda de carpes | MO\u00d1ITA<\/title>\n<meta name=\"description\" content=\"Empresa de lloguer de carpes de diferents tipus a Madrid, Val\u00e8ncia, A Corunya i resta d&#039; Espanya. Demaneu pressupost sense comprom\u00eds!\" \/>\n<meta name=\"robots\" content=\"index, follow, max-snippet:-1, max-image-preview:large, max-video-preview:-1\" \/>\n<link rel=\"canonical\" href=\"https:\/\/monita.es\/ca\/carpes\/lloguer-de-carpes\/\" \/>\n<meta property=\"og:locale\" content=\"ca_ES\" \/>\n<meta property=\"og:type\" content=\"article\" \/>\n<meta property=\"og:title\" content=\"Lloguer de carpes i lones - Venda de carpes | MO\u00d1ITA\" \/>\n<meta property=\"og:description\" content=\"Empresa de lloguer de carpes de diferents tipus a Madrid, Val\u00e8ncia, A Corunya i resta d&#039; Espanya. Demaneu pressupost sense comprom\u00eds!\" \/>\n<meta property=\"og:url\" content=\"https:\/\/monita.es\/ca\/carpes\/lloguer-de-carpes\/\" \/>\n<meta property=\"og:site_name\" content=\"Venta de carpas en Madrid - MO\u00d1ITA\" \/>\n<meta property=\"article:modified_time\" content=\"2023-10-17T16:41:12+00:00\" \/>\n<meta property=\"og:image\" content=\"https:\/\/monita.es\/wp-content\/uploads\/Carrusel-1-750x422.jpg\" \/>\n<meta name=\"twitter:label1\" content=\"Temps estimat de lectura\" \/>\n\t<meta name=\"twitter:data1\" content=\"6 minuts\" \/>\n<script type=\"application\/ld+json\" class=\"yoast-schema-graph\">{\"@context\":\"https:\/\/schema.org\",\"@graph\":[{\"@type\":\"WebPage\",\"@id\":\"https:\/\/monita.es\/ca\/carpes\/lloguer-de-carpes\/\",\"url\":\"https:\/\/monita.es\/ca\/carpes\/lloguer-de-carpes\/\",\"name\":\"Lloguer de carpes i lones - Venda de carpes | MO\u00d1ITA\",\"isPartOf\":{\"@id\":\"https:\/\/monita.es\/ca\/#website\"},\"primaryImageOfPage\":{\"@id\":\"https:\/\/monita.es\/ca\/carpes\/lloguer-de-carpes\/#primaryimage\"},\"image\":{\"@id\":\"https:\/\/monita.es\/ca\/carpes\/lloguer-de-carpes\/#primaryimage\"},\"thumbnailUrl\":\"https:\/\/monita.es\/wp-content\/uploads\/Carrusel-1-750x422.jpg\",\"datePublished\":\"2014-12-17T18:56:45+00:00\",\"dateModified\":\"2023-10-17T16:41:12+00:00\",\"description\":\"Empresa de lloguer de carpes de diferents tipus a Madrid, Val\u00e8ncia, A Corunya i resta d' Espanya. Demaneu pressupost sense comprom\u00eds!\",\"breadcrumb\":{\"@id\":\"https:\/\/monita.es\/ca\/carpes\/lloguer-de-carpes\/#breadcrumb\"},\"inLanguage\":\"ca\",\"potentialAction\":[{\"@type\":\"ReadAction\",\"target\":[\"https:\/\/monita.es\/ca\/carpes\/lloguer-de-carpes\/\"]}]},{\"@type\":\"ImageObject\",\"inLanguage\":\"ca\",\"@id\":\"https:\/\/monita.es\/ca\/carpes\/lloguer-de-carpes\/#primaryimage\",\"url\":\"https:\/\/monita.es\/wp-content\/uploads\/Carrusel-1-750x422.jpg\",\"contentUrl\":\"https:\/\/monita.es\/wp-content\/uploads\/Carrusel-1-750x422.jpg\"},{\"@type\":\"BreadcrumbList\",\"@id\":\"https:\/\/monita.es\/ca\/carpes\/lloguer-de-carpes\/#breadcrumb\",\"itemListElement\":[{\"@type\":\"ListItem\",\"position\":1,\"name\":\"Mo\u00f1ita\",\"item\":\"https:\/\/monita.es\/ca\/home-empresa\/\"},{\"@type\":\"ListItem\",\"position\":2,\"name\":\"Lloguer de carpes\"}]},{\"@type\":\"WebSite\",\"@id\":\"https:\/\/monita.es\/ca\/#website\",\"url\":\"https:\/\/monita.es\/ca\/\",\"name\":\"Venta de carpas en Madrid - MO\u00d1ITA\",\"description\":\"MO\u00d1ITA es carpas, confecci\u00f3n de lonas para usos industriales, fachada textil, arquitectura textil y toldos. Dise\u00f1amos, proyectamos y creamos tu proyecto.\",\"publisher\":{\"@id\":\"https:\/\/monita.es\/ca\/#organization\"},\"potentialAction\":[{\"@type\":\"SearchAction\",\"target\":{\"@type\":\"EntryPoint\",\"urlTemplate\":\"https:\/\/monita.es\/ca\/?s={search_term_string}\"},\"query-input\":{\"@type\":\"PropertyValueSpecification\",\"valueRequired\":true,\"valueName\":\"search_term_string\"}}],\"inLanguage\":\"ca\"},{\"@type\":\"Organization\",\"@id\":\"https:\/\/monita.es\/ca\/#organization\",\"name\":\"Mo\u00f1ita\",\"url\":\"https:\/\/monita.es\/ca\/\",\"logo\":{\"@type\":\"ImageObject\",\"inLanguage\":\"ca\",\"@id\":\"https:\/\/monita.es\/ca\/#\/schema\/logo\/image\/\",\"url\":\"https:\/\/monita.es\/wp-content\/uploads\/cropped-cropped-logo-monita-1-neg.png\",\"contentUrl\":\"https:\/\/monita.es\/wp-content\/uploads\/cropped-cropped-logo-monita-1-neg.png\",\"width\":785,\"height\":666,\"caption\":\"Mo\u00f1ita\"},\"image\":{\"@id\":\"https:\/\/monita.es\/ca\/#\/schema\/logo\/image\/\"}}]}<\/script>\n<!-- \/ Yoast SEO plugin. -->","yoast_head_json":{"title":"Lloguer de carpes i lones - Venda de carpes | MO\u00d1ITA","description":"Empresa de lloguer de carpes de diferents tipus a Madrid, Val\u00e8ncia, A Corunya i resta d' Espanya. Demaneu pressupost sense comprom\u00eds!","robots":{"index":"index","follow":"follow","max-snippet":"max-snippet:-1","max-image-preview":"max-image-preview:large","max-video-preview":"max-video-preview:-1"},"canonical":"https:\/\/monita.es\/ca\/carpes\/lloguer-de-carpes\/","og_locale":"ca_ES","og_type":"article","og_title":"Lloguer de carpes i lones - Venda de carpes | MO\u00d1ITA","og_description":"Empresa de lloguer de carpes de diferents tipus a Madrid, Val\u00e8ncia, A Corunya i resta d' Espanya. Demaneu pressupost sense comprom\u00eds!","og_url":"https:\/\/monita.es\/ca\/carpes\/lloguer-de-carpes\/","og_site_name":"Venta de carpas en Madrid - MO\u00d1ITA","article_modified_time":"2023-10-17T16:41:12+00:00","og_image":[{"url":"https:\/\/monita.es\/wp-content\/uploads\/Carrusel-1-750x422.jpg","type":"","width":"","height":""}],"twitter_misc":{"Temps estimat de lectura":"6 minuts"},"schema":{"@context":"https:\/\/schema.org","@graph":[{"@type":"WebPage","@id":"https:\/\/monita.es\/ca\/carpes\/lloguer-de-carpes\/","url":"https:\/\/monita.es\/ca\/carpes\/lloguer-de-carpes\/","name":"Lloguer de carpes i lones - Venda de carpes | MO\u00d1ITA","isPartOf":{"@id":"https:\/\/monita.es\/ca\/#website"},"primaryImageOfPage":{"@id":"https:\/\/monita.es\/ca\/carpes\/lloguer-de-carpes\/#primaryimage"},"image":{"@id":"https:\/\/monita.es\/ca\/carpes\/lloguer-de-carpes\/#primaryimage"},"thumbnailUrl":"https:\/\/monita.es\/wp-content\/uploads\/Carrusel-1-750x422.jpg","datePublished":"2014-12-17T18:56:45+00:00","dateModified":"2023-10-17T16:41:12+00:00","description":"Empresa de lloguer de carpes de diferents tipus a Madrid, Val\u00e8ncia, A Corunya i resta d' Espanya. Demaneu pressupost sense comprom\u00eds!","breadcrumb":{"@id":"https:\/\/monita.es\/ca\/carpes\/lloguer-de-carpes\/#breadcrumb"},"inLanguage":"ca","potentialAction":[{"@type":"ReadAction","target":["https:\/\/monita.es\/ca\/carpes\/lloguer-de-carpes\/"]}]},{"@type":"ImageObject","inLanguage":"ca","@id":"https:\/\/monita.es\/ca\/carpes\/lloguer-de-carpes\/#primaryimage","url":"https:\/\/monita.es\/wp-content\/uploads\/Carrusel-1-750x422.jpg","contentUrl":"https:\/\/monita.es\/wp-content\/uploads\/Carrusel-1-750x422.jpg"},{"@type":"BreadcrumbList","@id":"https:\/\/monita.es\/ca\/carpes\/lloguer-de-carpes\/#breadcrumb","itemListElement":[{"@type":"ListItem","position":1,"name":"Mo\u00f1ita","item":"https:\/\/monita.es\/ca\/home-empresa\/"},{"@type":"ListItem","position":2,"name":"Lloguer de carpes"}]},{"@type":"WebSite","@id":"https:\/\/monita.es\/ca\/#website","url":"https:\/\/monita.es\/ca\/","name":"Venta de carpas en Madrid - MO\u00d1ITA","description":"MO\u00d1ITA es carpas, confecci\u00f3n de lonas para usos industriales, fachada textil, arquitectura textil y toldos. Dise\u00f1amos, proyectamos y creamos tu proyecto.","publisher":{"@id":"https:\/\/monita.es\/ca\/#organization"},"potentialAction":[{"@type":"SearchAction","target":{"@type":"EntryPoint","urlTemplate":"https:\/\/monita.es\/ca\/?s={search_term_string}"},"query-input":{"@type":"PropertyValueSpecification","valueRequired":true,"valueName":"search_term_string"}}],"inLanguage":"ca"},{"@type":"Organization","@id":"https:\/\/monita.es\/ca\/#organization","name":"Mo\u00f1ita","url":"https:\/\/monita.es\/ca\/","logo":{"@type":"ImageObject","inLanguage":"ca","@id":"https:\/\/monita.es\/ca\/#\/schema\/logo\/image\/","url":"https:\/\/monita.es\/wp-content\/uploads\/cropped-cropped-logo-monita-1-neg.png","contentUrl":"https:\/\/monita.es\/wp-content\/uploads\/cropped-cropped-logo-monita-1-neg.png","width":785,"height":666,"caption":"Mo\u00f1ita"},"image":{"@id":"https:\/\/monita.es\/ca\/#\/schema\/logo\/image\/"}}]}},"_links":{"self":[{"href":"https:\/\/monita.es\/ca\/wp-json\/wp\/v2\/pages\/21069","targetHints":{"allow":["GET"]}}],"collection":[{"href":"https:\/\/monita.es\/ca\/wp-json\/wp\/v2\/pages"}],"about":[{"href":"https:\/\/monita.es\/ca\/wp-json\/wp\/v2\/types\/page"}],"author":[{"embeddable":true,"href":"https:\/\/monita.es\/ca\/wp-json\/wp\/v2\/users\/2"}],"replies":[{"embeddable":true,"href":"https:\/\/monita.es\/ca\/wp-json\/wp\/v2\/comments?post=21069"}],"version-history":[{"count":1,"href":"https:\/\/monita.es\/ca\/wp-json\/wp\/v2\/pages\/21069\/revisions"}],"predecessor-version":[{"id":21147,"href":"https:\/\/monita.es\/ca\/wp-json\/wp\/v2\/pages\/21069\/revisions\/21147"}],"up":[{"embeddable":true,"href":"https:\/\/monita.es\/ca\/wp-json\/wp\/v2\/pages\/21322"}],"wp:attachment":[{"href":"https:\/\/monita.es\/ca\/wp-json\/wp\/v2\/media?parent=21069"}],"curies":[{"name":"wp","href":"https:\/\/api.w.org\/{rel}","templated":true}]}}